{"id":12007,"date":"2022-07-29T12:17:14","date_gmt":"2022-07-29T10:17:14","guid":{"rendered":"http:\/\/www.tgm.ac.at\/?page_id=12007"},"modified":"2022-10-08T18:37:55","modified_gmt":"2022-10-08T16:37:55","slug":"diplomarbeiten-20xx-wi","status":"publish","type":"page","link":"http:\/\/172.16.202.26\/?page_id=12007","title":{"rendered":"Diplomarbeiten 20xx WI"},"content":{"rendered":"\t\t<div data-elementor-type=\"wp-page\" data-elementor-id=\"12007\" class=\"elementor elementor-12007\">\n\t\t\t\t\t\t<section class=\"elementor-section elementor-top-section elementor-element elementor-element-d94d3ce elementor-section-boxed elementor-section-height-default elementor-section-height-default\" data-id=\"d94d3ce\" data-element_type=\"section\">\n\t\t\t\t\t\t<div class=\"elementor-container elementor-column-gap-default\">\n\t\t\t\t\t<div class=\"elementor-column elementor-col-100 elementor-top-column elementor-element elementor-element-21ff2e8\" data-id=\"21ff2e8\" data-element_type=\"column\">\n\t\t\t<div class=\"elementor-widget-wrap elementor-element-populated\">\n\t\t\t\t\t\t<div class=\"elementor-element elementor-element-2417a3b elementor-widget elementor-widget-heading\" data-id=\"2417a3b\" data-element_type=\"widget\" data-widget_type=\"heading.default\">\n\t\t\t\t<div class=\"elementor-widget-container\">\n\t\t\t<style>\/*! elementor - v3.20.0 - 13-03-2024 *\/\n.elementor-heading-title{padding:0;margin:0;line-height:1}.elementor-widget-heading .elementor-heading-title[class*=elementor-size-]>a{color:inherit;font-size:inherit;line-height:inherit}.elementor-widget-heading .elementor-heading-title.elementor-size-small{font-size:15px}.elementor-widget-heading .elementor-heading-title.elementor-size-medium{font-size:19px}.elementor-widget-heading .elementor-heading-title.elementor-size-large{font-size:29px}.elementor-widget-heading .elementor-heading-title.elementor-size-xl{font-size:39px}.elementor-widget-heading .elementor-heading-title.elementor-size-xxl{font-size:59px}<\/style><h2 class=\"elementor-heading-title elementor-size-default\">Diplomarbeiten aus Vorjahren<\/h2>\t\t<\/div>\n\t\t\t\t<\/div>\n\t\t\t\t\t<\/div>\n\t\t<\/div>\n\t\t\t\t\t<\/div>\n\t\t<\/section>\n\t\t\t\t<section class=\"elementor-section elementor-top-section elementor-element elementor-element-14206e5 elementor-section-boxed elementor-section-height-default elementor-section-height-default\" data-id=\"14206e5\" data-element_type=\"section\">\n\t\t\t\t\t\t<div class=\"elementor-container elementor-column-gap-default\">\n\t\t\t\t\t<div class=\"elementor-column elementor-col-100 elementor-top-column elementor-element elementor-element-c8006b6\" data-id=\"c8006b6\" data-element_type=\"column\" data-settings=\"{&quot;background_background&quot;:&quot;classic&quot;}\">\n\t\t\t<div class=\"elementor-widget-wrap elementor-element-populated\">\n\t\t\t\t\t\t<div class=\"elementor-element elementor-element-e190d1c elementor-widget elementor-widget-heading\" data-id=\"e190d1c\" data-element_type=\"widget\" data-widget_type=\"heading.default\">\n\t\t\t\t<div class=\"elementor-widget-container\">\n\t\t\t<h2 class=\"elementor-heading-title elementor-size-default\">Automatisierter Rechnungslauf in der Industrie 4.0<\/h2>\t\t<\/div>\n\t\t\t\t<\/div>\n\t\t\t\t<div class=\"elementor-element elementor-element-5ebb97e elementor-widget elementor-widget-text-editor\" data-id=\"5ebb97e\" data-element_type=\"widget\" data-widget_type=\"text-editor.default\">\n\t\t\t\t<div class=\"elementor-widget-container\">\n\t\t\t<style>\/*! elementor - v3.20.0 - 13-03-2024 *\/\n.elementor-widget-text-editor.elementor-drop-cap-view-stacked .elementor-drop-cap{background-color:#69727d;color:#fff}.elementor-widget-text-editor.elementor-drop-cap-view-framed .elementor-drop-cap{color:#69727d;border:3px solid;background-color:transparent}.elementor-widget-text-editor:not(.elementor-drop-cap-view-default) .elementor-drop-cap{margin-top:8px}.elementor-widget-text-editor:not(.elementor-drop-cap-view-default) .elementor-drop-cap-letter{width:1em;height:1em}.elementor-widget-text-editor .elementor-drop-cap{float:left;text-align:center;line-height:1;font-size:50px}.elementor-widget-text-editor .elementor-drop-cap-letter{display:inline-block}<\/style>\t\t\t\t<p>Ausgangspunkt dieser Projektarbeit war der Wunsch eines international t\u00e4tigen Industrieunternehmens nach einem Konzept zur Implementierung eines automatisierten Bearbeitungsprozesses von Eingangsrechnungen mit dem Ziel, k\u00fcnftig Skonti- und Zahlungsfristen einzuhalten und damit Kosten f\u00fcr Zahlungsverzug zu vermeiden.<br \/><br \/><\/p><p>Hierzu war es erforderlich, auf Basis und nach Auswertung der durch Mitarbeiterinterviews und Datensammlung gewonnenen Erkenntnisse die aktuellen Prozessabl\u00e4ufe im Unternehmen abzubilden, diese auf deren Plausibilit\u00e4t mittels SWOT-Analyse zu \u00fcberpr\u00fcfen und anhand der Ergebnisse ein Konzept zur Prozessoptimierung zu generieren.<br \/><br \/><\/p><p>Ebenso wurden im Zuge des Projekts die Auswirkungen der Industrie 4.0 auf das Arbeitsumfeld im Unternehmen sowie die Schnittstellenproblematik zwischen realer und digitaler Welt sowie die sich daraus ergebende Notwendigkeit geschlossener Kommunikationsketten identifiziert und geeignete ERP-Systeme auf ihre Anwendbarkeit im Unternehmen \u00fcberpr\u00fcft.<br \/><br \/><\/p><p>Die Verifizierung der ausgearbeiteten Prozessmodellierung erm\u00f6glichte dar\u00fcber hinaus abschlie\u00dfend anhand einer mikro\u00f6konomischen Analyse der Unternehmensbilanz eine Darstellung der durch Prozessoptimierungen erzielbaren kostentechnischen und personellen Potentiale im Unternehmen.<\/p>\t\t\t\t\t\t<\/div>\n\t\t\t\t<\/div>\n\t\t\t\t<div class=\"elementor-element elementor-element-55e1c37 elementor-widget elementor-widget-image\" data-id=\"55e1c37\" data-element_type=\"widget\" data-widget_type=\"image.default\">\n\t\t\t\t<div class=\"elementor-widget-container\">\n\t\t\t<style>\/*! elementor - v3.20.0 - 13-03-2024 *\/\n.elementor-widget-image{text-align:center}.elementor-widget-image a{display:inline-block}.elementor-widget-image a img[src$=\".svg\"]{width:48px}.elementor-widget-image img{vertical-align:middle;display:inline-block}<\/style>\t\t\t\t\t\t\t\t\t\t<img fetchpriority=\"high\" decoding=\"async\" width=\"581\" height=\"272\" src=\"http:\/\/172.16.202.26\/wp-content\/uploads\/2022\/07\/Automatisierter_Rechnungsablauf.png\" class=\"attachment-full size-full wp-image-12019\" alt=\"\" srcset=\"http:\/\/172.16.202.26\/wp-content\/uploads\/2022\/07\/Automatisierter_Rechnungsablauf.png 581w, http:\/\/172.16.202.26\/wp-content\/uploads\/2022\/07\/Automatisierter_Rechnungsablauf-300x140.png 300w\" sizes=\"(max-width: 581px) 100vw, 581px\" \/>\t\t\t\t\t\t\t\t\t\t\t\t\t<\/div>\n\t\t\t\t<\/div>\n\t\t\t\t\t<\/div>\n\t\t<\/div>\n\t\t\t\t\t<\/div>\n\t\t<\/section>\n\t\t\t\t<section class=\"elementor-section elementor-top-section elementor-element elementor-element-a66392d elementor-section-boxed elementor-section-height-default elementor-section-height-default\" data-id=\"a66392d\" data-element_type=\"section\">\n\t\t\t\t\t\t<div class=\"elementor-container elementor-column-gap-default\">\n\t\t\t\t\t<div class=\"elementor-column elementor-col-100 elementor-top-column elementor-element elementor-element-790430d\" data-id=\"790430d\" data-element_type=\"column\" data-settings=\"{&quot;background_background&quot;:&quot;classic&quot;}\">\n\t\t\t<div class=\"elementor-widget-wrap elementor-element-populated\">\n\t\t\t\t\t\t<div class=\"elementor-element elementor-element-97b9bc9 elementor-widget elementor-widget-heading\" data-id=\"97b9bc9\" data-element_type=\"widget\" data-widget_type=\"heading.default\">\n\t\t\t\t<div class=\"elementor-widget-container\">\n\t\t\t<h2 class=\"elementor-heading-title elementor-size-default\">Gesch\u00e4ftsprozessoptimierung mit IoT<\/h2>\t\t<\/div>\n\t\t\t\t<\/div>\n\t\t\t\t<div class=\"elementor-element elementor-element-04a7d9d elementor-widget elementor-widget-text-editor\" data-id=\"04a7d9d\" data-element_type=\"widget\" data-widget_type=\"text-editor.default\">\n\t\t\t\t<div class=\"elementor-widget-container\">\n\t\t\t\t\t\t\t<p>Das Diplom-Projekt \u201eGesch\u00e4ftsprozessoptimierung mit IoT\u201c in Kooperation mit der Robert Bosch AG zeichnet sich durch eine Kombination wirtschaftlicher und technischer Zusammenh\u00e4nge aus. Ausgangsbasis f\u00fcr die Arbeit ist ein Referenzszenario der Bosch Thermotechnik, das die Generierung einer Alarmmeldung in einem St\u00f6rungsbehebungsprozess vorsieht.<br><br><\/p><p>Eine wesentliche Zielsetzung des Projektes ist es gewesen, Fehlermeldungen von Heizungsanlagen, die in einem Call\u2013Center erfasst werden, durch eine \u201eAlarmleuchte\u201c zu visualisieren. Auf Basis dieser Anforderungen ist in einem ersten Schritt der zugrundeliegende Gesch\u00e4ftsprozess mit Hilfe der Prozessmanagement-Software \u201eAdonis\u201c aufgenommen worden. Aufgrund der ermittelten Anforderungen an eine IoT-L\u00f6sung ist damit in einem weiteren Schritt die Softwareauswahl und die Konzeption einer geeigneten Systemarchitektur erfolgt.<br><br><\/p><p>Mittels Raspberry Pi und einer entsprechend konfigurierten IoT-Systemumgebung ist die technische Umsetzung der Alarmmeldung lokal, d.h. ohne Cloud-Unterst\u00fctzung m\u00f6glich gewesen. Dabei ist die Ansteuerung der Z-Wave Signallampe in openHAB mittels API \u00fcber ein Python-Skript erfolgt, das eingehende Meldungen laufend erfasst und entsprechend die Leuchtst\u00e4rke der LED \u2013 Lampe anpasst.<\/p>\t\t\t\t\t\t<\/div>\n\t\t\t\t<\/div>\n\t\t\t\t<div class=\"elementor-element elementor-element-f7daf6c elementor-widget elementor-widget-image\" data-id=\"f7daf6c\" data-element_type=\"widget\" data-widget_type=\"image.default\">\n\t\t\t\t<div class=\"elementor-widget-container\">\n\t\t\t\t\t\t\t\t\t\t\t\t\t<img decoding=\"async\" width=\"337\" height=\"307\" src=\"http:\/\/172.16.202.26\/wp-content\/uploads\/2022\/07\/Geschaeftsprozessoptimierung.png\" class=\"attachment-full size-full wp-image-12023\" alt=\"\" srcset=\"http:\/\/172.16.202.26\/wp-content\/uploads\/2022\/07\/Geschaeftsprozessoptimierung.png 337w, http:\/\/172.16.202.26\/wp-content\/uploads\/2022\/07\/Geschaeftsprozessoptimierung-300x273.png 300w\" sizes=\"(max-width: 337px) 100vw, 337px\" \/>\t\t\t\t\t\t\t\t\t\t\t\t\t<\/div>\n\t\t\t\t<\/div>\n\t\t\t\t\t<\/div>\n\t\t<\/div>\n\t\t\t\t\t<\/div>\n\t\t<\/section>\n\t\t\t\t<section class=\"elementor-section elementor-top-section elementor-element elementor-element-6535119 elementor-section-boxed elementor-section-height-default elementor-section-height-default\" data-id=\"6535119\" data-element_type=\"section\">\n\t\t\t\t\t\t<div class=\"elementor-container elementor-column-gap-default\">\n\t\t\t\t\t<div class=\"elementor-column elementor-col-100 elementor-top-column elementor-element elementor-element-b32fe4c\" data-id=\"b32fe4c\" data-element_type=\"column\" data-settings=\"{&quot;background_background&quot;:&quot;classic&quot;}\">\n\t\t\t<div class=\"elementor-widget-wrap elementor-element-populated\">\n\t\t\t\t\t\t<div class=\"elementor-element elementor-element-e9420c7 elementor-widget elementor-widget-heading\" data-id=\"e9420c7\" data-element_type=\"widget\" data-widget_type=\"heading.default\">\n\t\t\t\t<div class=\"elementor-widget-container\">\n\t\t\t<h2 class=\"elementor-heading-title elementor-size-default\">Employer Branding<\/h2>\t\t<\/div>\n\t\t\t\t<\/div>\n\t\t\t\t<div class=\"elementor-element elementor-element-b64c3bd elementor-widget elementor-widget-text-editor\" data-id=\"b64c3bd\" data-element_type=\"widget\" data-widget_type=\"text-editor.default\">\n\t\t\t\t<div class=\"elementor-widget-container\">\n\t\t\t\t\t\t\t<p>Nach Jahren des Arbeitskr\u00e4fte\u00fcberschusses f\u00fchren geburtenschwache Jahrg\u00e4nge heute dazu, dass Unternehmen einander darin \u00fcberbieten, die besten AbsolventInnen f\u00fcr sich zu gewinnen. Employer Branding r\u00fcckt daher als Mittel, sich f\u00fcr zuk\u00fcnftige MitarbeiterInnen attraktiv darzustellen und neue Wege der Akquise zu beschreiten, in den Fokus des strategischen Managements. Die vorhandene Arbeit zeigt dem Kooperationspartner Raiffeisen Informatik Wege auf wie Schulabsolventen als Mitarbeiter gewonnen werden k\u00f6nnen.<\/p>\t\t\t\t\t\t<\/div>\n\t\t\t\t<\/div>\n\t\t\t\t<div class=\"elementor-element elementor-element-5c93f00 elementor-widget elementor-widget-image\" data-id=\"5c93f00\" data-element_type=\"widget\" data-widget_type=\"image.default\">\n\t\t\t\t<div class=\"elementor-widget-container\">\n\t\t\t\t\t\t\t\t\t\t\t\t\t<img decoding=\"async\" width=\"445\" height=\"296\" src=\"http:\/\/172.16.202.26\/wp-content\/uploads\/2022\/07\/Employer_Branding.png\" class=\"attachment-full size-full wp-image-12030\" alt=\"\" srcset=\"http:\/\/172.16.202.26\/wp-content\/uploads\/2022\/07\/Employer_Branding.png 445w, http:\/\/172.16.202.26\/wp-content\/uploads\/2022\/07\/Employer_Branding-300x200.png 300w\" sizes=\"(max-width: 445px) 100vw, 445px\" \/>\t\t\t\t\t\t\t\t\t\t\t\t\t<\/div>\n\t\t\t\t<\/div>\n\t\t\t\t\t<\/div>\n\t\t<\/div>\n\t\t\t\t\t<\/div>\n\t\t<\/section>\n\t\t\t\t<section class=\"elementor-section elementor-top-section elementor-element elementor-element-051a009 elementor-section-boxed elementor-section-height-default elementor-section-height-default\" data-id=\"051a009\" data-element_type=\"section\">\n\t\t\t\t\t\t<div class=\"elementor-container elementor-column-gap-default\">\n\t\t\t\t\t<div class=\"elementor-column elementor-col-100 elementor-top-column elementor-element elementor-element-82b7012\" data-id=\"82b7012\" data-element_type=\"column\" data-settings=\"{&quot;background_background&quot;:&quot;classic&quot;}\">\n\t\t\t<div class=\"elementor-widget-wrap elementor-element-populated\">\n\t\t\t\t\t\t<div class=\"elementor-element elementor-element-819ba20 elementor-widget elementor-widget-heading\" data-id=\"819ba20\" data-element_type=\"widget\" data-widget_type=\"heading.default\">\n\t\t\t\t<div class=\"elementor-widget-container\">\n\t\t\t<h2 class=\"elementor-heading-title elementor-size-default\">NATUR.WISSEN.SCHAFFT<\/h2>\t\t<\/div>\n\t\t\t\t<\/div>\n\t\t\t\t<div class=\"elementor-element elementor-element-079b080 elementor-widget elementor-widget-text-editor\" data-id=\"079b080\" data-element_type=\"widget\" data-widget_type=\"text-editor.default\">\n\t\t\t\t<div class=\"elementor-widget-container\">\n\t\t\t\t\t\t\t<p>Der Naturwissenschaft im Allgemeinen und der Physik im Besonderen haftet vielfach das Manko des Abstrakten und des Unverst\u00e4ndlichen an. An den Schulen geh\u00f6rt der naturwissenschaftliche Unterricht oftmals nicht zu den popul\u00e4rsten F\u00e4chern. An einer HTL ist dies wohl nicht gar so ausgepr\u00e4gt, da hier die Umsetzung des Wissens in technischen Anwendungen zu einem besseren Verst\u00e4ndnis der behandelten Themen f\u00fchrt. Der Grundlagenunterricht und die Darstellung der Anwendung erfolgt jedoch oft zu verschiedenen Zeitpunkten. Die Trennung in Grundlagen und Anwendung zu \u00fcber\u00acwinden, die Naturwissenschaft anschaulicher zu machen und durch geeignete naturwissenschaftliche Experimente Wissen zu schaffen, ist zentrales Anliegen dieser Diplomarbeit.<br \/><br \/><\/p><p>Es wurden im Rahmen dieser Arbeit vier unterschiedliche Teilbereiche der Natur-wissenschaft, die auch in der technischen Ausbildung zum Wirtschaftsingenieur einen zentralen Stellenwert einnehmen, theoretisch beschrieben. Diese Themen\u00acbereiche sind aus dem Teilgebiet der mathematischen Wahrscheinlichkeitsrechnung die Binomialverteilung, aus dem Fachgebiet Statik die Reibung, die Bernoullische Gleichung und der Impuls aus der Hydraulik\/Pneumatik sowie die Energieerhaltung aus der Dynamik. Neben der theoretischen Aufbereitung dieser Themengebiete wurden auch Experimente beschrieben, anhand derer die Umsetzung der komplexen theoretischen Sachverhalte in eine reale Ereigniswelt m\u00f6glich erscheinen.<br \/><br \/><\/p><p>Die ausgew\u00e4hlten Experimente sind das Galtonbrett zur Veranschaulichung der Binomialverteilung, die experimentelle Bestimmung von Reibungskoeffizienten mittels einer in der Neigung verstellbaren Vorrichtung, die Darstellung des R\u00fccksto\u00dfprinzips beim Antrieb eines Fahrzeugs sowie der Energieumwandlung von potentieller in kinetische Energie und der Fliehkraft bei einem Looping. Aufbauend auf den theoretischen Grundlagen wurden Experimente nicht nur entwickelt und beschrieben, auch der praktischen Realisierung der Experimente widmet sich diese Diplomarbeit.<\/p>\t\t\t\t\t\t<\/div>\n\t\t\t\t<\/div>\n\t\t\t\t<div class=\"elementor-element elementor-element-7bfd43f elementor-widget elementor-widget-image\" data-id=\"7bfd43f\" data-element_type=\"widget\" data-widget_type=\"image.default\">\n\t\t\t\t<div class=\"elementor-widget-container\">\n\t\t\t\t\t\t\t\t\t\t\t\t\t<img loading=\"lazy\" decoding=\"async\" width=\"332\" height=\"307\" src=\"http:\/\/172.16.202.26\/wp-content\/uploads\/2022\/07\/Naturwissenschaft.png\" class=\"attachment-full size-full wp-image-12034\" alt=\"\" srcset=\"http:\/\/172.16.202.26\/wp-content\/uploads\/2022\/07\/Naturwissenschaft.png 332w, http:\/\/172.16.202.26\/wp-content\/uploads\/2022\/07\/Naturwissenschaft-300x277.png 300w\" sizes=\"(max-width: 332px) 100vw, 332px\" \/>\t\t\t\t\t\t\t\t\t\t\t\t\t<\/div>\n\t\t\t\t<\/div>\n\t\t\t\t\t<\/div>\n\t\t<\/div>\n\t\t\t\t\t<\/div>\n\t\t<\/section>\n\t\t\t\t<section class=\"elementor-section elementor-top-section elementor-element elementor-element-d6defff elementor-section-boxed elementor-section-height-default elementor-section-height-default\" data-id=\"d6defff\" data-element_type=\"section\">\n\t\t\t\t\t\t<div class=\"elementor-container elementor-column-gap-default\">\n\t\t\t\t\t<div class=\"elementor-column elementor-col-100 elementor-top-column elementor-element elementor-element-6bd7c84\" data-id=\"6bd7c84\" data-element_type=\"column\" data-settings=\"{&quot;background_background&quot;:&quot;classic&quot;}\">\n\t\t\t<div class=\"elementor-widget-wrap elementor-element-populated\">\n\t\t\t\t\t\t<div class=\"elementor-element elementor-element-1aa5854 elementor-widget elementor-widget-heading\" data-id=\"1aa5854\" data-element_type=\"widget\" data-widget_type=\"heading.default\">\n\t\t\t\t<div class=\"elementor-widget-container\">\n\t\t\t<h2 class=\"elementor-heading-title elementor-size-default\">Analyse der Logistikprozesse bei einem Masterbatchhersteller<\/h2>\t\t<\/div>\n\t\t\t\t<\/div>\n\t\t\t\t<div class=\"elementor-element elementor-element-f609210 elementor-widget elementor-widget-text-editor\" data-id=\"f609210\" data-element_type=\"widget\" data-widget_type=\"text-editor.default\">\n\t\t\t\t<div class=\"elementor-widget-container\">\n\t\t\t\t\t\t\t<p>In dieser Arbeit wurden die Prozesse in den Bereichen Laderampen, Wareneingang, Lager und Produktion bei einem \u00f6sterreichischen Masterbatchhersteller analysiert und Konzepte zur Optimierung der Prozesse ausgearbeitet.<\/p>\t\t\t\t\t\t<\/div>\n\t\t\t\t<\/div>\n\t\t\t\t<div class=\"elementor-element elementor-element-cab5444 elementor-widget elementor-widget-image\" data-id=\"cab5444\" data-element_type=\"widget\" data-widget_type=\"image.default\">\n\t\t\t\t<div class=\"elementor-widget-container\">\n\t\t\t\t\t\t\t\t\t\t\t\t\t<img loading=\"lazy\" decoding=\"async\" width=\"496\" height=\"288\" src=\"http:\/\/172.16.202.26\/wp-content\/uploads\/2022\/08\/Analyse_Logistikprozesse.png\" class=\"attachment-full size-full wp-image-12092\" alt=\"\" srcset=\"http:\/\/172.16.202.26\/wp-content\/uploads\/2022\/08\/Analyse_Logistikprozesse.png 496w, http:\/\/172.16.202.26\/wp-content\/uploads\/2022\/08\/Analyse_Logistikprozesse-300x174.png 300w\" sizes=\"(max-width: 496px) 100vw, 496px\" \/>\t\t\t\t\t\t\t\t\t\t\t\t\t<\/div>\n\t\t\t\t<\/div>\n\t\t\t\t\t<\/div>\n\t\t<\/div>\n\t\t\t\t\t<\/div>\n\t\t<\/section>\n\t\t\t\t<section class=\"elementor-section elementor-top-section elementor-element elementor-element-526c26b elementor-section-boxed elementor-section-height-default elementor-section-height-default\" data-id=\"526c26b\" data-element_type=\"section\">\n\t\t\t\t\t\t<div class=\"elementor-container elementor-column-gap-default\">\n\t\t\t\t\t<div class=\"elementor-column elementor-col-100 elementor-top-column elementor-element elementor-element-9fdd760\" data-id=\"9fdd760\" data-element_type=\"column\" data-settings=\"{&quot;background_background&quot;:&quot;classic&quot;}\">\n\t\t\t<div class=\"elementor-widget-wrap elementor-element-populated\">\n\t\t\t\t\t\t<div class=\"elementor-element elementor-element-06c2879 elementor-widget elementor-widget-heading\" data-id=\"06c2879\" data-element_type=\"widget\" data-widget_type=\"heading.default\">\n\t\t\t\t<div class=\"elementor-widget-container\">\n\t\t\t<h2 class=\"elementor-heading-title elementor-size-default\">Barrierefreies Lernen<\/h2>\t\t<\/div>\n\t\t\t\t<\/div>\n\t\t\t\t<div class=\"elementor-element elementor-element-81920e3 elementor-widget elementor-widget-text-editor\" data-id=\"81920e3\" data-element_type=\"widget\" data-widget_type=\"text-editor.default\">\n\t\t\t\t<div class=\"elementor-widget-container\">\n\t\t\t\t\t\t\t<p>Blinde und sehschwache Menschen scheitern nicht an ihren eigenen F\u00e4higkeiten, sondern an den von der Gesellschaft in den Weg gelegten Steinen. Sie bekommen weder die M\u00f6glichkeit sich zu beweisen noch in den Genuss einer weiterf\u00fchrenden oder berufsbildenden h\u00f6heren Schule. Die Chance auf ein h\u00f6heres Bildungsniveau sowie die Gelegenheit ihr, von der Menschheit nicht wahrgenommenes Potential zu entfalten, wird ihnen \u00fcberall da aus der Hand genommen, wo Bildungseinrichtungen beziehungsweise das Schulsystem nicht behindertengerecht, also barrierefrei, gestaltet werden.<br \/><br \/><\/p><p>Trotz internationaler Abkommen, sind blinde und sehschwache Menschen derzeit noch immer nicht in der Lage am Schulalltag teilzunehmen. Es liegt also an uns, sich f\u00fcr betroffene Menschen einzusetzen und einen Beitrag f\u00fcr deren Inklusion in den Schulalltag zu leisten. Darum machte es sich das Diplomarbeitsteam zur Aufgabe, durch die Kooperation mit der Hilfsgemeinschaft der Blinden und Sehschwachen \u00d6sterreichs, einen Teil f\u00fcr die Verbesserung der aktuellen Situation f\u00fcr blinde &amp; sehschwache Menschen beizutragen. Es war die Ungerechtigkeit, die das Team dazu bewegte den ersten Schritt in Richtung barrierefreien Schulalltag zu setzen.<br \/><br \/><\/p><p>Ergebnis dieser Diplomarbeit sind anschaulich dokumentierte Analysen aus unterschiedlichsten Bereichen des Schulalltags sowie erstellte L\u00f6sungskonzepte und Verbesserungsvorschl\u00e4ge f\u00fcr etwaige aufgetauchte Problemstellungen. Das daraufhin erstellte Buddy-System soll betroffenen Personen unter die Arme greifen und helfen, den Schulalltag zu meistern. Es ist die Intention der Teammitglieder einen ersten Schritt in Richtung eines barrierefreien Zugangs zu Bildung zu setzen und interessierten Personen einen Einblick in das Schulleben und die damit in Verbindung stehenden Probleme blinder und sehschwacher Menschen zu geben.<\/p>\t\t\t\t\t\t<\/div>\n\t\t\t\t<\/div>\n\t\t\t\t<div class=\"elementor-element elementor-element-f76002e elementor-widget elementor-widget-image\" data-id=\"f76002e\" data-element_type=\"widget\" data-widget_type=\"image.default\">\n\t\t\t\t<div class=\"elementor-widget-container\">\n\t\t\t\t\t\t\t\t\t\t\t\t\t<img loading=\"lazy\" decoding=\"async\" width=\"526\" height=\"263\" src=\"http:\/\/172.16.202.26\/wp-content\/uploads\/2022\/08\/Hilfsgemeinschaft.png\" class=\"attachment-full size-full wp-image-12093\" alt=\"\" srcset=\"http:\/\/172.16.202.26\/wp-content\/uploads\/2022\/08\/Hilfsgemeinschaft.png 526w, http:\/\/172.16.202.26\/wp-content\/uploads\/2022\/08\/Hilfsgemeinschaft-300x150.png 300w\" sizes=\"(max-width: 526px) 100vw, 526px\" \/>\t\t\t\t\t\t\t\t\t\t\t\t\t<\/div>\n\t\t\t\t<\/div>\n\t\t\t\t\t<\/div>\n\t\t<\/div>\n\t\t\t\t\t<\/div>\n\t\t<\/section>\n\t\t\t\t<section class=\"elementor-section elementor-top-section elementor-element elementor-element-f65be44 elementor-section-boxed elementor-section-height-default elementor-section-height-default\" data-id=\"f65be44\" data-element_type=\"section\">\n\t\t\t\t\t\t<div class=\"elementor-container elementor-column-gap-default\">\n\t\t\t\t\t<div class=\"elementor-column elementor-col-100 elementor-top-column elementor-element elementor-element-bbcf9a0\" data-id=\"bbcf9a0\" data-element_type=\"column\" data-settings=\"{&quot;background_background&quot;:&quot;classic&quot;}\">\n\t\t\t<div class=\"elementor-widget-wrap elementor-element-populated\">\n\t\t\t\t\t\t<div class=\"elementor-element elementor-element-978385b elementor-widget elementor-widget-heading\" data-id=\"978385b\" data-element_type=\"widget\" data-widget_type=\"heading.default\">\n\t\t\t\t<div class=\"elementor-widget-container\">\n\t\t\t<h2 class=\"elementor-heading-title elementor-size-default\">Smarte Fassadenbegr\u00fcnung mit IoT Technologien<\/h2>\t\t<\/div>\n\t\t\t\t<\/div>\n\t\t\t\t<div class=\"elementor-element elementor-element-8c175d4 elementor-widget elementor-widget-text-editor\" data-id=\"8c175d4\" data-element_type=\"widget\" data-widget_type=\"text-editor.default\">\n\t\t\t\t<div class=\"elementor-widget-container\">\n\t\t\t\t\t\t\t<p>Im Rahmen des Projektes wurde zun\u00e4chst eine Marktanalyse durchgef\u00fchrt, um unterschiedliche Anbieter von Begr\u00fcnungsvarianten vergleichen zu k\u00f6nnen. Auf dieser Basis wurde anschlie\u00dfend ein Online-Fragenbogen entwickelt, der sowohl an Unternehmen als auch an Einzelkunden gerichtet wurde.<br \/>Aufgrund dieser Vorarbeiten konnte aus unterschiedlichen Konstruktionsvorschl\u00e4gen die bestm\u00f6gliche L\u00f6sung ausgew\u00e4hlt werden. Aufbauend auf der Konstruktion wurde das gew\u00e4hlte Modell im Kooperationsunternehmen \u201eGebr\u00fcder Haas\u201c produziert und als Prototyp an der Au\u00dfenfassade montiert.<br \/>Der zweite Teil der Arbeit bestand in der Implementierung eines IoT Systems f\u00fcr die Fassadenbegr\u00fcnung, das zun\u00e4chst f\u00fcr die Erhebung und Analyse von Daten eingesetzt werden sollte. Dabei wurde eine Reporting-L\u00f6sung mit R, OpenHAB und Grafana entwickelt, die nicht nur eigene Sensordaten darstellen konnte, sondern auch die Einbindung externer Wetterdaten und die automatische Ansteuerung weiterer IoT \u2013 Ger\u00e4te erm\u00f6glichte.<\/p>\t\t\t\t\t\t<\/div>\n\t\t\t\t<\/div>\n\t\t\t\t<div class=\"elementor-element elementor-element-0f1cf02 elementor-widget elementor-widget-image\" data-id=\"0f1cf02\" data-element_type=\"widget\" data-widget_type=\"image.default\">\n\t\t\t\t<div class=\"elementor-widget-container\">\n\t\t\t\t\t\t\t\t\t\t\t\t\t<img loading=\"lazy\" decoding=\"async\" width=\"483\" height=\"296\" src=\"http:\/\/172.16.202.26\/wp-content\/uploads\/2022\/08\/Fassadenbegruenung.png\" class=\"attachment-full size-full wp-image-12095\" alt=\"\" srcset=\"http:\/\/172.16.202.26\/wp-content\/uploads\/2022\/08\/Fassadenbegruenung.png 483w, http:\/\/172.16.202.26\/wp-content\/uploads\/2022\/08\/Fassadenbegruenung-300x184.png 300w\" sizes=\"(max-width: 483px) 100vw, 483px\" \/>\t\t\t\t\t\t\t\t\t\t\t\t\t<\/div>\n\t\t\t\t<\/div>\n\t\t\t\t\t<\/div>\n\t\t<\/div>\n\t\t\t\t\t<\/div>\n\t\t<\/section>\n\t\t\t\t<section class=\"elementor-section elementor-top-section elementor-element elementor-element-a26e08d elementor-section-boxed elementor-section-height-default elementor-section-height-default\" data-id=\"a26e08d\" data-element_type=\"section\">\n\t\t\t\t\t\t<div class=\"elementor-container elementor-column-gap-default\">\n\t\t\t\t\t<div class=\"elementor-column elementor-col-100 elementor-top-column elementor-element elementor-element-150909b\" data-id=\"150909b\" data-element_type=\"column\" data-settings=\"{&quot;background_background&quot;:&quot;classic&quot;}\">\n\t\t\t<div class=\"elementor-widget-wrap elementor-element-populated\">\n\t\t\t\t\t\t<div class=\"elementor-element elementor-element-373e9d0 elementor-widget elementor-widget-heading\" data-id=\"373e9d0\" data-element_type=\"widget\" data-widget_type=\"heading.default\">\n\t\t\t\t<div class=\"elementor-widget-container\">\n\t\t\t<h2 class=\"elementor-heading-title elementor-size-default\">Organisation einer Wanderausstellung<\/h2>\t\t<\/div>\n\t\t\t\t<\/div>\n\t\t\t\t<div class=\"elementor-element elementor-element-547c28e elementor-widget elementor-widget-text-editor\" data-id=\"547c28e\" data-element_type=\"widget\" data-widget_type=\"text-editor.default\">\n\t\t\t\t<div class=\"elementor-widget-container\">\n\t\t\t\t\t\t\t<p>Die Diplomarbeit \u201eOrganisation einer Wanderausstellung\u201c umfasst die historische Recherche, die Ausarbeitung von Unterrichtsentw\u00fcrfen, die Entwicklung eines museumsp\u00e4dagogischen Ausstellungskonzepts, die logistische Organisation sowie die Finanzierung eben jener.<\/p>\t\t\t\t\t\t<\/div>\n\t\t\t\t<\/div>\n\t\t\t\t<div class=\"elementor-element elementor-element-831efdc elementor-widget elementor-widget-image\" data-id=\"831efdc\" data-element_type=\"widget\" data-widget_type=\"image.default\">\n\t\t\t\t<div class=\"elementor-widget-container\">\n\t\t\t\t\t\t\t\t\t\t\t\t\t<img loading=\"lazy\" decoding=\"async\" width=\"640\" height=\"422\" src=\"http:\/\/172.16.202.26\/wp-content\/uploads\/2022\/08\/Wanderausstellung.png\" class=\"attachment-full size-full wp-image-12096\" alt=\"\" srcset=\"http:\/\/172.16.202.26\/wp-content\/uploads\/2022\/08\/Wanderausstellung.png 640w, http:\/\/172.16.202.26\/wp-content\/uploads\/2022\/08\/Wanderausstellung-300x198.png 300w\" sizes=\"(max-width: 640px) 100vw, 640px\" \/>\t\t\t\t\t\t\t\t\t\t\t\t\t<\/div>\n\t\t\t\t<\/div>\n\t\t\t\t\t<\/div>\n\t\t<\/div>\n\t\t\t\t\t<\/div>\n\t\t<\/section>\n\t\t\t\t<section class=\"elementor-section elementor-top-section elementor-element elementor-element-f8248eb elementor-section-boxed elementor-section-height-default elementor-section-height-default\" data-id=\"f8248eb\" data-element_type=\"section\">\n\t\t\t\t\t\t<div class=\"elementor-container elementor-column-gap-default\">\n\t\t\t\t\t<div class=\"elementor-column elementor-col-100 elementor-top-column elementor-element elementor-element-bd1380a\" data-id=\"bd1380a\" data-element_type=\"column\" data-settings=\"{&quot;background_background&quot;:&quot;classic&quot;}\">\n\t\t\t<div class=\"elementor-widget-wrap elementor-element-populated\">\n\t\t\t\t\t\t<div class=\"elementor-element elementor-element-190a98b elementor-widget elementor-widget-heading\" data-id=\"190a98b\" data-element_type=\"widget\" data-widget_type=\"heading.default\">\n\t\t\t\t<div class=\"elementor-widget-container\">\n\t\t\t<h2 class=\"elementor-heading-title elementor-size-default\">Bildgebende Verfahren \u2013 Innovative Ans\u00e4tze zur Quantifizierung der Wirksamkeit von Krebstherapien in einem neuartigen Zebrafischmodell<\/h2>\t\t<\/div>\n\t\t\t\t<\/div>\n\t\t\t\t<div class=\"elementor-element elementor-element-768131a elementor-widget elementor-widget-text-editor\" data-id=\"768131a\" data-element_type=\"widget\" data-widget_type=\"text-editor.default\">\n\t\t\t\t<div class=\"elementor-widget-container\">\n\t\t\t\t\t\t\t<p>In Zusammenarbeit mit dem Zentrum f\u00fcr Medizinische Physik und Biomedizinische Technik am AKH werden die Optische Koh\u00e4renztomographie (OCT) und Angiographie (OCTA) als bildgebende Methoden eingesetzt, um den Krankheits- und Therapieverlauf in einem neuartigen Zebrafischkrebsmodell darzustellen und zu quantifizieren. Mit diesen Techniken werden morphologische Anomalien und Angiogenese visualisiert und damit die Wirksamkeit von neuartigen Medikamenten f\u00fcr die Krebstherapie quantifiziert. F\u00fcnf Gruppen von Zebrafischlarven (120hpf) mit jeweils 10 Fischen werden betrachtet: eine gesunde Kontrollgruppe, eine krebskranke Kontrollgruppe und zwei Kontrollgruppen therapiert mit Medikamenten in verschiedenen Konzentrationen.<br \/><br \/><\/p><p>Verschiedenen Gruppen von Zebrafischlarven (gesund, krebskrank und therapiert) weisen deutliche Unterschiede sowohl in Morphologie als auch in der Gef\u00e4\u00dfstruktur auf. Besonders deutlich sind die Ver\u00e4nderungen des R\u00fcckenmarks, Kopf und Schwanzdeformationen sowie Ver\u00e4nderungen im Blutfluss. Verschiedene Medikamente zeigen deutliche Unterschiede im Therapieerfolg am krebskranken Fisch. Kopf-und Schwanzdeformationen sind deutlich verringert und der Blutfluss normalisiert sich.<br \/><br \/><\/p><p>Die Blutgef\u00e4\u00dfe werden in Rot visualisiert und mit der Morphologie in Grau \u00fcberlagert. Beim kranken Fisch erkennt man, dass der K\u00f6rper deutlich vergr\u00f6\u00dfert und verformt sowie der Kopf deformiert ist. Weiters ist auch zu sehen, dass die Blutgef\u00e4\u00dfe keine einheitliche Struktur aufweisen. Der Blutfluss ist somit verlangsamt und teilweise unterbunden. Daher k\u00f6nnen die Muskeln nicht mehr mit N\u00e4hrstoffen versorgt werden. Da der Tumor sich vom R\u00fcckenmark aus entwickelt, ver\u00e4ndert sich auch deutlich das Verh\u00e4ltnis zwischen R\u00fcckenmark- und Notochorddurchmesser. Die Wirkung der Medikamente ist deutlich an der Reduzierung der Deformationen und dem verst\u00e4rkten Blutfluss zu erkennen.<br \/><br \/><\/p><p>Pressemitteilung:\u00a0<span style=\"text-decoration: underline;\"><a href=\"https:\/\/www.pressetext.com\/news\/20190618009#\" target=\"_blank\" rel=\"noopener\">https:\/\/www.pressetext.com\/news\/20190618009#<\/a><\/span><\/p>\t\t\t\t\t\t<\/div>\n\t\t\t\t<\/div>\n\t\t\t\t<div class=\"elementor-element elementor-element-62b5461 elementor-widget elementor-widget-image\" data-id=\"62b5461\" data-element_type=\"widget\" data-widget_type=\"image.default\">\n\t\t\t\t<div class=\"elementor-widget-container\">\n\t\t\t\t\t\t\t\t\t\t\t\t\t<img loading=\"lazy\" decoding=\"async\" width=\"450\" height=\"265\" src=\"http:\/\/172.16.202.26\/wp-content\/uploads\/2022\/08\/Zebrafisch.jpg\" class=\"attachment-full size-full wp-image-12103\" alt=\"\" srcset=\"http:\/\/172.16.202.26\/wp-content\/uploads\/2022\/08\/Zebrafisch.jpg 450w, http:\/\/172.16.202.26\/wp-content\/uploads\/2022\/08\/Zebrafisch-300x177.jpg 300w\" sizes=\"(max-width: 450px) 100vw, 450px\" \/>\t\t\t\t\t\t\t\t\t\t\t\t\t<\/div>\n\t\t\t\t<\/div>\n\t\t\t\t\t<\/div>\n\t\t<\/div>\n\t\t\t\t\t<\/div>\n\t\t<\/section>\n\t\t\t\t<section class=\"elementor-section elementor-top-section elementor-element elementor-element-e5f15a1 elementor-section-boxed elementor-section-height-default elementor-section-height-default\" data-id=\"e5f15a1\" data-element_type=\"section\">\n\t\t\t\t\t\t<div class=\"elementor-container elementor-column-gap-default\">\n\t\t\t\t\t<div class=\"elementor-column elementor-col-100 elementor-top-column elementor-element elementor-element-f30d63e\" data-id=\"f30d63e\" data-element_type=\"column\" data-settings=\"{&quot;background_background&quot;:&quot;classic&quot;}\">\n\t\t\t<div class=\"elementor-widget-wrap elementor-element-populated\">\n\t\t\t\t\t\t<div class=\"elementor-element elementor-element-773156c elementor-widget elementor-widget-heading\" data-id=\"773156c\" data-element_type=\"widget\" data-widget_type=\"heading.default\">\n\t\t\t\t<div class=\"elementor-widget-container\">\n\t\t\t<h2 class=\"elementor-heading-title elementor-size-default\">Technische und wirtschaftliche Optimierung sowie modulare Individualisierung der Hundezwinger im TierQuarTier Wien<\/h2>\t\t<\/div>\n\t\t\t\t<\/div>\n\t\t\t\t<div class=\"elementor-element elementor-element-0e2c905 elementor-widget elementor-widget-text-editor\" data-id=\"0e2c905\" data-element_type=\"widget\" data-widget_type=\"text-editor.default\">\n\t\t\t\t<div class=\"elementor-widget-container\">\n\t\t\t\t\t\t\t<p>Das TierQuarTier Wien bietet bis zu 150 herrenlosen Hunden aus dem Gro\u00dfraum Wien ein vor\u00fcbergehendes Zuhause. Die Zwinger sind einheitlich gestaltet und k\u00f6nnen nicht an die individuellen Bed\u00fcrfnisse der Hunde angepasst werden. Zudem ist die Reinigung der Zwinger umst\u00e4ndlich und reduziert die Zeit, welche das Pflegepersonal mit den Hunden verbringt.<br \/><br \/><\/p><p>Vor Ort sind personelle Ressourcen begrenzt und aufwendigere Planungsarbeiten zeitlich schwer in den Alltag integrierbar. Zudem verlangen viele Konzepte aufwendigere Umbauma\u00dfnahmen oder verursachen hohe Kosten. Deswegen wurde dem Diplomarbeitsteam die Aufgabe \u00fcbertragen, passende, ressourceneffiziente Konzeptans\u00e4tze zu entwickeln.<br \/><br \/><\/p><p>Die Konzepte und Verbesserungsma\u00dfnahmen waren an die \u00f6rtlichen Gegebenheiten im TierQuarTier Wien anzupassen und sollten mit m\u00f6glichst geringem Aufwand umgesetzt werden k\u00f6nnen. Dadurch war es zielf\u00fchrend, in der Konzeptentwicklung bereits vorhandene Technologien zu ber\u00fccksichtigen um m\u00f6glicherweise Kooperationen anzustreben.<br \/><br \/><\/p><p>Das Ziel dieser Diplomarbeit ist es, ein Paket an Ma\u00dfnahmen zu entwickeln, welches die Aufenthalte der Hunde im TierQuarTier Wien aufwertet und die Arbeit der Mitarbeiter\/innen erleichtert. Die Konzepte ber\u00fccksichtigen hierbei sowohl bauliche und einrichtungstechnische \u00c4nderungen als auch organisatorische Ma\u00dfnahmen im Sinne einer Prozessoptimierung und des Freiwilligenmanagements.<\/p>\t\t\t\t\t\t<\/div>\n\t\t\t\t<\/div>\n\t\t\t\t<div class=\"elementor-element elementor-element-bc81384 elementor-widget elementor-widget-image\" data-id=\"bc81384\" data-element_type=\"widget\" data-widget_type=\"image.default\">\n\t\t\t\t<div class=\"elementor-widget-container\">\n\t\t\t\t\t\t\t\t\t\t\t\t\t<img loading=\"lazy\" decoding=\"async\" width=\"206\" height=\"300\" src=\"http:\/\/172.16.202.26\/wp-content\/uploads\/2022\/08\/Tierquartier-206x300.jpg\" class=\"attachment-medium size-medium wp-image-12105\" alt=\"\" srcset=\"http:\/\/172.16.202.26\/wp-content\/uploads\/2022\/08\/Tierquartier-206x300.jpg 206w, http:\/\/172.16.202.26\/wp-content\/uploads\/2022\/08\/Tierquartier.jpg 422w\" sizes=\"(max-width: 206px) 100vw, 206px\" \/>\t\t\t\t\t\t\t\t\t\t\t\t\t<\/div>\n\t\t\t\t<\/div>\n\t\t\t\t\t<\/div>\n\t\t<\/div>\n\t\t\t\t\t<\/div>\n\t\t<\/section>\n\t\t\t\t<section class=\"elementor-section elementor-top-section elementor-element elementor-element-1f54422 elementor-section-boxed elementor-section-height-default elementor-section-height-default\" data-id=\"1f54422\" data-element_type=\"section\">\n\t\t\t\t\t\t<div class=\"elementor-container elementor-column-gap-default\">\n\t\t\t\t\t<div class=\"elementor-column elementor-col-100 elementor-top-column elementor-element elementor-element-81f8e7b\" data-id=\"81f8e7b\" data-element_type=\"column\" data-settings=\"{&quot;background_background&quot;:&quot;classic&quot;}\">\n\t\t\t<div class=\"elementor-widget-wrap elementor-element-populated\">\n\t\t\t\t\t\t<div class=\"elementor-element elementor-element-270cdf7 elementor-widget elementor-widget-heading\" data-id=\"270cdf7\" data-element_type=\"widget\" data-widget_type=\"heading.default\">\n\t\t\t\t<div class=\"elementor-widget-container\">\n\t\t\t<h2 class=\"elementor-heading-title elementor-size-default\">Materialflusssimulation mit Enterprise Dynamics<\/h2>\t\t<\/div>\n\t\t\t\t<\/div>\n\t\t\t\t<div class=\"elementor-element elementor-element-19ddbf7 elementor-widget elementor-widget-text-editor\" data-id=\"19ddbf7\" data-element_type=\"widget\" data-widget_type=\"text-editor.default\">\n\t\t\t\t<div class=\"elementor-widget-container\">\n\t\t\t\t\t\t\t<p>Diese Diplomarbeit besteht aus zwei Teilen. Im ersten Teil wurde ein Tutorial zum Thema Materialflusssimulation mit der Software Enterprise Dynamics erstellt. Mit Hilfe dieses Tutorials wird der Einstieg in die Materialflusssimulation und die Anwendung der Software erleichtert.<br \/><br \/><\/p><p>Im zweiten Teil dieser Arbeit wird der Materialfluss eines Automobil\u00aczulieferunternehmens simuliert und visualisiert. Die Visualisierung veranschaulicht die Abl\u00e4ufe im Unternehmen und erleichtert das Verst\u00e4ndnis von Zusammenh\u00e4ngen. Mit Hilfe der Simulationsergebnisse k\u00f6nnen Potentiale zur Effizienzsteigerung aufgezeigt werden. Die Simulationsergebnisse dienen als Grundlage f\u00fcr wesentliche Entscheidungen \u00fcber Anordnung, Dimensionierung und Ausstattung der Lager- und Produktionsbereiche.<\/p>\t\t\t\t\t\t<\/div>\n\t\t\t\t<\/div>\n\t\t\t\t<div class=\"elementor-element elementor-element-aa8cb12 elementor-widget elementor-widget-image\" data-id=\"aa8cb12\" data-element_type=\"widget\" data-widget_type=\"image.default\">\n\t\t\t\t<div class=\"elementor-widget-container\">\n\t\t\t\t\t\t\t\t\t\t\t\t\t<img loading=\"lazy\" decoding=\"async\" width=\"640\" height=\"335\" src=\"http:\/\/172.16.202.26\/wp-content\/uploads\/2022\/08\/Materialfluss-768x402.jpg\" class=\"attachment-medium_large size-medium_large wp-image-12112\" alt=\"\" srcset=\"http:\/\/172.16.202.26\/wp-content\/uploads\/2022\/08\/Materialfluss-768x402.jpg 768w, http:\/\/172.16.202.26\/wp-content\/uploads\/2022\/08\/Materialfluss-300x157.jpg 300w, http:\/\/172.16.202.26\/wp-content\/uploads\/2022\/08\/Materialfluss-1024x536.jpg 1024w, http:\/\/172.16.202.26\/wp-content\/uploads\/2022\/08\/Materialfluss-1536x804.jpg 1536w, http:\/\/172.16.202.26\/wp-content\/uploads\/2022\/08\/Materialfluss.jpg 1658w\" sizes=\"(max-width: 640px) 100vw, 640px\" \/>\t\t\t\t\t\t\t\t\t\t\t\t\t<\/div>\n\t\t\t\t<\/div>\n\t\t\t\t\t<\/div>\n\t\t<\/div>\n\t\t\t\t\t<\/div>\n\t\t<\/section>\n\t\t\t\t<section class=\"elementor-section elementor-top-section elementor-element elementor-element-dd86602 elementor-section-boxed elementor-section-height-default elementor-section-height-default\" data-id=\"dd86602\" data-element_type=\"section\">\n\t\t\t\t\t\t<div class=\"elementor-container elementor-column-gap-default\">\n\t\t\t\t\t<div class=\"elementor-column elementor-col-100 elementor-top-column elementor-element elementor-element-cfd2344\" data-id=\"cfd2344\" data-element_type=\"column\" data-settings=\"{&quot;background_background&quot;:&quot;classic&quot;}\">\n\t\t\t<div class=\"elementor-widget-wrap elementor-element-populated\">\n\t\t\t\t\t\t<div class=\"elementor-element elementor-element-b377c74 elementor-widget elementor-widget-heading\" data-id=\"b377c74\" data-element_type=\"widget\" data-widget_type=\"heading.default\">\n\t\t\t\t<div class=\"elementor-widget-container\">\n\t\t\t<h2 class=\"elementor-heading-title elementor-size-default\">Entwicklung eines mobilen, thermischen Transportbeh\u00e4lters f\u00fcr Fahrr\u00e4der \"clima bike box\"<\/h2>\t\t<\/div>\n\t\t\t\t<\/div>\n\t\t\t\t<div class=\"elementor-element elementor-element-f4ca1d1 elementor-widget elementor-widget-text-editor\" data-id=\"f4ca1d1\" data-element_type=\"widget\" data-widget_type=\"text-editor.default\">\n\t\t\t\t<div class=\"elementor-widget-container\">\n\t\t\t\t\t\t\t<p>Der online-Handel boomt und macht auch nicht vor Speisen und Getr\u00e4nken halt. Von AmazonFresh bis Z-Catering liefern Firmen Nahrungsmittel aus. Beliebtes Tarnsport\u00admittel ist hier innerst\u00e4dtisch das Fahrrad. Fahrradzustelldienste werben mit \u00f6kologisch abbaubarer Verpackung und \u00d6ko-Strom f\u00fcr Server und B\u00fcro, aber keiner verf\u00fcgt \u00fcber eine mobile beheizbare Thermobox, die \u00fcber die kinetische Energie des Fahrrades betrieben wird und die transportierten Nahrungsmittel w\u00e4rmt bzw. k\u00fchlt.<\/p><p>\u00a0<\/p><p>Hier setzt diese Diplomarbeit an, die sich die Aufgabe gestellt hat, eine derartige Transportbox zu entwickeln und zu vermarkten. Nach ausf\u00fchrlichen Recherchen zum Stand der Technik und dem wirtschaftlichen Umfeld wurde mittels eines strukturierten Ideenfindungs- und Auswahlprozesses ein Designkonzept aus\u00adgew\u00e4hlt: eine Thermobox aus EPP mit einer isolierten K\u00fchlkammer und einer mittels einer Heizfolie beheizbaren W\u00e4rmekammer. Die Energiegewinnung erfolgt prim\u00e4r durch einen Nabendynamo, der jedoch bei Stillstand des Fahrrades durch einen integrierten Akku unterst\u00fctzt wird. Die Box selbst kann mittels eines Schienensystems auf jedes herk\u00f6mmliche Fahrrad montiert werden.<\/p><p>\u00a0<\/p><p>Doch die Frage ist: Gibt es f\u00fcr eine derartige Technologie \u00fcberhaupt einen Markt? Die wirtschaftliche Analyse ergab f\u00fcr die Hauptzielgruppe \u2013 die Radfahrlieferdienste \u2013 ein Marktvolumen von ann\u00e4hernd 7500 St\u00fcck mit hohem Wachstumspotenzial. Auf diese Zielgruppe hat sich auch das erstellte Marketingkonzept mit einem angestrebten Verkaufspreis von 235 \u20ac fokussiert.<\/p>\t\t\t\t\t\t<\/div>\n\t\t\t\t<\/div>\n\t\t\t\t<div class=\"elementor-element elementor-element-4b86dc1 elementor-widget elementor-widget-image\" data-id=\"4b86dc1\" data-element_type=\"widget\" data-widget_type=\"image.default\">\n\t\t\t\t<div class=\"elementor-widget-container\">\n\t\t\t\t\t\t\t\t\t\t\t\t\t<img loading=\"lazy\" decoding=\"async\" width=\"640\" height=\"405\" src=\"http:\/\/172.16.202.26\/wp-content\/uploads\/2022\/08\/Clima_bike_box-768x486.jpg\" class=\"attachment-medium_large size-medium_large wp-image-12116\" alt=\"\" srcset=\"http:\/\/172.16.202.26\/wp-content\/uploads\/2022\/08\/Clima_bike_box-768x486.jpg 768w, http:\/\/172.16.202.26\/wp-content\/uploads\/2022\/08\/Clima_bike_box-300x190.jpg 300w, http:\/\/172.16.202.26\/wp-content\/uploads\/2022\/08\/Clima_bike_box-1024x648.jpg 1024w, http:\/\/172.16.202.26\/wp-content\/uploads\/2022\/08\/Clima_bike_box.jpg 1288w\" sizes=\"(max-width: 640px) 100vw, 640px\" \/>\t\t\t\t\t\t\t\t\t\t\t\t\t<\/div>\n\t\t\t\t<\/div>\n\t\t\t\t\t<\/div>\n\t\t<\/div>\n\t\t\t\t\t<\/div>\n\t\t<\/section>\n\t\t\t\t<section class=\"elementor-section elementor-top-section elementor-element elementor-element-17aa510 elementor-section-boxed elementor-section-height-default elementor-section-height-default\" data-id=\"17aa510\" data-element_type=\"section\">\n\t\t\t\t\t\t<div class=\"elementor-container elementor-column-gap-default\">\n\t\t\t\t\t<div class=\"elementor-column elementor-col-100 elementor-top-column elementor-element elementor-element-ac37510\" data-id=\"ac37510\" data-element_type=\"column\" data-settings=\"{&quot;background_background&quot;:&quot;classic&quot;}\">\n\t\t\t<div class=\"elementor-widget-wrap elementor-element-populated\">\n\t\t\t\t\t\t<div class=\"elementor-element elementor-element-5203f1d elementor-widget elementor-widget-heading\" data-id=\"5203f1d\" data-element_type=\"widget\" data-widget_type=\"heading.default\">\n\t\t\t\t<div class=\"elementor-widget-container\">\n\t\t\t<h2 class=\"elementor-heading-title elementor-size-default\">Vorbeugende Instandhaltung in der kunststoffverarbeitenden Industrie und Analyse der Umsetzungsm\u00f6glichkeiten von Aspekten der Industrie 4.0<\/h2>\t\t<\/div>\n\t\t\t\t<\/div>\n\t\t\t\t<div class=\"elementor-element elementor-element-69c43d2 elementor-widget elementor-widget-text-editor\" data-id=\"69c43d2\" data-element_type=\"widget\" data-widget_type=\"text-editor.default\">\n\t\t\t\t<div class=\"elementor-widget-container\">\n\t\t\t\t\t\t\t<p>Diese Diplomarbeit umfasst Analyse sowie M\u00f6glichkeiten zuk\u00fcnftiger Implementierung von Elementen der Industrie 4.0 im kunststoffverarbeitenden Betrieb Gabriel Chemie. Das Diplomarbeitsteam analysierte zun\u00e4chst innerbetriebliche Ist-Prozesse, um in weiterer Folge ein optimiertes Soll-Konzept zu erstellen, welches drei unterschiedliche Ausbaustufen mit variablem Ausma\u00df an Technikeinsatz beinhaltet.<br \/><br \/><\/p><p>Das finale Ziel der Arbeit war es, ein auf die derzeitige Situation der Gabriel Chemie abgestimmtes Systemkonzept f\u00fcr die Instandhaltung zu entwickeln, welches aktuelle Bed\u00fcrfnisse des Unternehmens abdeckt.<\/p>\t\t\t\t\t\t<\/div>\n\t\t\t\t<\/div>\n\t\t\t\t<div class=\"elementor-element elementor-element-a4a0193 elementor-widget elementor-widget-image\" data-id=\"a4a0193\" data-element_type=\"widget\" data-widget_type=\"image.default\">\n\t\t\t\t<div class=\"elementor-widget-container\">\n\t\t\t\t\t\t\t\t\t\t\t\t\t<img loading=\"lazy\" decoding=\"async\" width=\"421\" height=\"300\" src=\"http:\/\/172.16.202.26\/wp-content\/uploads\/2022\/08\/Industrie_4_0.png\" class=\"attachment-full size-full wp-image-12120\" alt=\"\" srcset=\"http:\/\/172.16.202.26\/wp-content\/uploads\/2022\/08\/Industrie_4_0.png 421w, http:\/\/172.16.202.26\/wp-content\/uploads\/2022\/08\/Industrie_4_0-300x214.png 300w\" sizes=\"(max-width: 421px) 100vw, 421px\" \/>\t\t\t\t\t\t\t\t\t\t\t\t\t<\/div>\n\t\t\t\t<\/div>\n\t\t\t\t\t<\/div>\n\t\t<\/div>\n\t\t\t\t\t<\/div>\n\t\t<\/section>\n\t\t\t\t<section class=\"elementor-section elementor-top-section elementor-element elementor-element-7b31d8f elementor-section-boxed elementor-section-height-default elementor-section-height-default\" data-id=\"7b31d8f\" data-element_type=\"section\">\n\t\t\t\t\t\t<div class=\"elementor-container elementor-column-gap-default\">\n\t\t\t\t\t<div class=\"elementor-column elementor-col-100 elementor-top-column elementor-element elementor-element-ab0b52a\" data-id=\"ab0b52a\" data-element_type=\"column\" data-settings=\"{&quot;background_background&quot;:&quot;classic&quot;}\">\n\t\t\t<div class=\"elementor-widget-wrap elementor-element-populated\">\n\t\t\t\t\t\t<div class=\"elementor-element elementor-element-29b237f elementor-widget elementor-widget-heading\" data-id=\"29b237f\" data-element_type=\"widget\" data-widget_type=\"heading.default\">\n\t\t\t\t<div class=\"elementor-widget-container\">\n\t\t\t<h2 class=\"elementor-heading-title elementor-size-default\">Optimierung der Energieversorgung eines Gewerbebetriebes im st\u00e4dtischen Gebiet<\/h2>\t\t<\/div>\n\t\t\t\t<\/div>\n\t\t\t\t<div class=\"elementor-element elementor-element-5cadd5b elementor-widget elementor-widget-text-editor\" data-id=\"5cadd5b\" data-element_type=\"widget\" data-widget_type=\"text-editor.default\">\n\t\t\t\t<div class=\"elementor-widget-container\">\n\t\t\t\t\t\t\t<p>Wir stehen vor dem schrittweisen Umbau unserer gesamten Energieversorgung. Mit diesem Umbau sind gro\u00dfe Herausforderungen verbunden. Besonders die Verbindung zwischen Energiebereitstellung und Energienutzung stellt vor dem Hintergrund eines auf alternativer Energie aufgebauten Systems eine nicht unwesentliche Herausforderung dar. F\u00fcr Gewerbebetriebe im st\u00e4dtischen Gebiet soll ein Energiekonzept unter \u00f6kologischen und \u00f6konomischen Gesichtspunkten aufgebaut werden. Es geht dabei nicht darum 100 % autark zu werden, sondern es geht um eine sinnvolle Verbindung von Eigenerzeugung, Speicher und Fremdbezug. Neben der Eigenerzeugung stellt somit der Fremdstrompreis auf Stundenebene einen wichtigen Faktor dar. Julia Hell bearbeitet dabei, wie man Energie intelligent im Unternehmen einsetzen und speichern kann, Bianca Scholda untersucht den Einsatz von Energieressourcen im Unternehmen, Stefan B\u00fcrbaum analysiert den Energiepreismarkt f\u00fcr das Unternehmen und Simon Klys erstellt aus den obigen drei Punkten ein Gesamtkonzept mit Augenmerk auf Wirtschaftlichkeit. Ausgehend von der Literaturrecherche wurde ein passendes Unternehmen zur Erstellung eines Energiekonzepts ausgew\u00e4hlt. In einem weiteren Schritt wurde eine Begehung durchgef\u00fchrt sowie ein Energiekonzept f\u00fcr das Unternehmen erstellt. Ergebnisse dieser Diplomarbeit sind das Energiekonzept f\u00fcr das Schick Hotel, der Einsatz von Energiespeichern sowie eine Wirtschaftlichkeitsrechnung.<\/p>\t\t\t\t\t\t<\/div>\n\t\t\t\t<\/div>\n\t\t\t\t<div class=\"elementor-element elementor-element-ad3d73b elementor-widget elementor-widget-image\" data-id=\"ad3d73b\" data-element_type=\"widget\" data-widget_type=\"image.default\">\n\t\t\t\t<div class=\"elementor-widget-container\">\n\t\t\t\t\t\t\t\t\t\t\t\t\t<img loading=\"lazy\" decoding=\"async\" width=\"640\" height=\"480\" src=\"http:\/\/172.16.202.26\/wp-content\/uploads\/2022\/08\/Energieaudit.jpg\" class=\"attachment-full size-full wp-image-12121\" alt=\"\" srcset=\"http:\/\/172.16.202.26\/wp-content\/uploads\/2022\/08\/Energieaudit.jpg 640w, http:\/\/172.16.202.26\/wp-content\/uploads\/2022\/08\/Energieaudit-300x225.jpg 300w\" sizes=\"(max-width: 640px) 100vw, 640px\" \/>\t\t\t\t\t\t\t\t\t\t\t\t\t<\/div>\n\t\t\t\t<\/div>\n\t\t\t\t\t<\/div>\n\t\t<\/div>\n\t\t\t\t\t<\/div>\n\t\t<\/section>\n\t\t\t\t<section class=\"elementor-section elementor-top-section elementor-element elementor-element-307131c elementor-section-boxed elementor-section-height-default elementor-section-height-default\" data-id=\"307131c\" data-element_type=\"section\">\n\t\t\t\t\t\t<div class=\"elementor-container elementor-column-gap-default\">\n\t\t\t\t\t<div class=\"elementor-column elementor-col-100 elementor-top-column elementor-element elementor-element-3543b10\" data-id=\"3543b10\" data-element_type=\"column\" data-settings=\"{&quot;background_background&quot;:&quot;classic&quot;}\">\n\t\t\t<div class=\"elementor-widget-wrap elementor-element-populated\">\n\t\t\t\t\t\t<div class=\"elementor-element elementor-element-b3d7d36 elementor-widget elementor-widget-heading\" data-id=\"b3d7d36\" data-element_type=\"widget\" data-widget_type=\"heading.default\">\n\t\t\t\t<div class=\"elementor-widget-container\">\n\t\t\t<h2 class=\"elementor-heading-title elementor-size-default\">Entwicklung einer mobilen, mechanisch bet\u00e4tigten Scherenhebeb\u00fchne f\u00fcr PKW<\/h2>\t\t<\/div>\n\t\t\t\t<\/div>\n\t\t\t\t<div class=\"elementor-element elementor-element-faeff8f elementor-widget elementor-widget-text-editor\" data-id=\"faeff8f\" data-element_type=\"widget\" data-widget_type=\"text-editor.default\">\n\t\t\t\t<div class=\"elementor-widget-container\">\n\t\t\t\t\t\t\t<p>Das Unternehmen L.A.S. Top Technik repariert j\u00e4hrlich mehr als 500 PKW. Die Auslastung der Hebeb\u00fchnen betr\u00e4gt dabei ann\u00e4hernd 100%. Das Unternehmen muss daher kleinere Auftr\u00e4ge &#8211; wie beispielsweise Reifenwechsel &#8211; ablehnen, da die teilweise fahrunt\u00fcchtigen Autos auf den Hebeb\u00fchnen diese blockieren und deren Entfernung einen erheblichen technischen Mehraufwand erfordern w\u00fcrden. In der Werkstatthalle herrscht durch die enge Anordnung der Hebeb\u00fchnen und Werkb\u00e4nke Platzmangel, wodurch auch keine weitere zus\u00e4tzliche Hebeb\u00fchnenanlage montiert werden kann. Daher trat die Firma L.A.S Top Technik an das Projektteam heran, um eine mobile, mechanisch bet\u00e4tigte Hebeb\u00fchne zu entwickeln. Die Konstruktion der Hebeb\u00fchne ist entsprechend der geforderten Bedingungen zu gestalten und soll rein mechanisch \u2013 ohne Hydraulikzylinder \u2013 bet\u00e4tigt werden. Dadurch ist es zielf\u00fchrend, den Hubmechanismus mittels einer Spindel \u00fcber 4 Scheren zu realisieren. Das Ziel dieser Diplomarbeit ist es, eine funktionsf\u00e4hige und kosteng\u00fcnstige mobile Scherenhebeb\u00fchne zu entwerfen. Erg\u00e4nzend dazu werden die rechtlichen Rahmenbedingungen f\u00fcr die Zulassung und den Verkauf der Hebeb\u00fchne auf dem europ\u00e4ischen Markt betrachtet.<\/p>\t\t\t\t\t\t<\/div>\n\t\t\t\t<\/div>\n\t\t\t\t<div class=\"elementor-element elementor-element-cb08b50 elementor-widget elementor-widget-image\" data-id=\"cb08b50\" data-element_type=\"widget\" data-widget_type=\"image.default\">\n\t\t\t\t<div class=\"elementor-widget-container\">\n\t\t\t\t\t\t\t\t\t\t\t\t\t<img loading=\"lazy\" decoding=\"async\" width=\"640\" height=\"438\" src=\"http:\/\/172.16.202.26\/wp-content\/uploads\/2022\/08\/Hebebuehne.png\" class=\"attachment-full size-full wp-image-12122\" alt=\"\" srcset=\"http:\/\/172.16.202.26\/wp-content\/uploads\/2022\/08\/Hebebuehne.png 640w, http:\/\/172.16.202.26\/wp-content\/uploads\/2022\/08\/Hebebuehne-300x205.png 300w\" sizes=\"(max-width: 640px) 100vw, 640px\" \/>\t\t\t\t\t\t\t\t\t\t\t\t\t<\/div>\n\t\t\t\t<\/div>\n\t\t\t\t\t<\/div>\n\t\t<\/div>\n\t\t\t\t\t<\/div>\n\t\t<\/section>\n\t\t\t\t<section class=\"elementor-section elementor-top-section elementor-element elementor-element-ba5be77 elementor-section-boxed elementor-section-height-default elementor-section-height-default\" data-id=\"ba5be77\" data-element_type=\"section\">\n\t\t\t\t\t\t<div class=\"elementor-container elementor-column-gap-default\">\n\t\t\t\t\t<div class=\"elementor-column elementor-col-100 elementor-top-column elementor-element elementor-element-f25da9a\" data-id=\"f25da9a\" data-element_type=\"column\" data-settings=\"{&quot;background_background&quot;:&quot;classic&quot;}\">\n\t\t\t<div class=\"elementor-widget-wrap elementor-element-populated\">\n\t\t\t\t\t\t<div class=\"elementor-element elementor-element-e036d15 elementor-widget elementor-widget-heading\" data-id=\"e036d15\" data-element_type=\"widget\" data-widget_type=\"heading.default\">\n\t\t\t\t<div class=\"elementor-widget-container\">\n\t\t\t<h2 class=\"elementor-heading-title elementor-size-default\">Fuhrpark der Zukunft<\/h2>\t\t<\/div>\n\t\t\t\t<\/div>\n\t\t\t\t<div class=\"elementor-element elementor-element-52dc9a8 elementor-widget elementor-widget-text-editor\" data-id=\"52dc9a8\" data-element_type=\"widget\" data-widget_type=\"text-editor.default\">\n\t\t\t\t<div class=\"elementor-widget-container\">\n\t\t\t\t\t\t\t<p>Diese Diplomarbeit behandelt das Thema Fuhrparkmanagement in \u00f6sterreichischen Unternehmen. Die Studie erfasst den aktuellen Zustand sowie k\u00fcnftige Entwicklungen \u00f6sterreichischer Fuhrparks. Zu diesem Zweck wurde eine umfangreiche Online-Befragung unter FuhrparkmanagerInnen sowie DienstwagennutzerInnen durchgef\u00fchrt. Die Studie ergibt, dass sich der durchschnittliche Anteil alternativ betriebener Automobile in Fuhrparks in den kommenden sieben Jahren auf 35% verzehnfachen wird. Diese Entwicklung wird ma\u00dfgeblich auf strengere gesetzliche Richtlinien sowie Kunden- und Mitarbeiterforderungen und den daraus resultierenden Konzernvorgaben zur\u00fcckzuf\u00fchren sein. Im Allgemeinen zeigt sich, dass alternative Mobilit\u00e4tsl\u00f6sungen massiv an Bedeutung gewinnen. Insbesondere firmeninternes Carsharing, Shuttlel\u00f6sungen und Wahlplattformen f\u00fcr Mobilit\u00e4tsl\u00f6sungen werden k\u00fcnftig in Unternehmen vorzufinden sein. Daraus l\u00e4sst sich schlussfolgern, dass es in den kommenden Jahren wesentliche Restrukturierungen in \u00d6sterreichs Fuhrparks geben wird. Im Rahmen der voraussichtlichen Ver\u00e4nderungen werden sich erhebliche \u00f6konomische Potenziale er\u00f6ffnen, f\u00fcr deren Nutzung bestens vorbereitete und ausgebildete Fuhrparkverantwortliche n\u00f6tig sein werden. Die Diplomarbeit wurde in Kooperation mit der T\u00dcV AUSTRIA AUTOMOTIVE GMBH durchgef\u00fchrt. Die Ergebnisse der Studie bilden die Basis f\u00fcr ein White Paper zum Thema Fuhrparkmanagement.<\/p>\t\t\t\t\t\t<\/div>\n\t\t\t\t<\/div>\n\t\t\t\t<div class=\"elementor-element elementor-element-36687d0 elementor-widget elementor-widget-image\" data-id=\"36687d0\" data-element_type=\"widget\" data-widget_type=\"image.default\">\n\t\t\t\t<div class=\"elementor-widget-container\">\n\t\t\t\t\t\t\t\t\t\t\t\t\t<img loading=\"lazy\" decoding=\"async\" width=\"450\" height=\"640\" src=\"http:\/\/172.16.202.26\/wp-content\/uploads\/2022\/08\/Fuhrpark.jpeg\" class=\"attachment-medium_large size-medium_large wp-image-12124\" alt=\"\" srcset=\"http:\/\/172.16.202.26\/wp-content\/uploads\/2022\/08\/Fuhrpark.jpeg 450w, http:\/\/172.16.202.26\/wp-content\/uploads\/2022\/08\/Fuhrpark-211x300.jpeg 211w\" sizes=\"(max-width: 450px) 100vw, 450px\" \/>\t\t\t\t\t\t\t\t\t\t\t\t\t<\/div>\n\t\t\t\t<\/div>\n\t\t\t\t\t<\/div>\n\t\t<\/div>\n\t\t\t\t\t<\/div>\n\t\t<\/section>\n\t\t\t\t<section class=\"elementor-section elementor-top-section elementor-element elementor-element-faa7819 elementor-section-boxed elementor-section-height-default elementor-section-height-default\" data-id=\"faa7819\" data-element_type=\"section\">\n\t\t\t\t\t\t<div class=\"elementor-container elementor-column-gap-default\">\n\t\t\t\t\t<div class=\"elementor-column elementor-col-100 elementor-top-column elementor-element elementor-element-c055fe8\" data-id=\"c055fe8\" data-element_type=\"column\" data-settings=\"{&quot;background_background&quot;:&quot;classic&quot;}\">\n\t\t\t<div class=\"elementor-widget-wrap elementor-element-populated\">\n\t\t\t\t\t\t<div class=\"elementor-element elementor-element-722e529 elementor-widget elementor-widget-heading\" data-id=\"722e529\" data-element_type=\"widget\" data-widget_type=\"heading.default\">\n\t\t\t\t<div class=\"elementor-widget-container\">\n\t\t\t<h2 class=\"elementor-heading-title elementor-size-default\">Mobile Energy \u2013 Windkraft \u201eto go\u201c \u201eTechnik auf Reisen\u201c<\/h2>\t\t<\/div>\n\t\t\t\t<\/div>\n\t\t\t\t<div class=\"elementor-element elementor-element-ab0e123 elementor-widget elementor-widget-text-editor\" data-id=\"ab0e123\" data-element_type=\"widget\" data-widget_type=\"text-editor.default\">\n\t\t\t\t<div class=\"elementor-widget-container\">\n\t\t\t\t\t\t\t<p>Die Frage, welche Technik f\u00fcr eine Reise unbedingt notwendig ist, l\u00e4sst sich eindeutig beantworten: Ohne Smartphone geht es heutzutage nicht mehr. Von Navigation und Wander-Apps \u00fcber Fotos und Social Media bis hin zur lebensrettenden Notruffunktion \u2013 es gibt viele Argumente f\u00fcr den Technikeinsatz auf Reisen. Wer m\u00f6chte nicht am Gipfelkreuz ein Selfie machen und es auf der Stelle \u00fcber Facebook oder Whatsapp seinen Freunden posten. Doch was tun, wenn der Akku leer ist, weil mehrere Apps offen waren und das Handy permanent auf der Suche nach dem st\u00e4rksten Signal war? Wie sollen die Ger\u00e4te aufgeladen werden, wenn die n\u00e4chste Steckdose meilenweit entfernt ist? Diese Diplomarbeit gibt die Antwort: Mobile Energy \u2013 Windkraft \u201eto go\u201c. Eine leichte, kleine, bedienerfreundliche und kosteng\u00fcnstige vertikale Windkraftanlage mit kombiniertem H-Darrieus- und Savonius-Rotor, die auch in sonnenarmen Regionen, bei schlechten Witterungsverh\u00e4ltnissen oder bei Dunkelheit die mobilen Ger\u00e4te des Hikers oder der Trekkerin mit gen\u00fcgend Power versorgt.<\/p>\t\t\t\t\t\t<\/div>\n\t\t\t\t<\/div>\n\t\t\t\t<div class=\"elementor-element elementor-element-2010bff elementor-widget elementor-widget-image\" data-id=\"2010bff\" data-element_type=\"widget\" data-widget_type=\"image.default\">\n\t\t\t\t<div class=\"elementor-widget-container\">\n\t\t\t\t\t\t\t\t\t\t\t\t\t<img loading=\"lazy\" decoding=\"async\" width=\"480\" height=\"630\" src=\"http:\/\/172.16.202.26\/wp-content\/uploads\/2022\/08\/Mobile_Energie.jpg\" class=\"attachment-full size-full wp-image-12128\" alt=\"\" srcset=\"http:\/\/172.16.202.26\/wp-content\/uploads\/2022\/08\/Mobile_Energie.jpg 480w, http:\/\/172.16.202.26\/wp-content\/uploads\/2022\/08\/Mobile_Energie-229x300.jpg 229w\" sizes=\"(max-width: 480px) 100vw, 480px\" \/>\t\t\t\t\t\t\t\t\t\t\t\t\t<\/div>\n\t\t\t\t<\/div>\n\t\t\t\t\t<\/div>\n\t\t<\/div>\n\t\t\t\t\t<\/div>\n\t\t<\/section>\n\t\t\t\t<section class=\"elementor-section elementor-top-section elementor-element elementor-element-5a4f562 elementor-section-boxed elementor-section-height-default elementor-section-height-default\" data-id=\"5a4f562\" data-element_type=\"section\">\n\t\t\t\t\t\t<div class=\"elementor-container elementor-column-gap-default\">\n\t\t\t\t\t<div class=\"elementor-column elementor-col-100 elementor-top-column elementor-element elementor-element-8f5c6dc\" data-id=\"8f5c6dc\" data-element_type=\"column\" data-settings=\"{&quot;background_background&quot;:&quot;classic&quot;}\">\n\t\t\t<div class=\"elementor-widget-wrap elementor-element-populated\">\n\t\t\t\t\t\t<div class=\"elementor-element elementor-element-527ad10 elementor-widget elementor-widget-heading\" data-id=\"527ad10\" data-element_type=\"widget\" data-widget_type=\"heading.default\">\n\t\t\t\t<div class=\"elementor-widget-container\">\n\t\t\t<h2 class=\"elementor-heading-title elementor-size-default\">Loki \u2013 Entwicklung einer mittels Mikrocontroller gesteuerten Beladestation f\u00fcr G\u00fcterz\u00fcge<\/h2>\t\t<\/div>\n\t\t\t\t<\/div>\n\t\t\t\t<div class=\"elementor-element elementor-element-d647e21 elementor-widget elementor-widget-text-editor\" data-id=\"d647e21\" data-element_type=\"widget\" data-widget_type=\"text-editor.default\">\n\t\t\t\t<div class=\"elementor-widget-container\">\n\t\t\t\t\t\t\t<p>Diese Diplomarbeit ist ein modellhafter Nachbau eines Teils des Vertriebsprozesses. In diesem Modell wird ein Zug mit einem Container auf dem G\u00fcterwagon bef\u00fcllt und in weiterer Folge entladen. Zur Umsetzung dieses Ziels wurde ein Playmobil Zug verwendet und das F\u00f6rderband selbst entwickelt. Daf\u00fcr wurden mehrere Berechnung-, Simulations- und Konstruktionskonzepte erstellt, bis ein Ger\u00fcst mit ausreichender Stabilit\u00e4t umgesetzt werden konnte. Das Gestell f\u00fcr das F\u00f6rderband besteht aus Aluminium und wurde mit der Unterst\u00fctzung des Kooperationspartners CNC4All gefertigt. Der Beladevorgang kann sowohl automatisch als auch manuell erfolgen und die Auswahl wird \u00fcber eine ebenfalls selbst konzipierte Steuerkonsole laufen. Bei dem automatischen Vorgang beschleunigt der Zug auf eine vorgegebene Geschwindigkeit und f\u00e4hrt daraufhin zum F\u00f6rderband um beladen zu werden. Um einen reibungslosen Ablauf bei dem Beladen zu erm\u00f6glichen, erfolgt die Positionierung des Zuges mittels Sensoren. Ein Farbsensor erkennt den eintreffenden Zug, woraufhin ein Signal an den Arduino Mega 2560 Mikrocontroller gesendet wird, der wiederum dem Zug den Befehl zum Halt gibt. Anschlie\u00dfend schaltet sich das F\u00f6rderband ein und bef\u00fcllt den Container, der sich auf der Ladefl\u00e4che befindet. Danach nimmt der voll-beladene Zug wieder Fahrt auf bis ein anderes Signal, beispielsweise der Aufruf zur Entladestation, diesen Vorgang unterbricht. Bei der manuellen Variante hat man an der Steuerkonsole die M\u00f6glichkeit die Geschwindigkeit des Zuges selbst zu regulieren und per Knopfdruck h\u00e4lt der Zug in der entsprechend Position f\u00fcr den Beladevorgang. Man kann hier ebenfalls die Geschwindigkeit des F\u00f6rderbands bestimmen.<\/p>\t\t\t\t\t\t<\/div>\n\t\t\t\t<\/div>\n\t\t\t\t<div class=\"elementor-element elementor-element-53b0f1a elementor-widget elementor-widget-image\" data-id=\"53b0f1a\" data-element_type=\"widget\" data-widget_type=\"image.default\">\n\t\t\t\t<div class=\"elementor-widget-container\">\n\t\t\t\t\t\t\t\t\t\t\t\t\t<img loading=\"lazy\" decoding=\"async\" width=\"586\" height=\"480\" src=\"http:\/\/172.16.202.26\/wp-content\/uploads\/2022\/08\/Beladestation.png\" class=\"attachment-medium_large size-medium_large wp-image-12129\" alt=\"\" srcset=\"http:\/\/172.16.202.26\/wp-content\/uploads\/2022\/08\/Beladestation.png 586w, http:\/\/172.16.202.26\/wp-content\/uploads\/2022\/08\/Beladestation-300x246.png 300w\" sizes=\"(max-width: 586px) 100vw, 586px\" \/>\t\t\t\t\t\t\t\t\t\t\t\t\t<\/div>\n\t\t\t\t<\/div>\n\t\t\t\t\t<\/div>\n\t\t<\/div>\n\t\t\t\t\t<\/div>\n\t\t<\/section>\n\t\t\t\t<section class=\"elementor-section elementor-top-section elementor-element elementor-element-9b67496 elementor-section-boxed elementor-section-height-default elementor-section-height-default\" data-id=\"9b67496\" data-element_type=\"section\">\n\t\t\t\t\t\t<div class=\"elementor-container elementor-column-gap-default\">\n\t\t\t\t\t<div class=\"elementor-column elementor-col-100 elementor-top-column elementor-element elementor-element-7fdb08d\" data-id=\"7fdb08d\" data-element_type=\"column\" data-settings=\"{&quot;background_background&quot;:&quot;classic&quot;}\">\n\t\t\t<div class=\"elementor-widget-wrap elementor-element-populated\">\n\t\t\t\t\t\t<div class=\"elementor-element elementor-element-b26fe2a elementor-widget elementor-widget-heading\" data-id=\"b26fe2a\" data-element_type=\"widget\" data-widget_type=\"heading.default\">\n\t\t\t\t<div class=\"elementor-widget-container\">\n\t\t\t<h2 class=\"elementor-heading-title elementor-size-default\">E-Government<\/h2>\t\t<\/div>\n\t\t\t\t<\/div>\n\t\t\t\t<div class=\"elementor-element elementor-element-107c41b elementor-widget elementor-widget-text-editor\" data-id=\"107c41b\" data-element_type=\"widget\" data-widget_type=\"text-editor.default\">\n\t\t\t\t<div class=\"elementor-widget-container\">\n\t\t\t\t\t\t\t<p>Die Diplomarbeitsgruppe \u201eE-Government\u201c besch\u00e4ftigt sich in ihrer Arbeit mit den Erleichterungen die der elektronische Kontakt zwischen Beh\u00f6rden und Privaten bzw. Unternehmern bringt. Im ersten Schritt arbeiteten sich die Diplomanden in das Thema ein, dies erfolgte sowohl durch Eigenrecherche als auch durch Interviews mit Entwicklern der E-Governmentplattformen. Danach wurde die gesamte Abteilung im Rahmen der \u201eE-Governmentdays\u201c \u00fcber die Vorteile und M\u00f6glichkeiten der B\u00fcrgerkarte, von FinanzOnline sowie des Unternehmerserviceportals informiert.<\/p>\t\t\t\t\t\t<\/div>\n\t\t\t\t<\/div>\n\t\t\t\t<div class=\"elementor-element elementor-element-fefbe0b elementor-widget elementor-widget-image\" data-id=\"fefbe0b\" data-element_type=\"widget\" data-widget_type=\"image.default\">\n\t\t\t\t<div class=\"elementor-widget-container\">\n\t\t\t\t\t\t\t\t\t\t\t\t\t<img loading=\"lazy\" decoding=\"async\" width=\"640\" height=\"360\" src=\"http:\/\/172.16.202.26\/wp-content\/uploads\/2022\/08\/E_Goverment.jpg\" class=\"attachment-medium_large size-medium_large wp-image-12140\" alt=\"\" srcset=\"http:\/\/172.16.202.26\/wp-content\/uploads\/2022\/08\/E_Goverment.jpg 640w, http:\/\/172.16.202.26\/wp-content\/uploads\/2022\/08\/E_Goverment-300x169.jpg 300w\" sizes=\"(max-width: 640px) 100vw, 640px\" \/>\t\t\t\t\t\t\t\t\t\t\t\t\t<\/div>\n\t\t\t\t<\/div>\n\t\t\t\t\t<\/div>\n\t\t<\/div>\n\t\t\t\t\t<\/div>\n\t\t<\/section>\n\t\t\t\t<section class=\"elementor-section elementor-top-section elementor-element elementor-element-ad225c4 elementor-section-boxed elementor-section-height-default elementor-section-height-default\" data-id=\"ad225c4\" data-element_type=\"section\">\n\t\t\t\t\t\t<div class=\"elementor-container elementor-column-gap-default\">\n\t\t\t\t\t<div class=\"elementor-column elementor-col-100 elementor-top-column elementor-element elementor-element-4821350\" data-id=\"4821350\" data-element_type=\"column\" data-settings=\"{&quot;background_background&quot;:&quot;classic&quot;}\">\n\t\t\t<div class=\"elementor-widget-wrap elementor-element-populated\">\n\t\t\t\t\t\t<div class=\"elementor-element elementor-element-6aa7f91 elementor-widget elementor-widget-heading\" data-id=\"6aa7f91\" data-element_type=\"widget\" data-widget_type=\"heading.default\">\n\t\t\t\t<div class=\"elementor-widget-container\">\n\t\t\t<h2 class=\"elementor-heading-title elementor-size-default\">Elektromobilit\u00e4t im dritten Jahrtausend<\/h2>\t\t<\/div>\n\t\t\t\t<\/div>\n\t\t\t\t<div class=\"elementor-element elementor-element-623e768 elementor-widget elementor-widget-text-editor\" data-id=\"623e768\" data-element_type=\"widget\" data-widget_type=\"text-editor.default\">\n\t\t\t\t<div class=\"elementor-widget-container\">\n\t\t\t\t\t\t\t<p>Im Rahmen dieser Diplomarbeit wurden wichtige Aspekte der Elektromobilit\u00e4t zu den Bereichen Marktentwicklung, politische Treiber und F\u00f6rderprogramme und finanzielle sowie \u00f6kologische Unterschiede zwischen E-Autos und herk\u00f6mmlichen &#8222;Verbrennern&#8220; analysiert und ausgewertet. Weiters wurde eine Expertenmeinung bez\u00fcglich der Zukunft von Elektroautos eingeholt, ein Leitfaden f\u00fcr Anspr\u00fcche auf F\u00f6rderungen f\u00fcr Privatpersonen und Unternehmen erstellt, ein Kostenvergleich zwischen E-Auto und Verbrenner-Auto f\u00fcr den Endverbraucher auf die Beine gestellt und eine \u00d6ko-Bilanz gezogen. Ziel der Arbeit war es, mehr Transparenz in die brandaktuelle Thematik der Elektromobilit\u00e4t zu bringen, und eine neutrale und unabh\u00e4ngige Darstellung zu dessen aktuellen Stand zu bieten.<\/p>\t\t\t\t\t\t<\/div>\n\t\t\t\t<\/div>\n\t\t\t\t<div class=\"elementor-element elementor-element-4f8efe8 elementor-widget elementor-widget-image\" data-id=\"4f8efe8\" data-element_type=\"widget\" data-widget_type=\"image.default\">\n\t\t\t\t<div class=\"elementor-widget-container\">\n\t\t\t\t\t\t\t\t\t\t\t\t\t<img loading=\"lazy\" decoding=\"async\" width=\"480\" height=\"480\" src=\"http:\/\/172.16.202.26\/wp-content\/uploads\/2022\/08\/Elektromobilitaet.jpeg\" class=\"attachment-full size-full wp-image-12144\" alt=\"\" srcset=\"http:\/\/172.16.202.26\/wp-content\/uploads\/2022\/08\/Elektromobilitaet.jpeg 480w, http:\/\/172.16.202.26\/wp-content\/uploads\/2022\/08\/Elektromobilitaet-300x300.jpeg 300w, http:\/\/172.16.202.26\/wp-content\/uploads\/2022\/08\/Elektromobilitaet-150x150.jpeg 150w\" sizes=\"(max-width: 480px) 100vw, 480px\" \/>\t\t\t\t\t\t\t\t\t\t\t\t\t<\/div>\n\t\t\t\t<\/div>\n\t\t\t\t\t<\/div>\n\t\t<\/div>\n\t\t\t\t\t<\/div>\n\t\t<\/section>\n\t\t\t\t<section class=\"elementor-section elementor-top-section elementor-element elementor-element-b60ea98 elementor-section-boxed elementor-section-height-default elementor-section-height-default\" data-id=\"b60ea98\" data-element_type=\"section\">\n\t\t\t\t\t\t<div class=\"elementor-container elementor-column-gap-default\">\n\t\t\t\t\t<div class=\"elementor-column elementor-col-100 elementor-top-column elementor-element elementor-element-b874483\" data-id=\"b874483\" data-element_type=\"column\" data-settings=\"{&quot;background_background&quot;:&quot;classic&quot;}\">\n\t\t\t<div class=\"elementor-widget-wrap elementor-element-populated\">\n\t\t\t\t\t\t<div class=\"elementor-element elementor-element-e2d843d elementor-widget elementor-widget-heading\" data-id=\"e2d843d\" data-element_type=\"widget\" data-widget_type=\"heading.default\">\n\t\t\t\t<div class=\"elementor-widget-container\">\n\t\t\t<h2 class=\"elementor-heading-title elementor-size-default\">Smart School<\/h2>\t\t<\/div>\n\t\t\t\t<\/div>\n\t\t\t\t<div class=\"elementor-element elementor-element-4a813a2 elementor-widget elementor-widget-text-editor\" data-id=\"4a813a2\" data-element_type=\"widget\" data-widget_type=\"text-editor.default\">\n\t\t\t\t<div class=\"elementor-widget-container\">\n\t\t\t\t\t\t\t<p>In der Diplomarbeit \u201eSmart School\u201c befasste sich das Projektteam mit dem Gedanken der Nachhaltigkeit und der Ressourcenschonung innerhalb der Abteilung f\u00fcr Wirtschaftsingenieure. Das Team analysierte das M\u00fcllaufkommen sowie entsprechende Verhaltensweisen der Sch\u00fclerinnen und Sch\u00fcler und \u00fcberlegte im Zuge des interaktiven Projektes \u201eGr\u00fcne Woche\u201c Strategien zur Bewusstseinsbildung hinsichtlich M\u00fcllentstehung und M\u00fcllvermeidung. Dar\u00fcber hinausgehend informierte sich das Projektteam bei zertifizierten Unternehmen bzw. Schulen \u00fcber die Implementierung und Umsetzung von EMAS. Aufbauend darauf wurde ein m\u00f6glicher Weg einer Zertifizierung f\u00fcr das TGM erarbeitet.<\/p>\t\t\t\t\t\t<\/div>\n\t\t\t\t<\/div>\n\t\t\t\t<div class=\"elementor-element elementor-element-e275029 elementor-widget elementor-widget-image\" data-id=\"e275029\" data-element_type=\"widget\" data-widget_type=\"image.default\">\n\t\t\t\t<div class=\"elementor-widget-container\">\n\t\t\t\t\t\t\t\t\t\t\t\t\t<img loading=\"lazy\" decoding=\"async\" width=\"178\" height=\"147\" src=\"http:\/\/172.16.202.26\/wp-content\/uploads\/2022\/08\/Smart_School.jpg\" class=\"attachment-full size-full wp-image-12148\" alt=\"\" \/>\t\t\t\t\t\t\t\t\t\t\t\t\t<\/div>\n\t\t\t\t<\/div>\n\t\t\t\t\t<\/div>\n\t\t<\/div>\n\t\t\t\t\t<\/div>\n\t\t<\/section>\n\t\t\t\t<section class=\"elementor-section elementor-top-section elementor-element elementor-element-70fc1b2 elementor-section-boxed elementor-section-height-default elementor-section-height-default\" data-id=\"70fc1b2\" data-element_type=\"section\">\n\t\t\t\t\t\t<div class=\"elementor-container elementor-column-gap-default\">\n\t\t\t\t\t<div class=\"elementor-column elementor-col-100 elementor-top-column elementor-element elementor-element-475b41c\" data-id=\"475b41c\" data-element_type=\"column\" data-settings=\"{&quot;background_background&quot;:&quot;classic&quot;}\">\n\t\t\t<div class=\"elementor-widget-wrap elementor-element-populated\">\n\t\t\t\t\t\t<div class=\"elementor-element elementor-element-9f1e4b5 elementor-widget elementor-widget-heading\" data-id=\"9f1e4b5\" data-element_type=\"widget\" data-widget_type=\"heading.default\">\n\t\t\t\t<div class=\"elementor-widget-container\">\n\t\t\t<h2 class=\"elementor-heading-title elementor-size-default\">Automatische Disposition<\/h2>\t\t<\/div>\n\t\t\t\t<\/div>\n\t\t\t\t<div class=\"elementor-element elementor-element-61aad37 elementor-widget elementor-widget-text-editor\" data-id=\"61aad37\" data-element_type=\"widget\" data-widget_type=\"text-editor.default\">\n\t\t\t\t<div class=\"elementor-widget-container\">\n\t\t\t\t\t\t\t<p>Die Diplomarbeit besch\u00e4ftigt sich mit einer Automatisierung der Disposition im \u00f6sterreichischen Unternehmen Gabriel Chemie GmbH. Die Hauptaufgabe dieser Arbeit war es ein Handbuch zu erstellen, welches die Umsetzung eines automatisierten Dispositionsprozesses mit der Hilfe von technischen Systemen erm\u00f6glicht. Um diese Prozesse automatisieren zu k\u00f6nnen, bedarf es einer vollst\u00e4ndigen Analyse der IST-Situation sowie einer Ausarbeitung eines SOLL-Prozesses, unter Ber\u00fccksichtigung aller zuvor eruierten Schwachstellen und Problemstellungen. In weiterer Folge hat das Projektteam eine Bestandsaufnahme aller vorhandenen Ressourcen durchgef\u00fchrt und eine ausf\u00fchrliche Dokumentation zu allen vorhandenen Maschinen erstellt. Nach Vollendung der Recherchen und Erstellung des SOLL-Prozesses folgte eine Absprache mit der IT Abteilung, um eine problemlose Implementierung in das ERP-System proALPHA zu erm\u00f6glichen. Abschlie\u00dfend folgte die Aufsetzung eines Handbuchs, das alle Informationen \u00fcber den Aufbau und Ablauf eines automatischen Dispositionsprozesses enthalten soll. Mithilfe dieses Handbuchs setzt Gabriel Chemie GmbH den automatisierten Dispositionsprozess im Standort Gumpoldskirchen um.<\/p>\t\t\t\t\t\t<\/div>\n\t\t\t\t<\/div>\n\t\t\t\t<div class=\"elementor-element elementor-element-a3705ab elementor-widget elementor-widget-image\" data-id=\"a3705ab\" data-element_type=\"widget\" data-widget_type=\"image.default\">\n\t\t\t\t<div class=\"elementor-widget-container\">\n\t\t\t\t\t\t\t\t\t\t\t\t\t<img loading=\"lazy\" decoding=\"async\" width=\"640\" height=\"336\" src=\"http:\/\/172.16.202.26\/wp-content\/uploads\/2022\/08\/Automatische_Disposition.jpg\" class=\"attachment-full size-full wp-image-12149\" alt=\"\" srcset=\"http:\/\/172.16.202.26\/wp-content\/uploads\/2022\/08\/Automatische_Disposition.jpg 640w, http:\/\/172.16.202.26\/wp-content\/uploads\/2022\/08\/Automatische_Disposition-300x158.jpg 300w\" sizes=\"(max-width: 640px) 100vw, 640px\" \/>\t\t\t\t\t\t\t\t\t\t\t\t\t<\/div>\n\t\t\t\t<\/div>\n\t\t\t\t\t<\/div>\n\t\t<\/div>\n\t\t\t\t\t<\/div>\n\t\t<\/section>\n\t\t\t\t<section class=\"elementor-section elementor-top-section elementor-element elementor-element-d14ef89 elementor-section-boxed elementor-section-height-default elementor-section-height-default\" data-id=\"d14ef89\" data-element_type=\"section\">\n\t\t\t\t\t\t<div class=\"elementor-container elementor-column-gap-default\">\n\t\t\t\t\t<div class=\"elementor-column elementor-col-100 elementor-top-column elementor-element elementor-element-0e3455c\" data-id=\"0e3455c\" data-element_type=\"column\" data-settings=\"{&quot;background_background&quot;:&quot;classic&quot;}\">\n\t\t\t<div class=\"elementor-widget-wrap elementor-element-populated\">\n\t\t\t\t\t\t<div class=\"elementor-element elementor-element-2244a5f elementor-widget elementor-widget-heading\" data-id=\"2244a5f\" data-element_type=\"widget\" data-widget_type=\"heading.default\">\n\t\t\t\t<div class=\"elementor-widget-container\">\n\t\t\t<h2 class=\"elementor-heading-title elementor-size-default\">IoT \u2013 Business Models<\/h2>\t\t<\/div>\n\t\t\t\t<\/div>\n\t\t\t\t<div class=\"elementor-element elementor-element-b7dd153 elementor-widget elementor-widget-text-editor\" data-id=\"b7dd153\" data-element_type=\"widget\" data-widget_type=\"text-editor.default\">\n\t\t\t\t<div class=\"elementor-widget-container\">\n\t\t\t\t\t\t\t<p>Das Internet der Dinge (IoT) ist ein wesentlicher Teil der digitalen Transformation mit dem Potential unsere Wirtschaft und Gesellschaft nachhaltig zu ver\u00e4ndern. Welche Ver\u00e4nderungen mit Hilfe entsprechender Technologien m\u00f6glich sind wird anhand von drei exemplarischen Gesch\u00e4ftsideen aufgezeigt:<br>\u2022 Smart City (Auslastung von Behindertenparkpl\u00e4tzen)<br>\u2022 Smart Airport (Emissionsmessung in den Gemeinden)<br>\u2022 Smart Home (\u00dcberwachung der Vitaldaten im Bereich \u201eBetreutes Wohnen\u201c)<br><br><\/p>\n<p>F\u00fcr jeden der drei Bereiche ist ein einfaches Modell erstellt worden, das im Sinne eines \u201eproof-of-concept\u201c zu verstehen ist. Das \u201eSmart-City\u201c Modell besteht beispielsweise aus einer konventionellen Lichtschranke, an die eine IoT-Box gekoppelt ist, um die Verf\u00fcgbarkeit des Parkplatzes an eine entsprechende Web-Schnittstelle zu \u00fcbermitteln.<br><br><\/p><p>Aufgrund der zunehmenden Verf\u00fcgbarkeit an Sensordaten, kommt aus technischer Sicht der Datenanalyse und -auswertung im IoT Projekt eine zentrale Bedeutung zu. Zum Einsatz kommt hierbei einerseits \u201eR\u201c, um eine exemplarische Auswertung von Vitaldaten durchzuf\u00fchren und einen Web-Report zu erstellen und andererseits \u201ePhyton\u201c, um ein einfaches GUI mit einem interaktiven Chart zu programmieren.<br><br><\/p><p>Da dieses Projekt nicht nur wirtschaftliches und statistisches Know-How sowie Programmierkenntnisse im Bereich der Datenanalyse erfordert hat, sondern auch Spezialwissen im Gebiet der Elektrotechnik und Microcontroller-Programmierung, gilt ein besonderer Dank an dieser Stelle dem Kooperationspartner \u201eMicrotronics\u201c, der das Team bei offenen Fragen bereitwillig unterst\u00fctzt hat.<\/p>\t\t\t\t\t\t<\/div>\n\t\t\t\t<\/div>\n\t\t\t\t<div class=\"elementor-element elementor-element-41bfc7a elementor-widget elementor-widget-image\" data-id=\"41bfc7a\" data-element_type=\"widget\" data-widget_type=\"image.default\">\n\t\t\t\t<div class=\"elementor-widget-container\">\n\t\t\t\t\t\t\t\t\t\t\t\t\t<img loading=\"lazy\" decoding=\"async\" width=\"300\" height=\"70\" src=\"http:\/\/172.16.202.26\/wp-content\/uploads\/2022\/08\/IoT-300x70.png\" class=\"attachment-medium size-medium wp-image-12153\" alt=\"\" srcset=\"http:\/\/172.16.202.26\/wp-content\/uploads\/2022\/08\/IoT-300x70.png 300w, http:\/\/172.16.202.26\/wp-content\/uploads\/2022\/08\/IoT.png 640w\" sizes=\"(max-width: 300px) 100vw, 300px\" \/>\t\t\t\t\t\t\t\t\t\t\t\t\t<\/div>\n\t\t\t\t<\/div>\n\t\t\t\t\t<\/div>\n\t\t<\/div>\n\t\t\t\t\t<\/div>\n\t\t<\/section>\n\t\t\t\t<section class=\"elementor-section elementor-top-section elementor-element elementor-element-8b48a6b elementor-section-boxed elementor-section-height-default elementor-section-height-default\" data-id=\"8b48a6b\" data-element_type=\"section\">\n\t\t\t\t\t\t<div class=\"elementor-container elementor-column-gap-default\">\n\t\t\t\t\t<div class=\"elementor-column elementor-col-100 elementor-top-column elementor-element elementor-element-116e669\" data-id=\"116e669\" data-element_type=\"column\" data-settings=\"{&quot;background_background&quot;:&quot;classic&quot;}\">\n\t\t\t<div class=\"elementor-widget-wrap elementor-element-populated\">\n\t\t\t\t\t\t<div class=\"elementor-element elementor-element-2bd3936 elementor-widget elementor-widget-heading\" data-id=\"2bd3936\" data-element_type=\"widget\" data-widget_type=\"heading.default\">\n\t\t\t\t<div class=\"elementor-widget-container\">\n\t\t\t<h2 class=\"elementor-heading-title elementor-size-default\">Automatisierung eines Zuges samt Container Ladestation<\/h2>\t\t<\/div>\n\t\t\t\t<\/div>\n\t\t\t\t<div class=\"elementor-element elementor-element-8bdedb6 elementor-widget elementor-widget-text-editor\" data-id=\"8bdedb6\" data-element_type=\"widget\" data-widget_type=\"text-editor.default\">\n\t\t\t\t<div class=\"elementor-widget-container\">\n\t\t\t\t\t\t\t<p>Das Diplomarbeitsprojekt hatte sich zum Ziel gesteckt, einen Playmobilzug mit Verladestation zu automatisieren. Damit ein Computer die M\u00f6glichkeit hat auf die Funktionen der Zug-Fernbedienung und der Kranbedienung zuzugreifen, muss zuvor eine geeignete Hardwareschnittstelle entwickelt und gebaut werden. Als Hirn der neuen Anlage dient ein Arduino Einplatinenrechner, der selbstst\u00e4ndig alle Steuerfunktionen \u00fcbernimmt und \u00fcber Sensoren die Position des Zuges und des Kranhakens erfasst und dann in die gew\u00fcnschten Positionen verf\u00e4hrt. Am Tag der offenen T\u00fcr wird die Arbeit k\u00fcnftig zu bewundern sein.<\/p>\t\t\t\t\t\t<\/div>\n\t\t\t\t<\/div>\n\t\t\t\t<div class=\"elementor-element elementor-element-6128278 elementor-widget elementor-widget-image\" data-id=\"6128278\" data-element_type=\"widget\" data-widget_type=\"image.default\">\n\t\t\t\t<div class=\"elementor-widget-container\">\n\t\t\t\t\t\t\t\t\t\t\t\t\t<img loading=\"lazy\" decoding=\"async\" width=\"640\" height=\"358\" src=\"http:\/\/172.16.202.26\/wp-content\/uploads\/2022\/08\/Ladestation.png\" class=\"attachment-full size-full wp-image-12157\" alt=\"\" srcset=\"http:\/\/172.16.202.26\/wp-content\/uploads\/2022\/08\/Ladestation.png 640w, http:\/\/172.16.202.26\/wp-content\/uploads\/2022\/08\/Ladestation-300x168.png 300w\" sizes=\"(max-width: 640px) 100vw, 640px\" \/>\t\t\t\t\t\t\t\t\t\t\t\t\t<\/div>\n\t\t\t\t<\/div>\n\t\t\t\t\t<\/div>\n\t\t<\/div>\n\t\t\t\t\t<\/div>\n\t\t<\/section>\n\t\t\t\t<section class=\"elementor-section elementor-top-section elementor-element elementor-element-89fd56e elementor-section-boxed elementor-section-height-default elementor-section-height-default\" data-id=\"89fd56e\" data-element_type=\"section\">\n\t\t\t\t\t\t<div class=\"elementor-container elementor-column-gap-default\">\n\t\t\t\t\t<div class=\"elementor-column elementor-col-100 elementor-top-column elementor-element elementor-element-6bcb685\" data-id=\"6bcb685\" data-element_type=\"column\" data-settings=\"{&quot;background_background&quot;:&quot;classic&quot;}\">\n\t\t\t<div class=\"elementor-widget-wrap elementor-element-populated\">\n\t\t\t\t\t\t<div class=\"elementor-element elementor-element-afae069 elementor-widget elementor-widget-heading\" data-id=\"afae069\" data-element_type=\"widget\" data-widget_type=\"heading.default\">\n\t\t\t\t<div class=\"elementor-widget-container\">\n\t\t\t<h2 class=\"elementor-heading-title elementor-size-default\">Individuell einstellbare Skipresse<\/h2>\t\t<\/div>\n\t\t\t\t<\/div>\n\t\t\t\t<div class=\"elementor-element elementor-element-0f42879 elementor-widget elementor-widget-text-editor\" data-id=\"0f42879\" data-element_type=\"widget\" data-widget_type=\"text-editor.default\">\n\t\t\t\t<div class=\"elementor-widget-container\">\n\t\t\t\t\t\t\t<p>Ski sind im Fahrverhalten sehr unterschiedlich und oft nicht in der f\u00fcr den Kunden ben\u00f6tigten Ausf\u00fchrung verf\u00fcgbar. Ausgehend von dieser Problemstellung sollten auf Basis der fertigungs- und betriebswirtschaftlichen Kenntnisse im Rahmen dieser Diplomarbeit ein Prototyp einer individuell einstellbaren Skipresse designt und gefertigt werden.<\/p>\t\t\t\t\t\t<\/div>\n\t\t\t\t<\/div>\n\t\t\t\t<div class=\"elementor-element elementor-element-a137777 elementor-widget elementor-widget-image\" data-id=\"a137777\" data-element_type=\"widget\" data-widget_type=\"image.default\">\n\t\t\t\t<div class=\"elementor-widget-container\">\n\t\t\t\t\t\t\t\t\t\t\t\t\t<img loading=\"lazy\" decoding=\"async\" width=\"173\" height=\"300\" src=\"http:\/\/172.16.202.26\/wp-content\/uploads\/2022\/08\/Skipresse-173x300.png\" class=\"attachment-medium size-medium wp-image-12161\" alt=\"\" srcset=\"http:\/\/172.16.202.26\/wp-content\/uploads\/2022\/08\/Skipresse-173x300.png 173w, http:\/\/172.16.202.26\/wp-content\/uploads\/2022\/08\/Skipresse.png 369w\" sizes=\"(max-width: 173px) 100vw, 173px\" \/>\t\t\t\t\t\t\t\t\t\t\t\t\t<\/div>\n\t\t\t\t<\/div>\n\t\t\t\t\t<\/div>\n\t\t<\/div>\n\t\t\t\t\t<\/div>\n\t\t<\/section>\n\t\t\t\t<section class=\"elementor-section elementor-top-section elementor-element elementor-element-c5faebe elementor-section-boxed elementor-section-height-default elementor-section-height-default\" data-id=\"c5faebe\" data-element_type=\"section\">\n\t\t\t\t\t\t<div class=\"elementor-container elementor-column-gap-default\">\n\t\t\t\t\t<div class=\"elementor-column elementor-col-100 elementor-top-column elementor-element elementor-element-0a27d6c\" data-id=\"0a27d6c\" data-element_type=\"column\" data-settings=\"{&quot;background_background&quot;:&quot;classic&quot;}\">\n\t\t\t<div class=\"elementor-widget-wrap elementor-element-populated\">\n\t\t\t\t\t\t<div class=\"elementor-element elementor-element-307e21f elementor-widget elementor-widget-heading\" data-id=\"307e21f\" data-element_type=\"widget\" data-widget_type=\"heading.default\">\n\t\t\t\t<div class=\"elementor-widget-container\">\n\t\t\t<h2 class=\"elementor-heading-title elementor-size-default\">UP::CHAIR \u2013 Entwicklung eines Sessels mit mechanischer Aufstehhilfe<\/h2>\t\t<\/div>\n\t\t\t\t<\/div>\n\t\t\t\t<div class=\"elementor-element elementor-element-bea3110 elementor-widget elementor-widget-text-editor\" data-id=\"bea3110\" data-element_type=\"widget\" data-widget_type=\"text-editor.default\">\n\t\t\t\t<div class=\"elementor-widget-container\">\n\t\t\t\t\t\t\t<p>Ein, sowohl im Krankheitsfall, aber auch im Alltag \u00e4lterer und behinderter Menschen h\u00e4ufig auftretendes Problem, stellt das Aufstehen von Sitzgelegenheiten dar. Aufgabenstellung dieser Diplomarbeit war daher die Entwicklung eines Sessels mit mechanischer Aufstehhilfe unter Ausn\u00fctzung der noch vorhandenen Restkraft, um \u00e4lteren und\/oder k\u00f6rperlich eingeschr\u00e4nkten Personen ein vereinfachtes Aufstehen zu erm\u00f6glichen.<br \/><br \/><\/p><p>Aufbauend auf einer Marktrecherche und einer Ist-Daten-Analyse (in Kooperation mit dem Pflegewohnhaus Donaustadt) wurde ein systematisierter Konstruktionsprozess durchgef\u00fchrt und ein Design\u00ackonzept realisiert, das sowohl technisch \/ wirtschaftlichen, als auch humanen Anforderungen gerecht wird. Nicht nur das Konstruktionskonzept wurde nach einer festigkeits\u00acm\u00e4\u00dfigen Auslegung als CAD-Konstruktion finalisiert, sondern auch ein funktionsf\u00e4higer Prototyp angefertigt.<br \/><br \/><\/p><p>Als Ergebnis liegt ein, f\u00fcr den Funktionszweck optimiertes Konstruktionskonzept als 3D-CAD-Konstruktion mit s\u00e4mtlichen f\u00fcr die Fertigung erforderlichen Unterlagen (wie beispielsweise 2D-Fertigungszeichnungen) vor. Auch die Fertigung des optionalen Prototyps wurde abgeschlossen, um das langfristig geplante Ergebnis dieser Diplomarbeit, die positive Beeinflussung ergotherapeutischer Ma\u00dfnahmen zur F\u00f6rderung eines trotz k\u00f6rperlicher Einschr\u00e4nkungen aktiven Lebensstils von \u00e4lteren und pflegebed\u00fcrftigen Personen, zu erm\u00f6glichen.<\/p>\t\t\t\t\t\t<\/div>\n\t\t\t\t<\/div>\n\t\t\t\t<div class=\"elementor-element elementor-element-a634385 elementor-widget elementor-widget-image\" data-id=\"a634385\" data-element_type=\"widget\" data-widget_type=\"image.default\">\n\t\t\t\t<div class=\"elementor-widget-container\">\n\t\t\t\t\t\t\t\t\t\t\t\t\t<img loading=\"lazy\" decoding=\"async\" width=\"465\" height=\"640\" src=\"http:\/\/172.16.202.26\/wp-content\/uploads\/2022\/08\/UP_Chair.jpg\" class=\"attachment-full size-full wp-image-12162\" alt=\"\" srcset=\"http:\/\/172.16.202.26\/wp-content\/uploads\/2022\/08\/UP_Chair.jpg 465w, http:\/\/172.16.202.26\/wp-content\/uploads\/2022\/08\/UP_Chair-218x300.jpg 218w\" sizes=\"(max-width: 465px) 100vw, 465px\" \/>\t\t\t\t\t\t\t\t\t\t\t\t\t<\/div>\n\t\t\t\t<\/div>\n\t\t\t\t\t<\/div>\n\t\t<\/div>\n\t\t\t\t\t<\/div>\n\t\t<\/section>\n\t\t\t\t<section class=\"elementor-section elementor-top-section elementor-element elementor-element-0ecdc78 elementor-section-boxed elementor-section-height-default elementor-section-height-default\" data-id=\"0ecdc78\" data-element_type=\"section\">\n\t\t\t\t\t\t<div class=\"elementor-container elementor-column-gap-default\">\n\t\t\t\t\t<div class=\"elementor-column elementor-col-100 elementor-top-column elementor-element elementor-element-f655428\" data-id=\"f655428\" data-element_type=\"column\" data-settings=\"{&quot;background_background&quot;:&quot;classic&quot;}\">\n\t\t\t<div class=\"elementor-widget-wrap elementor-element-populated\">\n\t\t\t\t\t\t<div class=\"elementor-element elementor-element-b484629 elementor-widget elementor-widget-heading\" data-id=\"b484629\" data-element_type=\"widget\" data-widget_type=\"heading.default\">\n\t\t\t\t<div class=\"elementor-widget-container\">\n\t\t\t<h2 class=\"elementor-heading-title elementor-size-default\">Pneumatik<\/h2>\t\t<\/div>\n\t\t\t\t<\/div>\n\t\t\t\t<div class=\"elementor-element elementor-element-ea8a235 elementor-widget elementor-widget-text-editor\" data-id=\"ea8a235\" data-element_type=\"widget\" data-widget_type=\"text-editor.default\">\n\t\t\t\t<div class=\"elementor-widget-container\">\n\t\t\t\t\t\t\t<p>Die Sch\u00fcler der HWI erlernen an 8 mobilen Arbeitspl\u00e4tzen den Aufbau und die Inbetriebnahme von pneumatischen Systemen. Der Laborbetrieb wird im Laborbetrieb um den Bereich Hydraulik erweitert wozu einen Prototyp, der es erm\u00f6glicht, komplexe hydraulische und elektrohydraulische \u00dcbungen durchzuf\u00fchren, entwickelt wurde. Die wirtschaftlichen Aspekte dieser Erweiterung wurden dabei ebenso untersucht.<\/p>\t\t\t\t\t\t<\/div>\n\t\t\t\t<\/div>\n\t\t\t\t<div class=\"elementor-element elementor-element-44b82e3 elementor-widget elementor-widget-image\" data-id=\"44b82e3\" data-element_type=\"widget\" data-widget_type=\"image.default\">\n\t\t\t\t<div class=\"elementor-widget-container\">\n\t\t\t\t\t\t\t\t\t\t\t\t\t<img loading=\"lazy\" decoding=\"async\" width=\"480\" height=\"530\" src=\"http:\/\/172.16.202.26\/wp-content\/uploads\/2022\/08\/Pneumatik.jpg\" class=\"attachment-full size-full wp-image-12166\" alt=\"\" srcset=\"http:\/\/172.16.202.26\/wp-content\/uploads\/2022\/08\/Pneumatik.jpg 480w, http:\/\/172.16.202.26\/wp-content\/uploads\/2022\/08\/Pneumatik-272x300.jpg 272w\" sizes=\"(max-width: 480px) 100vw, 480px\" \/>\t\t\t\t\t\t\t\t\t\t\t\t\t<\/div>\n\t\t\t\t<\/div>\n\t\t\t\t\t<\/div>\n\t\t<\/div>\n\t\t\t\t\t<\/div>\n\t\t<\/section>\n\t\t\t\t<section class=\"elementor-section elementor-top-section elementor-element elementor-element-581d8b7 elementor-section-boxed elementor-section-height-default elementor-section-height-default\" data-id=\"581d8b7\" data-element_type=\"section\">\n\t\t\t\t\t\t<div class=\"elementor-container elementor-column-gap-default\">\n\t\t\t\t\t<div class=\"elementor-column elementor-col-100 elementor-top-column elementor-element elementor-element-ef91b42\" data-id=\"ef91b42\" data-element_type=\"column\" data-settings=\"{&quot;background_background&quot;:&quot;classic&quot;}\">\n\t\t\t<div class=\"elementor-widget-wrap elementor-element-populated\">\n\t\t\t\t\t\t<div class=\"elementor-element elementor-element-eb7eecb elementor-widget elementor-widget-heading\" data-id=\"eb7eecb\" data-element_type=\"widget\" data-widget_type=\"heading.default\">\n\t\t\t\t<div class=\"elementor-widget-container\">\n\t\t\t<h2 class=\"elementor-heading-title elementor-size-default\">Marketingkonzept f\u00fcr eine mechanische Wasserfilteranlage<\/h2>\t\t<\/div>\n\t\t\t\t<\/div>\n\t\t\t\t<div class=\"elementor-element elementor-element-730b1ce elementor-widget elementor-widget-text-editor\" data-id=\"730b1ce\" data-element_type=\"widget\" data-widget_type=\"text-editor.default\">\n\t\t\t\t<div class=\"elementor-widget-container\">\n\t\t\t\t\t\t\t<p>F\u00fcr die Markteinf\u00fchrung einer mechanischen Wasserfilteranlage der Firma easymetal GmbH ist ein entsprechendes Marketingkonzept zu entwickeln. Dazu soll eine Marktanalyse durchgef\u00fchrt werden und daraus auf das Marktpotential geschlossen werden. Durch einen Produktvergleich mit der Konkurrenz sollen Marktpositionierung und Pricing erarbeitet werden. Zus\u00e4tzlich sollen Vermarktung und Vertriebskan\u00e4le f\u00fcr das Produkt definiert werden. Geplante Ergebnisse sind eine Marktanalyse und eine Produktanalyse inklusive daraus abgeleiteter Handlungsempfehlungen f\u00fcr das Marketing der Firma easymetal. Zus\u00e4tzlich wird ein Vertriebskonzept f\u00fcr das Produkt easyfil der Firma easymetal erstellt.<\/p>\t\t\t\t\t\t<\/div>\n\t\t\t\t<\/div>\n\t\t\t\t<div class=\"elementor-element elementor-element-7b9ecdc elementor-widget elementor-widget-image\" data-id=\"7b9ecdc\" data-element_type=\"widget\" data-widget_type=\"image.default\">\n\t\t\t\t<div class=\"elementor-widget-container\">\n\t\t\t\t\t\t\t\t\t\t\t\t\t<img loading=\"lazy\" decoding=\"async\" width=\"456\" height=\"242\" src=\"http:\/\/172.16.202.26\/wp-content\/uploads\/2022\/08\/Wasserfilteranlage.png\" class=\"attachment-full size-full wp-image-12168\" alt=\"\" srcset=\"http:\/\/172.16.202.26\/wp-content\/uploads\/2022\/08\/Wasserfilteranlage.png 456w, http:\/\/172.16.202.26\/wp-content\/uploads\/2022\/08\/Wasserfilteranlage-300x159.png 300w\" sizes=\"(max-width: 456px) 100vw, 456px\" \/>\t\t\t\t\t\t\t\t\t\t\t\t\t<\/div>\n\t\t\t\t<\/div>\n\t\t\t\t\t<\/div>\n\t\t<\/div>\n\t\t\t\t\t<\/div>\n\t\t<\/section>\n\t\t\t\t<section class=\"elementor-section elementor-top-section elementor-element elementor-element-def3ac5 elementor-section-boxed elementor-section-height-default elementor-section-height-default\" data-id=\"def3ac5\" data-element_type=\"section\">\n\t\t\t\t\t\t<div class=\"elementor-container elementor-column-gap-default\">\n\t\t\t\t\t<div class=\"elementor-column elementor-col-100 elementor-top-column elementor-element elementor-element-b411565\" data-id=\"b411565\" data-element_type=\"column\" data-settings=\"{&quot;background_background&quot;:&quot;classic&quot;}\">\n\t\t\t<div class=\"elementor-widget-wrap elementor-element-populated\">\n\t\t\t\t\t\t<div class=\"elementor-element elementor-element-c6346d5 elementor-widget elementor-widget-heading\" data-id=\"c6346d5\" data-element_type=\"widget\" data-widget_type=\"heading.default\">\n\t\t\t\t<div class=\"elementor-widget-container\">\n\t\t\t<h2 class=\"elementor-heading-title elementor-size-default\">Realisierung einer manuell gesteuerten und nicht manipulierbaren Vorrichtung zur Ziehung der Themenpools im Rahmen der m\u00fcndlichen Matura<\/h2>\t\t<\/div>\n\t\t\t\t<\/div>\n\t\t\t\t<div class=\"elementor-element elementor-element-a98381b elementor-widget elementor-widget-text-editor\" data-id=\"a98381b\" data-element_type=\"widget\" data-widget_type=\"text-editor.default\">\n\t\t\t\t<div class=\"elementor-widget-container\">\n\t\t\t\t\t\t\t<p>Im Rahmen der Diplomarbeit soll eine manuell gesteuerte, nicht manipulierbare Vorrichtung zur Ziehung der Themenpools im Rahmen der Reife- und Diplompr\u00fcfung entwickelt, konstruiert und im letzten Schritt in der Werkst\u00e4tte gefertigt werden. Die Vorrichtung soll dabei die Kriterien standsicher, blickdicht, manipulationssicher und selbstmischend erf\u00fcllen.Es wurden im ersten Schritt Designkonzepte entwickelt, die als Basis f\u00fcr die Konstruktion dienten. Die daraus resultierenden Werkstattzeichnungen wurden dann zur Fertigung der der M \u2013 PODS in den Werkst\u00e4tten des TGM herangezogen.<\/p>\t\t\t\t\t\t<\/div>\n\t\t\t\t<\/div>\n\t\t\t\t\t<\/div>\n\t\t<\/div>\n\t\t\t\t\t<\/div>\n\t\t<\/section>\n\t\t\t\t<section class=\"elementor-section elementor-top-section elementor-element elementor-element-faff7b9 elementor-section-boxed elementor-section-height-default elementor-section-height-default\" data-id=\"faff7b9\" data-element_type=\"section\">\n\t\t\t\t\t\t<div class=\"elementor-container elementor-column-gap-default\">\n\t\t\t\t\t<div class=\"elementor-column elementor-col-100 elementor-top-column elementor-element elementor-element-686034f\" data-id=\"686034f\" data-element_type=\"column\" data-settings=\"{&quot;background_background&quot;:&quot;classic&quot;}\">\n\t\t\t<div class=\"elementor-widget-wrap elementor-element-populated\">\n\t\t\t\t\t\t<div class=\"elementor-element elementor-element-1ddc251 elementor-widget elementor-widget-heading\" data-id=\"1ddc251\" data-element_type=\"widget\" data-widget_type=\"heading.default\">\n\t\t\t\t<div class=\"elementor-widget-container\">\n\t\t\t<h2 class=\"elementor-heading-title elementor-size-default\">GENDER DESIGN - eine Kunst, KundInnen zu verf\u00fchren!<\/h2>\t\t<\/div>\n\t\t\t\t<\/div>\n\t\t\t\t<div class=\"elementor-element elementor-element-fcca231 elementor-widget elementor-widget-text-editor\" data-id=\"fcca231\" data-element_type=\"widget\" data-widget_type=\"text-editor.default\">\n\t\t\t\t<div class=\"elementor-widget-container\">\n\t\t\t\t\t\t\t<p>Gibt es die ideale Flasche f\u00fcr die Frau? &#8211; Existiert die perfekte Flasche f\u00fcr den Mann? In dieser Diplomarbeit haben wir versucht, die (unbewussten) Kaufentscheidungen der \u201egl\u00e4sernen\u201c KundInnen transparent zu machen und die Produktfeatures unserer Mehrweg-Getr\u00e4nkeflasche (u.a. hinsichtlich Optik, Haptik &amp; Bezeichnung) den Aspekten des Neuromarketings entsprechend zu gestalten!<\/p>\t\t\t\t\t\t<\/div>\n\t\t\t\t<\/div>\n\t\t\t\t\t<\/div>\n\t\t<\/div>\n\t\t\t\t\t<\/div>\n\t\t<\/section>\n\t\t\t\t<section class=\"elementor-section elementor-top-section elementor-element elementor-element-f6c3225 elementor-section-boxed elementor-section-height-default elementor-section-height-default\" data-id=\"f6c3225\" data-element_type=\"section\">\n\t\t\t\t\t\t<div class=\"elementor-container elementor-column-gap-default\">\n\t\t\t\t\t<div class=\"elementor-column elementor-col-100 elementor-top-column elementor-element elementor-element-4bc5990\" data-id=\"4bc5990\" data-element_type=\"column\" data-settings=\"{&quot;background_background&quot;:&quot;classic&quot;}\">\n\t\t\t<div class=\"elementor-widget-wrap elementor-element-populated\">\n\t\t\t\t\t\t<div class=\"elementor-element elementor-element-97ad2c5 elementor-widget elementor-widget-heading\" data-id=\"97ad2c5\" data-element_type=\"widget\" data-widget_type=\"heading.default\">\n\t\t\t\t<div class=\"elementor-widget-container\">\n\t\t\t<h2 class=\"elementor-heading-title elementor-size-default\">Coaching Manual f\u00fcr eine erfolgreiche Entrepreneurshipausbildung, Erstellung eines Handbuchs f\u00fcr Startups<\/h2>\t\t<\/div>\n\t\t\t\t<\/div>\n\t\t\t\t<div class=\"elementor-element elementor-element-d88cf20 elementor-widget elementor-widget-text-editor\" data-id=\"d88cf20\" data-element_type=\"widget\" data-widget_type=\"text-editor.default\">\n\t\t\t\t<div class=\"elementor-widget-container\">\n\t\t\t\t\t\t\t<p>Erfolgreiche Startups sto\u00dfen wegen der starken medialen Pr\u00e4senz auf ein breites \u00f6ffentliches Interesse. Der Entrepreneur als Pionier muss in der Gr\u00fcndungsphase Entscheidungen treffen, die die zuk\u00fcnftige Unternehmensentwicklung vorbereiten. Daher muss das Ziel einer kompetenzorientierten Ausbildung sein, die AbsolventInnen mit ExpertInnen zu vernetzen und ihnen reale Vorbilder aufzuzeigen. Im Rahmen der Diplomarbeit wurden daher Expertenvortr\u00e4ge geplant und durchgef\u00fchrt, eine Podiumsdiskussion veranstaltet und ein Handbuch f\u00fcr Unternehmensgr\u00fcnder ausgearbeitet.<\/p>\t\t\t\t\t\t<\/div>\n\t\t\t\t<\/div>\n\t\t\t\t<div class=\"elementor-element elementor-element-b01c79f elementor-widget elementor-widget-image\" data-id=\"b01c79f\" data-element_type=\"widget\" data-widget_type=\"image.default\">\n\t\t\t\t<div class=\"elementor-widget-container\">\n\t\t\t\t\t\t\t\t\t\t\t\t\t<img loading=\"lazy\" decoding=\"async\" width=\"640\" height=\"480\" src=\"http:\/\/172.16.202.26\/wp-content\/uploads\/2022\/08\/Entrepreneurship.jpg\" class=\"attachment-full size-full wp-image-12172\" alt=\"\" srcset=\"http:\/\/172.16.202.26\/wp-content\/uploads\/2022\/08\/Entrepreneurship.jpg 640w, http:\/\/172.16.202.26\/wp-content\/uploads\/2022\/08\/Entrepreneurship-300x225.jpg 300w\" sizes=\"(max-width: 640px) 100vw, 640px\" \/>\t\t\t\t\t\t\t\t\t\t\t\t\t<\/div>\n\t\t\t\t<\/div>\n\t\t\t\t\t<\/div>\n\t\t<\/div>\n\t\t\t\t\t<\/div>\n\t\t<\/section>\n\t\t\t\t<section class=\"elementor-section elementor-top-section elementor-element elementor-element-4132182 elementor-section-boxed elementor-section-height-default elementor-section-height-default\" data-id=\"4132182\" data-element_type=\"section\">\n\t\t\t\t\t\t<div class=\"elementor-container elementor-column-gap-default\">\n\t\t\t\t\t<div class=\"elementor-column elementor-col-100 elementor-top-column elementor-element elementor-element-7ba499b\" data-id=\"7ba499b\" data-element_type=\"column\" data-settings=\"{&quot;background_background&quot;:&quot;classic&quot;}\">\n\t\t\t<div class=\"elementor-widget-wrap elementor-element-populated\">\n\t\t\t\t\t\t<div class=\"elementor-element elementor-element-e7d567b elementor-widget elementor-widget-heading\" data-id=\"e7d567b\" data-element_type=\"widget\" data-widget_type=\"heading.default\">\n\t\t\t\t<div class=\"elementor-widget-container\">\n\t\t\t<h2 class=\"elementor-heading-title elementor-size-default\">Realisierung einer Steuerung f\u00fcr ein bewegungsbasiertes einachsiges Transportmittel zur Transportzeitoptimierung<\/h2>\t\t<\/div>\n\t\t\t\t<\/div>\n\t\t\t\t<div class=\"elementor-element elementor-element-8bcf482 elementor-widget elementor-widget-text-editor\" data-id=\"8bcf482\" data-element_type=\"widget\" data-widget_type=\"text-editor.default\">\n\t\t\t\t<div class=\"elementor-widget-container\">\n\t\t\t\t\t\t\t<p>Aufgrund der derzeitigen Relevanz der Transportzeitenoptimierung in der Logistik gewinnen zeiteinsparende Transportmittel immer mehr an Bedeutung. Aufgrund dessen wurde im Rahmen einer Diplomarbeit im Jahre 2014\/15 ein Prototyp eines einachsigen Transportmittels realisiert. Im ersten Schritt sollen Mittel und Wege im Zuge einer Nutzwertanalyse zur Realisierung einer Steuerung gefunden werden. Die Steuerung soll dabei folgende Kriterien enthalten: leichtes Handling, marginale Unfallgefahr sowie ein hohes Ma\u00df an Kontinuit\u00e4t im Bezug auf die Wartung. In weiterer Folge soll sowohl eine geeignete Software als auch Hardware ausgew\u00e4hlt werden. Im n\u00e4chsten Schritt soll eine Steuerung konzipiert werden, welche anschlie\u00dfend in das Transportmittel integriert wird.<\/p>\t\t\t\t\t\t<\/div>\n\t\t\t\t<\/div>\n\t\t\t\t<div class=\"elementor-element elementor-element-d8245d6 elementor-widget elementor-widget-image\" data-id=\"d8245d6\" data-element_type=\"widget\" data-widget_type=\"image.default\">\n\t\t\t\t<div class=\"elementor-widget-container\">\n\t\t\t\t\t\t\t\t\t\t\t\t\t<img loading=\"lazy\" decoding=\"async\" width=\"195\" height=\"300\" src=\"http:\/\/172.16.202.26\/wp-content\/uploads\/2022\/08\/Sagway-195x300.png\" class=\"attachment-medium size-medium wp-image-12173\" alt=\"\" srcset=\"http:\/\/172.16.202.26\/wp-content\/uploads\/2022\/08\/Sagway-195x300.png 195w, http:\/\/172.16.202.26\/wp-content\/uploads\/2022\/08\/Sagway.png 417w\" sizes=\"(max-width: 195px) 100vw, 195px\" \/>\t\t\t\t\t\t\t\t\t\t\t\t\t<\/div>\n\t\t\t\t<\/div>\n\t\t\t\t\t<\/div>\n\t\t<\/div>\n\t\t\t\t\t<\/div>\n\t\t<\/section>\n\t\t\t\t<section class=\"elementor-section elementor-top-section elementor-element elementor-element-f13b29a elementor-section-boxed elementor-section-height-default elementor-section-height-default\" data-id=\"f13b29a\" data-element_type=\"section\">\n\t\t\t\t\t\t<div class=\"elementor-container elementor-column-gap-default\">\n\t\t\t\t\t<div class=\"elementor-column elementor-col-100 elementor-top-column elementor-element elementor-element-24c7ec0\" data-id=\"24c7ec0\" data-element_type=\"column\" data-settings=\"{&quot;background_background&quot;:&quot;classic&quot;}\">\n\t\t\t<div class=\"elementor-widget-wrap elementor-element-populated\">\n\t\t\t\t\t\t<div class=\"elementor-element elementor-element-f3bc1a4 elementor-widget elementor-widget-heading\" data-id=\"f3bc1a4\" data-element_type=\"widget\" data-widget_type=\"heading.default\">\n\t\t\t\t<div class=\"elementor-widget-container\">\n\t\t\t<h2 class=\"elementor-heading-title elementor-size-default\">Anforderungen an eine nachhaltige Elektromobilit\u00e4t<\/h2>\t\t<\/div>\n\t\t\t\t<\/div>\n\t\t\t\t<div class=\"elementor-element elementor-element-a59f42e elementor-widget elementor-widget-text-editor\" data-id=\"a59f42e\" data-element_type=\"widget\" data-widget_type=\"text-editor.default\">\n\t\t\t\t<div class=\"elementor-widget-container\">\n\t\t\t\t\t\t\t<p>Aufgrund des starken CO2 &#8211; Anstieges und der schwindenden Ressourcen in den letzten Jahren verfolgt die EU klare Ziele zur Reduktion der Emissionen im Verkehrssektor. Im urbanen Raum soll bis 2030 die H\u00e4lfte der Fahrzeuge elektrisch betrieben sein. Der geplante massive Anstieg an elektrisch betriebenen Fahrzeugen f\u00fchrt zu Herausforderungen in den Bereichen Energieerzeugung, Energietransport, Energiespeicherung sowie Infrastruktur und Wirtschaftlichkeit. Diese Bereiche sind im Zuge der Diplomarbeit zu untersuchen. Dabei soll die IST-Situation erfasst, die Entwicklungen der letzten Jahre analysiert und auf zuk\u00fcnftige Szenarien hochgerechnet werden. Ziel der Diplomarbeit ist es, zu analysieren, welche Anforderungen in den Bereichen Energieerzeugung, Energietransport, Energiespeicherung sowie Infrastruktur und Wirtschaftlichkeit erf\u00fcllt werden m\u00fcssen, um eine massentaugliche Elektromobilit\u00e4t zu erm\u00f6glichen. Abschlie\u00dfend sollen f\u00fcr ausgew\u00e4hlte Bereiche Handlungsempfehlungen erarbeitet werden.<\/p>\t\t\t\t\t\t<\/div>\n\t\t\t\t<\/div>\n\t\t\t\t<div class=\"elementor-element elementor-element-9b08959 elementor-widget elementor-widget-image\" data-id=\"9b08959\" data-element_type=\"widget\" data-widget_type=\"image.default\">\n\t\t\t\t<div class=\"elementor-widget-container\">\n\t\t\t\t\t\t\t\t\t\t\t\t\t<img loading=\"lazy\" decoding=\"async\" width=\"640\" height=\"244\" src=\"http:\/\/172.16.202.26\/wp-content\/uploads\/2022\/08\/Elektromobilitaet1.jpg\" class=\"attachment-full size-full wp-image-12177\" alt=\"\" srcset=\"http:\/\/172.16.202.26\/wp-content\/uploads\/2022\/08\/Elektromobilitaet1.jpg 640w, http:\/\/172.16.202.26\/wp-content\/uploads\/2022\/08\/Elektromobilitaet1-300x114.jpg 300w\" sizes=\"(max-width: 640px) 100vw, 640px\" \/>\t\t\t\t\t\t\t\t\t\t\t\t\t<\/div>\n\t\t\t\t<\/div>\n\t\t\t\t\t<\/div>\n\t\t<\/div>\n\t\t\t\t\t<\/div>\n\t\t<\/section>\n\t\t\t\t<section class=\"elementor-section elementor-top-section elementor-element elementor-element-7bdd009 elementor-section-boxed elementor-section-height-default elementor-section-height-default\" data-id=\"7bdd009\" data-element_type=\"section\">\n\t\t\t\t\t\t<div class=\"elementor-container elementor-column-gap-default\">\n\t\t\t\t\t<div class=\"elementor-column elementor-col-100 elementor-top-column elementor-element elementor-element-3db0d9d\" data-id=\"3db0d9d\" data-element_type=\"column\" data-settings=\"{&quot;background_background&quot;:&quot;classic&quot;}\">\n\t\t\t<div class=\"elementor-widget-wrap elementor-element-populated\">\n\t\t\t\t\t\t<div class=\"elementor-element elementor-element-70bac06 elementor-widget elementor-widget-heading\" data-id=\"70bac06\" data-element_type=\"widget\" data-widget_type=\"heading.default\">\n\t\t\t\t<div class=\"elementor-widget-container\">\n\t\t\t<h2 class=\"elementor-heading-title elementor-size-default\">Rack Rock\u00b4n\u00b4Roll -  Entwicklung eines modularen Racks f\u00fcr Rock\u00b4n\u00b4Roll Akrobatik<\/h2>\t\t<\/div>\n\t\t\t\t<\/div>\n\t\t\t\t<div class=\"elementor-element elementor-element-13dd40b elementor-widget elementor-widget-text-editor\" data-id=\"13dd40b\" data-element_type=\"widget\" data-widget_type=\"text-editor.default\">\n\t\t\t\t<div class=\"elementor-widget-container\">\n\t\t\t\t\t\t\t<p>Das Hauptaugenmerk des Vereins RRC Rockfever liegt auf der turnierm\u00e4\u00dfigen Aus\u00fcbung des Rock\u2019n\u2019Roll Akrobatik Sports. Als Trainingsst\u00e4tte dient dem Club die Turnhalle des Gymnasiums in der Bernoullistra\u00dfe, wo speziell bei \u00dcbungen f\u00fcr die besonders gef\u00e4hrlichen Saltofiguren eine Deckenlonge als Sicherung und Trainingshilfe eingesetzt wird. Die an der Turnsaaldecke montierten Seilumlenkrollen schr\u00e4nken jedoch die Flexibilit\u00e4t der Trainingsm\u00f6glichkeiten in einem unerw\u00fcnschten Ausma\u00df ein. Aufgabe dieser Diplomarbeit ist daher die Entwicklung eines ortsunabh\u00e4ngigen Racks mit einer Mindesth\u00f6he von 6 m f\u00fcr derartige \u00dcbungen der Rock\u00b4n\u00b4Roll Akrobatik. Das Rack soll f\u00fcr Transportzwecke modular aufgebaut, m\u00f6glichst leicht aufzustellen und wieder einfach demontierbar sein. Es soll ein H\u00f6chstma\u00df an Sicherheit f\u00fcr die AthletInnen bei Drehbewegungen um die K\u00f6rperachsen, sowie Kostenminimalit\u00e4t durch die Ber\u00fccksichtigung wirtschaftlicher Gesichtspunkte gew\u00e4hrleisten, um eine Flexibilisierung und eine Verbesserung der zuk\u00fcnftigen Trainings- und Auftrittsm\u00f6glichkeiten f\u00fcr die AthletInnen des RRC Rockfever zu erm\u00f6glichen.<\/p>\t\t\t\t\t\t<\/div>\n\t\t\t\t<\/div>\n\t\t\t\t<div class=\"elementor-element elementor-element-f995053 elementor-widget elementor-widget-image\" data-id=\"f995053\" data-element_type=\"widget\" data-widget_type=\"image.default\">\n\t\t\t\t<div class=\"elementor-widget-container\">\n\t\t\t\t\t\t\t\t\t\t\t\t\t<img loading=\"lazy\" decoding=\"async\" width=\"300\" height=\"249\" src=\"http:\/\/172.16.202.26\/wp-content\/uploads\/2022\/08\/RRRLogo-300x249.png\" class=\"attachment-medium size-medium wp-image-12178\" alt=\"\" srcset=\"http:\/\/172.16.202.26\/wp-content\/uploads\/2022\/08\/RRRLogo-300x249.png 300w, http:\/\/172.16.202.26\/wp-content\/uploads\/2022\/08\/RRRLogo.png 578w\" sizes=\"(max-width: 300px) 100vw, 300px\" \/>\t\t\t\t\t\t\t\t\t\t\t\t\t<\/div>\n\t\t\t\t<\/div>\n\t\t\t\t\t<\/div>\n\t\t<\/div>\n\t\t\t\t\t<\/div>\n\t\t<\/section>\n\t\t\t\t<section class=\"elementor-section elementor-top-section elementor-element elementor-element-5c165fa elementor-section-boxed elementor-section-height-default elementor-section-height-default\" data-id=\"5c165fa\" data-element_type=\"section\">\n\t\t\t\t\t\t<div class=\"elementor-container elementor-column-gap-default\">\n\t\t\t\t\t<div class=\"elementor-column elementor-col-100 elementor-top-column elementor-element elementor-element-eaecae8\" data-id=\"eaecae8\" data-element_type=\"column\" data-settings=\"{&quot;background_background&quot;:&quot;classic&quot;}\">\n\t\t\t<div class=\"elementor-widget-wrap elementor-element-populated\">\n\t\t\t\t\t\t<div class=\"elementor-element elementor-element-938eea4 elementor-widget elementor-widget-heading\" data-id=\"938eea4\" data-element_type=\"widget\" data-widget_type=\"heading.default\">\n\t\t\t\t<div class=\"elementor-widget-container\">\n\t\t\t<h2 class=\"elementor-heading-title elementor-size-default\">Die rechtlichen, wirtschaftlichen und logistischen Aspekte einer Apotheke<\/h2>\t\t<\/div>\n\t\t\t\t<\/div>\n\t\t\t\t<div class=\"elementor-element elementor-element-b11b159 elementor-widget elementor-widget-text-editor\" data-id=\"b11b159\" data-element_type=\"widget\" data-widget_type=\"text-editor.default\">\n\t\t\t\t<div class=\"elementor-widget-container\">\n\t\t\t\t\t\t\t<p>Diese Diplomarbeit behandelt das Thema der bestehenden rechtlichen Situation von Apotheken in \u00d6sterreich, die Anpassung an die bestehenden EU Regelungen und die zuk\u00fcnftigen Entwicklungen. Des Weiteren befasst sich diese Arbeit mit den Vertriebswegen und geht speziell auf den Onlineversand ein. Aufgrund des erlangten Wissens durch die Spezialisierung am Technologischen Gewerbemuseum, in der Abteilung Wirtschaftsingenieur \u2013 Logistik werden die erworbenen Kenntnisse an einem praxisbezogenen Beispiel (Apotheke) angewendet. Zus\u00e4tzlich werden die europaweiten gesetzlichen Regelungen beim Kauf von Arzneiwaren analyisiert und Ma\u00dfnahmen erarbeitet, damit der Kooperationspartner konkurrenzf\u00e4hig bleibt.<\/p>\t\t\t\t\t\t<\/div>\n\t\t\t\t<\/div>\n\t\t\t\t\t<\/div>\n\t\t<\/div>\n\t\t\t\t\t<\/div>\n\t\t<\/section>\n\t\t\t\t<section class=\"elementor-section elementor-top-section elementor-element elementor-element-cd22700 elementor-section-boxed elementor-section-height-default elementor-section-height-default\" data-id=\"cd22700\" data-element_type=\"section\">\n\t\t\t\t\t\t<div class=\"elementor-container elementor-column-gap-default\">\n\t\t\t\t\t<div class=\"elementor-column elementor-col-100 elementor-top-column elementor-element elementor-element-7f380a7\" data-id=\"7f380a7\" data-element_type=\"column\" data-settings=\"{&quot;background_background&quot;:&quot;classic&quot;}\">\n\t\t\t<div class=\"elementor-widget-wrap elementor-element-populated\">\n\t\t\t\t\t\t<div class=\"elementor-element elementor-element-29b1fb3 elementor-widget elementor-widget-heading\" data-id=\"29b1fb3\" data-element_type=\"widget\" data-widget_type=\"heading.default\">\n\t\t\t\t<div class=\"elementor-widget-container\">\n\t\t\t<h2 class=\"elementor-heading-title elementor-size-default\">Erstellung eines Workshopkonzepts zur Vorbereitung k\u00fcnftiger Kandidaten auf die neue Reife- und Diplompr\u00fcfung<\/h2>\t\t<\/div>\n\t\t\t\t<\/div>\n\t\t\t\t<div class=\"elementor-element elementor-element-62b4206 elementor-widget elementor-widget-text-editor\" data-id=\"62b4206\" data-element_type=\"widget\" data-widget_type=\"text-editor.default\">\n\t\t\t\t<div class=\"elementor-widget-container\">\n\t\t\t\t\t\t\t<p>Die standardisierte Reife- und Diplompr\u00fcfung wird ab dem Schuljahr 2015\/16 in allen \u00f6sterreichischen BHS durchgef\u00fchrt. Diese Diplomarbeit dient zur Vertiefung des bereits vermittelten Wissens der dritten und vierten Jahrg\u00e4nge der H\u00f6heren Lehranstalt f\u00fcr Wirtschaftsingenieure. Im Rahmen des Projektes wird ein Fragebogen an alle betroffenen Klassen verteilt, wobei hiermit die bereits erworbenen Kenntnisse und jene Informationen, deren Wiederholung es bedarf, ermittelt werden. Daraufhin wird eine Brosch\u00fcre erstellt, welche auf den Erkenntnissen des Fragebogens fundiert, die die Sch\u00fcler mit ersten konkreten Informationen versorgen wird. Das Endresultat wird ein zweit\u00e4giger Workshop sein, der mittels Lehrpersonal und von uns bereitgestellten Arbeitsunterlagen alle offenen Fragen beantworten soll.<\/p>\t\t\t\t\t\t<\/div>\n\t\t\t\t<\/div>\n\t\t\t\t\t<\/div>\n\t\t<\/div>\n\t\t\t\t\t<\/div>\n\t\t<\/section>\n\t\t\t\t<section class=\"elementor-section elementor-top-section elementor-element elementor-element-326413a elementor-section-boxed elementor-section-height-default elementor-section-height-default\" data-id=\"326413a\" data-element_type=\"section\">\n\t\t\t\t\t\t<div class=\"elementor-container elementor-column-gap-default\">\n\t\t\t\t\t<div class=\"elementor-column elementor-col-100 elementor-top-column elementor-element elementor-element-b27180b\" data-id=\"b27180b\" data-element_type=\"column\" data-settings=\"{&quot;background_background&quot;:&quot;classic&quot;}\">\n\t\t\t<div class=\"elementor-widget-wrap elementor-element-populated\">\n\t\t\t\t\t\t<div class=\"elementor-element elementor-element-d4bf18a elementor-widget elementor-widget-heading\" data-id=\"d4bf18a\" data-element_type=\"widget\" data-widget_type=\"heading.default\">\n\t\t\t\t<div class=\"elementor-widget-container\">\n\t\t\t<h2 class=\"elementor-heading-title elementor-size-default\">\"Prozessorientierte Analyse im \u00f6ffentlichen Bereich am Beispiel der Zentralmatura\"<\/h2>\t\t<\/div>\n\t\t\t\t<\/div>\n\t\t\t\t<div class=\"elementor-element elementor-element-e800111 elementor-widget elementor-widget-text-editor\" data-id=\"e800111\" data-element_type=\"widget\" data-widget_type=\"text-editor.default\">\n\t\t\t\t<div class=\"elementor-widget-container\">\n\t\t\t\t\t\t\t<p>Das Diplomarbeitsprojekt besteht aus zwei interdependenten Teilbereichen, die schrittweise abgearbeitet werden sollen. Zum einen betrifft dies die Aufarbeitung des Themenkomplexes Prozessmanagement. Hier soll insbesondere auf die Problematik einer geeigneten softwaretechnischen Unterst\u00fctzung, alternative Prozessmodellierungssprachen, Methoden der Prozessmessung und auf die Implementierung von Abl\u00e4ufen im Rahmen eines Projektes eingegangen werden. In einem zweiten Schritt soll die Thematik der Zentralmatura dargestellt werden. Dabei werden zun\u00e4chst die Grund\u00fcberlegungen und die wesentlichen Eckpunkte dargestellt und strukturiert. Dies soll abschlie\u00dfend die Darstellung der wesentlichen Abl\u00e4ufe aus unterschiedlichen Perspektiven innerhalb eines Prozessmodells erm\u00f6glichen.<\/p>\t\t\t\t\t\t<\/div>\n\t\t\t\t<\/div>\n\t\t\t\t<div class=\"elementor-element elementor-element-0a6cd06 elementor-widget elementor-widget-image\" data-id=\"0a6cd06\" data-element_type=\"widget\" data-widget_type=\"image.default\">\n\t\t\t\t<div class=\"elementor-widget-container\">\n\t\t\t\t\t\t\t\t\t\t\t\t\t<img loading=\"lazy\" decoding=\"async\" width=\"640\" height=\"373\" src=\"http:\/\/172.16.202.26\/wp-content\/uploads\/2022\/08\/Diestleistungsprozesse.png\" class=\"attachment-medium_large size-medium_large wp-image-12182\" alt=\"\" srcset=\"http:\/\/172.16.202.26\/wp-content\/uploads\/2022\/08\/Diestleistungsprozesse.png 640w, http:\/\/172.16.202.26\/wp-content\/uploads\/2022\/08\/Diestleistungsprozesse-300x175.png 300w\" sizes=\"(max-width: 640px) 100vw, 640px\" \/>\t\t\t\t\t\t\t\t\t\t\t\t\t<\/div>\n\t\t\t\t<\/div>\n\t\t\t\t\t<\/div>\n\t\t<\/div>\n\t\t\t\t\t<\/div>\n\t\t<\/section>\n\t\t\t\t<section class=\"elementor-section elementor-top-section elementor-element elementor-element-558a4be elementor-section-boxed elementor-section-height-default elementor-section-height-default\" data-id=\"558a4be\" data-element_type=\"section\">\n\t\t\t\t\t\t<div class=\"elementor-container elementor-column-gap-default\">\n\t\t\t\t\t<div class=\"elementor-column elementor-col-100 elementor-top-column elementor-element elementor-element-da68b64\" data-id=\"da68b64\" data-element_type=\"column\" data-settings=\"{&quot;background_background&quot;:&quot;classic&quot;}\">\n\t\t\t<div class=\"elementor-widget-wrap elementor-element-populated\">\n\t\t\t\t\t\t<div class=\"elementor-element elementor-element-d0c17cb elementor-widget elementor-widget-heading\" data-id=\"d0c17cb\" data-element_type=\"widget\" data-widget_type=\"heading.default\">\n\t\t\t\t<div class=\"elementor-widget-container\">\n\t\t\t<h2 class=\"elementor-heading-title elementor-size-default\">Larry - Ein innovativer CNC-Roboterarm aus dem 3D-Drucker<\/h2>\t\t<\/div>\n\t\t\t\t<\/div>\n\t\t\t\t<div class=\"elementor-element elementor-element-bdd4876 elementor-widget elementor-widget-text-editor\" data-id=\"bdd4876\" data-element_type=\"widget\" data-widget_type=\"text-editor.default\">\n\t\t\t\t<div class=\"elementor-widget-container\">\n\t\t\t\t\t\t\t<p>Die Aufgabe der Diplomarbeit ist die Konstruktion eines CNC gesteuerten 5-Achs Roboterarms. Damit sollen vorgefertigte Aluminiumbl\u00f6cke vom Werkst\u00fcckvorrat in den Schraubstock einer CNC-Portalfr\u00e4se vollautomatisiert eingelegt werden. Die Bl\u00f6cke werden mittels einer auszulegenden Unterdruck-Pneumatik vom Roboterarm aufgenommen und abgesetzt. Die tragenden Teile des Roboterarms werden mittels FDM 3\/D-Druckverfahren erzeugt um eine Leichtbaukonstruktion zu gew\u00e4hrleisten. Eine Spannungsanalyse der h\u00f6chstbelasteten Bauteile, mittels Autodesk Simulation Mechanics, soll die zu druckenden Querschnitte bestimmen. Der Zusammenbau, Tests und ein Produktvideo des Roboterarms runden die Diplomarbeit ab. Ziel des Projektes ist ein funktionsf\u00e4higer Roboterarm, der mit der CNC-Fr\u00e4se eine Fertigungsstra\u00dfe bilden soll. Wie bereits erw\u00e4hnt, sollen seine Bestandteile zum Gro\u00dfteil mit dem 3D-Drucker gefertigt sein und damit die Umsetzbarkeit von Rapid Prototyping f\u00fcr diese Anwendung zu erforschen. Geplant ist es mittels Autodesk Inventor den Roboter-Arm zu konstruieren und auch die angegebenen Bedingungen wie belastungsbedingte Verformungen, etc. zu beachten. Die Konstruktionsdateien werden dann mittels 3D-Drucker realisiert und anschlie\u00dfend auch montiert. Dann soll durch ein Teach-In-Programm die programmierte Bewegung des Armes erfolgen.<\/p>\t\t\t\t\t\t<\/div>\n\t\t\t\t<\/div>\n\t\t\t\t<div class=\"elementor-element elementor-element-114acef elementor-widget elementor-widget-image\" data-id=\"114acef\" data-element_type=\"widget\" data-widget_type=\"image.default\">\n\t\t\t\t<div class=\"elementor-widget-container\">\n\t\t\t\t\t\t\t\t\t\t\t\t\t<img loading=\"lazy\" decoding=\"async\" width=\"640\" height=\"480\" src=\"http:\/\/172.16.202.26\/wp-content\/uploads\/2022\/08\/Larry.png\" class=\"attachment-medium_large size-medium_large wp-image-12186\" alt=\"\" srcset=\"http:\/\/172.16.202.26\/wp-content\/uploads\/2022\/08\/Larry.png 640w, http:\/\/172.16.202.26\/wp-content\/uploads\/2022\/08\/Larry-300x225.png 300w\" sizes=\"(max-width: 640px) 100vw, 640px\" \/>\t\t\t\t\t\t\t\t\t\t\t\t\t<\/div>\n\t\t\t\t<\/div>\n\t\t\t\t\t<\/div>\n\t\t<\/div>\n\t\t\t\t\t<\/div>\n\t\t<\/section>\n\t\t\t\t<section class=\"elementor-section elementor-top-section elementor-element elementor-element-a90dbb5 elementor-section-boxed elementor-section-height-default elementor-section-height-default\" data-id=\"a90dbb5\" data-element_type=\"section\">\n\t\t\t\t\t\t<div class=\"elementor-container elementor-column-gap-default\">\n\t\t\t\t\t<div class=\"elementor-column elementor-col-100 elementor-top-column elementor-element elementor-element-ab8f336\" data-id=\"ab8f336\" data-element_type=\"column\" data-settings=\"{&quot;background_background&quot;:&quot;classic&quot;}\">\n\t\t\t<div class=\"elementor-widget-wrap elementor-element-populated\">\n\t\t\t\t\t\t<div class=\"elementor-element elementor-element-e013fdc elementor-widget elementor-widget-heading\" data-id=\"e013fdc\" data-element_type=\"widget\" data-widget_type=\"heading.default\">\n\t\t\t\t<div class=\"elementor-widget-container\">\n\t\t\t<h2 class=\"elementor-heading-title elementor-size-default\">Optimierung der Prozessabl\u00e4ufe bei der Herstellung von Kleinauftr\u00e4gen<\/h2>\t\t<\/div>\n\t\t\t\t<\/div>\n\t\t\t\t<div class=\"elementor-element elementor-element-e72c6d5 elementor-widget elementor-widget-text-editor\" data-id=\"e72c6d5\" data-element_type=\"widget\" data-widget_type=\"text-editor.default\">\n\t\t\t\t<div class=\"elementor-widget-container\">\n\t\t\t\t\t\t\t<p>Die Aufgabe dieser Diplomarbeit besteht darin, die gesamte Prozessstruktur des sogenannten Prozesses &#8222;Schnellproduktion&#8220; der Firma &#8222;Gabriel Chemie&#8220; zu analysieren. Angefangen von der Auftragserfassung und der anschlie\u00dfenden Disposition, \u00fcber die komplette Fertigung der Produkte bis zum Versand soll alles erfasst werden. Das Ziel ist es, den Prozess anschlie\u00dfend zu verbessern.<br \/>Teilbereiche der Arbeit sind:<br \/>\u2022 die Evaluierung &amp; Optimierung produktionslogistischen Prozesse<br \/>\u2022 die Evaluierung &amp; Optimierung der Prozesslandschaft von Auftragseingang bis zum Produktionsbeginn<br \/>\u2022 die Evaluierung &amp; Optimierung der Prozesse vom Produktionsende bis zur Auslieferung sowie Erstellung standardisierter Abl\u00e4ufe<\/p>\t\t\t\t\t\t<\/div>\n\t\t\t\t<\/div>\n\t\t\t\t<div class=\"elementor-element elementor-element-4e46a29 elementor-widget elementor-widget-image\" data-id=\"4e46a29\" data-element_type=\"widget\" data-widget_type=\"image.default\">\n\t\t\t\t<div class=\"elementor-widget-container\">\n\t\t\t\t\t\t\t\t\t\t\t\t\t<img loading=\"lazy\" decoding=\"async\" width=\"300\" height=\"227\" src=\"http:\/\/172.16.202.26\/wp-content\/uploads\/2022\/08\/GabrielChemie-300x227.jpg\" class=\"attachment-medium size-medium wp-image-12187\" alt=\"\" srcset=\"http:\/\/172.16.202.26\/wp-content\/uploads\/2022\/08\/GabrielChemie-300x227.jpg 300w, http:\/\/172.16.202.26\/wp-content\/uploads\/2022\/08\/GabrielChemie.jpg 660w\" sizes=\"(max-width: 300px) 100vw, 300px\" \/>\t\t\t\t\t\t\t\t\t\t\t\t\t<\/div>\n\t\t\t\t<\/div>\n\t\t\t\t\t<\/div>\n\t\t<\/div>\n\t\t\t\t\t<\/div>\n\t\t<\/section>\n\t\t\t\t<section class=\"elementor-section elementor-top-section elementor-element elementor-element-9394a32 elementor-section-boxed elementor-section-height-default elementor-section-height-default\" data-id=\"9394a32\" data-element_type=\"section\">\n\t\t\t\t\t\t<div class=\"elementor-container elementor-column-gap-default\">\n\t\t\t\t\t<div class=\"elementor-column elementor-col-100 elementor-top-column elementor-element elementor-element-6c19056\" data-id=\"6c19056\" data-element_type=\"column\" data-settings=\"{&quot;background_background&quot;:&quot;classic&quot;}\">\n\t\t\t<div class=\"elementor-widget-wrap elementor-element-populated\">\n\t\t\t\t\t\t<div class=\"elementor-element elementor-element-d948164 elementor-widget elementor-widget-heading\" data-id=\"d948164\" data-element_type=\"widget\" data-widget_type=\"heading.default\">\n\t\t\t\t<div class=\"elementor-widget-container\">\n\t\t\t<h2 class=\"elementor-heading-title elementor-size-default\">Marketingkonzept f\u00fcr eine Non-Profit-Organisation<\/h2>\t\t<\/div>\n\t\t\t\t<\/div>\n\t\t\t\t<div class=\"elementor-element elementor-element-1a6a8e0 elementor-widget elementor-widget-text-editor\" data-id=\"1a6a8e0\" data-element_type=\"widget\" data-widget_type=\"text-editor.default\">\n\t\t\t\t<div class=\"elementor-widget-container\">\n\t\t\t\t\t\t\t<p>Der Schwerpunkt dieser Diplomarbeit liegt auf der Entwicklung eines Marketingkonzepts f\u00fcr eine Non-Profit-Organisation. Das zu erstellende Konzept soll in Kooperation mit dem Orchesterverein \u201eConcentus21\u201c, einem im Jahr 2004 in Wien gegr\u00fcndeten Amateurorchester, und der Diplomarbeitsgruppe erarbeitet werden. Unter Ber\u00fccksichtigung von Publikumsmeinungen und den W\u00fcnschen der Orchestergruppe soll die effizienteste Marketingstrategie entwickelt werden, die zur Optimierung von Ressourcen f\u00fcr \u201eConcentus21\u201c f\u00fchren und vor allem den Bekanntheitsgrad dieses renommierten Wiener Amateurorchesters steigern soll.<\/p>\t\t\t\t\t\t<\/div>\n\t\t\t\t<\/div>\n\t\t\t\t<div class=\"elementor-element elementor-element-fa73d74 elementor-widget elementor-widget-image\" data-id=\"fa73d74\" data-element_type=\"widget\" data-widget_type=\"image.default\">\n\t\t\t\t<div class=\"elementor-widget-container\">\n\t\t\t\t\t\t\t\t\t\t\t\t\t<img loading=\"lazy\" decoding=\"async\" width=\"640\" height=\"426\" src=\"http:\/\/172.16.202.26\/wp-content\/uploads\/2022\/08\/Nonprofitorganisation.jpg\" class=\"attachment-full size-full wp-image-12191\" alt=\"\" srcset=\"http:\/\/172.16.202.26\/wp-content\/uploads\/2022\/08\/Nonprofitorganisation.jpg 640w, http:\/\/172.16.202.26\/wp-content\/uploads\/2022\/08\/Nonprofitorganisation-300x200.jpg 300w, http:\/\/172.16.202.26\/wp-content\/uploads\/2022\/08\/Nonprofitorganisation-600x400.jpg 600w\" sizes=\"(max-width: 640px) 100vw, 640px\" \/>\t\t\t\t\t\t\t\t\t\t\t\t\t<\/div>\n\t\t\t\t<\/div>\n\t\t\t\t\t<\/div>\n\t\t<\/div>\n\t\t\t\t\t<\/div>\n\t\t<\/section>\n\t\t\t\t<\/div>\n\t\t","protected":false},"excerpt":{"rendered":"<p>Diplomarbeiten aus Vorjahren Automatisierter Rechnungslauf in der Industrie 4.0 Ausgangspunkt dieser Projektarbeit war der Wunsch eines international t\u00e4tigen Industrieunternehmens nach einem Konzept zur Implementierung eines automatisierten Bearbeitungsprozesses von Eingangsrechnungen mit dem Ziel, k\u00fcnftig Skonti- und Zahlungsfristen einzuhalten und damit Kosten f\u00fcr Zahlungsverzug zu vermeiden. Hierzu war es erforderlich, auf Basis und nach Auswertung der durch Mitarbeiterinterviews und Datensammlung gewonnenen Erkenntnisse [&hellip;]<\/p>\n","protected":false},"author":3,"featured_media":0,"parent":12686,"menu_order":0,"comment_status":"closed","ping_status":"closed","template":"elementor_header_footer","meta":[],"_links":{"self":[{"href":"http:\/\/172.16.202.26\/index.php?rest_route=\/wp\/v2\/pages\/12007"}],"collection":[{"href":"http:\/\/172.16.202.26\/index.php?rest_route=\/wp\/v2\/pages"}],"about":[{"href":"http:\/\/172.16.202.26\/index.php?rest_route=\/wp\/v2\/types\/page"}],"author":[{"embeddable":true,"href":"http:\/\/172.16.202.26\/index.php?rest_route=\/wp\/v2\/users\/3"}],"replies":[{"embeddable":true,"href":"http:\/\/172.16.202.26\/index.php?rest_route=%2Fwp%2Fv2%2Fcomments&post=12007"}],"version-history":[{"count":91,"href":"http:\/\/172.16.202.26\/index.php?rest_route=\/wp\/v2\/pages\/12007\/revisions"}],"predecessor-version":[{"id":12194,"href":"http:\/\/172.16.202.26\/index.php?rest_route=\/wp\/v2\/pages\/12007\/revisions\/12194"}],"up":[{"embeddable":true,"href":"http:\/\/172.16.202.26\/index.php?rest_route=\/wp\/v2\/pages\/12686"}],"wp:attachment":[{"href":"http:\/\/172.16.202.26\/index.php?rest_route=%2Fwp%2Fv2%2Fmedia&parent=12007"}],"curies":[{"name":"wp","href":"https:\/\/api.w.org\/{rel}","templated":true}]}}