{"id":19102,"date":"2023-07-24T16:52:20","date_gmt":"2023-07-24T14:52:20","guid":{"rendered":"http:\/\/172.16.202.26\/?page_id=19102"},"modified":"2024-03-14T10:14:13","modified_gmt":"2024-03-14T09:14:13","slug":"fachtheoretische-unterrichtsgegenstaende","status":"publish","type":"page","link":"http:\/\/172.16.202.26\/?page_id=19102","title":{"rendered":"fachtheoretische Unterrichtsgegenst\u00e4nde"},"content":{"rendered":"\t\t<div data-elementor-type=\"wp-page\" data-elementor-id=\"19102\" class=\"elementor elementor-19102\">\n\t\t\t\t\t\t<section class=\"elementor-section elementor-top-section elementor-element elementor-element-d94d3ce elementor-section-boxed elementor-section-height-default elementor-section-height-default\" data-id=\"d94d3ce\" data-element_type=\"section\">\n\t\t\t\t\t\t<div class=\"elementor-container elementor-column-gap-default\">\n\t\t\t\t\t<div class=\"elementor-column elementor-col-100 elementor-top-column elementor-element elementor-element-21ff2e8\" data-id=\"21ff2e8\" data-element_type=\"column\">\n\t\t\t<div class=\"elementor-widget-wrap elementor-element-populated\">\n\t\t\t\t\t\t<div class=\"elementor-element elementor-element-2417a3b elementor-widget elementor-widget-heading\" data-id=\"2417a3b\" data-element_type=\"widget\" data-widget_type=\"heading.default\">\n\t\t\t\t<div class=\"elementor-widget-container\">\n\t\t\t<style>\/*! elementor - v3.20.0 - 13-03-2024 *\/\n.elementor-heading-title{padding:0;margin:0;line-height:1}.elementor-widget-heading .elementor-heading-title[class*=elementor-size-]>a{color:inherit;font-size:inherit;line-height:inherit}.elementor-widget-heading .elementor-heading-title.elementor-size-small{font-size:15px}.elementor-widget-heading .elementor-heading-title.elementor-size-medium{font-size:19px}.elementor-widget-heading .elementor-heading-title.elementor-size-large{font-size:29px}.elementor-widget-heading .elementor-heading-title.elementor-size-xl{font-size:39px}.elementor-widget-heading .elementor-heading-title.elementor-size-xxl{font-size:59px}<\/style><h2 class=\"elementor-heading-title elementor-size-default\">Fachtheoretische Unterrichtsgegenst\u00e4nde<\/h2>\t\t<\/div>\n\t\t\t\t<\/div>\n\t\t\t\t\t<\/div>\n\t\t<\/div>\n\t\t\t\t\t<\/div>\n\t\t<\/section>\n\t\t\t\t<section class=\"elementor-section elementor-top-section elementor-element elementor-element-91fb967 elementor-section-boxed elementor-section-height-default elementor-section-height-default\" data-id=\"91fb967\" data-element_type=\"section\">\n\t\t\t\t\t\t<div class=\"elementor-container elementor-column-gap-default\">\n\t\t\t\t\t<div class=\"elementor-column elementor-col-50 elementor-top-column elementor-element elementor-element-e1a6a0e\" data-id=\"e1a6a0e\" data-element_type=\"column\">\n\t\t\t<div class=\"elementor-widget-wrap elementor-element-populated\">\n\t\t\t\t\t\t<div class=\"elementor-element elementor-element-11ff3ec elementor-widget elementor-widget-text-editor\" data-id=\"11ff3ec\" data-element_type=\"widget\" data-widget_type=\"text-editor.default\">\n\t\t\t\t<div class=\"elementor-widget-container\">\n\t\t\t<style>\/*! elementor - v3.20.0 - 13-03-2024 *\/\n.elementor-widget-text-editor.elementor-drop-cap-view-stacked .elementor-drop-cap{background-color:#69727d;color:#fff}.elementor-widget-text-editor.elementor-drop-cap-view-framed .elementor-drop-cap{color:#69727d;border:3px solid;background-color:transparent}.elementor-widget-text-editor:not(.elementor-drop-cap-view-default) .elementor-drop-cap{margin-top:8px}.elementor-widget-text-editor:not(.elementor-drop-cap-view-default) .elementor-drop-cap-letter{width:1em;height:1em}.elementor-widget-text-editor .elementor-drop-cap{float:left;text-align:center;line-height:1;font-size:50px}.elementor-widget-text-editor .elementor-drop-cap-letter{display:inline-block}<\/style>\t\t\t\t<p><strong>Konstruktion und Projektmanagement<\/strong><\/p><p>Hier lernst du technische Bauteile mittels CAD funktions- und fertigungsgerecht zu konstruieren, wobei Aspekte der Umweltvertr\u00e4glichkeit und Nachhaltigkeit ber\u00fccksichtigt werden.<br \/>Im Bereich Projektmanagement lernst du auf aktuelle Anforderungen in einem Projekt zu reagieren, Leitungsaufgaben zu \u00fcbernehmen sowie Ma\u00dfnahmen zur Leistungsentwicklung von Mitarbeiterinnen und Mitarbeitern zu treffen.<\/p>\t\t\t\t\t\t<\/div>\n\t\t\t\t<\/div>\n\t\t\t\t\t<\/div>\n\t\t<\/div>\n\t\t\t\t<div class=\"elementor-column elementor-col-50 elementor-top-column elementor-element elementor-element-940776c\" data-id=\"940776c\" data-element_type=\"column\">\n\t\t\t<div class=\"elementor-widget-wrap elementor-element-populated\">\n\t\t\t\t\t\t<div class=\"elementor-element elementor-element-9939703 elementor-widget elementor-widget-image\" data-id=\"9939703\" data-element_type=\"widget\" data-widget_type=\"image.default\">\n\t\t\t\t<div class=\"elementor-widget-container\">\n\t\t\t<style>\/*! elementor - v3.20.0 - 13-03-2024 *\/\n.elementor-widget-image{text-align:center}.elementor-widget-image a{display:inline-block}.elementor-widget-image a img[src$=\".svg\"]{width:48px}.elementor-widget-image img{vertical-align:middle;display:inline-block}<\/style>\t\t\t\t\t\t\t\t\t\t<img decoding=\"async\" src=\"http:\/\/172.16.202.26\/wp-content\/uploads\/elementor\/thumbs\/mech_17-puo2mujpcpmqkssng9fyocnar2hamj8db6qem6vhza.jpg\" title=\"\" alt=\"\" loading=\"lazy\" \/>\t\t\t\t\t\t\t\t\t\t\t\t\t<\/div>\n\t\t\t\t<\/div>\n\t\t\t\t\t<\/div>\n\t\t<\/div>\n\t\t\t\t\t<\/div>\n\t\t<\/section>\n\t\t\t\t<section class=\"elementor-section elementor-top-section elementor-element elementor-element-ac42fcb elementor-section-boxed elementor-section-height-default elementor-section-height-default\" data-id=\"ac42fcb\" data-element_type=\"section\">\n\t\t\t\t\t\t<div class=\"elementor-container elementor-column-gap-default\">\n\t\t\t\t\t<div class=\"elementor-column elementor-col-50 elementor-top-column elementor-element elementor-element-c208646\" data-id=\"c208646\" data-element_type=\"column\">\n\t\t\t<div class=\"elementor-widget-wrap elementor-element-populated\">\n\t\t\t\t\t\t<div class=\"elementor-element elementor-element-9824a9e elementor-widget elementor-widget-text-editor\" data-id=\"9824a9e\" data-element_type=\"widget\" data-widget_type=\"text-editor.default\">\n\t\t\t\t<div class=\"elementor-widget-container\">\n\t\t\t\t\t\t\t<p><strong>Technische Mechanik und Berechnung<\/strong><\/p><p>In der &#8222;Technischen Mechanik&#8220; besch\u00e4ftigst du dich mit den theoretischen Berechnungsverfahren f\u00fcr den Maschinenbau. Behandelt werden u.a. die Bereiche Statik, Festigkeitslehre, Dynamik und Hydromechanik.<\/p>\t\t\t\t\t\t<\/div>\n\t\t\t\t<\/div>\n\t\t\t\t\t<\/div>\n\t\t<\/div>\n\t\t\t\t<div class=\"elementor-column elementor-col-50 elementor-top-column elementor-element elementor-element-4b49a02\" data-id=\"4b49a02\" data-element_type=\"column\">\n\t\t\t<div class=\"elementor-widget-wrap elementor-element-populated\">\n\t\t\t\t\t\t<div class=\"elementor-element elementor-element-f50c484 elementor-widget elementor-widget-image\" data-id=\"f50c484\" data-element_type=\"widget\" data-widget_type=\"image.default\">\n\t\t\t\t<div class=\"elementor-widget-container\">\n\t\t\t\t\t\t\t\t\t\t\t\t\t<img decoding=\"async\" src=\"http:\/\/172.16.202.26\/wp-content\/uploads\/elementor\/thumbs\/mech_6-1-scaled-puo2qedr66hqfrmypsp83gdzjgz7pdbv4rgfvtlyh2.jpg\" title=\"\" alt=\"\" loading=\"lazy\" \/>\t\t\t\t\t\t\t\t\t\t\t\t\t<\/div>\n\t\t\t\t<\/div>\n\t\t\t\t\t<\/div>\n\t\t<\/div>\n\t\t\t\t\t<\/div>\n\t\t<\/section>\n\t\t\t\t<section class=\"elementor-section elementor-top-section elementor-element elementor-element-5445476 elementor-section-boxed elementor-section-height-default elementor-section-height-default\" data-id=\"5445476\" data-element_type=\"section\">\n\t\t\t\t\t\t<div class=\"elementor-container elementor-column-gap-default\">\n\t\t\t\t\t<div class=\"elementor-column elementor-col-50 elementor-top-column elementor-element elementor-element-b75cc04\" data-id=\"b75cc04\" data-element_type=\"column\">\n\t\t\t<div class=\"elementor-widget-wrap elementor-element-populated\">\n\t\t\t\t\t\t<div class=\"elementor-element elementor-element-6525d30 elementor-widget elementor-widget-text-editor\" data-id=\"6525d30\" data-element_type=\"widget\" data-widget_type=\"text-editor.default\">\n\t\t\t\t<div class=\"elementor-widget-container\">\n\t\t\t\t\t\t\t<p><strong>Fertigungstechnik<\/strong><\/p><p>Im Fach &#8222;Fertigungstechnik&#8220; erfolgt eine Ausbildung in den Bereichen der Werkstofftechnik und Werkstoffpr\u00fcfung unter anderem hinsichtlich einer wirtschaftlichen fertigungstechnischen Bearbeitung. Schwerpunkte werden auch im Hinblick auf Produktionsmanagement und Qualit\u00e4tssicherung gesetzt.<\/p>\t\t\t\t\t\t<\/div>\n\t\t\t\t<\/div>\n\t\t\t\t\t<\/div>\n\t\t<\/div>\n\t\t\t\t<div class=\"elementor-column elementor-col-50 elementor-top-column elementor-element elementor-element-1b566b9\" data-id=\"1b566b9\" data-element_type=\"column\">\n\t\t\t<div class=\"elementor-widget-wrap elementor-element-populated\">\n\t\t\t\t\t\t<div class=\"elementor-element elementor-element-0f5a16e elementor-widget elementor-widget-image\" data-id=\"0f5a16e\" data-element_type=\"widget\" data-widget_type=\"image.default\">\n\t\t\t\t<div class=\"elementor-widget-container\">\n\t\t\t\t\t\t\t\t\t\t\t\t\t<img decoding=\"async\" src=\"http:\/\/172.16.202.26\/wp-content\/uploads\/elementor\/thumbs\/mech_1-puo2t0dm5m2eorufgxbx0so2y03x33p0toozvhql74.jpg\" title=\"\" alt=\"\" loading=\"lazy\" \/>\t\t\t\t\t\t\t\t\t\t\t\t\t<\/div>\n\t\t\t\t<\/div>\n\t\t\t\t\t<\/div>\n\t\t<\/div>\n\t\t\t\t\t<\/div>\n\t\t<\/section>\n\t\t\t\t<section class=\"elementor-section elementor-top-section elementor-element elementor-element-55e9039 elementor-section-boxed elementor-section-height-default elementor-section-height-default\" data-id=\"55e9039\" data-element_type=\"section\">\n\t\t\t\t\t\t<div class=\"elementor-container elementor-column-gap-default\">\n\t\t\t\t\t<div class=\"elementor-column elementor-col-50 elementor-top-column elementor-element elementor-element-8f09cc3\" data-id=\"8f09cc3\" data-element_type=\"column\">\n\t\t\t<div class=\"elementor-widget-wrap elementor-element-populated\">\n\t\t\t\t\t\t<div class=\"elementor-element elementor-element-7e83534 elementor-widget elementor-widget-text-editor\" data-id=\"7e83534\" data-element_type=\"widget\" data-widget_type=\"text-editor.default\">\n\t\t\t\t<div class=\"elementor-widget-container\">\n\t\t\t\t\t\t\t<p><strong>Maschinen und Anlagen<\/strong><\/p><p>In diesem Fach erfolgt eine breit gef\u00e4cherte Ausbildung in wesentlichen Bereichen des Maschinenbaus wie der F\u00f6rdertechnik und technischen Logistik, der Str\u00f6mungsmaschinen, Verbrennungsmotoren und der Energie- und Umwelttechnik. Besonderes Augenmerk wird auf die F\u00e4higkeiten zur eigenst\u00e4ndigen Projektierung, konstruktiven Gestaltung und Berechnung von Einzelkomponenten und komplexen Anlagen gelegt.<\/p>\t\t\t\t\t\t<\/div>\n\t\t\t\t<\/div>\n\t\t\t\t\t<\/div>\n\t\t<\/div>\n\t\t\t\t<div class=\"elementor-column elementor-col-50 elementor-top-column elementor-element elementor-element-cf075c7\" data-id=\"cf075c7\" data-element_type=\"column\">\n\t\t\t<div class=\"elementor-widget-wrap elementor-element-populated\">\n\t\t\t\t\t\t<div class=\"elementor-element elementor-element-2278072 elementor-widget elementor-widget-image\" data-id=\"2278072\" data-element_type=\"widget\" data-widget_type=\"image.default\">\n\t\t\t\t<div class=\"elementor-widget-container\">\n\t\t\t\t\t\t\t\t\t\t\t\t\t<img decoding=\"async\" src=\"http:\/\/172.16.202.26\/wp-content\/uploads\/elementor\/thumbs\/mech_16-scaled-puo2uiw96051e5n8mkwa1ewtecn7hjpgd6j5pjhr68.jpg\" title=\"\" alt=\"\" loading=\"lazy\" \/>\t\t\t\t\t\t\t\t\t\t\t\t\t<\/div>\n\t\t\t\t<\/div>\n\t\t\t\t\t<\/div>\n\t\t<\/div>\n\t\t\t\t\t<\/div>\n\t\t<\/section>\n\t\t\t\t<section class=\"elementor-section elementor-top-section elementor-element elementor-element-bc8567a elementor-section-boxed elementor-section-height-default elementor-section-height-default\" data-id=\"bc8567a\" data-element_type=\"section\">\n\t\t\t\t\t\t<div class=\"elementor-container elementor-column-gap-default\">\n\t\t\t\t\t<div class=\"elementor-column elementor-col-50 elementor-top-column elementor-element elementor-element-54ee1fe\" data-id=\"54ee1fe\" data-element_type=\"column\">\n\t\t\t<div class=\"elementor-widget-wrap elementor-element-populated\">\n\t\t\t\t\t\t<div class=\"elementor-element elementor-element-8ff054c elementor-widget elementor-widget-text-editor\" data-id=\"8ff054c\" data-element_type=\"widget\" data-widget_type=\"text-editor.default\">\n\t\t\t\t<div class=\"elementor-widget-container\">\n\t\t\t\t\t\t\t<p><strong>Automatisierungstechnik<\/strong><\/p><p>In der &#8222;Automatisierungstechnik&#8220; erreichst du Wissen und K\u00f6nnen in Elektrotechnik, der Steuer- und Regelungstechnik, der Aktorik und Sensorik, und der Prozessdatenverarbeitung.<\/p>\t\t\t\t\t\t<\/div>\n\t\t\t\t<\/div>\n\t\t\t\t\t<\/div>\n\t\t<\/div>\n\t\t\t\t<div class=\"elementor-column elementor-col-50 elementor-top-column elementor-element elementor-element-4430f33\" data-id=\"4430f33\" data-element_type=\"column\">\n\t\t\t<div class=\"elementor-widget-wrap elementor-element-populated\">\n\t\t\t\t\t\t<div class=\"elementor-element elementor-element-7714d17 elementor-widget elementor-widget-image\" data-id=\"7714d17\" data-element_type=\"widget\" data-widget_type=\"image.default\">\n\t\t\t\t<div class=\"elementor-widget-container\">\n\t\t\t\t\t\t\t\t\t\t\t\t\t<img decoding=\"async\" src=\"http:\/\/172.16.202.26\/wp-content\/uploads\/elementor\/thumbs\/mech_15-scaled-puo2vkhsrdkiak4mj15ct5f95rhw1fupucmkwly09c.jpg\" title=\"\" alt=\"\" loading=\"lazy\" \/>\t\t\t\t\t\t\t\t\t\t\t\t\t<\/div>\n\t\t\t\t<\/div>\n\t\t\t\t\t<\/div>\n\t\t<\/div>\n\t\t\t\t\t<\/div>\n\t\t<\/section>\n\t\t\t\t<\/div>\n\t\t","protected":false},"excerpt":{"rendered":"<p>Fachtheoretische Unterrichtsgegenst\u00e4nde Konstruktion und Projektmanagement Hier lernst du technische Bauteile mittels CAD funktions- und fertigungsgerecht zu konstruieren, wobei Aspekte der Umweltvertr\u00e4glichkeit und Nachhaltigkeit ber\u00fccksichtigt werden.Im Bereich Projektmanagement lernst du auf aktuelle Anforderungen in einem Projekt zu reagieren, Leitungsaufgaben zu \u00fcbernehmen sowie Ma\u00dfnahmen zur Leistungsentwicklung von Mitarbeiterinnen und Mitarbeitern zu treffen. Technische Mechanik und Berechnung In der &#8222;Technischen Mechanik&#8220; besch\u00e4ftigst du [&hellip;]<\/p>\n","protected":false},"author":3,"featured_media":0,"parent":12681,"menu_order":0,"comment_status":"closed","ping_status":"closed","template":"elementor_header_footer","meta":[],"_links":{"self":[{"href":"http:\/\/172.16.202.26\/index.php?rest_route=\/wp\/v2\/pages\/19102"}],"collection":[{"href":"http:\/\/172.16.202.26\/index.php?rest_route=\/wp\/v2\/pages"}],"about":[{"href":"http:\/\/172.16.202.26\/index.php?rest_route=\/wp\/v2\/types\/page"}],"author":[{"embeddable":true,"href":"http:\/\/172.16.202.26\/index.php?rest_route=\/wp\/v2\/users\/3"}],"replies":[{"embeddable":true,"href":"http:\/\/172.16.202.26\/index.php?rest_route=%2Fwp%2Fv2%2Fcomments&post=19102"}],"version-history":[{"count":13,"href":"http:\/\/172.16.202.26\/index.php?rest_route=\/wp\/v2\/pages\/19102\/revisions"}],"predecessor-version":[{"id":21921,"href":"http:\/\/172.16.202.26\/index.php?rest_route=\/wp\/v2\/pages\/19102\/revisions\/21921"}],"up":[{"embeddable":true,"href":"http:\/\/172.16.202.26\/index.php?rest_route=\/wp\/v2\/pages\/12681"}],"wp:attachment":[{"href":"http:\/\/172.16.202.26\/index.php?rest_route=%2Fwp%2Fv2%2Fmedia&parent=19102"}],"curies":[{"name":"wp","href":"https:\/\/api.w.org\/{rel}","templated":true}]}}