{"id":19196,"date":"2023-07-25T08:14:08","date_gmt":"2023-07-25T06:14:08","guid":{"rendered":"http:\/\/172.16.202.26\/?page_id=19196"},"modified":"2023-07-25T10:32:28","modified_gmt":"2023-07-25T08:32:28","slug":"aeltere-berichte","status":"publish","type":"page","link":"http:\/\/172.16.202.26\/?page_id=19196","title":{"rendered":"\u00e4ltere Berichte"},"content":{"rendered":"\t\t<div data-elementor-type=\"wp-page\" data-elementor-id=\"19196\" class=\"elementor elementor-19196\">\n\t\t\t\t\t\t<section class=\"elementor-section elementor-top-section elementor-element elementor-element-d94d3ce elementor-section-boxed elementor-section-height-default elementor-section-height-default\" data-id=\"d94d3ce\" data-element_type=\"section\">\n\t\t\t\t\t\t<div class=\"elementor-container elementor-column-gap-default\">\n\t\t\t\t\t<div class=\"elementor-column elementor-col-100 elementor-top-column elementor-element elementor-element-21ff2e8\" data-id=\"21ff2e8\" data-element_type=\"column\">\n\t\t\t<div class=\"elementor-widget-wrap elementor-element-populated\">\n\t\t\t\t\t\t<div class=\"elementor-element elementor-element-2417a3b elementor-widget elementor-widget-heading\" data-id=\"2417a3b\" data-element_type=\"widget\" data-widget_type=\"heading.default\">\n\t\t\t\t<div class=\"elementor-widget-container\">\n\t\t\t<style>\/*! elementor - v3.20.0 - 13-03-2024 *\/\n.elementor-heading-title{padding:0;margin:0;line-height:1}.elementor-widget-heading .elementor-heading-title[class*=elementor-size-]>a{color:inherit;font-size:inherit;line-height:inherit}.elementor-widget-heading .elementor-heading-title.elementor-size-small{font-size:15px}.elementor-widget-heading .elementor-heading-title.elementor-size-medium{font-size:19px}.elementor-widget-heading .elementor-heading-title.elementor-size-large{font-size:29px}.elementor-widget-heading .elementor-heading-title.elementor-size-xl{font-size:39px}.elementor-widget-heading .elementor-heading-title.elementor-size-xxl{font-size:59px}<\/style><h2 class=\"elementor-heading-title elementor-size-default\">\u00e4ltere Berichte der HWI<\/h2>\t\t<\/div>\n\t\t\t\t<\/div>\n\t\t\t\t\t<\/div>\n\t\t<\/div>\n\t\t\t\t\t<\/div>\n\t\t<\/section>\n\t\t\t\t<section class=\"elementor-section elementor-top-section elementor-element elementor-element-c9a5c66 elementor-section-full_width elementor-section-height-default elementor-section-height-default\" data-id=\"c9a5c66\" data-element_type=\"section\">\n\t\t\t\t\t\t<div class=\"elementor-container elementor-column-gap-default\">\n\t\t\t\t\t<div class=\"elementor-column elementor-col-100 elementor-top-column elementor-element elementor-element-9fd253e\" data-id=\"9fd253e\" data-element_type=\"column\" data-settings=\"{&quot;background_background&quot;:&quot;classic&quot;}\">\n\t\t\t<div class=\"elementor-widget-wrap elementor-element-populated\">\n\t\t\t\t\t\t<div class=\"elementor-element elementor-element-8f05465 elementor-grid-eael-col-5 elementor-grid-tablet-eael-col-2 elementor-grid-mobile-eael-col-1 elementor-widget elementor-widget-eael-post-grid\" data-id=\"8f05465\" data-element_type=\"widget\" data-settings=\"{&quot;eael_post_grid_columns&quot;:&quot;eael-col-5&quot;,&quot;eael_post_grid_columns_tablet&quot;:&quot;eael-col-2&quot;,&quot;eael_post_grid_columns_mobile&quot;:&quot;eael-col-1&quot;}\" data-widget_type=\"eael-post-grid.default\">\n\t\t\t\t<div class=\"elementor-widget-container\">\n\t\t\t<div id=\"eael-post-grid-8f05465\" class=\"eael-post-grid-container\">\n            <div class=\"eael-post-grid eael-post-appender eael-post-appender-8f05465 eael-post-grid-style-one\" data-layout-mode=\"grid\"><article class=\"eael-grid-post eael-post-grid-column\" data-id=\"26618\">\n        <div class=\"eael-grid-post-holder\">\n            <div class=\"eael-grid-post-holder-inner\"><div class=\"eael-entry-media\"><div class=\"eael-entry-overlay fade-in\"><i class=\"fas fa-long-arrow-alt-right\" aria-hidden=\"true\"><\/i><a href=\"http:\/\/172.16.202.26\/?p=26618\"><\/a><\/div><div class=\"eael-entry-thumbnail \">\n                <img fetchpriority=\"high\" decoding=\"async\" width=\"368\" height=\"240\" src=\"http:\/\/172.16.202.26\/wp-content\/uploads\/2026\/03\/Florian-Klenk-Querformat-6-368x240.jpg\" class=\"attachment-bizberg_blog_list size-bizberg_blog_list wp-image-26623\" alt=\"\" \/>\n            <\/div>\n        <\/div><div class=\"eael-entry-wrapper\"><header class=\"eael-entry-header\"><h3 class=\"eael-entry-title\"><a\n                        class=\"eael-grid-post-link\"\n                        href=\"http:\/\/172.16.202.26\/?p=26618\"\n                        title=\"Florian Klenk bei den Wirtschaftsingenieur:innen\">Florian Klenk bei den Wirtschaftsingenieur:innen<\/a><\/h3><\/header><div class=\"eael-entry-content\">\n                        <div class=\"eael-grid-post-excerpt\"><p>Florian Klenk h\u00e4lt einen spannenden Vortrag am TGM!<\/p><a href=\"http:\/\/172.16.202.26\/?p=26618\" class=\"eael-post-elements-readmore-btn\">Weiterlesen ...<\/a><\/div>\n                    <\/div><\/div><\/div>\n        <\/div>\n    <\/article><article class=\"eael-grid-post eael-post-grid-column\" data-id=\"26587\">\n        <div class=\"eael-grid-post-holder\">\n            <div class=\"eael-grid-post-holder-inner\"><div class=\"eael-entry-media\"><div class=\"eael-entry-overlay fade-in\"><i class=\"fas fa-long-arrow-alt-right\" aria-hidden=\"true\"><\/i><a href=\"http:\/\/172.16.202.26\/?p=26587\"><\/a><\/div><div class=\"eael-entry-thumbnail \">\n                <img decoding=\"async\" width=\"368\" height=\"240\" src=\"http:\/\/172.16.202.26\/wp-content\/uploads\/2026\/02\/image005-368x240.jpg\" class=\"attachment-bizberg_blog_list size-bizberg_blog_list wp-image-26589\" alt=\"\" \/>\n            <\/div>\n        <\/div><div class=\"eael-entry-wrapper\"><header class=\"eael-entry-header\"><h3 class=\"eael-entry-title\"><a\n                        class=\"eael-grid-post-link\"\n                        href=\"http:\/\/172.16.202.26\/?p=26587\"\n                        title=\"Besuch bei Hilti \u00d6sterreich: Einblick in Technik, Karriere und Praxis\">Besuch bei Hilti \u00d6sterreich: Einblick in Technik, Karriere und Praxis<\/a><\/h3><\/header><div class=\"eael-entry-content\">\n                        <div class=\"eael-grid-post-excerpt\"><p>Die 5. Klassen der HWI hatten die Gelegenheit, Hilti \u00d6sterreich zu besuchen.<\/p><a href=\"http:\/\/172.16.202.26\/?p=26587\" class=\"eael-post-elements-readmore-btn\">Weiterlesen ...<\/a><\/div>\n                    <\/div><\/div><\/div>\n        <\/div>\n    <\/article><article class=\"eael-grid-post eael-post-grid-column\" data-id=\"26510\">\n        <div class=\"eael-grid-post-holder\">\n            <div class=\"eael-grid-post-holder-inner\"><div class=\"eael-entry-media\"><div class=\"eael-entry-overlay fade-in\"><i class=\"fas fa-long-arrow-alt-right\" aria-hidden=\"true\"><\/i><a href=\"http:\/\/172.16.202.26\/?p=26510\"><\/a><\/div><div class=\"eael-entry-thumbnail \">\n                <img decoding=\"async\" width=\"368\" height=\"240\" src=\"http:\/\/172.16.202.26\/wp-content\/uploads\/2026\/02\/unikate_Wettbewerb-368x240.png\" class=\"attachment-bizberg_blog_list size-bizberg_blog_list wp-image-26509\" alt=\"\" \/>\n            <\/div>\n        <\/div><div class=\"eael-entry-wrapper\"><header class=\"eael-entry-header\"><h3 class=\"eael-entry-title\"><a\n                        class=\"eael-grid-post-link\"\n                        href=\"http:\/\/172.16.202.26\/?p=26510\"\n                        title=\"Doppelsieg der WI beim UNIKATE-Ideenwettbewerb\">Doppelsieg der WI beim UNIKATE-Ideenwettbewerb<\/a><\/h3><\/header><div class=\"eael-entry-content\">\n                        <div class=\"eael-grid-post-excerpt\"><p>Beim UNIKATE-Ideenwettbewerb schafften es beide Gruppen aus der WI ins Finale.<\/p><a href=\"http:\/\/172.16.202.26\/?p=26510\" class=\"eael-post-elements-readmore-btn\">Weiterlesen ...<\/a><\/div>\n                    <\/div><\/div><\/div>\n        <\/div>\n    <\/article><article class=\"eael-grid-post eael-post-grid-column\" data-id=\"26431\">\n        <div class=\"eael-grid-post-holder\">\n            <div class=\"eael-grid-post-holder-inner\"><div class=\"eael-entry-media\"><div class=\"eael-entry-overlay fade-in\"><i class=\"fas fa-long-arrow-alt-right\" aria-hidden=\"true\"><\/i><a href=\"http:\/\/172.16.202.26\/?p=26431\"><\/a><\/div><div class=\"eael-entry-thumbnail \">\n                <img loading=\"lazy\" decoding=\"async\" width=\"368\" height=\"240\" src=\"http:\/\/172.16.202.26\/wp-content\/uploads\/2026\/01\/HTL-Gruppenfoto-1024x769.jpg-368x240.webp\" class=\"attachment-bizberg_blog_list size-bizberg_blog_list wp-image-26433\" alt=\"\" \/>\n            <\/div>\n        <\/div><div class=\"eael-entry-wrapper\"><header class=\"eael-entry-header\"><h3 class=\"eael-entry-title\"><a\n                        class=\"eael-grid-post-link\"\n                        href=\"http:\/\/172.16.202.26\/?p=26431\"\n                        title=\"Diplomarbeit der 5BHWII\">Diplomarbeit der 5BHWII<\/a><\/h3><\/header><div class=\"eael-entry-content\">\n                        <div class=\"eael-grid-post-excerpt\"><p>KI Pipeline ERP System<\/p><a href=\"http:\/\/172.16.202.26\/?p=26431\" class=\"eael-post-elements-readmore-btn\">Weiterlesen ...<\/a><\/div>\n                    <\/div><\/div><\/div>\n        <\/div>\n    <\/article><article class=\"eael-grid-post eael-post-grid-column\" data-id=\"26282\">\n        <div class=\"eael-grid-post-holder\">\n            <div class=\"eael-grid-post-holder-inner\"><div class=\"eael-entry-media\"><div class=\"eael-entry-overlay fade-in\"><i class=\"fas fa-long-arrow-alt-right\" aria-hidden=\"true\"><\/i><a href=\"http:\/\/172.16.202.26\/?p=26282\"><\/a><\/div><div class=\"eael-entry-thumbnail \">\n                <img loading=\"lazy\" decoding=\"async\" width=\"368\" height=\"240\" src=\"http:\/\/172.16.202.26\/wp-content\/uploads\/2025\/12\/IMG_0271-368x240.jpg\" class=\"attachment-bizberg_blog_list size-bizberg_blog_list wp-image-26284\" alt=\"\" \/>\n            <\/div>\n        <\/div><div class=\"eael-entry-wrapper\"><header class=\"eael-entry-header\"><h3 class=\"eael-entry-title\"><a\n                        class=\"eael-grid-post-link\"\n                        href=\"http:\/\/172.16.202.26\/?p=26282\"\n                        title=\"Sch\u00fclerinnen und Sch\u00fcler gewinnen Nachhaltigkeitspreis\">Sch\u00fclerinnen und Sch\u00fcler gewinnen Nachhaltigkeitspreis<\/a><\/h3><\/header><div class=\"eael-entry-content\">\n                        <div class=\"eael-grid-post-excerpt\"><p>Sch\u00fclerinnen und Sch\u00fcler gewinnen den Nachhaltigkeitspreis der MA48.<\/p><a href=\"http:\/\/172.16.202.26\/?p=26282\" class=\"eael-post-elements-readmore-btn\">Weiterlesen ...<\/a><\/div>\n                    <\/div><\/div><\/div>\n        <\/div>\n    <\/article><article class=\"eael-grid-post eael-post-grid-column\" data-id=\"26099\">\n        <div class=\"eael-grid-post-holder\">\n            <div class=\"eael-grid-post-holder-inner\"><div class=\"eael-entry-media\"><div class=\"eael-entry-overlay fade-in\"><i class=\"fas fa-long-arrow-alt-right\" aria-hidden=\"true\"><\/i><a href=\"http:\/\/172.16.202.26\/?p=26099\"><\/a><\/div><div class=\"eael-entry-thumbnail \">\n                <img loading=\"lazy\" decoding=\"async\" width=\"368\" height=\"240\" src=\"http:\/\/172.16.202.26\/wp-content\/uploads\/2025\/10\/74B4E86C-17F6-4CD9-A2DF-264BF512BFE6-368x240.jpg\" class=\"attachment-bizberg_blog_list size-bizberg_blog_list wp-image-26105\" alt=\"\" \/>\n            <\/div>\n        <\/div><div class=\"eael-entry-wrapper\"><header class=\"eael-entry-header\"><h3 class=\"eael-entry-title\"><a\n                        class=\"eael-grid-post-link\"\n                        href=\"http:\/\/172.16.202.26\/?p=26099\"\n                        title=\"Exkursion der Wirtschaftsingenieure nach Hamburg\">Exkursion der Wirtschaftsingenieure nach Hamburg<\/a><\/h3><\/header><div class=\"eael-entry-content\">\n                        <div class=\"eael-grid-post-excerpt\"><p>Exkursion der Wirtschaftsingenieure nach Hamburg.<\/p><a href=\"http:\/\/172.16.202.26\/?p=26099\" class=\"eael-post-elements-readmore-btn\">Weiterlesen ...<\/a><\/div>\n                    <\/div><\/div><\/div>\n        <\/div>\n    <\/article><article class=\"eael-grid-post eael-post-grid-column\" data-id=\"26088\">\n        <div class=\"eael-grid-post-holder\">\n            <div class=\"eael-grid-post-holder-inner\"><div class=\"eael-entry-media\"><div class=\"eael-entry-overlay fade-in\"><i class=\"fas fa-long-arrow-alt-right\" aria-hidden=\"true\"><\/i><a href=\"http:\/\/172.16.202.26\/?p=26088\"><\/a><\/div><div class=\"eael-entry-thumbnail \">\n                <img loading=\"lazy\" decoding=\"async\" width=\"368\" height=\"240\" src=\"http:\/\/172.16.202.26\/wp-content\/uploads\/2025\/10\/IMG_5256-368x240.jpeg\" class=\"attachment-bizberg_blog_list size-bizberg_blog_list wp-image-26092\" alt=\"\" \/>\n            <\/div>\n        <\/div><div class=\"eael-entry-wrapper\"><header class=\"eael-entry-header\"><h3 class=\"eael-entry-title\"><a\n                        class=\"eael-grid-post-link\"\n                        href=\"http:\/\/172.16.202.26\/?p=26088\"\n                        title=\"Junior Company &#038; Real Market Challenge 2025\">Junior Company &#038; Real Market Challenge 2025<\/a><\/h3><\/header><div class=\"eael-entry-content\">\n                        <div class=\"eael-grid-post-excerpt\"><p>Wirtschaft trifft Innovation \u2013 Zukunft made by WI!<\/p><a href=\"http:\/\/172.16.202.26\/?p=26088\" class=\"eael-post-elements-readmore-btn\">Weiterlesen ...<\/a><\/div>\n                    <\/div><\/div><\/div>\n        <\/div>\n    <\/article><article class=\"eael-grid-post eael-post-grid-column\" data-id=\"26076\">\n        <div class=\"eael-grid-post-holder\">\n            <div class=\"eael-grid-post-holder-inner\"><div class=\"eael-entry-media\"><div class=\"eael-entry-overlay fade-in\"><i class=\"fas fa-long-arrow-alt-right\" aria-hidden=\"true\"><\/i><a href=\"http:\/\/172.16.202.26\/?p=26076\"><\/a><\/div><div class=\"eael-entry-thumbnail \">\n                <img loading=\"lazy\" decoding=\"async\" width=\"368\" height=\"240\" src=\"http:\/\/172.16.202.26\/wp-content\/uploads\/2025\/10\/10JahreEntrepreneurshipcenter21-368x240.jpg\" class=\"attachment-bizberg_blog_list size-bizberg_blog_list wp-image-26080\" alt=\"\" \/>\n            <\/div>\n        <\/div><div class=\"eael-entry-wrapper\"><header class=\"eael-entry-header\"><h3 class=\"eael-entry-title\"><a\n                        class=\"eael-grid-post-link\"\n                        href=\"http:\/\/172.16.202.26\/?p=26076\"\n                        title=\"10 Jahre Entrepreneurship Center\">10 Jahre Entrepreneurship Center<\/a><\/h3><\/header><div class=\"eael-entry-content\">\n                        <div class=\"eael-grid-post-excerpt\"><p>Besuch der Jubil\u00e4umsfeier \u201e10 Jahre Entrepreneurship Center\u201c an der WU Wien.<\/p><a href=\"http:\/\/172.16.202.26\/?p=26076\" class=\"eael-post-elements-readmore-btn\">Weiterlesen ...<\/a><\/div>\n                    <\/div><\/div><\/div>\n        <\/div>\n    <\/article><article class=\"eael-grid-post eael-post-grid-column\" data-id=\"26049\">\n        <div class=\"eael-grid-post-holder\">\n            <div class=\"eael-grid-post-holder-inner\"><div class=\"eael-entry-media\"><div class=\"eael-entry-overlay fade-in\"><i class=\"fas fa-long-arrow-alt-right\" aria-hidden=\"true\"><\/i><a href=\"http:\/\/172.16.202.26\/?p=26049\"><\/a><\/div><div class=\"eael-entry-thumbnail \">\n                <img loading=\"lazy\" decoding=\"async\" width=\"368\" height=\"240\" src=\"http:\/\/172.16.202.26\/wp-content\/uploads\/2025\/10\/IMG_0182-368x240.jpeg\" class=\"attachment-bizberg_blog_list size-bizberg_blog_list wp-image-26051\" alt=\"\" \/>\n            <\/div>\n        <\/div><div class=\"eael-entry-wrapper\"><header class=\"eael-entry-header\"><h3 class=\"eael-entry-title\"><a\n                        class=\"eael-grid-post-link\"\n                        href=\"http:\/\/172.16.202.26\/?p=26049\"\n                        title=\"100 Jahre Wirtschaftsingenieure\">100 Jahre Wirtschaftsingenieure<\/a><\/h3><\/header><div class=\"eael-entry-content\">\n                        <div class=\"eael-grid-post-excerpt\"><p>Einhundert Jahre ist es her, dass \u2013 damals noch unter dem Namen \u201eBetriebstechnik\u201c \u2013 die heutige Abteilung f\u00fcr Wirtschaftsingenieure ihren Ursprung am TGM nahm.<\/p><a href=\"http:\/\/172.16.202.26\/?p=26049\" class=\"eael-post-elements-readmore-btn\">Weiterlesen ...<\/a><\/div>\n                    <\/div><\/div><\/div>\n        <\/div>\n    <\/article><article class=\"eael-grid-post eael-post-grid-column\" data-id=\"26029\">\n        <div class=\"eael-grid-post-holder\">\n            <div class=\"eael-grid-post-holder-inner\"><div class=\"eael-entry-media\"><div class=\"eael-entry-overlay fade-in\"><i class=\"fas fa-long-arrow-alt-right\" aria-hidden=\"true\"><\/i><a href=\"http:\/\/172.16.202.26\/?p=26029\"><\/a><\/div><div class=\"eael-entry-thumbnail \">\n                <img loading=\"lazy\" decoding=\"async\" width=\"368\" height=\"240\" src=\"http:\/\/172.16.202.26\/wp-content\/uploads\/2025\/10\/IMG_0373-Kopie-368x240.jpg\" class=\"attachment-bizberg_blog_list size-bizberg_blog_list wp-image-26031\" alt=\"\" \/>\n            <\/div>\n        <\/div><div class=\"eael-entry-wrapper\"><header class=\"eael-entry-header\"><h3 class=\"eael-entry-title\"><a\n                        class=\"eael-grid-post-link\"\n                        href=\"http:\/\/172.16.202.26\/?p=26029\"\n                        title=\"MEGA-Wettbewerb\">MEGA-Wettbewerb<\/a><\/h3><\/header><div class=\"eael-entry-content\">\n                        <div class=\"eael-grid-post-excerpt\"><p>Am 07.10.25 nahmen zwei unserer Lehrkr\u00e4fte am MEGA-Wettbewerb in den Wiener Sofiens\u00e4len teil.<\/p><a href=\"http:\/\/172.16.202.26\/?p=26029\" class=\"eael-post-elements-readmore-btn\">Weiterlesen ...<\/a><\/div>\n                    <\/div><\/div><\/div>\n        <\/div>\n    <\/article><article class=\"eael-grid-post eael-post-grid-column\" data-id=\"25908\">\n        <div class=\"eael-grid-post-holder\">\n            <div class=\"eael-grid-post-holder-inner\"><div class=\"eael-entry-media\"><div class=\"eael-entry-overlay fade-in\"><i class=\"fas fa-long-arrow-alt-right\" aria-hidden=\"true\"><\/i><a href=\"http:\/\/172.16.202.26\/?p=25908\"><\/a><\/div><div class=\"eael-entry-thumbnail \">\n                <img loading=\"lazy\" decoding=\"async\" width=\"368\" height=\"240\" src=\"http:\/\/172.16.202.26\/wp-content\/uploads\/2025\/09\/1e4afb8d-dd56-40ef-8eac-b46f683a5225-368x240.jpeg\" class=\"attachment-bizberg_blog_list size-bizberg_blog_list wp-image-25912\" alt=\"\" \/>\n            <\/div>\n        <\/div><div class=\"eael-entry-wrapper\"><header class=\"eael-entry-header\"><h3 class=\"eael-entry-title\"><a\n                        class=\"eael-grid-post-link\"\n                        href=\"http:\/\/172.16.202.26\/?p=25908\"\n                        title=\"TGM holt WU Wien als Partnerschule an Bord\">TGM holt WU Wien als Partnerschule an Bord<\/a><\/h3><\/header><div class=\"eael-entry-content\">\n                        <div class=\"eael-grid-post-excerpt\"><p>Die Abteilung der Wirtschaftsingenieure am TGM hat einen wichtigen Schritt gesetzt und eine Kooperation mit der WU Wien initiiert.<\/p><a href=\"http:\/\/172.16.202.26\/?p=25908\" class=\"eael-post-elements-readmore-btn\">Weiterlesen ...<\/a><\/div>\n                    <\/div><\/div><\/div>\n        <\/div>\n    <\/article><article class=\"eael-grid-post eael-post-grid-column\" data-id=\"25646\">\n        <div class=\"eael-grid-post-holder\">\n            <div class=\"eael-grid-post-holder-inner\"><div class=\"eael-entry-media\"><div class=\"eael-entry-overlay fade-in\"><i class=\"fas fa-long-arrow-alt-right\" aria-hidden=\"true\"><\/i><a href=\"http:\/\/172.16.202.26\/?p=25646\"><\/a><\/div><div class=\"eael-entry-thumbnail \">\n                <img loading=\"lazy\" decoding=\"async\" width=\"368\" height=\"240\" src=\"http:\/\/172.16.202.26\/wp-content\/uploads\/2025\/06\/IMG_49941-368x240.jpeg\" class=\"attachment-bizberg_blog_list size-bizberg_blog_list wp-image-25648\" alt=\"\" \/>\n            <\/div>\n        <\/div><div class=\"eael-entry-wrapper\"><header class=\"eael-entry-header\"><h3 class=\"eael-entry-title\"><a\n                        class=\"eael-grid-post-link\"\n                        href=\"http:\/\/172.16.202.26\/?p=25646\"\n                        title=\"Die Youth Entrepreneurship Week\">Die Youth Entrepreneurship Week<\/a><\/h3><\/header><div class=\"eael-entry-content\">\n                        <div class=\"eael-grid-post-excerpt\"><p>Die Youth Entrepreneurship Week der Wirtschaftsingenieure war ein voller Erfolg!<\/p><a href=\"http:\/\/172.16.202.26\/?p=25646\" class=\"eael-post-elements-readmore-btn\">Weiterlesen ...<\/a><\/div>\n                    <\/div><\/div><\/div>\n        <\/div>\n    <\/article><article class=\"eael-grid-post eael-post-grid-column\" data-id=\"25589\">\n        <div class=\"eael-grid-post-holder\">\n            <div class=\"eael-grid-post-holder-inner\"><div class=\"eael-entry-media\"><div class=\"eael-entry-overlay fade-in\"><i class=\"fas fa-long-arrow-alt-right\" aria-hidden=\"true\"><\/i><a href=\"http:\/\/172.16.202.26\/?p=25589\"><\/a><\/div><div class=\"eael-entry-thumbnail \">\n                <img loading=\"lazy\" decoding=\"async\" width=\"368\" height=\"240\" src=\"http:\/\/172.16.202.26\/wp-content\/uploads\/2025\/06\/IMG_7272-368x240.jpg\" class=\"attachment-bizberg_blog_list size-bizberg_blog_list wp-image-25594\" alt=\"\" \/>\n            <\/div>\n        <\/div><div class=\"eael-entry-wrapper\"><header class=\"eael-entry-header\"><h3 class=\"eael-entry-title\"><a\n                        class=\"eael-grid-post-link\"\n                        href=\"http:\/\/172.16.202.26\/?p=25589\"\n                        title=\"Sommersportwoche der HWI\">Sommersportwoche der HWI<\/a><\/h3><\/header><div class=\"eael-entry-content\">\n                        <div class=\"eael-grid-post-excerpt\"><p>Sommersportwoche in Feld am See.<\/p><a href=\"http:\/\/172.16.202.26\/?p=25589\" class=\"eael-post-elements-readmore-btn\">Weiterlesen ...<\/a><\/div>\n                    <\/div><\/div><\/div>\n        <\/div>\n    <\/article><article class=\"eael-grid-post eael-post-grid-column\" data-id=\"25558\">\n        <div class=\"eael-grid-post-holder\">\n            <div class=\"eael-grid-post-holder-inner\"><div class=\"eael-entry-media\"><div class=\"eael-entry-overlay fade-in\"><i class=\"fas fa-long-arrow-alt-right\" aria-hidden=\"true\"><\/i><a href=\"http:\/\/172.16.202.26\/?p=25558\"><\/a><\/div><div class=\"eael-entry-thumbnail \">\n                <img loading=\"lazy\" decoding=\"async\" width=\"368\" height=\"240\" src=\"http:\/\/172.16.202.26\/wp-content\/uploads\/2025\/06\/Bild4-1-368x240.jpg\" class=\"attachment-bizberg_blog_list size-bizberg_blog_list wp-image-25560\" alt=\"\" \/>\n            <\/div>\n        <\/div><div class=\"eael-entry-wrapper\"><header class=\"eael-entry-header\"><h3 class=\"eael-entry-title\"><a\n                        class=\"eael-grid-post-link\"\n                        href=\"http:\/\/172.16.202.26\/?p=25558\"\n                        title=\"Kultur trifft Technik: Die 4BHWII auf der GITEX Europe in Berlin\">Kultur trifft Technik: Die 4BHWII auf der GITEX Europe in Berlin<\/a><\/h3><\/header><div class=\"eael-entry-content\">\n                        <div class=\"eael-grid-post-excerpt\"><p>Die GITEX Europe ist eine bedeutende Technologiemesse, die 2025 erstmals in Berlin stattfand und als europ\u00e4ischer Ableger der renommierten GITEX Global in Dubai gilt.<\/p><a href=\"http:\/\/172.16.202.26\/?p=25558\" class=\"eael-post-elements-readmore-btn\">Weiterlesen ...<\/a><\/div>\n                    <\/div><\/div><\/div>\n        <\/div>\n    <\/article><article class=\"eael-grid-post eael-post-grid-column\" data-id=\"25535\">\n        <div class=\"eael-grid-post-holder\">\n            <div class=\"eael-grid-post-holder-inner\"><div class=\"eael-entry-media\"><div class=\"eael-entry-overlay fade-in\"><i class=\"fas fa-long-arrow-alt-right\" aria-hidden=\"true\"><\/i><a href=\"http:\/\/172.16.202.26\/?p=25535\"><\/a><\/div><div class=\"eael-entry-thumbnail \">\n                <img loading=\"lazy\" decoding=\"async\" width=\"368\" height=\"240\" src=\"http:\/\/172.16.202.26\/wp-content\/uploads\/2025\/06\/208_20250603__c_Schedl_TechConference-368x240.jpg\" class=\"attachment-bizberg_blog_list size-bizberg_blog_list wp-image-25539\" alt=\"\" \/>\n            <\/div>\n        <\/div><div class=\"eael-entry-wrapper\"><header class=\"eael-entry-header\"><h3 class=\"eael-entry-title\"><a\n                        class=\"eael-grid-post-link\"\n                        href=\"http:\/\/172.16.202.26\/?p=25535\"\n                        title=\"TGM goes techConference Vienna\">TGM goes techConference Vienna<\/a><\/h3><\/header><div class=\"eael-entry-content\">\n                        <div class=\"eael-grid-post-excerpt\"><p>Am 3. und 4.6.2025 besuchten Studierende der Abteilung Wirtschaftsingenieure gemeinsam mit ihren Lehrenden die techConference in der Messe Wien.<\/p><a href=\"http:\/\/172.16.202.26\/?p=25535\" class=\"eael-post-elements-readmore-btn\">Weiterlesen ...<\/a><\/div>\n                    <\/div><\/div><\/div>\n        <\/div>\n    <\/article><article class=\"eael-grid-post eael-post-grid-column\" data-id=\"25525\">\n        <div class=\"eael-grid-post-holder\">\n            <div class=\"eael-grid-post-holder-inner\"><div class=\"eael-entry-media\"><div class=\"eael-entry-overlay fade-in\"><i class=\"fas fa-long-arrow-alt-right\" aria-hidden=\"true\"><\/i><a href=\"http:\/\/172.16.202.26\/?p=25525\"><\/a><\/div><div class=\"eael-entry-thumbnail \">\n                <img loading=\"lazy\" decoding=\"async\" width=\"368\" height=\"240\" src=\"http:\/\/172.16.202.26\/wp-content\/uploads\/2025\/06\/fda86f9c-a69e-42c1-a40f-c09826cc958c-e1749643609332-368x240.jpg\" class=\"attachment-bizberg_blog_list size-bizberg_blog_list wp-image-25529\" alt=\"\" \/>\n            <\/div>\n        <\/div><div class=\"eael-entry-wrapper\"><header class=\"eael-entry-header\"><h3 class=\"eael-entry-title\"><a\n                        class=\"eael-grid-post-link\"\n                        href=\"http:\/\/172.16.202.26\/?p=25525\"\n                        title=\"Junior Company &#8222;De Toschn&#8220; gewinnt Sonderpreis\">Junior Company &#8222;De Toschn&#8220; gewinnt Sonderpreis<\/a><\/h3><\/header><div class=\"eael-entry-content\">\n                        <div class=\"eael-grid-post-excerpt\"><p>Junior Company &quot;De Toschn&quot; gewinnt Sonderpreis f\u00fcr Nachhaltigkeit beim Wiener Landeswettbewerb<\/p><a href=\"http:\/\/172.16.202.26\/?p=25525\" class=\"eael-post-elements-readmore-btn\">Weiterlesen ...<\/a><\/div>\n                    <\/div><\/div><\/div>\n        <\/div>\n    <\/article><article class=\"eael-grid-post eael-post-grid-column\" data-id=\"25456\">\n        <div class=\"eael-grid-post-holder\">\n            <div class=\"eael-grid-post-holder-inner\"><div class=\"eael-entry-media\"><div class=\"eael-entry-overlay fade-in\"><i class=\"fas fa-long-arrow-alt-right\" aria-hidden=\"true\"><\/i><a href=\"http:\/\/172.16.202.26\/?p=25456\"><\/a><\/div><div class=\"eael-entry-thumbnail \">\n                <img loading=\"lazy\" decoding=\"async\" width=\"368\" height=\"240\" src=\"http:\/\/172.16.202.26\/wp-content\/uploads\/2025\/05\/image002-1-368x240.jpg\" class=\"attachment-bizberg_blog_list size-bizberg_blog_list wp-image-25460\" alt=\"\" \/>\n            <\/div>\n        <\/div><div class=\"eael-entry-wrapper\"><header class=\"eael-entry-header\"><h3 class=\"eael-entry-title\"><a\n                        class=\"eael-grid-post-link\"\n                        href=\"http:\/\/172.16.202.26\/?p=25456\"\n                        title=\"GGP Projekt HWI\">GGP Projekt HWI<\/a><\/h3><\/header><div class=\"eael-entry-content\">\n                        <div class=\"eael-grid-post-excerpt\"><p>Projekte zum Leitthema &quot;Feminismus&quot;.<\/p><a href=\"http:\/\/172.16.202.26\/?p=25456\" class=\"eael-post-elements-readmore-btn\">Weiterlesen ...<\/a><\/div>\n                    <\/div><\/div><\/div>\n        <\/div>\n    <\/article><article class=\"eael-grid-post eael-post-grid-column\" data-id=\"25436\">\n        <div class=\"eael-grid-post-holder\">\n            <div class=\"eael-grid-post-holder-inner\"><div class=\"eael-entry-media\"><div class=\"eael-entry-overlay fade-in\"><i class=\"fas fa-long-arrow-alt-right\" aria-hidden=\"true\"><\/i><a href=\"http:\/\/172.16.202.26\/?p=25436\"><\/a><\/div><div class=\"eael-entry-thumbnail \">\n                <img loading=\"lazy\" decoding=\"async\" width=\"368\" height=\"240\" src=\"http:\/\/172.16.202.26\/wp-content\/uploads\/2025\/05\/5dd3e9c6-88d3-4f75-8675-533858ee6295-368x240.jpg\" class=\"attachment-bizberg_blog_list size-bizberg_blog_list wp-image-25440\" alt=\"\" \/>\n            <\/div>\n        <\/div><div class=\"eael-entry-wrapper\"><header class=\"eael-entry-header\"><h3 class=\"eael-entry-title\"><a\n                        class=\"eael-grid-post-link\"\n                        href=\"http:\/\/172.16.202.26\/?p=25436\"\n                        title=\"1. Platz EduSmart\">1. Platz EduSmart<\/a><\/h3><\/header><div class=\"eael-entry-content\">\n                        <div class=\"eael-grid-post-excerpt\"><p>EduSmart \u00fcberzeugt bei der Real Market Challenge des Next Generation Awards.<\/p><a href=\"http:\/\/172.16.202.26\/?p=25436\" class=\"eael-post-elements-readmore-btn\">Weiterlesen ...<\/a><\/div>\n                    <\/div><\/div><\/div>\n        <\/div>\n    <\/article><article class=\"eael-grid-post eael-post-grid-column\" data-id=\"25399\">\n        <div class=\"eael-grid-post-holder\">\n            <div class=\"eael-grid-post-holder-inner\"><div class=\"eael-entry-media\"><div class=\"eael-entry-overlay fade-in\"><i class=\"fas fa-long-arrow-alt-right\" aria-hidden=\"true\"><\/i><a href=\"http:\/\/172.16.202.26\/?p=25399\"><\/a><\/div><div class=\"eael-entry-thumbnail \">\n                <img loading=\"lazy\" decoding=\"async\" width=\"368\" height=\"240\" src=\"http:\/\/172.16.202.26\/wp-content\/uploads\/2025\/05\/IMG_8649-368x240.jpg\" class=\"attachment-bizberg_blog_list size-bizberg_blog_list wp-image-25404\" alt=\"\" \/>\n            <\/div>\n        <\/div><div class=\"eael-entry-wrapper\"><header class=\"eael-entry-header\"><h3 class=\"eael-entry-title\"><a\n                        class=\"eael-grid-post-link\"\n                        href=\"http:\/\/172.16.202.26\/?p=25399\"\n                        title=\"Besuch der Entrepreneurship Night\">Besuch der Entrepreneurship Night<\/a><\/h3><\/header><div class=\"eael-entry-content\">\n                        <div class=\"eael-grid-post-excerpt\"><p>Ein inspirierender Abend voller Ideen und Visionen.<\/p><a href=\"http:\/\/172.16.202.26\/?p=25399\" class=\"eael-post-elements-readmore-btn\">Weiterlesen ...<\/a><\/div>\n                    <\/div><\/div><\/div>\n        <\/div>\n    <\/article><article class=\"eael-grid-post eael-post-grid-column\" data-id=\"25195\">\n        <div class=\"eael-grid-post-holder\">\n            <div class=\"eael-grid-post-holder-inner\"><div class=\"eael-entry-media\"><div class=\"eael-entry-overlay fade-in\"><i class=\"fas fa-long-arrow-alt-right\" aria-hidden=\"true\"><\/i><a href=\"http:\/\/172.16.202.26\/?p=25195\"><\/a><\/div><div class=\"eael-entry-thumbnail \">\n                <img loading=\"lazy\" decoding=\"async\" width=\"368\" height=\"240\" src=\"http:\/\/172.16.202.26\/wp-content\/uploads\/2025\/04\/IMG_8972-368x240.jpg\" class=\"attachment-bizberg_blog_list size-bizberg_blog_list wp-image-25198\" alt=\"\" \/>\n            <\/div>\n        <\/div><div class=\"eael-entry-wrapper\"><header class=\"eael-entry-header\"><h3 class=\"eael-entry-title\"><a\n                        class=\"eael-grid-post-link\"\n                        href=\"http:\/\/172.16.202.26\/?p=25195\"\n                        title=\"Wandertag der HWI\">Wandertag der HWI<\/a><\/h3><\/header><div class=\"eael-entry-content\">\n                        <div class=\"eael-grid-post-excerpt\"><p>Rund 200 Sch\u00fcler*innen der HWI machten sich am 4. April 2025 auf zum Wandertag.<\/p><a href=\"http:\/\/172.16.202.26\/?p=25195\" class=\"eael-post-elements-readmore-btn\">Weiterlesen ...<\/a><\/div>\n                    <\/div><\/div><\/div>\n        <\/div>\n    <\/article><article class=\"eael-grid-post eael-post-grid-column\" data-id=\"25182\">\n        <div class=\"eael-grid-post-holder\">\n            <div class=\"eael-grid-post-holder-inner\"><div class=\"eael-entry-media\"><div class=\"eael-entry-overlay fade-in\"><i class=\"fas fa-long-arrow-alt-right\" aria-hidden=\"true\"><\/i><a href=\"http:\/\/172.16.202.26\/?p=25182\"><\/a><\/div><div class=\"eael-entry-thumbnail \">\n                <img loading=\"lazy\" decoding=\"async\" width=\"368\" height=\"240\" src=\"http:\/\/172.16.202.26\/wp-content\/uploads\/2025\/04\/Hackathon-2-368x240.jpg\" class=\"attachment-bizberg_blog_list size-bizberg_blog_list wp-image-25185\" alt=\"\" \/>\n            <\/div>\n        <\/div><div class=\"eael-entry-wrapper\"><header class=\"eael-entry-header\"><h3 class=\"eael-entry-title\"><a\n                        class=\"eael-grid-post-link\"\n                        href=\"http:\/\/172.16.202.26\/?p=25182\"\n                        title=\"Stockerlplatz beim Hackathon Vienna\">Stockerlplatz beim Hackathon Vienna<\/a><\/h3><\/header><div class=\"eael-entry-content\">\n                        <div class=\"eael-grid-post-excerpt\"><p>Der 2. Platz f\u00fcr das Dreamteam der 4BHWII der Wirtschaftsingenieure!<\/p><a href=\"http:\/\/172.16.202.26\/?p=25182\" class=\"eael-post-elements-readmore-btn\">Weiterlesen ...<\/a><\/div>\n                    <\/div><\/div><\/div>\n        <\/div>\n    <\/article><article class=\"eael-grid-post eael-post-grid-column\" data-id=\"25140\">\n        <div class=\"eael-grid-post-holder\">\n            <div class=\"eael-grid-post-holder-inner\"><div class=\"eael-entry-media\"><div class=\"eael-entry-overlay fade-in\"><i class=\"fas fa-long-arrow-alt-right\" aria-hidden=\"true\"><\/i><a href=\"http:\/\/172.16.202.26\/?p=25140\"><\/a><\/div><div class=\"eael-entry-thumbnail \">\n                <img loading=\"lazy\" decoding=\"async\" width=\"368\" height=\"240\" src=\"http:\/\/172.16.202.26\/wp-content\/uploads\/2025\/03\/06_Parlament-368x240.jpeg\" class=\"attachment-bizberg_blog_list size-bizberg_blog_list wp-image-25139\" alt=\"\" \/>\n            <\/div>\n        <\/div><div class=\"eael-entry-wrapper\"><header class=\"eael-entry-header\"><h3 class=\"eael-entry-title\"><a\n                        class=\"eael-grid-post-link\"\n                        href=\"http:\/\/172.16.202.26\/?p=25140\"\n                        title=\"United in diversity\">United in diversity<\/a><\/h3><\/header><div class=\"eael-entry-content\">\n                        <div class=\"eael-grid-post-excerpt\"><p>Die 3BHWII zu Besuch in Stra\u00dfburg.<\/p><a href=\"http:\/\/172.16.202.26\/?p=25140\" class=\"eael-post-elements-readmore-btn\">Weiterlesen ...<\/a><\/div>\n                    <\/div><\/div><\/div>\n        <\/div>\n    <\/article><article class=\"eael-grid-post eael-post-grid-column\" data-id=\"25115\">\n        <div class=\"eael-grid-post-holder\">\n            <div class=\"eael-grid-post-holder-inner\"><div class=\"eael-entry-media\"><div class=\"eael-entry-overlay fade-in\"><i class=\"fas fa-long-arrow-alt-right\" aria-hidden=\"true\"><\/i><a href=\"http:\/\/172.16.202.26\/?p=25115\"><\/a><\/div><div class=\"eael-entry-thumbnail \">\n                <img loading=\"lazy\" decoding=\"async\" width=\"368\" height=\"240\" src=\"http:\/\/172.16.202.26\/wp-content\/uploads\/2025\/03\/Bild1-Armin-Wolf-368x240.jpg\" class=\"attachment-bizberg_blog_list size-bizberg_blog_list wp-image-25117\" alt=\"\" \/>\n            <\/div>\n        <\/div><div class=\"eael-entry-wrapper\"><header class=\"eael-entry-header\"><h3 class=\"eael-entry-title\"><a\n                        class=\"eael-grid-post-link\"\n                        href=\"http:\/\/172.16.202.26\/?p=25115\"\n                        title=\"Armin Wolf am TGM\">Armin Wolf am TGM<\/a><\/h3><\/header><div class=\"eael-entry-content\">\n                        <div class=\"eael-grid-post-excerpt\"><p>Ein unterhaltsames Q&amp;A f\u00fcr die Sch\u00fcler*innen der dritten bis f\u00fcnften Jahrg\u00e4nge!<\/p><a href=\"http:\/\/172.16.202.26\/?p=25115\" class=\"eael-post-elements-readmore-btn\">Weiterlesen ...<\/a><\/div>\n                    <\/div><\/div><\/div>\n        <\/div>\n    <\/article><article class=\"eael-grid-post eael-post-grid-column\" data-id=\"25087\">\n        <div class=\"eael-grid-post-holder\">\n            <div class=\"eael-grid-post-holder-inner\"><div class=\"eael-entry-media\"><div class=\"eael-entry-overlay fade-in\"><i class=\"fas fa-long-arrow-alt-right\" aria-hidden=\"true\"><\/i><a href=\"http:\/\/172.16.202.26\/?p=25087\"><\/a><\/div><div class=\"eael-entry-thumbnail \">\n                <img loading=\"lazy\" decoding=\"async\" width=\"368\" height=\"240\" src=\"http:\/\/172.16.202.26\/wp-content\/uploads\/2025\/03\/1-BMW-368x240.jpeg\" class=\"attachment-bizberg_blog_list size-bizberg_blog_list wp-image-25093\" alt=\"\" \/>\n            <\/div>\n        <\/div><div class=\"eael-entry-wrapper\"><header class=\"eael-entry-header\"><h3 class=\"eael-entry-title\"><a\n                        class=\"eael-grid-post-link\"\n                        href=\"http:\/\/172.16.202.26\/?p=25087\"\n                        title=\"Logistisch technische Exkursion nach Stuttgart\">Logistisch technische Exkursion nach Stuttgart<\/a><\/h3><\/header><div class=\"eael-entry-content\">\n                        <div class=\"eael-grid-post-excerpt\"><p>Anfang M\u00e4rz besuchte die 4CHWIL der Wirtschaftsingenieure im Rahmen einer logistisch technischen Exkursion Stuttgart.<\/p><a href=\"http:\/\/172.16.202.26\/?p=25087\" class=\"eael-post-elements-readmore-btn\">Weiterlesen ...<\/a><\/div>\n                    <\/div><\/div><\/div>\n        <\/div>\n    <\/article><article class=\"eael-grid-post eael-post-grid-column\" data-id=\"25070\">\n        <div class=\"eael-grid-post-holder\">\n            <div class=\"eael-grid-post-holder-inner\"><div class=\"eael-entry-media\"><div class=\"eael-entry-overlay fade-in\"><i class=\"fas fa-long-arrow-alt-right\" aria-hidden=\"true\"><\/i><a href=\"http:\/\/172.16.202.26\/?p=25070\"><\/a><\/div><div class=\"eael-entry-thumbnail \">\n                <img loading=\"lazy\" decoding=\"async\" width=\"368\" height=\"240\" src=\"http:\/\/172.16.202.26\/wp-content\/uploads\/2025\/03\/IMG_8763-368x240.jpg\" class=\"attachment-bizberg_blog_list size-bizberg_blog_list wp-image-25073\" alt=\"\" \/>\n            <\/div>\n        <\/div><div class=\"eael-entry-wrapper\"><header class=\"eael-entry-header\"><h3 class=\"eael-entry-title\"><a\n                        class=\"eael-grid-post-link\"\n                        href=\"http:\/\/172.16.202.26\/?p=25070\"\n                        title=\"Vortrag von Daniel Buda, CEO von ViewApp, in der 4AHWIM des TGM\">Vortrag von Daniel Buda, CEO von ViewApp, in der 4AHWIM des TGM<\/a><\/h3><\/header><div class=\"eael-entry-content\">\n                        <div class=\"eael-grid-post-excerpt\"><p>Am 20.02.2025 hielt Daniel Buda, Absolvent der Wirtschaftsingenieure und Gesch\u00e4ftsf\u00fchrer von ViewApp, einen inspirierenden Vortrag vor den Sch\u00fclerInnen der 4AHWIM des TGM.<\/p><a href=\"http:\/\/172.16.202.26\/?p=25070\" class=\"eael-post-elements-readmore-btn\">Weiterlesen ...<\/a><\/div>\n                    <\/div><\/div><\/div>\n        <\/div>\n    <\/article><article class=\"eael-grid-post eael-post-grid-column\" data-id=\"25034\">\n        <div class=\"eael-grid-post-holder\">\n            <div class=\"eael-grid-post-holder-inner\"><div class=\"eael-entry-media\"><div class=\"eael-entry-overlay fade-in\"><i class=\"fas fa-long-arrow-alt-right\" aria-hidden=\"true\"><\/i><a href=\"http:\/\/172.16.202.26\/?p=25034\"><\/a><\/div><div class=\"eael-entry-thumbnail \">\n                <img loading=\"lazy\" decoding=\"async\" width=\"368\" height=\"240\" src=\"http:\/\/172.16.202.26\/wp-content\/uploads\/2025\/03\/image001-scaled-e1742547343763-368x240.jpg\" class=\"attachment-bizberg_blog_list size-bizberg_blog_list wp-image-25030\" alt=\"\" \/>\n            <\/div>\n        <\/div><div class=\"eael-entry-wrapper\"><header class=\"eael-entry-header\"><h3 class=\"eael-entry-title\"><a\n                        class=\"eael-grid-post-link\"\n                        href=\"http:\/\/172.16.202.26\/?p=25034\"\n                        title=\"Handelsmesse in der Lugner City\">Handelsmesse in der Lugner City<\/a><\/h3><\/header><div class=\"eael-entry-content\">\n                        <div class=\"eael-grid-post-excerpt\"><p>Unsere Junior Companies bei der Handelsmesse in der Lugner City!<\/p><a href=\"http:\/\/172.16.202.26\/?p=25034\" class=\"eael-post-elements-readmore-btn\">Weiterlesen ...<\/a><\/div>\n                    <\/div><\/div><\/div>\n        <\/div>\n    <\/article><article class=\"eael-grid-post eael-post-grid-column\" data-id=\"24915\">\n        <div class=\"eael-grid-post-holder\">\n            <div class=\"eael-grid-post-holder-inner\"><div class=\"eael-entry-media\"><div class=\"eael-entry-overlay fade-in\"><i class=\"fas fa-long-arrow-alt-right\" aria-hidden=\"true\"><\/i><a href=\"http:\/\/172.16.202.26\/?p=24915\"><\/a><\/div><div class=\"eael-entry-thumbnail \">\n                <img loading=\"lazy\" decoding=\"async\" width=\"368\" height=\"240\" src=\"http:\/\/172.16.202.26\/wp-content\/uploads\/2025\/03\/Stalingrad-1-368x240.png\" class=\"attachment-bizberg_blog_list size-bizberg_blog_list wp-image-24918\" alt=\"\" \/>\n            <\/div>\n        <\/div><div class=\"eael-entry-wrapper\"><header class=\"eael-entry-header\"><h3 class=\"eael-entry-title\"><a\n                        class=\"eael-grid-post-link\"\n                        href=\"http:\/\/172.16.202.26\/?p=24915\"\n                        title=\"Die Schlacht von Stalingrad\">Die Schlacht von Stalingrad<\/a><\/h3><\/header><div class=\"eael-entry-content\">\n                        <div class=\"eael-grid-post-excerpt\"><p>Ein Gastvortrag von Politikwissenschaftler und Milit\u00e4rjournalist Gerold Keusch zum Thema &quot;Operation Blau&quot;.<\/p><a href=\"http:\/\/172.16.202.26\/?p=24915\" class=\"eael-post-elements-readmore-btn\">Weiterlesen ...<\/a><\/div>\n                    <\/div><\/div><\/div>\n        <\/div>\n    <\/article><article class=\"eael-grid-post eael-post-grid-column\" data-id=\"24887\">\n        <div class=\"eael-grid-post-holder\">\n            <div class=\"eael-grid-post-holder-inner\"><div class=\"eael-entry-media\"><div class=\"eael-entry-overlay fade-in\"><i class=\"fas fa-long-arrow-alt-right\" aria-hidden=\"true\"><\/i><a href=\"http:\/\/172.16.202.26\/?p=24887\"><\/a><\/div><div class=\"eael-entry-thumbnail \">\n                <img loading=\"lazy\" decoding=\"async\" width=\"368\" height=\"240\" src=\"http:\/\/172.16.202.26\/wp-content\/uploads\/2025\/02\/IMG_0885-368x240.jpeg\" class=\"attachment-bizberg_blog_list size-bizberg_blog_list wp-image-24891\" alt=\"\" \/>\n            <\/div>\n        <\/div><div class=\"eael-entry-wrapper\"><header class=\"eael-entry-header\"><h3 class=\"eael-entry-title\"><a\n                        class=\"eael-grid-post-link\"\n                        href=\"http:\/\/172.16.202.26\/?p=24887\"\n                        title=\"Ein Besuch im Karl-Marx-Hof\">Ein Besuch im Karl-Marx-Hof<\/a><\/h3><\/header><div class=\"eael-entry-content\">\n                        <div class=\"eael-grid-post-excerpt\"><p>Ein Besuch der 3BHWII im Karl-Marx-Hof.<\/p><a href=\"http:\/\/172.16.202.26\/?p=24887\" class=\"eael-post-elements-readmore-btn\">Weiterlesen ...<\/a><\/div>\n                    <\/div><\/div><\/div>\n        <\/div>\n    <\/article><article class=\"eael-grid-post eael-post-grid-column\" data-id=\"24856\">\n        <div class=\"eael-grid-post-holder\">\n            <div class=\"eael-grid-post-holder-inner\"><div class=\"eael-entry-media\"><div class=\"eael-entry-overlay fade-in\"><i class=\"fas fa-long-arrow-alt-right\" aria-hidden=\"true\"><\/i><a href=\"http:\/\/172.16.202.26\/?p=24856\"><\/a><\/div><div class=\"eael-entry-thumbnail \">\n                <img loading=\"lazy\" decoding=\"async\" width=\"368\" height=\"240\" src=\"http:\/\/172.16.202.26\/wp-content\/uploads\/2025\/02\/Bild1-368x240.jpg\" class=\"attachment-bizberg_blog_list size-bizberg_blog_list wp-image-24860\" alt=\"\" \/>\n            <\/div>\n        <\/div><div class=\"eael-entry-wrapper\"><header class=\"eael-entry-header\"><h3 class=\"eael-entry-title\"><a\n                        class=\"eael-grid-post-link\"\n                        href=\"http:\/\/172.16.202.26\/?p=24856\"\n                        title=\"Exkursion BRZ\">Exkursion BRZ<\/a><\/h3><\/header><div class=\"eael-entry-content\">\n                        <div class=\"eael-grid-post-excerpt\"><p>IT erleben: Cybersecurity, KI und Softwareentwicklung hautnah im BRZ!<\/p><a href=\"http:\/\/172.16.202.26\/?p=24856\" class=\"eael-post-elements-readmore-btn\">Weiterlesen ...<\/a><\/div>\n                    <\/div><\/div><\/div>\n        <\/div>\n    <\/article><article class=\"eael-grid-post eael-post-grid-column\" data-id=\"24757\">\n        <div class=\"eael-grid-post-holder\">\n            <div class=\"eael-grid-post-holder-inner\"><div class=\"eael-entry-media\"><div class=\"eael-entry-overlay fade-in\"><i class=\"fas fa-long-arrow-alt-right\" aria-hidden=\"true\"><\/i><a href=\"http:\/\/172.16.202.26\/?p=24757\"><\/a><\/div><div class=\"eael-entry-thumbnail \">\n                <img loading=\"lazy\" decoding=\"async\" width=\"368\" height=\"240\" src=\"http:\/\/172.16.202.26\/wp-content\/uploads\/2025\/01\/IMG_8280-368x240.jpg\" class=\"attachment-bizberg_blog_list size-bizberg_blog_list wp-image-24765\" alt=\"\" \/>\n            <\/div>\n        <\/div><div class=\"eael-entry-wrapper\"><header class=\"eael-entry-header\"><h3 class=\"eael-entry-title\"><a\n                        class=\"eael-grid-post-link\"\n                        href=\"http:\/\/172.16.202.26\/?p=24757\"\n                        title=\"Erfolge beim Businessplan-Wettbewerb\">Erfolge beim Businessplan-Wettbewerb<\/a><\/h3><\/header><div class=\"eael-entry-content\">\n                        <div class=\"eael-grid-post-excerpt\"><p>Junior Companies \u00fcberzeugten beim Businessplan-Wettbewerb im WIFI Wien.<\/p><a href=\"http:\/\/172.16.202.26\/?p=24757\" class=\"eael-post-elements-readmore-btn\">Weiterlesen ...<\/a><\/div>\n                    <\/div><\/div><\/div>\n        <\/div>\n    <\/article><article class=\"eael-grid-post eael-post-grid-column\" data-id=\"24108\">\n        <div class=\"eael-grid-post-holder\">\n            <div class=\"eael-grid-post-holder-inner\"><div class=\"eael-entry-media\"><div class=\"eael-entry-overlay fade-in\"><i class=\"fas fa-long-arrow-alt-right\" aria-hidden=\"true\"><\/i><a href=\"http:\/\/172.16.202.26\/?p=24108\"><\/a><\/div><div class=\"eael-entry-thumbnail \">\n                <img loading=\"lazy\" decoding=\"async\" width=\"368\" height=\"240\" src=\"http:\/\/172.16.202.26\/wp-content\/uploads\/2024\/11\/Bild3-368x240.jpg\" class=\"attachment-bizberg_blog_list size-bizberg_blog_list wp-image-24112\" alt=\"\" \/>\n            <\/div>\n        <\/div><div class=\"eael-entry-wrapper\"><header class=\"eael-entry-header\"><h3 class=\"eael-entry-title\"><a\n                        class=\"eael-grid-post-link\"\n                        href=\"http:\/\/172.16.202.26\/?p=24108\"\n                        title=\"Eine Erfolgsgeschichte\">Eine Erfolgsgeschichte<\/a><\/h3><\/header><div class=\"eael-entry-content\">\n                        <div class=\"eael-grid-post-excerpt\"><p>Drei tgm-Absolventen gr\u00fcnden Motic GmbH und revolutionieren mit Cargobeast den Lastenfahrradmarkt.<\/p><a href=\"http:\/\/172.16.202.26\/?p=24108\" class=\"eael-post-elements-readmore-btn\">Weiterlesen ...<\/a><\/div>\n                    <\/div><\/div><\/div>\n        <\/div>\n    <\/article><article class=\"eael-grid-post eael-post-grid-column\" data-id=\"24088\">\n        <div class=\"eael-grid-post-holder\">\n            <div class=\"eael-grid-post-holder-inner\"><div class=\"eael-entry-media\"><div class=\"eael-entry-overlay fade-in\"><i class=\"fas fa-long-arrow-alt-right\" aria-hidden=\"true\"><\/i><a href=\"http:\/\/172.16.202.26\/?p=24088\"><\/a><\/div><div class=\"eael-entry-thumbnail \">\n                <img loading=\"lazy\" decoding=\"async\" width=\"368\" height=\"240\" src=\"http:\/\/172.16.202.26\/wp-content\/uploads\/2024\/11\/IceCube1-368x240.jpg\" class=\"attachment-bizberg_blog_list size-bizberg_blog_list wp-image-24090\" alt=\"\" \/>\n            <\/div>\n        <\/div><div class=\"eael-entry-wrapper\"><header class=\"eael-entry-header\"><h3 class=\"eael-entry-title\"><a\n                        class=\"eael-grid-post-link\"\n                        href=\"http:\/\/172.16.202.26\/?p=24088\"\n                        title=\"IceCube goes European Youth Award for Sustainability\">IceCube goes European Youth Award for Sustainability<\/a><\/h3><\/header><div class=\"eael-entry-content\">\n                        <div class=\"eael-grid-post-excerpt\"><p>Das Team IceCube nahm an der Jugend-Europameisterschaft f\u00fcr Entrepreneurship in Berlin teil.<\/p><a href=\"http:\/\/172.16.202.26\/?p=24088\" class=\"eael-post-elements-readmore-btn\">Weiterlesen ...<\/a><\/div>\n                    <\/div><\/div><\/div>\n        <\/div>\n    <\/article><article class=\"eael-grid-post eael-post-grid-column\" data-id=\"24048\">\n        <div class=\"eael-grid-post-holder\">\n            <div class=\"eael-grid-post-holder-inner\"><div class=\"eael-entry-media\"><div class=\"eael-entry-overlay fade-in\"><i class=\"fas fa-long-arrow-alt-right\" aria-hidden=\"true\"><\/i><a href=\"http:\/\/172.16.202.26\/?p=24048\"><\/a><\/div><div class=\"eael-entry-thumbnail \">\n                <img loading=\"lazy\" decoding=\"async\" width=\"368\" height=\"240\" src=\"http:\/\/172.16.202.26\/wp-content\/uploads\/2024\/10\/IMG_0008-368x240.jpg\" class=\"attachment-bizberg_blog_list size-bizberg_blog_list wp-image-24052\" alt=\"\" \/>\n            <\/div>\n        <\/div><div class=\"eael-entry-wrapper\"><header class=\"eael-entry-header\"><h3 class=\"eael-entry-title\"><a\n                        class=\"eael-grid-post-link\"\n                        href=\"http:\/\/172.16.202.26\/?p=24048\"\n                        title=\"Der Playduino\">Der Playduino<\/a><\/h3><\/header><div class=\"eael-entry-content\">\n                        <div class=\"eael-grid-post-excerpt\"><p>Ein TGM-Absolvent und ehemalige HWI-Lehrer stellte sein innovatives DIY-Produkt vor.<\/p><a href=\"http:\/\/172.16.202.26\/?p=24048\" class=\"eael-post-elements-readmore-btn\">Weiterlesen ...<\/a><\/div>\n                    <\/div><\/div><\/div>\n        <\/div>\n    <\/article><article class=\"eael-grid-post eael-post-grid-column\" data-id=\"24033\">\n        <div class=\"eael-grid-post-holder\">\n            <div class=\"eael-grid-post-holder-inner\"><div class=\"eael-entry-media\"><div class=\"eael-entry-overlay fade-in\"><i class=\"fas fa-long-arrow-alt-right\" aria-hidden=\"true\"><\/i><a href=\"http:\/\/172.16.202.26\/?p=24033\"><\/a><\/div><div class=\"eael-entry-thumbnail \">\n                <img loading=\"lazy\" decoding=\"async\" width=\"368\" height=\"240\" src=\"http:\/\/172.16.202.26\/wp-content\/uploads\/2024\/10\/7-368x240.jpg\" class=\"attachment-bizberg_blog_list size-bizberg_blog_list wp-image-24035\" alt=\"\" \/>\n            <\/div>\n        <\/div><div class=\"eael-entry-wrapper\"><header class=\"eael-entry-header\"><h3 class=\"eael-entry-title\"><a\n                        class=\"eael-grid-post-link\"\n                        href=\"http:\/\/172.16.202.26\/?p=24033\"\n                        title=\"Innovativ und inklusiv\">Innovativ und inklusiv<\/a><\/h3><\/header><div class=\"eael-entry-content\">\n                        <div class=\"eael-grid-post-excerpt\"><p>Diplomarbeitsgruppe entwickelt preisgekr\u00f6nte Arbeitsplatzausstattung f\u00fcr sehbehinderte Lehrkraft.<\/p><a href=\"http:\/\/172.16.202.26\/?p=24033\" class=\"eael-post-elements-readmore-btn\">Weiterlesen ...<\/a><\/div>\n                    <\/div><\/div><\/div>\n        <\/div>\n    <\/article><article class=\"eael-grid-post eael-post-grid-column\" data-id=\"24023\">\n        <div class=\"eael-grid-post-holder\">\n            <div class=\"eael-grid-post-holder-inner\"><div class=\"eael-entry-media\"><div class=\"eael-entry-overlay fade-in\"><i class=\"fas fa-long-arrow-alt-right\" aria-hidden=\"true\"><\/i><a href=\"http:\/\/172.16.202.26\/?p=24023\"><\/a><\/div><div class=\"eael-entry-thumbnail \">\n                <img loading=\"lazy\" decoding=\"async\" width=\"368\" height=\"240\" src=\"http:\/\/172.16.202.26\/wp-content\/uploads\/2024\/10\/Bild7-368x240.jpg\" class=\"attachment-bizberg_blog_list size-bizberg_blog_list wp-image-24028\" alt=\"\" \/>\n            <\/div>\n        <\/div><div class=\"eael-entry-wrapper\"><header class=\"eael-entry-header\"><h3 class=\"eael-entry-title\"><a\n                        class=\"eael-grid-post-link\"\n                        href=\"http:\/\/172.16.202.26\/?p=24023\"\n                        title=\"2.Platz beim Walter Group Hackathon 2024\">2.Platz beim Walter Group Hackathon 2024<\/a><\/h3><\/header><div class=\"eael-entry-content\">\n                        <div class=\"eael-grid-post-excerpt\"><p>Am 17. Oktober 2024 nahm ein Team der 4BHWII erfolgreich am &quot;Sustainable Logistics&quot; teil.<\/p><a href=\"http:\/\/172.16.202.26\/?p=24023\" class=\"eael-post-elements-readmore-btn\">Weiterlesen ...<\/a><\/div>\n                    <\/div><\/div><\/div>\n        <\/div>\n    <\/article><article class=\"eael-grid-post eael-post-grid-column\" data-id=\"24014\">\n        <div class=\"eael-grid-post-holder\">\n            <div class=\"eael-grid-post-holder-inner\"><div class=\"eael-entry-media\"><div class=\"eael-entry-overlay fade-in\"><i class=\"fas fa-long-arrow-alt-right\" aria-hidden=\"true\"><\/i><a href=\"http:\/\/172.16.202.26\/?p=24014\"><\/a><\/div><div class=\"eael-entry-thumbnail \">\n                <img loading=\"lazy\" decoding=\"async\" width=\"368\" height=\"240\" src=\"http:\/\/172.16.202.26\/wp-content\/uploads\/2024\/10\/Bild1-368x240.jpg\" class=\"attachment-bizberg_blog_list size-bizberg_blog_list wp-image-24017\" alt=\"\" \/>\n            <\/div>\n        <\/div><div class=\"eael-entry-wrapper\"><header class=\"eael-entry-header\"><h3 class=\"eael-entry-title\"><a\n                        class=\"eael-grid-post-link\"\n                        href=\"http:\/\/172.16.202.26\/?p=24014\"\n                        title=\"3BHWII goes Gaming\">3BHWII goes Gaming<\/a><\/h3><\/header><div class=\"eael-entry-content\">\n                        <div class=\"eael-grid-post-excerpt\"><p>Ein Ausflug in die Welt der Spieleentwicklung.<\/p><a href=\"http:\/\/172.16.202.26\/?p=24014\" class=\"eael-post-elements-readmore-btn\">Weiterlesen ...<\/a><\/div>\n                    <\/div><\/div><\/div>\n        <\/div>\n    <\/article><article class=\"eael-grid-post eael-post-grid-column\" data-id=\"24004\">\n        <div class=\"eael-grid-post-holder\">\n            <div class=\"eael-grid-post-holder-inner\"><div class=\"eael-entry-media\"><div class=\"eael-entry-overlay fade-in\"><i class=\"fas fa-long-arrow-alt-right\" aria-hidden=\"true\"><\/i><a href=\"http:\/\/172.16.202.26\/?p=24004\"><\/a><\/div><div class=\"eael-entry-thumbnail \">\n                <img loading=\"lazy\" decoding=\"async\" width=\"368\" height=\"240\" src=\"http:\/\/172.16.202.26\/wp-content\/uploads\/2024\/10\/0A64F3DE0-368x240.jpeg\" class=\"attachment-bizberg_blog_list size-bizberg_blog_list wp-image-24006\" alt=\"\" \/>\n            <\/div>\n        <\/div><div class=\"eael-entry-wrapper\"><header class=\"eael-entry-header\"><h3 class=\"eael-entry-title\"><a\n                        class=\"eael-grid-post-link\"\n                        href=\"http:\/\/172.16.202.26\/?p=24004\"\n                        title=\"&#8222;Think like an Entrepreneur&#8220;\">&#8222;Think like an Entrepreneur&#8220;<\/a><\/h3><\/header><div class=\"eael-entry-content\">\n                        <div class=\"eael-grid-post-excerpt\"><p>Zwei Sch\u00fcler aus der WII nahmen am KickOff Event der Veranstaltungsreihe &quot;Entrepreneurship 360\u00b0&quot; an der WU teil.<\/p><a href=\"http:\/\/172.16.202.26\/?p=24004\" class=\"eael-post-elements-readmore-btn\">Weiterlesen ...<\/a><\/div>\n                    <\/div><\/div><\/div>\n        <\/div>\n    <\/article><article class=\"eael-grid-post eael-post-grid-column\" data-id=\"23963\">\n        <div class=\"eael-grid-post-holder\">\n            <div class=\"eael-grid-post-holder-inner\"><div class=\"eael-entry-media\"><div class=\"eael-entry-overlay fade-in\"><i class=\"fas fa-long-arrow-alt-right\" aria-hidden=\"true\"><\/i><a href=\"http:\/\/172.16.202.26\/?p=23963\"><\/a><\/div><div class=\"eael-entry-thumbnail \">\n                <img loading=\"lazy\" decoding=\"async\" width=\"368\" height=\"240\" src=\"http:\/\/172.16.202.26\/wp-content\/uploads\/2024\/10\/IMG_4338-368x240.jpg\" class=\"attachment-bizberg_blog_list size-bizberg_blog_list wp-image-23965\" alt=\"\" \/>\n            <\/div>\n        <\/div><div class=\"eael-entry-wrapper\"><header class=\"eael-entry-header\"><h3 class=\"eael-entry-title\"><a\n                        class=\"eael-grid-post-link\"\n                        href=\"http:\/\/172.16.202.26\/?p=23963\"\n                        title=\"Exploring Prague\">Exploring Prague<\/a><\/h3><\/header><div class=\"eael-entry-content\">\n                        <div class=\"eael-grid-post-excerpt\"><p>Die 5AHWIM\/I besuchte eine Woche lang Prag.<\/p><a href=\"http:\/\/172.16.202.26\/?p=23963\" class=\"eael-post-elements-readmore-btn\">Weiterlesen ...<\/a><\/div>\n                    <\/div><\/div><\/div>\n        <\/div>\n    <\/article><article class=\"eael-grid-post eael-post-grid-column\" data-id=\"23918\">\n        <div class=\"eael-grid-post-holder\">\n            <div class=\"eael-grid-post-holder-inner\"><div class=\"eael-entry-media\"><div class=\"eael-entry-overlay fade-in\"><i class=\"fas fa-long-arrow-alt-right\" aria-hidden=\"true\"><\/i><a href=\"http:\/\/172.16.202.26\/?p=23918\"><\/a><\/div><div class=\"eael-entry-thumbnail \">\n                <img loading=\"lazy\" decoding=\"async\" width=\"368\" height=\"240\" src=\"http:\/\/172.16.202.26\/wp-content\/uploads\/2024\/10\/Logo-368x240.png\" class=\"attachment-bizberg_blog_list size-bizberg_blog_list wp-image-23921\" alt=\"\" \/>\n            <\/div>\n        <\/div><div class=\"eael-entry-wrapper\"><header class=\"eael-entry-header\"><h3 class=\"eael-entry-title\"><a\n                        class=\"eael-grid-post-link\"\n                        href=\"http:\/\/172.16.202.26\/?p=23918\"\n                        title=\"Mein Sprung ins OMBUD-Team\">Mein Sprung ins OMBUD-Team<\/a><\/h3><\/header><div class=\"eael-entry-content\">\n                        <div class=\"eael-grid-post-excerpt\"><p>Bericht \u00fcber die Auswahl der neuen Peer-Mediatoren.<\/p><a href=\"http:\/\/172.16.202.26\/?p=23918\" class=\"eael-post-elements-readmore-btn\">Weiterlesen ...<\/a><\/div>\n                    <\/div><\/div><\/div>\n        <\/div>\n    <\/article><article class=\"eael-grid-post eael-post-grid-column\" data-id=\"23903\">\n        <div class=\"eael-grid-post-holder\">\n            <div class=\"eael-grid-post-holder-inner\"><div class=\"eael-entry-media\"><div class=\"eael-entry-overlay fade-in\"><i class=\"fas fa-long-arrow-alt-right\" aria-hidden=\"true\"><\/i><a href=\"http:\/\/172.16.202.26\/?p=23903\"><\/a><\/div><div class=\"eael-entry-thumbnail \">\n                <img loading=\"lazy\" decoding=\"async\" width=\"368\" height=\"240\" src=\"http:\/\/172.16.202.26\/wp-content\/uploads\/2024\/10\/Outside-368x240.jpg\" class=\"attachment-bizberg_blog_list size-bizberg_blog_list wp-image-23907\" alt=\"\" \/>\n            <\/div>\n        <\/div><div class=\"eael-entry-wrapper\"><header class=\"eael-entry-header\"><h3 class=\"eael-entry-title\"><a\n                        class=\"eael-grid-post-link\"\n                        href=\"http:\/\/172.16.202.26\/?p=23903\"\n                        title=\"Exkursion zu Rittersport\">Exkursion zu Rittersport<\/a><\/h3><\/header><div class=\"eael-entry-content\">\n                        <div class=\"eael-grid-post-excerpt\"><p>Bericht \u00fcber die Exkursion der 2CHWIL (Schwerpunkt Logistik).<\/p><a href=\"http:\/\/172.16.202.26\/?p=23903\" class=\"eael-post-elements-readmore-btn\">Weiterlesen ...<\/a><\/div>\n                    <\/div><\/div><\/div>\n        <\/div>\n    <\/article><article class=\"eael-grid-post eael-post-grid-column\" data-id=\"23526\">\n        <div class=\"eael-grid-post-holder\">\n            <div class=\"eael-grid-post-holder-inner\"><div class=\"eael-entry-media\"><div class=\"eael-entry-overlay fade-in\"><i class=\"fas fa-long-arrow-alt-right\" aria-hidden=\"true\"><\/i><a href=\"http:\/\/172.16.202.26\/?p=23526\"><\/a><\/div><div class=\"eael-entry-thumbnail \">\n                <img loading=\"lazy\" decoding=\"async\" width=\"368\" height=\"240\" src=\"http:\/\/172.16.202.26\/wp-content\/uploads\/2024\/10\/IMG_1870-368x240.jpeg\" class=\"attachment-bizberg_blog_list size-bizberg_blog_list wp-image-23532\" alt=\"\" \/>\n            <\/div>\n        <\/div><div class=\"eael-entry-wrapper\"><header class=\"eael-entry-header\"><h3 class=\"eael-entry-title\"><a\n                        class=\"eael-grid-post-link\"\n                        href=\"http:\/\/172.16.202.26\/?p=23526\"\n                        title=\"Exkursion zu Deloitte Wien\">Exkursion zu Deloitte Wien<\/a><\/h3><\/header><div class=\"eael-entry-content\">\n                        <div class=\"eael-grid-post-excerpt\"><p>Bericht \u00fcber die Exkursion mit Betriebsinformatik-Studierenden.<\/p><a href=\"http:\/\/172.16.202.26\/?p=23526\" class=\"eael-post-elements-readmore-btn\">Weiterlesen ...<\/a><\/div>\n                    <\/div><\/div><\/div>\n        <\/div>\n    <\/article><article class=\"eael-grid-post eael-post-grid-column\" data-id=\"23482\">\n        <div class=\"eael-grid-post-holder\">\n            <div class=\"eael-grid-post-holder-inner\"><div class=\"eael-entry-media\"><div class=\"eael-entry-overlay fade-in\"><i class=\"fas fa-long-arrow-alt-right\" aria-hidden=\"true\"><\/i><a href=\"http:\/\/172.16.202.26\/?p=23482\"><\/a><\/div><div class=\"eael-entry-thumbnail \">\n                <img loading=\"lazy\" decoding=\"async\" width=\"368\" height=\"240\" src=\"http:\/\/172.16.202.26\/wp-content\/uploads\/2024\/09\/53797708213_2cd25bbcb3_c-368x240.jpg\" class=\"attachment-bizberg_blog_list size-bizberg_blog_list wp-image-23485\" alt=\"\" \/>\n            <\/div>\n        <\/div><div class=\"eael-entry-wrapper\"><header class=\"eael-entry-header\"><h3 class=\"eael-entry-title\"><a\n                        class=\"eael-grid-post-link\"\n                        href=\"http:\/\/172.16.202.26\/?p=23482\"\n                        title=\"&#8222;IceCube&#8220; gewinnt Sustainability Award\">&#8222;IceCube&#8220; gewinnt Sustainability Award<\/a><\/h3><\/header><div class=\"eael-entry-content\">\n                        <div class=\"eael-grid-post-excerpt\"><p>Die Sch\u00fclerInnengruppe rund um &quot;IceCube&quot; hat einen bedeutenden Erfolg erzielt.<\/p><a href=\"http:\/\/172.16.202.26\/?p=23482\" class=\"eael-post-elements-readmore-btn\">Weiterlesen ...<\/a><\/div>\n                    <\/div><\/div><\/div>\n        <\/div>\n    <\/article><article class=\"eael-grid-post eael-post-grid-column\" data-id=\"23421\">\n        <div class=\"eael-grid-post-holder\">\n            <div class=\"eael-grid-post-holder-inner\"><div class=\"eael-entry-media\"><div class=\"eael-entry-overlay fade-in\"><i class=\"fas fa-long-arrow-alt-right\" aria-hidden=\"true\"><\/i><a href=\"http:\/\/172.16.202.26\/?p=23421\"><\/a><\/div><div class=\"eael-entry-thumbnail \">\n                <img loading=\"lazy\" decoding=\"async\" width=\"368\" height=\"240\" src=\"http:\/\/172.16.202.26\/wp-content\/uploads\/2024\/09\/Bohrmaschinen-368x240.jpg\" class=\"attachment-bizberg_blog_list size-bizberg_blog_list wp-image-23425\" alt=\"\" \/>\n            <\/div>\n        <\/div><div class=\"eael-entry-wrapper\"><header class=\"eael-entry-header\"><h3 class=\"eael-entry-title\"><a\n                        class=\"eael-grid-post-link\"\n                        href=\"http:\/\/172.16.202.26\/?p=23421\"\n                        title=\"HWI goes Hilti\">HWI goes Hilti<\/a><\/h3><\/header><div class=\"eael-entry-content\">\n                        <div class=\"eael-grid-post-excerpt\"><p>Bericht \u00fcber die Exkursion der 5. Klasse zum Marktf\u00fchrer f\u00fcr Elektrowerkzeuge.<\/p><a href=\"http:\/\/172.16.202.26\/?p=23421\" class=\"eael-post-elements-readmore-btn\">Weiterlesen ...<\/a><\/div>\n                    <\/div><\/div><\/div>\n        <\/div>\n    <\/article><article class=\"eael-grid-post eael-post-grid-column\" data-id=\"23084\">\n        <div class=\"eael-grid-post-holder\">\n            <div class=\"eael-grid-post-holder-inner\"><div class=\"eael-entry-media\"><div class=\"eael-entry-overlay fade-in\"><i class=\"fas fa-long-arrow-alt-right\" aria-hidden=\"true\"><\/i><a href=\"http:\/\/172.16.202.26\/?p=23084\"><\/a><\/div><div class=\"eael-entry-thumbnail \">\n                <img loading=\"lazy\" decoding=\"async\" width=\"368\" height=\"240\" src=\"http:\/\/172.16.202.26\/wp-content\/uploads\/2024\/07\/IMG-20240626-WA0013-368x240.jpg\" class=\"attachment-bizberg_blog_list size-bizberg_blog_list wp-image-23088\" alt=\"\" \/>\n            <\/div>\n        <\/div><div class=\"eael-entry-wrapper\"><header class=\"eael-entry-header\"><h3 class=\"eael-entry-title\"><a\n                        class=\"eael-grid-post-link\"\n                        href=\"http:\/\/172.16.202.26\/?p=23084\"\n                        title=\"Wirtschaftsingenieure begeistern NachwuchstechnikerInnen!\">Wirtschaftsingenieure begeistern NachwuchstechnikerInnen!<\/a><\/h3><\/header><div class=\"eael-entry-content\">\n                        <div class=\"eael-grid-post-excerpt\"><p>In der letzten Schulwoche fanden in der Abteilung f\u00fcr Wirtschaftsingenieure die beliebten Aktionstage der HWI statt.<\/p><a href=\"http:\/\/172.16.202.26\/?p=23084\" class=\"eael-post-elements-readmore-btn\">Weiterlesen ...<\/a><\/div>\n                    <\/div><\/div><\/div>\n        <\/div>\n    <\/article><article class=\"eael-grid-post eael-post-grid-column\" data-id=\"22945\">\n        <div class=\"eael-grid-post-holder\">\n            <div class=\"eael-grid-post-holder-inner\"><div class=\"eael-entry-media\"><div class=\"eael-entry-overlay fade-in\"><i class=\"fas fa-long-arrow-alt-right\" aria-hidden=\"true\"><\/i><a href=\"http:\/\/172.16.202.26\/?p=22945\"><\/a><\/div><div class=\"eael-entry-thumbnail \">\n                <img loading=\"lazy\" decoding=\"async\" width=\"368\" height=\"240\" src=\"http:\/\/172.16.202.26\/wp-content\/uploads\/2024\/06\/3-368x240.jpg\" class=\"attachment-bizberg_blog_list size-bizberg_blog_list wp-image-22947\" alt=\"\" \/>\n            <\/div>\n        <\/div><div class=\"eael-entry-wrapper\"><header class=\"eael-entry-header\"><h3 class=\"eael-entry-title\"><a\n                        class=\"eael-grid-post-link\"\n                        href=\"http:\/\/172.16.202.26\/?p=22945\"\n                        title=\"HWI gewinnt tgm Fu\u00dfballcup\">HWI gewinnt tgm Fu\u00dfballcup<\/a><\/h3><\/header><div class=\"eael-entry-content\">\n                        <div class=\"eael-grid-post-excerpt\"><p>Die Sch\u00fclermannschaft der H\u00f6heren Lehranstalt f\u00fcr Wirtschaftsingenieure hat im Finale des tgm Fu\u00dfballcups einen beeindruckenden Sieg errungen.<\/p><a href=\"http:\/\/172.16.202.26\/?p=22945\" class=\"eael-post-elements-readmore-btn\">Weiterlesen ...<\/a><\/div>\n                    <\/div><\/div><\/div>\n        <\/div>\n    <\/article><article class=\"eael-grid-post eael-post-grid-column\" data-id=\"22934\">\n        <div class=\"eael-grid-post-holder\">\n            <div class=\"eael-grid-post-holder-inner\"><div class=\"eael-entry-media\"><div class=\"eael-entry-overlay fade-in\"><i class=\"fas fa-long-arrow-alt-right\" aria-hidden=\"true\"><\/i><a href=\"http:\/\/172.16.202.26\/?p=22934\"><\/a><\/div><div class=\"eael-entry-thumbnail \">\n                <img loading=\"lazy\" decoding=\"async\" width=\"368\" height=\"240\" src=\"http:\/\/172.16.202.26\/wp-content\/uploads\/2024\/06\/1-368x240.jpg\" class=\"attachment-bizberg_blog_list size-bizberg_blog_list wp-image-22936\" alt=\"\" \/>\n            <\/div>\n        <\/div><div class=\"eael-entry-wrapper\"><header class=\"eael-entry-header\"><h3 class=\"eael-entry-title\"><a\n                        class=\"eael-grid-post-link\"\n                        href=\"http:\/\/172.16.202.26\/?p=22934\"\n                        title=\"Verleihung der Reife- und Diplompr\u00fcfungszeugnisse\">Verleihung der Reife- und Diplompr\u00fcfungszeugnisse<\/a><\/h3><\/header><div class=\"eael-entry-content\">\n                        <div class=\"eael-grid-post-excerpt\"><p>ALLE KandidatInnen der 5AHWIM und 5BHWIL haben erfolgreich ihre Reife- und Diplompr\u00fcfung abgelegt!<\/p><a href=\"http:\/\/172.16.202.26\/?p=22934\" class=\"eael-post-elements-readmore-btn\">Weiterlesen ...<\/a><\/div>\n                    <\/div><\/div><\/div>\n        <\/div>\n    <\/article><article class=\"eael-grid-post eael-post-grid-column\" data-id=\"22782\">\n        <div class=\"eael-grid-post-holder\">\n            <div class=\"eael-grid-post-holder-inner\"><div class=\"eael-entry-media\"><div class=\"eael-entry-overlay fade-in\"><i class=\"fas fa-long-arrow-alt-right\" aria-hidden=\"true\"><\/i><a href=\"http:\/\/172.16.202.26\/?p=22782\"><\/a><\/div><div class=\"eael-entry-thumbnail \">\n                <img loading=\"lazy\" decoding=\"async\" width=\"368\" height=\"240\" src=\"http:\/\/172.16.202.26\/wp-content\/uploads\/2024\/06\/IMG_8120-368x240.jpg\" class=\"attachment-bizberg_blog_list size-bizberg_blog_list wp-image-22786\" alt=\"\" \/>\n            <\/div>\n        <\/div><div class=\"eael-entry-wrapper\"><header class=\"eael-entry-header\"><h3 class=\"eael-entry-title\"><a\n                        class=\"eael-grid-post-link\"\n                        href=\"http:\/\/172.16.202.26\/?p=22782\"\n                        title=\"EEE Day\">EEE Day<\/a><\/h3><\/header><div class=\"eael-entry-content\">\n                        <div class=\"eael-grid-post-excerpt\"><p>Entrepreneurship Education in Engineering Day: Sch\u00fclerInnen der 4A und 4B pr\u00e4sentieren innovative Gesch\u00e4ftsideen.<\/p><a href=\"http:\/\/172.16.202.26\/?p=22782\" class=\"eael-post-elements-readmore-btn\">Weiterlesen ...<\/a><\/div>\n                    <\/div><\/div><\/div>\n        <\/div>\n    <\/article><article class=\"eael-grid-post eael-post-grid-column\" data-id=\"22559\">\n        <div class=\"eael-grid-post-holder\">\n            <div class=\"eael-grid-post-holder-inner\"><div class=\"eael-entry-media\"><div class=\"eael-entry-overlay fade-in\"><i class=\"fas fa-long-arrow-alt-right\" aria-hidden=\"true\"><\/i><a href=\"http:\/\/172.16.202.26\/?p=22559\"><\/a><\/div><div class=\"eael-entry-thumbnail \">\n                <img loading=\"lazy\" decoding=\"async\" width=\"225\" height=\"225\" src=\"http:\/\/172.16.202.26\/wp-content\/uploads\/2024\/05\/CGPT-1.png\" class=\"attachment-bizberg_blog_list size-bizberg_blog_list wp-image-22569\" alt=\"\" srcset=\"http:\/\/172.16.202.26\/wp-content\/uploads\/2024\/05\/CGPT-1.png 225w, http:\/\/172.16.202.26\/wp-content\/uploads\/2024\/05\/CGPT-1-150x150.png 150w\" sizes=\"(max-width: 225px) 100vw, 225px\" \/>\n            <\/div>\n        <\/div><div class=\"eael-entry-wrapper\"><header class=\"eael-entry-header\"><h3 class=\"eael-entry-title\"><a\n                        class=\"eael-grid-post-link\"\n                        href=\"http:\/\/172.16.202.26\/?p=22559\"\n                        title=\"HEY, KOLUMBUS, WIE WAR DAS NOCH MAL?\">HEY, KOLUMBUS, WIE WAR DAS NOCH MAL?<\/a><\/h3><\/header><div class=\"eael-entry-content\">\n                        <div class=\"eael-grid-post-excerpt\"><p>Ein Interview mit einem Entdecker: Ein Miniprojekt mit ChatGPT im Geschichtsunterricht.<\/p><a href=\"http:\/\/172.16.202.26\/?p=22559\" class=\"eael-post-elements-readmore-btn\">Weiterlesen ...<\/a><\/div>\n                    <\/div><\/div><\/div>\n        <\/div>\n    <\/article><article class=\"eael-grid-post eael-post-grid-column\" data-id=\"22508\">\n        <div class=\"eael-grid-post-holder\">\n            <div class=\"eael-grid-post-holder-inner\"><div class=\"eael-entry-media\"><div class=\"eael-entry-overlay fade-in\"><i class=\"fas fa-long-arrow-alt-right\" aria-hidden=\"true\"><\/i><a href=\"http:\/\/172.16.202.26\/?p=22508\"><\/a><\/div><div class=\"eael-entry-thumbnail \">\n                <img loading=\"lazy\" decoding=\"async\" width=\"368\" height=\"240\" src=\"http:\/\/172.16.202.26\/wp-content\/uploads\/2024\/04\/IMG-20240423-WA0005-368x240.jpg\" class=\"attachment-bizberg_blog_list size-bizberg_blog_list wp-image-22512\" alt=\"\" \/>\n            <\/div>\n        <\/div><div class=\"eael-entry-wrapper\"><header class=\"eael-entry-header\"><h3 class=\"eael-entry-title\"><a\n                        class=\"eael-grid-post-link\"\n                        href=\"http:\/\/172.16.202.26\/?p=22508\"\n                        title=\"HWI goes Weinviertel\">HWI goes Weinviertel<\/a><\/h3><\/header><div class=\"eael-entry-content\">\n                        <div class=\"eael-grid-post-excerpt\"><p>Bericht \u00fcber den Abteilungswandertag der HWI am 19.4.2023.<\/p><a href=\"http:\/\/172.16.202.26\/?p=22508\" class=\"eael-post-elements-readmore-btn\">Weiterlesen ...<\/a><\/div>\n                    <\/div><\/div><\/div>\n        <\/div>\n    <\/article><article class=\"eael-grid-post eael-post-grid-column\" data-id=\"22202\">\n        <div class=\"eael-grid-post-holder\">\n            <div class=\"eael-grid-post-holder-inner\"><div class=\"eael-entry-media\"><div class=\"eael-entry-overlay fade-in\"><i class=\"fas fa-long-arrow-alt-right\" aria-hidden=\"true\"><\/i><a href=\"http:\/\/172.16.202.26\/?p=22202\"><\/a><\/div><div class=\"eael-entry-thumbnail \">\n                <img loading=\"lazy\" decoding=\"async\" width=\"368\" height=\"240\" src=\"http:\/\/172.16.202.26\/wp-content\/uploads\/2024\/03\/H1-368x240.jpg\" class=\"attachment-bizberg_blog_list size-bizberg_blog_list wp-image-22234\" alt=\"\" \/>\n            <\/div>\n        <\/div><div class=\"eael-entry-wrapper\"><header class=\"eael-entry-header\"><h3 class=\"eael-entry-title\"><a\n                        class=\"eael-grid-post-link\"\n                        href=\"http:\/\/172.16.202.26\/?p=22202\"\n                        title=\"Skigaudi auf der Wintersportwoche\">Skigaudi auf der Wintersportwoche<\/a><\/h3><\/header><div class=\"eael-entry-content\">\n                        <div class=\"eael-grid-post-excerpt\"><p>Schu\u0308ler*innen der 2. Jahrg\u00e4nge genossen den Skikurs &#039;24 in Altenmarkt im Pongau.<\/p><a href=\"http:\/\/172.16.202.26\/?p=22202\" class=\"eael-post-elements-readmore-btn\">Weiterlesen ...<\/a><\/div>\n                    <\/div><\/div><\/div>\n        <\/div>\n    <\/article><article class=\"eael-grid-post eael-post-grid-column\" data-id=\"21736\">\n        <div class=\"eael-grid-post-holder\">\n            <div class=\"eael-grid-post-holder-inner\"><div class=\"eael-entry-media\"><div class=\"eael-entry-overlay fade-in\"><i class=\"fas fa-long-arrow-alt-right\" aria-hidden=\"true\"><\/i><a href=\"http:\/\/172.16.202.26\/?p=21736\"><\/a><\/div><div class=\"eael-entry-thumbnail \">\n                <img loading=\"lazy\" decoding=\"async\" width=\"368\" height=\"240\" src=\"http:\/\/172.16.202.26\/wp-content\/uploads\/2024\/03\/IMG_4952-368x240.png\" class=\"attachment-bizberg_blog_list size-bizberg_blog_list wp-image-21738\" alt=\"\" \/>\n            <\/div>\n        <\/div><div class=\"eael-entry-wrapper\"><header class=\"eael-entry-header\"><h3 class=\"eael-entry-title\"><a\n                        class=\"eael-grid-post-link\"\n                        href=\"http:\/\/172.16.202.26\/?p=21736\"\n                        title=\"Statista in der WI\">Statista in der WI<\/a><\/h3><\/header><div class=\"eael-entry-content\">\n                        <div class=\"eael-grid-post-excerpt\"><p>Exklusiver Onlinevortrag von Statista in der WI.<\/p><a href=\"http:\/\/172.16.202.26\/?p=21736\" class=\"eael-post-elements-readmore-btn\">Weiterlesen ...<\/a><\/div>\n                    <\/div><\/div><\/div>\n        <\/div>\n    <\/article><article class=\"eael-grid-post eael-post-grid-column\" data-id=\"21718\">\n        <div class=\"eael-grid-post-holder\">\n            <div class=\"eael-grid-post-holder-inner\"><div class=\"eael-entry-media\"><div class=\"eael-entry-overlay fade-in\"><i class=\"fas fa-long-arrow-alt-right\" aria-hidden=\"true\"><\/i><a href=\"http:\/\/172.16.202.26\/?p=21718\"><\/a><\/div><div class=\"eael-entry-thumbnail \">\n                <img loading=\"lazy\" decoding=\"async\" width=\"368\" height=\"240\" src=\"http:\/\/172.16.202.26\/wp-content\/uploads\/2024\/03\/jugend-368x240.png\" class=\"attachment-bizberg_blog_list size-bizberg_blog_list wp-image-21720\" alt=\"\" \/>\n            <\/div>\n        <\/div><div class=\"eael-entry-wrapper\"><header class=\"eael-entry-header\"><h3 class=\"eael-entry-title\"><a\n                        class=\"eael-grid-post-link\"\n                        href=\"http:\/\/172.16.202.26\/?p=21718\"\n                        title=\"Projektbonus bei &#8222;Jugend Innovativ&#8220;\">Projektbonus bei &#8222;Jugend Innovativ&#8220;<\/a><\/h3><\/header><div class=\"eael-entry-content\">\n                        <div class=\"eael-grid-post-excerpt\"><p>Das Team von Intellikeysk kann sich \u00fcber einen Projektbonus von \u20ac 300,-- freuen.<\/p><a href=\"http:\/\/172.16.202.26\/?p=21718\" class=\"eael-post-elements-readmore-btn\">Weiterlesen ...<\/a><\/div>\n                    <\/div><\/div><\/div>\n        <\/div>\n    <\/article><article class=\"eael-grid-post eael-post-grid-column\" data-id=\"21669\">\n        <div class=\"eael-grid-post-holder\">\n            <div class=\"eael-grid-post-holder-inner\"><div class=\"eael-entry-media\"><div class=\"eael-entry-overlay fade-in\"><i class=\"fas fa-long-arrow-alt-right\" aria-hidden=\"true\"><\/i><a href=\"http:\/\/172.16.202.26\/?p=21669\"><\/a><\/div><div class=\"eael-entry-thumbnail \">\n                <img loading=\"lazy\" decoding=\"async\" width=\"368\" height=\"240\" src=\"http:\/\/172.16.202.26\/wp-content\/uploads\/2024\/02\/104457-368x240.jpg\" class=\"attachment-bizberg_blog_list size-bizberg_blog_list wp-image-21671\" alt=\"\" \/>\n            <\/div>\n        <\/div><div class=\"eael-entry-wrapper\"><header class=\"eael-entry-header\"><h3 class=\"eael-entry-title\"><a\n                        class=\"eael-grid-post-link\"\n                        href=\"http:\/\/172.16.202.26\/?p=21669\"\n                        title=\"HWI goes LKW Walter &#038; Containex\">HWI goes LKW Walter &#038; Containex<\/a><\/h3><\/header><div class=\"eael-entry-content\">\n                        <div class=\"eael-grid-post-excerpt\"><p>Bericht \u00fcber die Exkursion zu LKW Walter und Containex der 5.Klassen.<\/p><a href=\"http:\/\/172.16.202.26\/?p=21669\" class=\"eael-post-elements-readmore-btn\">Weiterlesen ...<\/a><\/div>\n                    <\/div><\/div><\/div>\n        <\/div>\n    <\/article><article class=\"eael-grid-post eael-post-grid-column\" data-id=\"21550\">\n        <div class=\"eael-grid-post-holder\">\n            <div class=\"eael-grid-post-holder-inner\"><div class=\"eael-entry-media\"><div class=\"eael-entry-overlay fade-in\"><i class=\"fas fa-long-arrow-alt-right\" aria-hidden=\"true\"><\/i><a href=\"http:\/\/172.16.202.26\/?p=21550\"><\/a><\/div><div class=\"eael-entry-thumbnail \">\n                <img loading=\"lazy\" decoding=\"async\" width=\"368\" height=\"240\" src=\"http:\/\/172.16.202.26\/wp-content\/uploads\/2024\/02\/Bild7-368x240.jpg\" class=\"attachment-bizberg_blog_list size-bizberg_blog_list wp-image-21557\" alt=\"\" \/>\n            <\/div>\n        <\/div><div class=\"eael-entry-wrapper\"><header class=\"eael-entry-header\"><h3 class=\"eael-entry-title\"><a\n                        class=\"eael-grid-post-link\"\n                        href=\"http:\/\/172.16.202.26\/?p=21550\"\n                        title=\"HWI goes MVA Spittelau &#8230;\">HWI goes MVA Spittelau &#8230;<\/a><\/h3><\/header><div class=\"eael-entry-content\">\n                        <div class=\"eael-grid-post-excerpt\"><p>... zur thermischen Abfallbehandlungsanlage Spittelau.<\/p><a href=\"http:\/\/172.16.202.26\/?p=21550\" class=\"eael-post-elements-readmore-btn\">Weiterlesen ...<\/a><\/div>\n                    <\/div><\/div><\/div>\n        <\/div>\n    <\/article><article class=\"eael-grid-post eael-post-grid-column\" data-id=\"21537\">\n        <div class=\"eael-grid-post-holder\">\n            <div class=\"eael-grid-post-holder-inner\"><div class=\"eael-entry-media\"><div class=\"eael-entry-overlay fade-in\"><i class=\"fas fa-long-arrow-alt-right\" aria-hidden=\"true\"><\/i><a href=\"http:\/\/172.16.202.26\/?p=21537\"><\/a><\/div><div class=\"eael-entry-thumbnail \">\n                <img loading=\"lazy\" decoding=\"async\" width=\"368\" height=\"240\" src=\"http:\/\/172.16.202.26\/wp-content\/uploads\/2024\/02\/Bild5-1-368x240.jpg\" class=\"attachment-bizberg_blog_list size-bizberg_blog_list wp-image-21539\" alt=\"\" \/>\n            <\/div>\n        <\/div><div class=\"eael-entry-wrapper\"><header class=\"eael-entry-header\"><h3 class=\"eael-entry-title\"><a\n                        class=\"eael-grid-post-link\"\n                        href=\"http:\/\/172.16.202.26\/?p=21537\"\n                        title=\"HWI goes Hydro Energy &#8230;\">HWI goes Hydro Energy &#8230;<\/a><\/h3><\/header><div class=\"eael-entry-content\">\n                        <div class=\"eael-grid-post-excerpt\"><p>... und zwar zum EVN Kraftwerk Ottenstein.<\/p><a href=\"http:\/\/172.16.202.26\/?p=21537\" class=\"eael-post-elements-readmore-btn\">Weiterlesen ...<\/a><\/div>\n                    <\/div><\/div><\/div>\n        <\/div>\n    <\/article><article class=\"eael-grid-post eael-post-grid-column\" data-id=\"21527\">\n        <div class=\"eael-grid-post-holder\">\n            <div class=\"eael-grid-post-holder-inner\"><div class=\"eael-entry-media\"><div class=\"eael-entry-overlay fade-in\"><i class=\"fas fa-long-arrow-alt-right\" aria-hidden=\"true\"><\/i><a href=\"http:\/\/172.16.202.26\/?p=21527\"><\/a><\/div><div class=\"eael-entry-thumbnail \">\n                <img loading=\"lazy\" decoding=\"async\" width=\"368\" height=\"240\" src=\"http:\/\/172.16.202.26\/wp-content\/uploads\/2024\/02\/Bild1-1-368x240.jpg\" class=\"attachment-bizberg_blog_list size-bizberg_blog_list wp-image-21529\" alt=\"\" \/>\n            <\/div>\n        <\/div><div class=\"eael-entry-wrapper\"><header class=\"eael-entry-header\"><h3 class=\"eael-entry-title\"><a\n                        class=\"eael-grid-post-link\"\n                        href=\"http:\/\/172.16.202.26\/?p=21527\"\n                        title=\"HWI goes Lasertechnik &#8230;\">HWI goes Lasertechnik &#8230;<\/a><\/h3><\/header><div class=\"eael-entry-content\">\n                        <div class=\"eael-grid-post-excerpt\"><p>... zu einem weltbekannten Unternehmen am Sektor Laserscanner.<\/p><a href=\"http:\/\/172.16.202.26\/?p=21527\" class=\"eael-post-elements-readmore-btn\">Weiterlesen ...<\/a><\/div>\n                    <\/div><\/div><\/div>\n        <\/div>\n    <\/article><article class=\"eael-grid-post eael-post-grid-column\" data-id=\"21385\">\n        <div class=\"eael-grid-post-holder\">\n            <div class=\"eael-grid-post-holder-inner\"><div class=\"eael-entry-media\"><div class=\"eael-entry-overlay fade-in\"><i class=\"fas fa-long-arrow-alt-right\" aria-hidden=\"true\"><\/i><a href=\"http:\/\/172.16.202.26\/?p=21385\"><\/a><\/div><div class=\"eael-entry-thumbnail \">\n                <img loading=\"lazy\" decoding=\"async\" width=\"368\" height=\"240\" src=\"http:\/\/172.16.202.26\/wp-content\/uploads\/2024\/01\/IMG_4278-368x240.jpg\" class=\"attachment-bizberg_blog_list size-bizberg_blog_list wp-image-21389\" alt=\"\" \/>\n            <\/div>\n        <\/div><div class=\"eael-entry-wrapper\"><header class=\"eael-entry-header\"><h3 class=\"eael-entry-title\"><a\n                        class=\"eael-grid-post-link\"\n                        href=\"http:\/\/172.16.202.26\/?p=21385\"\n                        title=\"Pitchen wie die Profis\">Pitchen wie die Profis<\/a><\/h3><\/header><div class=\"eael-entry-content\">\n                        <div class=\"eael-grid-post-excerpt\"><p>Im Rahmen des Freigegenstandes \u201eThink like an Entrepreneur\u201c besuchten Sch\u00fclerInnen und Studierende des Kollegs die Veranstaltungsreihe \u201eJoint Forces\u201c am Campus der Wirtschaftsuniversit\u00e4t Wien.<\/p><a href=\"http:\/\/172.16.202.26\/?p=21385\" class=\"eael-post-elements-readmore-btn\">Weiterlesen ...<\/a><\/div>\n                    <\/div><\/div><\/div>\n        <\/div>\n    <\/article><article class=\"eael-grid-post eael-post-grid-column\" data-id=\"21374\">\n        <div class=\"eael-grid-post-holder\">\n            <div class=\"eael-grid-post-holder-inner\"><div class=\"eael-entry-media\"><div class=\"eael-entry-overlay fade-in\"><i class=\"fas fa-long-arrow-alt-right\" aria-hidden=\"true\"><\/i><a href=\"http:\/\/172.16.202.26\/?p=21374\"><\/a><\/div><div class=\"eael-entry-thumbnail \">\n                <img loading=\"lazy\" decoding=\"async\" width=\"368\" height=\"240\" src=\"http:\/\/172.16.202.26\/wp-content\/uploads\/2024\/01\/IMG_4600-368x240.jpg\" class=\"attachment-bizberg_blog_list size-bizberg_blog_list wp-image-21380\" alt=\"\" \/>\n            <\/div>\n        <\/div><div class=\"eael-entry-wrapper\"><header class=\"eael-entry-header\"><h3 class=\"eael-entry-title\"><a\n                        class=\"eael-grid-post-link\"\n                        href=\"http:\/\/172.16.202.26\/?p=21374\"\n                        title=\"Startup Bonus und Businessplan Wettbewerb\">Startup Bonus und Businessplan Wettbewerb<\/a><\/h3><\/header><div class=\"eael-entry-content\">\n                        <div class=\"eael-grid-post-excerpt\"><p>Unsere gro\u00dfartigen Junior Companys Romula, Soapy und TinTop konnten mit ihren Pitches das Publikum \u00fcberzeugen.<\/p><a href=\"http:\/\/172.16.202.26\/?p=21374\" class=\"eael-post-elements-readmore-btn\">Weiterlesen ...<\/a><\/div>\n                    <\/div><\/div><\/div>\n        <\/div>\n    <\/article><article class=\"eael-grid-post eael-post-grid-column\" data-id=\"21038\">\n        <div class=\"eael-grid-post-holder\">\n            <div class=\"eael-grid-post-holder-inner\"><div class=\"eael-entry-media\"><div class=\"eael-entry-overlay fade-in\"><i class=\"fas fa-long-arrow-alt-right\" aria-hidden=\"true\"><\/i><a href=\"http:\/\/172.16.202.26\/?p=21038\"><\/a><\/div><div class=\"eael-entry-thumbnail \">\n                <img loading=\"lazy\" decoding=\"async\" width=\"368\" height=\"240\" src=\"http:\/\/172.16.202.26\/wp-content\/uploads\/2023\/11\/Familie-Moszkowicz-in-Ahlen-368x240.jpg\" class=\"attachment-bizberg_blog_list size-bizberg_blog_list wp-image-21040\" alt=\"\" \/>\n            <\/div>\n        <\/div><div class=\"eael-entry-wrapper\"><header class=\"eael-entry-header\"><h3 class=\"eael-entry-title\"><a\n                        class=\"eael-grid-post-link\"\n                        href=\"http:\/\/172.16.202.26\/?p=21038\"\n                        title=\"#Niewiederistjetzt: Holocaust History Project\">#Niewiederistjetzt: Holocaust History Project<\/a><\/h3><\/header><div class=\"eael-entry-content\">\n                        <div class=\"eael-grid-post-excerpt\"><p>Die 4BHWIL hatte im Rahmen eines Workshops die Gelegenheit, sich eingehend mit der Holocaust-Thematik zu besch\u00e4ftigen.<\/p><a href=\"http:\/\/172.16.202.26\/?p=21038\" class=\"eael-post-elements-readmore-btn\">Weiterlesen ...<\/a><\/div>\n                    <\/div><\/div><\/div>\n        <\/div>\n    <\/article><article class=\"eael-grid-post eael-post-grid-column\" data-id=\"20998\">\n        <div class=\"eael-grid-post-holder\">\n            <div class=\"eael-grid-post-holder-inner\"><div class=\"eael-entry-media\"><div class=\"eael-entry-overlay fade-in\"><i class=\"fas fa-long-arrow-alt-right\" aria-hidden=\"true\"><\/i><a href=\"http:\/\/172.16.202.26\/?p=20998\"><\/a><\/div><div class=\"eael-entry-thumbnail \">\n                <img loading=\"lazy\" decoding=\"async\" width=\"368\" height=\"240\" src=\"http:\/\/172.16.202.26\/wp-content\/uploads\/2023\/11\/pitch3-368x240.jpg\" class=\"attachment-bizberg_blog_list size-bizberg_blog_list wp-image-21002\" alt=\"\" \/>\n            <\/div>\n        <\/div><div class=\"eael-entry-wrapper\"><header class=\"eael-entry-header\"><h3 class=\"eael-entry-title\"><a\n                        class=\"eael-grid-post-link\"\n                        href=\"http:\/\/172.16.202.26\/?p=20998\"\n                        title=\"Wecke den Unternehmer in dir\">Wecke den Unternehmer in dir<\/a><\/h3><\/header><div class=\"eael-entry-content\">\n                        <div class=\"eael-grid-post-excerpt\"><p>Von der Idee bis zum Pitch ...<\/p><a href=\"http:\/\/172.16.202.26\/?p=20998\" class=\"eael-post-elements-readmore-btn\">Weiterlesen ...<\/a><\/div>\n                    <\/div><\/div><\/div>\n        <\/div>\n    <\/article><article class=\"eael-grid-post eael-post-grid-column\" data-id=\"20979\">\n        <div class=\"eael-grid-post-holder\">\n            <div class=\"eael-grid-post-holder-inner\"><div class=\"eael-entry-media\"><div class=\"eael-entry-overlay fade-in\"><i class=\"fas fa-long-arrow-alt-right\" aria-hidden=\"true\"><\/i><a href=\"http:\/\/172.16.202.26\/?p=20979\"><\/a><\/div><div class=\"eael-entry-thumbnail \">\n                <img loading=\"lazy\" decoding=\"async\" width=\"368\" height=\"240\" src=\"http:\/\/172.16.202.26\/wp-content\/uploads\/2023\/11\/seife1-368x240.jpg\" class=\"attachment-bizberg_blog_list size-bizberg_blog_list wp-image-20981\" alt=\"\" \/>\n            <\/div>\n        <\/div><div class=\"eael-entry-wrapper\"><header class=\"eael-entry-header\"><h3 class=\"eael-entry-title\"><a\n                        class=\"eael-grid-post-link\"\n                        href=\"http:\/\/172.16.202.26\/?p=20979\"\n                        title=\"Workshop an der VS Prandaugasse\">Workshop an der VS Prandaugasse<\/a><\/h3><\/header><div class=\"eael-entry-content\">\n                        <div class=\"eael-grid-post-excerpt\"><p>Junior Company veranstaltet Workshop an der VS Prandaugasse<\/p><a href=\"http:\/\/172.16.202.26\/?p=20979\" class=\"eael-post-elements-readmore-btn\">Weiterlesen ...<\/a><\/div>\n                    <\/div><\/div><\/div>\n        <\/div>\n    <\/article><article class=\"eael-grid-post eael-post-grid-column\" data-id=\"20963\">\n        <div class=\"eael-grid-post-holder\">\n            <div class=\"eael-grid-post-holder-inner\"><div class=\"eael-entry-media\"><div class=\"eael-entry-overlay fade-in\"><i class=\"fas fa-long-arrow-alt-right\" aria-hidden=\"true\"><\/i><a href=\"http:\/\/172.16.202.26\/?p=20963\"><\/a><\/div><div class=\"eael-entry-thumbnail \">\n                <img loading=\"lazy\" decoding=\"async\" width=\"368\" height=\"240\" src=\"http:\/\/172.16.202.26\/wp-content\/uploads\/2023\/11\/icecube-368x240.jpg\" class=\"attachment-bizberg_blog_list size-bizberg_blog_list wp-image-20965\" alt=\"\" srcset=\"http:\/\/172.16.202.26\/wp-content\/uploads\/2023\/11\/icecube-368x240.jpg 368w, http:\/\/172.16.202.26\/wp-content\/uploads\/2023\/11\/icecube-300x195.jpg 300w, http:\/\/172.16.202.26\/wp-content\/uploads\/2023\/11\/icecube.jpg 642w\" sizes=\"(max-width: 368px) 100vw, 368px\" \/>\n            <\/div>\n        <\/div><div class=\"eael-entry-wrapper\"><header class=\"eael-entry-header\"><h3 class=\"eael-entry-title\"><a\n                        class=\"eael-grid-post-link\"\n                        href=\"http:\/\/172.16.202.26\/?p=20963\"\n                        title=\"Innovative Idee\">Innovative Idee<\/a><\/h3><\/header><div class=\"eael-entry-content\">\n                        <div class=\"eael-grid-post-excerpt\"><p>Projekt \u201eIceCube\u201c: Innovative Idee feiert erste Erfolge<\/p><a href=\"http:\/\/172.16.202.26\/?p=20963\" class=\"eael-post-elements-readmore-btn\">Weiterlesen ...<\/a><\/div>\n                    <\/div><\/div><\/div>\n        <\/div>\n    <\/article><article class=\"eael-grid-post eael-post-grid-column\" data-id=\"20659\">\n        <div class=\"eael-grid-post-holder\">\n            <div class=\"eael-grid-post-holder-inner\"><div class=\"eael-entry-media\"><div class=\"eael-entry-overlay fade-in\"><i class=\"fas fa-long-arrow-alt-right\" aria-hidden=\"true\"><\/i><a href=\"http:\/\/172.16.202.26\/?p=20659\"><\/a><\/div><div class=\"eael-entry-thumbnail \">\n                <img loading=\"lazy\" decoding=\"async\" width=\"368\" height=\"240\" src=\"http:\/\/172.16.202.26\/wp-content\/uploads\/2023\/10\/IMG_5549-368x240.jpeg\" class=\"attachment-bizberg_blog_list size-bizberg_blog_list wp-image-20661\" alt=\"\" \/>\n            <\/div>\n        <\/div><div class=\"eael-entry-wrapper\"><header class=\"eael-entry-header\"><h3 class=\"eael-entry-title\"><a\n                        class=\"eael-grid-post-link\"\n                        href=\"http:\/\/172.16.202.26\/?p=20659\"\n                        title=\"Teilnahme am Logistik-Forum Wien\">Teilnahme am Logistik-Forum Wien<\/a><\/h3><\/header><div class=\"eael-entry-content\">\n                        <div class=\"eael-grid-post-excerpt\"><p>Am 4. Oktober 2023 durften die 3. und 4. Jahrg\u00e4nge des Logistikzweiges am Logistik-Forum Wien 2023 teilnehmen.<\/p><a href=\"http:\/\/172.16.202.26\/?p=20659\" class=\"eael-post-elements-readmore-btn\">Weiterlesen ...<\/a><\/div>\n                    <\/div><\/div><\/div>\n        <\/div>\n    <\/article><article class=\"eael-grid-post eael-post-grid-column\" data-id=\"20357\">\n        <div class=\"eael-grid-post-holder\">\n            <div class=\"eael-grid-post-holder-inner\"><div class=\"eael-entry-media\"><div class=\"eael-entry-overlay fade-in\"><i class=\"fas fa-long-arrow-alt-right\" aria-hidden=\"true\"><\/i><a href=\"http:\/\/172.16.202.26\/?p=20357\"><\/a><\/div><div class=\"eael-entry-thumbnail \">\n                <img loading=\"lazy\" decoding=\"async\" width=\"368\" height=\"240\" src=\"http:\/\/172.16.202.26\/wp-content\/uploads\/2023\/10\/Foto-1-368x240.png\" class=\"attachment-bizberg_blog_list size-bizberg_blog_list wp-image-20359\" alt=\"\" \/>\n            <\/div>\n        <\/div><div class=\"eael-entry-wrapper\"><header class=\"eael-entry-header\"><h3 class=\"eael-entry-title\"><a\n                        class=\"eael-grid-post-link\"\n                        href=\"http:\/\/172.16.202.26\/?p=20357\"\n                        title=\"OMBUD\">OMBUD<\/a><\/h3><\/header><div class=\"eael-entry-content\">\n                        <div class=\"eael-grid-post-excerpt\"><p>In der HWI wurde das neue OMBUD - Projekt vorgestellt.<\/p><a href=\"http:\/\/172.16.202.26\/?p=20357\" class=\"eael-post-elements-readmore-btn\">Weiterlesen ...<\/a><\/div>\n                    <\/div><\/div><\/div>\n        <\/div>\n    <\/article><article class=\"eael-grid-post eael-post-grid-column\" data-id=\"18487\">\n        <div class=\"eael-grid-post-holder\">\n            <div class=\"eael-grid-post-holder-inner\"><div class=\"eael-entry-media\"><div class=\"eael-entry-overlay fade-in\"><i class=\"fas fa-long-arrow-alt-right\" aria-hidden=\"true\"><\/i><a href=\"http:\/\/172.16.202.26\/?p=18487\"><\/a><\/div><div class=\"eael-entry-thumbnail \">\n                <img loading=\"lazy\" decoding=\"async\" width=\"368\" height=\"240\" src=\"http:\/\/172.16.202.26\/wp-content\/uploads\/2023\/06\/IMG_3487-368x240.jpeg\" class=\"attachment-bizberg_blog_list size-bizberg_blog_list wp-image-18493\" alt=\"\" \/>\n            <\/div>\n        <\/div><div class=\"eael-entry-wrapper\"><header class=\"eael-entry-header\"><h3 class=\"eael-entry-title\"><a\n                        class=\"eael-grid-post-link\"\n                        href=\"http:\/\/172.16.202.26\/?p=18487\"\n                        title=\"Exkursion zur HOFER KG\">Exkursion zur HOFER KG<\/a><\/h3><\/header><div class=\"eael-entry-content\">\n                        <div class=\"eael-grid-post-excerpt\"><p>Sch\u00fcler*innen der HWI haben exklusive Einblicke in die Unternehmensprozesse der HOFER KG erhalten.<\/p><a href=\"http:\/\/172.16.202.26\/?p=18487\" class=\"eael-post-elements-readmore-btn\">Weiterlesen ...<\/a><\/div>\n                    <\/div><\/div><\/div>\n        <\/div>\n    <\/article><article class=\"eael-grid-post eael-post-grid-column\" data-id=\"18203\">\n        <div class=\"eael-grid-post-holder\">\n            <div class=\"eael-grid-post-holder-inner\"><div class=\"eael-entry-media\"><div class=\"eael-entry-overlay fade-in\"><i class=\"fas fa-long-arrow-alt-right\" aria-hidden=\"true\"><\/i><a href=\"http:\/\/172.16.202.26\/?p=18203\"><\/a><\/div><div class=\"eael-entry-thumbnail \">\n                <img loading=\"lazy\" decoding=\"async\" width=\"368\" height=\"240\" src=\"http:\/\/172.16.202.26\/wp-content\/uploads\/2023\/05\/IMG_9794-368x240.jpeg\" class=\"attachment-bizberg_blog_list size-bizberg_blog_list wp-image-18206\" alt=\"\" \/>\n            <\/div>\n        <\/div><div class=\"eael-entry-wrapper\"><header class=\"eael-entry-header\"><h3 class=\"eael-entry-title\"><a\n                        class=\"eael-grid-post-link\"\n                        href=\"http:\/\/172.16.202.26\/?p=18203\"\n                        title=\"Verst\u00e4rkung f\u00fcr das Team der Peer-Mediator:innen\">Verst\u00e4rkung f\u00fcr das Team der Peer-Mediator:innen<\/a><\/h3><\/header><div class=\"eael-entry-content\">\n                        <div class=\"eael-grid-post-excerpt\"><p>Unsere angehenden Peer-Mediator:innen haben ihre Abschlusspr\u00fcfung erfolgreich absolviert.<\/p><a href=\"http:\/\/172.16.202.26\/?p=18203\" class=\"eael-post-elements-readmore-btn\">Weiterlesen ...<\/a><\/div>\n                    <\/div><\/div><\/div>\n        <\/div>\n    <\/article><article class=\"eael-grid-post eael-post-grid-column\" data-id=\"18190\">\n        <div class=\"eael-grid-post-holder\">\n            <div class=\"eael-grid-post-holder-inner\"><div class=\"eael-entry-media\"><div class=\"eael-entry-overlay fade-in\"><i class=\"fas fa-long-arrow-alt-right\" aria-hidden=\"true\"><\/i><a href=\"http:\/\/172.16.202.26\/?p=18190\"><\/a><\/div><div class=\"eael-entry-thumbnail \">\n                <img loading=\"lazy\" decoding=\"async\" width=\"368\" height=\"240\" src=\"http:\/\/172.16.202.26\/wp-content\/uploads\/2023\/05\/IMG_2238-368x240.jpeg\" class=\"attachment-bizberg_blog_list size-bizberg_blog_list wp-image-18192\" alt=\"\" \/>\n            <\/div>\n        <\/div><div class=\"eael-entry-wrapper\"><header class=\"eael-entry-header\"><h3 class=\"eael-entry-title\"><a\n                        class=\"eael-grid-post-link\"\n                        href=\"http:\/\/172.16.202.26\/?p=18190\"\n                        title=\"Sportwoche der HWI\">Sportwoche der HWI<\/a><\/h3><\/header><div class=\"eael-entry-content\">\n                        <div class=\"eael-grid-post-excerpt\"><p>Im Mai 2023 fand in der Abteilung endlich wieder eine Sommersportwoche statt.<\/p><a href=\"http:\/\/172.16.202.26\/?p=18190\" class=\"eael-post-elements-readmore-btn\">Weiterlesen ...<\/a><\/div>\n                    <\/div><\/div><\/div>\n        <\/div>\n    <\/article><article class=\"eael-grid-post eael-post-grid-column\" data-id=\"18172\">\n        <div class=\"eael-grid-post-holder\">\n            <div class=\"eael-grid-post-holder-inner\"><div class=\"eael-entry-media\"><div class=\"eael-entry-overlay fade-in\"><i class=\"fas fa-long-arrow-alt-right\" aria-hidden=\"true\"><\/i><a href=\"http:\/\/172.16.202.26\/?p=18172\"><\/a><\/div><div class=\"eael-entry-thumbnail \">\n                <img loading=\"lazy\" decoding=\"async\" width=\"368\" height=\"240\" src=\"http:\/\/172.16.202.26\/wp-content\/uploads\/2023\/05\/0004-368x240.png\" class=\"attachment-bizberg_blog_list size-bizberg_blog_list wp-image-18182\" alt=\"\" \/>\n            <\/div>\n        <\/div><div class=\"eael-entry-wrapper\"><header class=\"eael-entry-header\"><h3 class=\"eael-entry-title\"><a\n                        class=\"eael-grid-post-link\"\n                        href=\"http:\/\/172.16.202.26\/?p=18172\"\n                        title=\"Teilnahme am 17. \u00f6sterreichweiten CAD-Modellierwettbewerb\">Teilnahme am 17. \u00f6sterreichweiten CAD-Modellierwettbewerb<\/a><\/h3><\/header><div class=\"eael-entry-content\">\n                        <div class=\"eael-grid-post-excerpt\"><p>Z\u00e4hnezahl 2.0 - oder \u00dcbersetzungsverh\u00e4ltnis einmal anders ...<\/p><a href=\"http:\/\/172.16.202.26\/?p=18172\" class=\"eael-post-elements-readmore-btn\">Weiterlesen ...<\/a><\/div>\n                    <\/div><\/div><\/div>\n        <\/div>\n    <\/article><article class=\"eael-grid-post eael-post-grid-column\" data-id=\"17999\">\n        <div class=\"eael-grid-post-holder\">\n            <div class=\"eael-grid-post-holder-inner\"><div class=\"eael-entry-media\"><div class=\"eael-entry-overlay fade-in\"><i class=\"fas fa-long-arrow-alt-right\" aria-hidden=\"true\"><\/i><a href=\"http:\/\/172.16.202.26\/?p=17999\"><\/a><\/div><div class=\"eael-entry-thumbnail \">\n                <img loading=\"lazy\" decoding=\"async\" width=\"368\" height=\"240\" src=\"http:\/\/172.16.202.26\/wp-content\/uploads\/2023\/05\/IMG_9470-368x240.jpeg\" class=\"attachment-bizberg_blog_list size-bizberg_blog_list wp-image-18004\" alt=\"\" \/>\n            <\/div>\n        <\/div><div class=\"eael-entry-wrapper\"><header class=\"eael-entry-header\"><h3 class=\"eael-entry-title\"><a\n                        class=\"eael-grid-post-link\"\n                        href=\"http:\/\/172.16.202.26\/?p=17999\"\n                        title=\"Friedenstage auf Burg Schlaining (II)\">Friedenstage auf Burg Schlaining (II)<\/a><\/h3><\/header><div class=\"eael-entry-content\">\n                        <div class=\"eael-grid-post-excerpt\"><p>Die \u201en\u00e4chste Generation\u201c unserer Peer-Mediator:innen verbrachte zwei arbeitsreiche Tage auf der Friedensburg Schlaining.<\/p><a href=\"http:\/\/172.16.202.26\/?p=17999\" class=\"eael-post-elements-readmore-btn\">Weiterlesen ...<\/a><\/div>\n                    <\/div><\/div><\/div>\n        <\/div>\n    <\/article><article class=\"eael-grid-post eael-post-grid-column\" data-id=\"17514\">\n        <div class=\"eael-grid-post-holder\">\n            <div class=\"eael-grid-post-holder-inner\"><div class=\"eael-entry-media\"><div class=\"eael-entry-overlay fade-in\"><i class=\"fas fa-long-arrow-alt-right\" aria-hidden=\"true\"><\/i><a href=\"http:\/\/172.16.202.26\/?p=17514\"><\/a><\/div><div class=\"eael-entry-thumbnail \">\n                <img loading=\"lazy\" decoding=\"async\" width=\"368\" height=\"240\" src=\"http:\/\/172.16.202.26\/wp-content\/uploads\/2023\/04\/We-are-HWI-368x240.jpg\" class=\"attachment-bizberg_blog_list size-bizberg_blog_list wp-image-17512\" alt=\"\" \/>\n            <\/div>\n        <\/div><div class=\"eael-entry-wrapper\"><header class=\"eael-entry-header\"><h3 class=\"eael-entry-title\"><a\n                        class=\"eael-grid-post-link\"\n                        href=\"http:\/\/172.16.202.26\/?p=17514\"\n                        title=\"HWI goes Weltkulturerbe \u2026\">HWI goes Weltkulturerbe \u2026<\/a><\/h3><\/header><div class=\"eael-entry-content\">\n                        <div class=\"eael-grid-post-excerpt\"><p>Endlich war es endlich wieder so weit \u2013 Abteilungswandertag!<\/p><a href=\"http:\/\/172.16.202.26\/?p=17514\" class=\"eael-post-elements-readmore-btn\">Weiterlesen ...<\/a><\/div>\n                    <\/div><\/div><\/div>\n        <\/div>\n    <\/article><article class=\"eael-grid-post eael-post-grid-column\" data-id=\"17093\">\n        <div class=\"eael-grid-post-holder\">\n            <div class=\"eael-grid-post-holder-inner\"><div class=\"eael-entry-media\"><div class=\"eael-entry-overlay fade-in\"><i class=\"fas fa-long-arrow-alt-right\" aria-hidden=\"true\"><\/i><a href=\"http:\/\/172.16.202.26\/?p=17093\"><\/a><\/div><div class=\"eael-entry-thumbnail \">\n                <img loading=\"lazy\" decoding=\"async\" width=\"368\" height=\"240\" src=\"http:\/\/172.16.202.26\/wp-content\/uploads\/2023\/03\/IMG_9676-368x240.jpg\" class=\"attachment-bizberg_blog_list size-bizberg_blog_list wp-image-17154\" alt=\"\" \/>\n            <\/div>\n        <\/div><div class=\"eael-entry-wrapper\"><header class=\"eael-entry-header\"><h3 class=\"eael-entry-title\"><a\n                        class=\"eael-grid-post-link\"\n                        href=\"http:\/\/172.16.202.26\/?p=17093\"\n                        title=\"Exkursion ins BRZ\">Exkursion ins BRZ<\/a><\/h3><\/header><div class=\"eael-entry-content\">\n                        <div class=\"eael-grid-post-excerpt\"><p>Bericht \u00fcber die Exkursion ins BRZ (Bundesrechenzentrum).<\/p><a href=\"http:\/\/172.16.202.26\/?p=17093\" class=\"eael-post-elements-readmore-btn\">Weiterlesen ...<\/a><\/div>\n                    <\/div><\/div><\/div>\n        <\/div>\n    <\/article><article class=\"eael-grid-post eael-post-grid-column\" data-id=\"17078\">\n        <div class=\"eael-grid-post-holder\">\n            <div class=\"eael-grid-post-holder-inner\"><div class=\"eael-entry-media\"><div class=\"eael-entry-overlay fade-in\"><i class=\"fas fa-long-arrow-alt-right\" aria-hidden=\"true\"><\/i><a href=\"http:\/\/172.16.202.26\/?p=17078\"><\/a><\/div><div class=\"eael-entry-thumbnail \">\n                <img loading=\"lazy\" decoding=\"async\" width=\"368\" height=\"240\" src=\"http:\/\/172.16.202.26\/wp-content\/uploads\/2023\/03\/sauber4-368x240.jpg\" class=\"attachment-bizberg_blog_list size-bizberg_blog_list wp-image-17083\" alt=\"\" \/>\n            <\/div>\n        <\/div><div class=\"eael-entry-wrapper\"><header class=\"eael-entry-header\"><h3 class=\"eael-entry-title\"><a\n                        class=\"eael-grid-post-link\"\n                        href=\"http:\/\/172.16.202.26\/?p=17078\"\n                        title=\"Exkursion zu Saubermacher\">Exkursion zu Saubermacher<\/a><\/h3><\/header><div class=\"eael-entry-content\">\n                        <div class=\"eael-grid-post-excerpt\"><p>Eine Exkursion f\u00fchrte unsere interessierten Sch\u00fcler der 5CHWIL mit dem Schwerpunkt Logistik zum marktf\u00fchrenden Abfallentsorger Saubermacher.<\/p><a href=\"http:\/\/172.16.202.26\/?p=17078\" class=\"eael-post-elements-readmore-btn\">Weiterlesen ...<\/a><\/div>\n                    <\/div><\/div><\/div>\n        <\/div>\n    <\/article><article class=\"eael-grid-post eael-post-grid-column\" data-id=\"16965\">\n        <div class=\"eael-grid-post-holder\">\n            <div class=\"eael-grid-post-holder-inner\"><div class=\"eael-entry-media\"><div class=\"eael-entry-overlay fade-in\"><i class=\"fas fa-long-arrow-alt-right\" aria-hidden=\"true\"><\/i><a href=\"http:\/\/172.16.202.26\/?p=16965\"><\/a><\/div><div class=\"eael-entry-thumbnail \">\n                <img loading=\"lazy\" decoding=\"async\" width=\"368\" height=\"240\" src=\"http:\/\/172.16.202.26\/wp-content\/uploads\/2023\/02\/IMG_1634-368x240.jpeg\" class=\"attachment-bizberg_blog_list size-bizberg_blog_list wp-image-16961\" alt=\"\" \/>\n            <\/div>\n        <\/div><div class=\"eael-entry-wrapper\"><header class=\"eael-entry-header\"><h3 class=\"eael-entry-title\"><a\n                        class=\"eael-grid-post-link\"\n                        href=\"http:\/\/172.16.202.26\/?p=16965\"\n                        title=\"Meisterschaften der Wiener Schulen im Snowboard und Skicross\">Meisterschaften der Wiener Schulen im Snowboard und Skicross<\/a><\/h3><\/header><div class=\"eael-entry-content\">\n                        <div class=\"eael-grid-post-excerpt\"><p>Das TGM war mit 3 Teams dabei wobei ein Team einen Sieg erringen konnte ...<\/p><a href=\"http:\/\/172.16.202.26\/?p=16965\" class=\"eael-post-elements-readmore-btn\">Weiterlesen ...<\/a><\/div>\n                    <\/div><\/div><\/div>\n        <\/div>\n    <\/article><article class=\"eael-grid-post eael-post-grid-column\" data-id=\"16580\">\n        <div class=\"eael-grid-post-holder\">\n            <div class=\"eael-grid-post-holder-inner\"><div class=\"eael-entry-media\"><div class=\"eael-entry-overlay fade-in\"><i class=\"fas fa-long-arrow-alt-right\" aria-hidden=\"true\"><\/i><a href=\"http:\/\/172.16.202.26\/?p=16580\"><\/a><\/div><div class=\"eael-entry-thumbnail \">\n                <img loading=\"lazy\" decoding=\"async\" width=\"320\" height=\"240\" src=\"http:\/\/172.16.202.26\/wp-content\/uploads\/2023\/01\/ae1b7.jpg\" class=\"attachment-bizberg_blog_list size-bizberg_blog_list wp-image-16585\" alt=\"\" srcset=\"http:\/\/172.16.202.26\/wp-content\/uploads\/2023\/01\/ae1b7.jpg 2048w, http:\/\/172.16.202.26\/wp-content\/uploads\/2023\/01\/ae1b7-300x225.jpg 300w, http:\/\/172.16.202.26\/wp-content\/uploads\/2023\/01\/ae1b7-1024x768.jpg 1024w, http:\/\/172.16.202.26\/wp-content\/uploads\/2023\/01\/ae1b7-768x576.jpg 768w, http:\/\/172.16.202.26\/wp-content\/uploads\/2023\/01\/ae1b7-1536x1152.jpg 1536w\" sizes=\"(max-width: 320px) 100vw, 320px\" \/>\n            <\/div>\n        <\/div><div class=\"eael-entry-wrapper\"><header class=\"eael-entry-header\"><h3 class=\"eael-entry-title\"><a\n                        class=\"eael-grid-post-link\"\n                        href=\"http:\/\/172.16.202.26\/?p=16580\"\n                        title=\"Startup Bonus und Businessplan-Wettbewerb im WIFI Wien\">Startup Bonus und Businessplan-Wettbewerb im WIFI Wien<\/a><\/h3><\/header><div class=\"eael-entry-content\">\n                        <div class=\"eael-grid-post-excerpt\"><p>Unsere Junior Companies ReCard, REZIP, WOOPI konnten zeigen, dass sie zu den besten in Wien geh\u00f6ren.<\/p><a href=\"http:\/\/172.16.202.26\/?p=16580\" class=\"eael-post-elements-readmore-btn\">Weiterlesen ...<\/a><\/div>\n                    <\/div><\/div><\/div>\n        <\/div>\n    <\/article><article class=\"eael-grid-post eael-post-grid-column\" data-id=\"16162\">\n        <div class=\"eael-grid-post-holder\">\n            <div class=\"eael-grid-post-holder-inner\"><div class=\"eael-entry-media\"><div class=\"eael-entry-overlay fade-in\"><i class=\"fas fa-long-arrow-alt-right\" aria-hidden=\"true\"><\/i><a href=\"http:\/\/172.16.202.26\/?p=16162\"><\/a><\/div><div class=\"eael-entry-thumbnail \">\n                <img loading=\"lazy\" decoding=\"async\" width=\"368\" height=\"240\" src=\"http:\/\/172.16.202.26\/wp-content\/uploads\/2022\/11\/20221129_134227-368x240.jpg\" class=\"attachment-bizberg_blog_list size-bizberg_blog_list wp-image-16161\" alt=\"\" \/>\n            <\/div>\n        <\/div><div class=\"eael-entry-wrapper\"><header class=\"eael-entry-header\"><h3 class=\"eael-entry-title\"><a\n                        class=\"eael-grid-post-link\"\n                        href=\"http:\/\/172.16.202.26\/?p=16162\"\n                        title=\"Exkursion in den Klima-Wind-Kanal\">Exkursion in den Klima-Wind-Kanal<\/a><\/h3><\/header><div class=\"eael-entry-content\">\n                        <div class=\"eael-grid-post-excerpt\"><p>Die 4A der h\u00f6heren Abteilung f\u00fcr Wirtschaftsingenieure erhielt Ende November einen Einblick in die Funktionsweise des weltweit gr\u00f6\u00dften Klima-Wind-Kanals.<\/p><a href=\"http:\/\/172.16.202.26\/?p=16162\" class=\"eael-post-elements-readmore-btn\">Weiterlesen ...<\/a><\/div>\n                    <\/div><\/div><\/div>\n        <\/div>\n    <\/article><article class=\"eael-grid-post eael-post-grid-column\" data-id=\"15344\">\n        <div class=\"eael-grid-post-holder\">\n            <div class=\"eael-grid-post-holder-inner\"><div class=\"eael-entry-media\"><div class=\"eael-entry-overlay fade-in\"><i class=\"fas fa-long-arrow-alt-right\" aria-hidden=\"true\"><\/i><a href=\"http:\/\/172.16.202.26\/?p=15344\"><\/a><\/div><div class=\"eael-entry-thumbnail \">\n                <img loading=\"lazy\" decoding=\"async\" width=\"368\" height=\"240\" src=\"http:\/\/172.16.202.26\/wp-content\/uploads\/2022\/11\/blwi1-368x240.png\" class=\"attachment-bizberg_blog_list size-bizberg_blog_list wp-image-15346\" alt=\"\" \/>\n            <\/div>\n        <\/div><div class=\"eael-entry-wrapper\"><header class=\"eael-entry-header\"><h3 class=\"eael-entry-title\"><a\n                        class=\"eael-grid-post-link\"\n                        href=\"http:\/\/172.16.202.26\/?p=15344\"\n                        title=\"Patentamt in der Junior Company\">Patentamt in der Junior Company<\/a><\/h3><\/header><div class=\"eael-entry-content\">\n                        <div class=\"eael-grid-post-excerpt\"><p>Die Gr\u00fcndung der Junior Companies geht in die hei\u00dfe Phase.<\/p><a href=\"http:\/\/172.16.202.26\/?p=15344\" class=\"eael-post-elements-readmore-btn\">Weiterlesen ...<\/a><\/div>\n                    <\/div><\/div><\/div>\n        <\/div>\n    <\/article><article class=\"eael-grid-post eael-post-grid-column\" data-id=\"9905\">\n        <div class=\"eael-grid-post-holder\">\n            <div class=\"eael-grid-post-holder-inner\"><div class=\"eael-entry-media\"><div class=\"eael-entry-overlay fade-in\"><i class=\"fas fa-long-arrow-alt-right\" aria-hidden=\"true\"><\/i><a href=\"http:\/\/172.16.202.26\/?p=9905\"><\/a><\/div><div class=\"eael-entry-thumbnail \">\n                <img loading=\"lazy\" decoding=\"async\" width=\"368\" height=\"240\" src=\"http:\/\/172.16.202.26\/wp-content\/uploads\/2022\/07\/w-368x240.jpg\" class=\"attachment-bizberg_blog_list size-bizberg_blog_list wp-image-9907\" alt=\"\" \/>\n            <\/div>\n        <\/div><div class=\"eael-entry-wrapper\"><header class=\"eael-entry-header\"><h3 class=\"eael-entry-title\"><a\n                        class=\"eael-grid-post-link\"\n                        href=\"http:\/\/172.16.202.26\/?p=9905\"\n                        title=\"Youth Entrepreneurshipweek\">Youth Entrepreneurshipweek<\/a><\/h3><\/header><div class=\"eael-entry-content\">\n                        <div class=\"eael-grid-post-excerpt\"><p>Nach der Junior Company ist vor der Junior Company ...<\/p><a href=\"http:\/\/172.16.202.26\/?p=9905\" class=\"eael-post-elements-readmore-btn\">Weiterlesen ...<\/a><\/div>\n                    <\/div><\/div><\/div>\n        <\/div>\n    <\/article><article class=\"eael-grid-post eael-post-grid-column\" data-id=\"9885\">\n        <div class=\"eael-grid-post-holder\">\n            <div class=\"eael-grid-post-holder-inner\"><div class=\"eael-entry-media\"><div class=\"eael-entry-overlay fade-in\"><i class=\"fas fa-long-arrow-alt-right\" aria-hidden=\"true\"><\/i><a href=\"http:\/\/172.16.202.26\/?p=9885\"><\/a><\/div><div class=\"eael-entry-thumbnail \">\n                <img loading=\"lazy\" decoding=\"async\" width=\"368\" height=\"240\" src=\"http:\/\/172.16.202.26\/wp-content\/uploads\/2022\/07\/w7-368x240.jpg\" class=\"attachment-bizberg_blog_list size-bizberg_blog_list wp-image-9887\" alt=\"\" \/>\n            <\/div>\n        <\/div><div class=\"eael-entry-wrapper\"><header class=\"eael-entry-header\"><h3 class=\"eael-entry-title\"><a\n                        class=\"eael-grid-post-link\"\n                        href=\"http:\/\/172.16.202.26\/?p=9885\"\n                        title=\"European Entrepreneurship Award\">European Entrepreneurship Award<\/a><\/h3><\/header><div class=\"eael-entry-content\">\n                        <div class=\"eael-grid-post-excerpt\"><p>Wir sind die European Entrepreneurship Award Gewinner!<\/p><a href=\"http:\/\/172.16.202.26\/?p=9885\" class=\"eael-post-elements-readmore-btn\">Weiterlesen ...<\/a><\/div>\n                    <\/div><\/div><\/div>\n        <\/div>\n    <\/article><article class=\"eael-grid-post eael-post-grid-column\" data-id=\"9866\">\n        <div class=\"eael-grid-post-holder\">\n            <div class=\"eael-grid-post-holder-inner\"><div class=\"eael-entry-media\"><div class=\"eael-entry-overlay fade-in\"><i class=\"fas fa-long-arrow-alt-right\" aria-hidden=\"true\"><\/i><a href=\"http:\/\/172.16.202.26\/?p=9866\"><\/a><\/div><div class=\"eael-entry-thumbnail \">\n                <img loading=\"lazy\" decoding=\"async\" width=\"368\" height=\"240\" src=\"http:\/\/172.16.202.26\/wp-content\/uploads\/2022\/07\/w4-368x240.jpg\" class=\"attachment-bizberg_blog_list size-bizberg_blog_list wp-image-9868\" alt=\"\" \/>\n            <\/div>\n        <\/div><div class=\"eael-entry-wrapper\"><header class=\"eael-entry-header\"><h3 class=\"eael-entry-title\"><a\n                        class=\"eael-grid-post-link\"\n                        href=\"http:\/\/172.16.202.26\/?p=9866\"\n                        title=\"Moonshot Pirates\">Moonshot Pirates<\/a><\/h3><\/header><div class=\"eael-entry-content\">\n                        <div class=\"eael-grid-post-excerpt\"><p>Bis zum Mond und zur\u00fcck! So viele innovative und vision\u00e4re Ideen ...<\/p><a href=\"http:\/\/172.16.202.26\/?p=9866\" class=\"eael-post-elements-readmore-btn\">Weiterlesen ...<\/a><\/div>\n                    <\/div><\/div><\/div>\n        <\/div>\n    <\/article><article class=\"eael-grid-post eael-post-grid-column\" data-id=\"9251\">\n        <div class=\"eael-grid-post-holder\">\n            <div class=\"eael-grid-post-holder-inner\"><div class=\"eael-entry-media\"><div class=\"eael-entry-overlay fade-in\"><i class=\"fas fa-long-arrow-alt-right\" aria-hidden=\"true\"><\/i><a href=\"http:\/\/172.16.202.26\/?p=9251\"><\/a><\/div><div class=\"eael-entry-thumbnail \">\n                <img loading=\"lazy\" decoding=\"async\" width=\"368\" height=\"240\" src=\"http:\/\/172.16.202.26\/wp-content\/uploads\/2022\/06\/20220512_155509-368x240.jpg\" class=\"attachment-bizberg_blog_list size-bizberg_blog_list wp-image-9256\" alt=\"\" \/>\n            <\/div>\n        <\/div><div class=\"eael-entry-wrapper\"><header class=\"eael-entry-header\"><h3 class=\"eael-entry-title\"><a\n                        class=\"eael-grid-post-link\"\n                        href=\"http:\/\/172.16.202.26\/?p=9251\"\n                        title=\"HWI gewinnt bei Videowettbewerb\">HWI gewinnt bei Videowettbewerb<\/a><\/h3><\/header><div class=\"eael-entry-content\">\n                        <div class=\"eael-grid-post-excerpt\"><p>Eine Projektgruppe unserer 4CHWIL gewann beim Videowettbewerb des \u00d6sterreichischen Verbandes f\u00fcr Elektrotechnik zum Thema \u201eMobilit\u00e4t der Zukunft\u201c.<\/p><a href=\"http:\/\/172.16.202.26\/?p=9251\" class=\"eael-post-elements-readmore-btn\">Weiterlesen ...<\/a><\/div>\n                    <\/div><\/div><\/div>\n        <\/div>\n    <\/article><article class=\"eael-grid-post eael-post-grid-column\" data-id=\"8814\">\n        <div class=\"eael-grid-post-holder\">\n            <div class=\"eael-grid-post-holder-inner\"><div class=\"eael-entry-media\"><div class=\"eael-entry-overlay fade-in\"><i class=\"fas fa-long-arrow-alt-right\" aria-hidden=\"true\"><\/i><a href=\"http:\/\/172.16.202.26\/?p=8814\"><\/a><\/div><div class=\"eael-entry-thumbnail \">\n                <img loading=\"lazy\" decoding=\"async\" width=\"368\" height=\"240\" src=\"http:\/\/172.16.202.26\/wp-content\/uploads\/2022\/06\/20220614_161440-368x240.jpg\" class=\"attachment-bizberg_blog_list size-bizberg_blog_list wp-image-8818\" alt=\"\" \/>\n            <\/div>\n        <\/div><div class=\"eael-entry-wrapper\"><header class=\"eael-entry-header\"><h3 class=\"eael-entry-title\"><a\n                        class=\"eael-grid-post-link\"\n                        href=\"http:\/\/172.16.202.26\/?p=8814\"\n                        title=\"HWI goes Wald4tel\">HWI goes Wald4tel<\/a><\/h3><\/header><div class=\"eael-entry-content\">\n                        <div class=\"eael-grid-post-excerpt\"><p>Ressourcenschonung im Vordergrund machten wir uns am 14. Juni per Bahn auf den Weg ins Wald4tel.<\/p><a href=\"http:\/\/172.16.202.26\/?p=8814\" class=\"eael-post-elements-readmore-btn\">Weiterlesen ...<\/a><\/div>\n                    <\/div><\/div><\/div>\n        <\/div>\n    <\/article><article class=\"eael-grid-post eael-post-grid-column\" data-id=\"8577\">\n        <div class=\"eael-grid-post-holder\">\n            <div class=\"eael-grid-post-holder-inner\"><div class=\"eael-entry-media\"><div class=\"eael-entry-overlay fade-in\"><i class=\"fas fa-long-arrow-alt-right\" aria-hidden=\"true\"><\/i><a href=\"http:\/\/172.16.202.26\/?p=8577\"><\/a><\/div><div class=\"eael-entry-thumbnail \">\n                <img loading=\"lazy\" decoding=\"async\" width=\"368\" height=\"240\" src=\"http:\/\/172.16.202.26\/wp-content\/uploads\/2022\/06\/IMG_8212-368x240.jpg\" class=\"attachment-bizberg_blog_list size-bizberg_blog_list wp-image-8579\" alt=\"\" \/>\n            <\/div>\n        <\/div><div class=\"eael-entry-wrapper\"><header class=\"eael-entry-header\"><h3 class=\"eael-entry-title\"><a\n                        class=\"eael-grid-post-link\"\n                        href=\"http:\/\/172.16.202.26\/?p=8577\"\n                        title=\"ReFlame gewinnt beim Bundesfinale\">ReFlame gewinnt beim Bundesfinale<\/a><\/h3><\/header><div class=\"eael-entry-content\">\n                        <div class=\"eael-grid-post-excerpt\"><p>ReFlame gewinnt beim Bundesfinale den Social Impact Award!<\/p><a href=\"http:\/\/172.16.202.26\/?p=8577\" class=\"eael-post-elements-readmore-btn\">Weiterlesen ...<\/a><\/div>\n                    <\/div><\/div><\/div>\n        <\/div>\n    <\/article><article class=\"eael-grid-post eael-post-grid-column\" data-id=\"8562\">\n        <div class=\"eael-grid-post-holder\">\n            <div class=\"eael-grid-post-holder-inner\"><div class=\"eael-entry-media\"><div class=\"eael-entry-overlay fade-in\"><i class=\"fas fa-long-arrow-alt-right\" aria-hidden=\"true\"><\/i><a href=\"http:\/\/172.16.202.26\/?p=8562\"><\/a><\/div><div class=\"eael-entry-thumbnail \">\n                <img loading=\"lazy\" decoding=\"async\" width=\"368\" height=\"240\" src=\"http:\/\/172.16.202.26\/wp-content\/uploads\/2022\/06\/w1-1-368x240.jpg\" class=\"attachment-bizberg_blog_list size-bizberg_blog_list wp-image-8564\" alt=\"\" \/>\n            <\/div>\n        <\/div><div class=\"eael-entry-wrapper\"><header class=\"eael-entry-header\"><h3 class=\"eael-entry-title\"><a\n                        class=\"eael-grid-post-link\"\n                        href=\"http:\/\/172.16.202.26\/?p=8562\"\n                        title=\"Friedenstage auf Friedensburg Schlaining\">Friedenstage auf Friedensburg Schlaining<\/a><\/h3><\/header><div class=\"eael-entry-content\">\n                        <div class=\"eael-grid-post-excerpt\"><p>Zum kr\u00f6nenden Abschluss vor der Pr\u00fcfung zum Peermediator durften die zuk\u00fcnftigen Peers in dem idyllischen St\u00e4dtchen Stadtschlaining im Burgenland verbringen.<\/p><a href=\"http:\/\/172.16.202.26\/?p=8562\" class=\"eael-post-elements-readmore-btn\">Weiterlesen ...<\/a><\/div>\n                    <\/div><\/div><\/div>\n        <\/div>\n    <\/article><article class=\"eael-grid-post eael-post-grid-column\" data-id=\"8539\">\n        <div class=\"eael-grid-post-holder\">\n            <div class=\"eael-grid-post-holder-inner\"><div class=\"eael-entry-media\"><div class=\"eael-entry-overlay fade-in\"><i class=\"fas fa-long-arrow-alt-right\" aria-hidden=\"true\"><\/i><a href=\"http:\/\/172.16.202.26\/?p=8539\"><\/a><\/div><div class=\"eael-entry-thumbnail \">\n                <img loading=\"lazy\" decoding=\"async\" width=\"368\" height=\"240\" src=\"http:\/\/172.16.202.26\/wp-content\/uploads\/2022\/06\/w1-368x240.jpg\" class=\"attachment-bizberg_blog_list size-bizberg_blog_list wp-image-8541\" alt=\"\" \/>\n            <\/div>\n        <\/div><div class=\"eael-entry-wrapper\"><header class=\"eael-entry-header\"><h3 class=\"eael-entry-title\"><a\n                        class=\"eael-grid-post-link\"\n                        href=\"http:\/\/172.16.202.26\/?p=8539\"\n                        title=\"DAS PEER MEDIATOR PROGRAMM\">DAS PEER MEDIATOR PROGRAMM<\/a><\/h3><\/header><div class=\"eael-entry-content\">\n                        <div class=\"eael-grid-post-excerpt\"><p>In verschiedenen Modulen \u00fcber Konflikttheorie bis hin zu erfolgreicher Kommunikation lernten die begeisterten Sch\u00fcler:innen die Grundlagen einer Mediation.<\/p><a href=\"http:\/\/172.16.202.26\/?p=8539\" class=\"eael-post-elements-readmore-btn\">Weiterlesen ...<\/a><\/div>\n                    <\/div><\/div><\/div>\n        <\/div>\n    <\/article><article class=\"eael-grid-post eael-post-grid-column\" data-id=\"8373\">\n        <div class=\"eael-grid-post-holder\">\n            <div class=\"eael-grid-post-holder-inner\"><div class=\"eael-entry-media\"><div class=\"eael-entry-overlay fade-in\"><i class=\"fas fa-long-arrow-alt-right\" aria-hidden=\"true\"><\/i><a href=\"http:\/\/172.16.202.26\/?p=8373\"><\/a><\/div><div class=\"eael-entry-thumbnail \">\n                <img loading=\"lazy\" decoding=\"async\" width=\"368\" height=\"240\" src=\"http:\/\/172.16.202.26\/wp-content\/uploads\/2022\/05\/w1-1-368x240.jpg\" class=\"attachment-bizberg_blog_list size-bizberg_blog_list wp-image-8375\" alt=\"\" \/>\n            <\/div>\n        <\/div><div class=\"eael-entry-wrapper\"><header class=\"eael-entry-header\"><h3 class=\"eael-entry-title\"><a\n                        class=\"eael-grid-post-link\"\n                        href=\"http:\/\/172.16.202.26\/?p=8373\"\n                        title=\"ReFlame in der Tageszeitung &#8222;DER STANDARD&#8220;\">ReFlame in der Tageszeitung &#8222;DER STANDARD&#8220;<\/a><\/h3><\/header><div class=\"eael-entry-content\">\n                        <div class=\"eael-grid-post-excerpt\"><p>&quot;DER STANDARD&quot; widmete unter anderem unserer Junior Company &quot;ReFlame&quot; einen Artikel.<\/p><a href=\"http:\/\/172.16.202.26\/?p=8373\" class=\"eael-post-elements-readmore-btn\">Weiterlesen ...<\/a><\/div>\n                    <\/div><\/div><\/div>\n        <\/div>\n    <\/article><article class=\"eael-grid-post eael-post-grid-column\" data-id=\"8324\">\n        <div class=\"eael-grid-post-holder\">\n            <div class=\"eael-grid-post-holder-inner\"><div class=\"eael-entry-media\"><div class=\"eael-entry-overlay fade-in\"><i class=\"fas fa-long-arrow-alt-right\" aria-hidden=\"true\"><\/i><a href=\"http:\/\/172.16.202.26\/?p=8324\"><\/a><\/div><div class=\"eael-entry-thumbnail \">\n                <img loading=\"lazy\" decoding=\"async\" width=\"368\" height=\"240\" src=\"http:\/\/172.16.202.26\/wp-content\/uploads\/2022\/05\/wi1-368x240.jpg\" class=\"attachment-bizberg_blog_list size-bizberg_blog_list wp-image-8326\" alt=\"\" \/>\n            <\/div>\n        <\/div><div class=\"eael-entry-wrapper\"><header class=\"eael-entry-header\"><h3 class=\"eael-entry-title\"><a\n                        class=\"eael-grid-post-link\"\n                        href=\"http:\/\/172.16.202.26\/?p=8324\"\n                        title=\"ReFlame &#8211; Wiener Landessieg\">ReFlame &#8211; Wiener Landessieg<\/a><\/h3><\/header><div class=\"eael-entry-content\">\n                        <div class=\"eael-grid-post-excerpt\"><p>ReFlame - Wiener Landessieg! unter den Junior Companies<\/p><a href=\"http:\/\/172.16.202.26\/?p=8324\" class=\"eael-post-elements-readmore-btn\">Weiterlesen ...<\/a><\/div>\n                    <\/div><\/div><\/div>\n        <\/div>\n    <\/article><article class=\"eael-grid-post eael-post-grid-column\" data-id=\"8310\">\n        <div class=\"eael-grid-post-holder\">\n            <div class=\"eael-grid-post-holder-inner\"><div class=\"eael-entry-media\"><div class=\"eael-entry-overlay fade-in\"><i class=\"fas fa-long-arrow-alt-right\" aria-hidden=\"true\"><\/i><a href=\"http:\/\/172.16.202.26\/?p=8310\"><\/a><\/div><div class=\"eael-entry-thumbnail \">\n                <img loading=\"lazy\" decoding=\"async\" width=\"368\" height=\"240\" src=\"http:\/\/172.16.202.26\/wp-content\/uploads\/2022\/05\/p2-368x240.jpg\" class=\"attachment-bizberg_blog_list size-bizberg_blog_list wp-image-8314\" alt=\"\" \/>\n            <\/div>\n        <\/div><div class=\"eael-entry-wrapper\"><header class=\"eael-entry-header\"><h3 class=\"eael-entry-title\"><a\n                        class=\"eael-grid-post-link\"\n                        href=\"http:\/\/172.16.202.26\/?p=8310\"\n                        title=\"HWI goes Theiss\">HWI goes Theiss<\/a><\/h3><\/header><div class=\"eael-entry-content\">\n                        <div class=\"eael-grid-post-excerpt\"><p>Am 17.Mai durften wir Wirtschaftsingenieure das W\u00e4rmekraftwerk der EVN in Thei\u00df besuchen.<\/p><a href=\"http:\/\/172.16.202.26\/?p=8310\" class=\"eael-post-elements-readmore-btn\">Weiterlesen ...<\/a><\/div>\n                    <\/div><\/div><\/div>\n        <\/div>\n    <\/article><article class=\"eael-grid-post eael-post-grid-column\" data-id=\"7569\">\n        <div class=\"eael-grid-post-holder\">\n            <div class=\"eael-grid-post-holder-inner\"><div class=\"eael-entry-media\"><div class=\"eael-entry-overlay fade-in\"><i class=\"fas fa-long-arrow-alt-right\" aria-hidden=\"true\"><\/i><a href=\"http:\/\/172.16.202.26\/?p=7569\"><\/a><\/div><div class=\"eael-entry-thumbnail \">\n                <img loading=\"lazy\" decoding=\"async\" width=\"368\" height=\"240\" src=\"http:\/\/172.16.202.26\/wp-content\/uploads\/2022\/05\/dkaiser_hav_123-368x240.jpg\" class=\"attachment-bizberg_blog_list size-bizberg_blog_list wp-image-7550\" alt=\"\" \/>\n            <\/div>\n        <\/div><div class=\"eael-entry-wrapper\"><header class=\"eael-entry-header\"><h3 class=\"eael-entry-title\"><a\n                        class=\"eael-grid-post-link\"\n                        href=\"http:\/\/172.16.202.26\/?p=7569\"\n                        title=\"HWI goes underwater\">HWI goes underwater<\/a><\/h3><\/header><div class=\"eael-entry-content\">\n                        <div class=\"eael-grid-post-excerpt\"><p>Nach zweieinhalbj\u00e4hrigem covidbedingten Schularrest konnten wir endlich unsere erste Exkursion starten.<\/p><a href=\"http:\/\/172.16.202.26\/?p=7569\" class=\"eael-post-elements-readmore-btn\">Weiterlesen ...<\/a><\/div>\n                    <\/div><\/div><\/div>\n        <\/div>\n    <\/article><article class=\"eael-grid-post eael-post-grid-column\" data-id=\"7576\">\n        <div class=\"eael-grid-post-holder\">\n            <div class=\"eael-grid-post-holder-inner\"><div class=\"eael-entry-media\"><div class=\"eael-entry-overlay fade-in\"><i class=\"fas fa-long-arrow-alt-right\" aria-hidden=\"true\"><\/i><a href=\"http:\/\/172.16.202.26\/?p=7576\"><\/a><\/div><div class=\"eael-entry-thumbnail \">\n                <img loading=\"lazy\" decoding=\"async\" width=\"368\" height=\"240\" src=\"http:\/\/172.16.202.26\/wp-content\/uploads\/2022\/05\/w3-368x240.jpg\" class=\"attachment-bizberg_blog_list size-bizberg_blog_list wp-image-7578\" alt=\"\" \/>\n            <\/div>\n        <\/div><div class=\"eael-entry-wrapper\"><header class=\"eael-entry-header\"><h3 class=\"eael-entry-title\"><a\n                        class=\"eael-grid-post-link\"\n                        href=\"http:\/\/172.16.202.26\/?p=7576\"\n                        title=\"Entrepreneurship Landeswettbewerb\">Entrepreneurship Landeswettbewerb<\/a><\/h3><\/header><div class=\"eael-entry-content\">\n                        <div class=\"eael-grid-post-excerpt\"><p>Lisa Hladovec und Chiara Kemeter, Sch\u00fclerinnen der 5BHWIM, zeigten beim Entrepreneurship Landeswettbewerb ihr K\u00f6nnen.<\/p><a href=\"http:\/\/172.16.202.26\/?p=7576\" class=\"eael-post-elements-readmore-btn\">Weiterlesen ...<\/a><\/div>\n                    <\/div><\/div><\/div>\n        <\/div>\n    <\/article><article class=\"eael-grid-post eael-post-grid-column\" data-id=\"7584\">\n        <div class=\"eael-grid-post-holder\">\n            <div class=\"eael-grid-post-holder-inner\"><div class=\"eael-entry-media\"><div class=\"eael-entry-overlay fade-in\"><i class=\"fas fa-long-arrow-alt-right\" aria-hidden=\"true\"><\/i><a href=\"http:\/\/172.16.202.26\/?p=7584\"><\/a><\/div><div class=\"eael-entry-thumbnail \">\n                <img loading=\"lazy\" decoding=\"async\" width=\"368\" height=\"240\" src=\"http:\/\/172.16.202.26\/wp-content\/uploads\/2021\/12\/w4-368x240.jpg\" class=\"attachment-bizberg_blog_list size-bizberg_blog_list wp-image-7590\" alt=\"\" \/>\n            <\/div>\n        <\/div><div class=\"eael-entry-wrapper\"><header class=\"eael-entry-header\"><h3 class=\"eael-entry-title\"><a\n                        class=\"eael-grid-post-link\"\n                        href=\"http:\/\/172.16.202.26\/?p=7584\"\n                        title=\"Businessplan Wettbewerb 2021\/2022\">Businessplan Wettbewerb 2021\/2022<\/a><\/h3><\/header><div class=\"eael-entry-content\">\n                        <div class=\"eael-grid-post-excerpt\"><p>Zum dritten Mal wurde heuer in Wien auch ein eigener Wettbewerb zur Pr\u00e4mierung der besten Junior Businesspl\u00e4ne durchgef\u00fchrt.<\/p><a href=\"http:\/\/172.16.202.26\/?p=7584\" class=\"eael-post-elements-readmore-btn\">Weiterlesen ...<\/a><\/div>\n                    <\/div><\/div><\/div>\n        <\/div>\n    <\/article><article class=\"eael-grid-post eael-post-grid-column\" data-id=\"8435\">\n        <div class=\"eael-grid-post-holder\">\n            <div class=\"eael-grid-post-holder-inner\"><div class=\"eael-entry-media\"><div class=\"eael-entry-overlay fade-in\"><i class=\"fas fa-long-arrow-alt-right\" aria-hidden=\"true\"><\/i><a href=\"http:\/\/172.16.202.26\/?p=8435\"><\/a><\/div><div class=\"eael-entry-thumbnail \">\n                <img loading=\"lazy\" decoding=\"async\" width=\"368\" height=\"240\" src=\"http:\/\/172.16.202.26\/wp-content\/uploads\/2021\/11\/w1-368x240.jpg\" class=\"attachment-bizberg_blog_list size-bizberg_blog_list wp-image-8437\" alt=\"\" \/>\n            <\/div>\n        <\/div><div class=\"eael-entry-wrapper\"><header class=\"eael-entry-header\"><h3 class=\"eael-entry-title\"><a\n                        class=\"eael-grid-post-link\"\n                        href=\"http:\/\/172.16.202.26\/?p=8435\"\n                        title=\"CEO der \u00d6BB besucht die Wirtschaftsingenieure am tgm\">CEO der \u00d6BB besucht die Wirtschaftsingenieure am tgm<\/a><\/h3><\/header><div class=\"eael-entry-content\">\n                        <div class=\"eael-grid-post-excerpt\"><p>Sch\u00fcler*innen der Maturaklasse 5C\/Logistik trafen sich mit dem CEO der \u00d6BB, Andreas Matth\u00e4.<\/p><a href=\"http:\/\/172.16.202.26\/?p=8435\" class=\"eael-post-elements-readmore-btn\">Weiterlesen ...<\/a><\/div>\n                    <\/div><\/div><\/div>\n        <\/div>\n    <\/article><article class=\"eael-grid-post eael-post-grid-column\" data-id=\"8468\">\n        <div class=\"eael-grid-post-holder\">\n            <div class=\"eael-grid-post-holder-inner\"><div class=\"eael-entry-media\"><div class=\"eael-entry-overlay fade-in\"><i class=\"fas fa-long-arrow-alt-right\" aria-hidden=\"true\"><\/i><a href=\"http:\/\/172.16.202.26\/?p=8468\"><\/a><\/div><div class=\"eael-entry-thumbnail \">\n                <img loading=\"lazy\" decoding=\"async\" width=\"368\" height=\"240\" src=\"http:\/\/172.16.202.26\/wp-content\/uploads\/2022\/11\/w1-368x240.jpg\" class=\"attachment-bizberg_blog_list size-bizberg_blog_list wp-image-8470\" alt=\"\" \/>\n            <\/div>\n        <\/div><div class=\"eael-entry-wrapper\"><header class=\"eael-entry-header\"><h3 class=\"eael-entry-title\"><a\n                        class=\"eael-grid-post-link\"\n                        href=\"http:\/\/172.16.202.26\/?p=8468\"\n                        title=\"Wirtschaftsingenieure holen Entrepreneurship Auszeichnung f\u00fcr das tgm\">Wirtschaftsingenieure holen Entrepreneurship Auszeichnung f\u00fcr das tgm<\/a><\/h3><\/header><div class=\"eael-entry-content\">\n                        <div class=\"eael-grid-post-excerpt\"><p>Auszeichnung durch Bildungsminister Dr. Heinz Fa\u00dfmann.<\/p><a href=\"http:\/\/172.16.202.26\/?p=8468\" class=\"eael-post-elements-readmore-btn\">Weiterlesen ...<\/a><\/div>\n                    <\/div><\/div><\/div>\n        <\/div>\n    <\/article><\/div>\n            <div class=\"clearfix\"><\/div>\n        <\/div>\t\t<\/div>\n\t\t\t\t<\/div>\n\t\t\t\t\t<\/div>\n\t\t<\/div>\n\t\t\t\t\t<\/div>\n\t\t<\/section>\n\t\t\t\t<\/div>\n\t\t","protected":false},"excerpt":{"rendered":"<p>\u00e4ltere Berichte der HWI Friedenstage auf Burg Schlaining (II) Die \u201en\u00e4chste Generation\u201c unserer Peer-Mediator:innen verbrachte zwei arbeitsreiche Tage auf der Friedensburg Schlaining. Weiterlesen &#8230; HWI goes Weltkulturerbe \u2026 Endlich war es endlich wieder so weit \u2013 Abteilungswandertag! Weiterlesen &#8230; Exkursion ins BRZ Bericht \u00fcber die Exkursion ins BRZ (Bundesrechenzentrum). Weiterlesen &#8230; Exkursion zu Saubermacher Eine Exkursion f\u00fchrte unsere interessierten Sch\u00fcler [&hellip;]<\/p>\n","protected":false},"author":3,"featured_media":0,"parent":12686,"menu_order":0,"comment_status":"closed","ping_status":"closed","template":"elementor_header_footer","meta":[],"_links":{"self":[{"href":"http:\/\/172.16.202.26\/index.php?rest_route=\/wp\/v2\/pages\/19196"}],"collection":[{"href":"http:\/\/172.16.202.26\/index.php?rest_route=\/wp\/v2\/pages"}],"about":[{"href":"http:\/\/172.16.202.26\/index.php?rest_route=\/wp\/v2\/types\/page"}],"author":[{"embeddable":true,"href":"http:\/\/172.16.202.26\/index.php?rest_route=\/wp\/v2\/users\/3"}],"replies":[{"embeddable":true,"href":"http:\/\/172.16.202.26\/index.php?rest_route=%2Fwp%2Fv2%2Fcomments&post=19196"}],"version-history":[{"count":43,"href":"http:\/\/172.16.202.26\/index.php?rest_route=\/wp\/v2\/pages\/19196\/revisions"}],"predecessor-version":[{"id":19338,"href":"http:\/\/172.16.202.26\/index.php?rest_route=\/wp\/v2\/pages\/19196\/revisions\/19338"}],"up":[{"embeddable":true,"href":"http:\/\/172.16.202.26\/index.php?rest_route=\/wp\/v2\/pages\/12686"}],"wp:attachment":[{"href":"http:\/\/172.16.202.26\/index.php?rest_route=%2Fwp%2Fv2%2Fmedia&parent=19196"}],"curies":[{"name":"wp","href":"https:\/\/api.w.org\/{rel}","templated":true}]}}