{"id":19300,"date":"2023-07-25T10:07:21","date_gmt":"2023-07-25T08:07:21","guid":{"rendered":"http:\/\/172.16.202.26\/?page_id=19300"},"modified":"2023-07-25T10:35:31","modified_gmt":"2023-07-25T08:35:31","slug":"aeltere-berichte","status":"publish","type":"page","link":"http:\/\/172.16.202.26\/?page_id=19300","title":{"rendered":"\u00e4ltere Berichte"},"content":{"rendered":"\t\t<div data-elementor-type=\"wp-page\" data-elementor-id=\"19300\" class=\"elementor elementor-19300\">\n\t\t\t\t\t\t<section class=\"elementor-section elementor-top-section elementor-element elementor-element-d94d3ce elementor-section-boxed elementor-section-height-default elementor-section-height-default\" data-id=\"d94d3ce\" data-element_type=\"section\">\n\t\t\t\t\t\t<div class=\"elementor-container elementor-column-gap-default\">\n\t\t\t\t\t<div class=\"elementor-column elementor-col-100 elementor-top-column elementor-element elementor-element-21ff2e8\" data-id=\"21ff2e8\" data-element_type=\"column\">\n\t\t\t<div class=\"elementor-widget-wrap elementor-element-populated\">\n\t\t\t\t\t\t<div class=\"elementor-element elementor-element-2417a3b elementor-widget elementor-widget-heading\" data-id=\"2417a3b\" data-element_type=\"widget\" data-widget_type=\"heading.default\">\n\t\t\t\t<div class=\"elementor-widget-container\">\n\t\t\t<style>\/*! elementor - v3.20.0 - 13-03-2024 *\/\n.elementor-heading-title{padding:0;margin:0;line-height:1}.elementor-widget-heading .elementor-heading-title[class*=elementor-size-]>a{color:inherit;font-size:inherit;line-height:inherit}.elementor-widget-heading .elementor-heading-title.elementor-size-small{font-size:15px}.elementor-widget-heading .elementor-heading-title.elementor-size-medium{font-size:19px}.elementor-widget-heading .elementor-heading-title.elementor-size-large{font-size:29px}.elementor-widget-heading .elementor-heading-title.elementor-size-xl{font-size:39px}.elementor-widget-heading .elementor-heading-title.elementor-size-xxl{font-size:59px}<\/style><h2 class=\"elementor-heading-title elementor-size-default\">\u00e4ltere Berichte der HKT<\/h2>\t\t<\/div>\n\t\t\t\t<\/div>\n\t\t\t\t\t<\/div>\n\t\t<\/div>\n\t\t\t\t\t<\/div>\n\t\t<\/section>\n\t\t\t\t<section class=\"elementor-section elementor-top-section elementor-element elementor-element-c9a5c66 elementor-section-full_width elementor-section-height-default elementor-section-height-default\" data-id=\"c9a5c66\" data-element_type=\"section\">\n\t\t\t\t\t\t<div class=\"elementor-container elementor-column-gap-default\">\n\t\t\t\t\t<div class=\"elementor-column elementor-col-100 elementor-top-column elementor-element elementor-element-9fd253e\" data-id=\"9fd253e\" data-element_type=\"column\" data-settings=\"{&quot;background_background&quot;:&quot;classic&quot;}\">\n\t\t\t<div class=\"elementor-widget-wrap elementor-element-populated\">\n\t\t\t\t\t\t<div class=\"elementor-element elementor-element-8f05465 elementor-grid-eael-col-5 elementor-grid-tablet-eael-col-2 elementor-grid-mobile-eael-col-1 elementor-widget elementor-widget-eael-post-grid\" data-id=\"8f05465\" data-element_type=\"widget\" data-settings=\"{&quot;eael_post_grid_columns&quot;:&quot;eael-col-5&quot;,&quot;eael_post_grid_columns_tablet&quot;:&quot;eael-col-2&quot;,&quot;eael_post_grid_columns_mobile&quot;:&quot;eael-col-1&quot;}\" data-widget_type=\"eael-post-grid.default\">\n\t\t\t\t<div class=\"elementor-widget-container\">\n\t\t\t<div id=\"eael-post-grid-8f05465\" class=\"eael-post-grid-container\">\n            <div class=\"eael-post-grid eael-post-appender eael-post-appender-8f05465 eael-post-grid-style-one\" data-layout-mode=\"grid\"><article class=\"eael-grid-post eael-post-grid-column\" data-id=\"25858\">\n        <div class=\"eael-grid-post-holder\">\n            <div class=\"eael-grid-post-holder-inner\"><div class=\"eael-entry-media\"><div class=\"eael-entry-overlay fade-in\"><i class=\"fas fa-long-arrow-alt-right\" aria-hidden=\"true\"><\/i><a href=\"http:\/\/172.16.202.26\/?p=25858\"><\/a><\/div><div class=\"eael-entry-thumbnail \">\n                <img fetchpriority=\"high\" decoding=\"async\" width=\"368\" height=\"240\" src=\"http:\/\/172.16.202.26\/wp-content\/uploads\/2025\/09\/IMG_20250905_102803-368x240.jpg\" class=\"attachment-bizberg_blog_list size-bizberg_blog_list wp-image-25860\" alt=\"\" \/>\n            <\/div>\n        <\/div><div class=\"eael-entry-wrapper\"><header class=\"eael-entry-header\"><h3 class=\"eael-entry-title\"><a\n                        class=\"eael-grid-post-link\"\n                        href=\"http:\/\/172.16.202.26\/?p=25858\"\n                        title=\"Abteilungspicknick in der HKT\">Abteilungspicknick in der HKT<\/a><\/h3><\/header><div class=\"eael-entry-content\">\n                        <div class=\"eael-grid-post-excerpt\"><p>Sch\u00fclerinnen und Sch\u00fcler der HKT starten mit einem Picknick ins neue Schuljahr.<\/p><a href=\"http:\/\/172.16.202.26\/?p=25858\" class=\"eael-post-elements-readmore-btn\">Weiterlesen ...<\/a><\/div>\n                    <\/div><\/div><\/div>\n        <\/div>\n    <\/article><article class=\"eael-grid-post eael-post-grid-column\" data-id=\"25514\">\n        <div class=\"eael-grid-post-holder\">\n            <div class=\"eael-grid-post-holder-inner\"><div class=\"eael-entry-media\"><div class=\"eael-entry-overlay fade-in\"><i class=\"fas fa-long-arrow-alt-right\" aria-hidden=\"true\"><\/i><a href=\"http:\/\/172.16.202.26\/?p=25514\"><\/a><\/div><div class=\"eael-entry-thumbnail \">\n                <img decoding=\"async\" width=\"368\" height=\"240\" src=\"http:\/\/172.16.202.26\/wp-content\/uploads\/2025\/06\/Bild4-368x240.jpg\" class=\"attachment-bizberg_blog_list size-bizberg_blog_list wp-image-25516\" alt=\"\" \/>\n            <\/div>\n        <\/div><div class=\"eael-entry-wrapper\"><header class=\"eael-entry-header\"><h3 class=\"eael-entry-title\"><a\n                        class=\"eael-grid-post-link\"\n                        href=\"http:\/\/172.16.202.26\/?p=25514\"\n                        title=\"Verleihung der Borealis Innovation Awards 2025\">Verleihung der Borealis Innovation Awards 2025<\/a><\/h3><\/header><div class=\"eael-entry-content\">\n                        <div class=\"eael-grid-post-excerpt\"><p>Am 28.5.2025 wurden im Festsaal des TGM die Borealis Innovations Awards an die besten Diplomarbeiten verliehen.<\/p><a href=\"http:\/\/172.16.202.26\/?p=25514\" class=\"eael-post-elements-readmore-btn\">Weiterlesen ...<\/a><\/div>\n                    <\/div><\/div><\/div>\n        <\/div>\n    <\/article><article class=\"eael-grid-post eael-post-grid-column\" data-id=\"24571\">\n        <div class=\"eael-grid-post-holder\">\n            <div class=\"eael-grid-post-holder-inner\"><div class=\"eael-entry-media\"><div class=\"eael-entry-overlay fade-in\"><i class=\"fas fa-long-arrow-alt-right\" aria-hidden=\"true\"><\/i><a href=\"http:\/\/172.16.202.26\/?p=24571\"><\/a><\/div><div class=\"eael-entry-thumbnail \">\n                <img decoding=\"async\" width=\"368\" height=\"240\" src=\"http:\/\/172.16.202.26\/wp-content\/uploads\/2024\/12\/Bild1-1-368x240.jpg\" class=\"attachment-bizberg_blog_list size-bizberg_blog_list wp-image-24576\" alt=\"\" \/>\n            <\/div>\n        <\/div><div class=\"eael-entry-wrapper\"><header class=\"eael-entry-header\"><h3 class=\"eael-entry-title\"><a\n                        class=\"eael-grid-post-link\"\n                        href=\"http:\/\/172.16.202.26\/?p=24571\"\n                        title=\"Exkursion zur sicherheitstechnischen Pr\u00fcfstelle der AUVA\">Exkursion zur sicherheitstechnischen Pr\u00fcfstelle der AUVA<\/a><\/h3><\/header><div class=\"eael-entry-content\">\n                        <div class=\"eael-grid-post-excerpt\"><p>In der Abteilung Kunststoff- und Umwelttechnik steht Sicherheit an erster Stelle.<\/p><a href=\"http:\/\/172.16.202.26\/?p=24571\" class=\"eael-post-elements-readmore-btn\">Weiterlesen ...<\/a><\/div>\n                    <\/div><\/div><\/div>\n        <\/div>\n    <\/article><article class=\"eael-grid-post eael-post-grid-column\" data-id=\"24325\">\n        <div class=\"eael-grid-post-holder\">\n            <div class=\"eael-grid-post-holder-inner\"><div class=\"eael-entry-media\"><div class=\"eael-entry-overlay fade-in\"><i class=\"fas fa-long-arrow-alt-right\" aria-hidden=\"true\"><\/i><a href=\"http:\/\/172.16.202.26\/?p=24325\"><\/a><\/div><div class=\"eael-entry-thumbnail \">\n                <img loading=\"lazy\" decoding=\"async\" width=\"368\" height=\"240\" src=\"http:\/\/172.16.202.26\/wp-content\/uploads\/2024\/11\/20241125_200205-368x240.jpg\" class=\"attachment-bizberg_blog_list size-bizberg_blog_list wp-image-24327\" alt=\"\" \/>\n            <\/div>\n        <\/div><div class=\"eael-entry-wrapper\"><header class=\"eael-entry-header\"><h3 class=\"eael-entry-title\"><a\n                        class=\"eael-grid-post-link\"\n                        href=\"http:\/\/172.16.202.26\/?p=24325\"\n                        title=\"Die Kunststoff- und Umwelttechnik beim T\u00dcV Wissenschaftspreis\">Die Kunststoff- und Umwelttechnik beim T\u00dcV Wissenschaftspreis<\/a><\/h3><\/header><div class=\"eael-entry-content\">\n                        <div class=\"eael-grid-post-excerpt\"><p>Beim T\u00dcV Wissenschaftspreis werden aus zahlreichen Einsendungen die besten HTL Diplomarbeiten ausgezeichnet.<\/p><a href=\"http:\/\/172.16.202.26\/?p=24325\" class=\"eael-post-elements-readmore-btn\">Weiterlesen ...<\/a><\/div>\n                    <\/div><\/div><\/div>\n        <\/div>\n    <\/article><article class=\"eael-grid-post eael-post-grid-column\" data-id=\"23517\">\n        <div class=\"eael-grid-post-holder\">\n            <div class=\"eael-grid-post-holder-inner\"><div class=\"eael-entry-media\"><div class=\"eael-entry-overlay fade-in\"><i class=\"fas fa-long-arrow-alt-right\" aria-hidden=\"true\"><\/i><a href=\"http:\/\/172.16.202.26\/?p=23517\"><\/a><\/div><div class=\"eael-entry-thumbnail \">\n                <img loading=\"lazy\" decoding=\"async\" width=\"368\" height=\"240\" src=\"http:\/\/172.16.202.26\/wp-content\/uploads\/2024\/10\/siegerenergyglobe2024-368x240.jpg\" class=\"attachment-bizberg_blog_list size-bizberg_blog_list wp-image-23521\" alt=\"\" \/>\n            <\/div>\n        <\/div><div class=\"eael-entry-wrapper\"><header class=\"eael-entry-header\"><h3 class=\"eael-entry-title\"><a\n                        class=\"eael-grid-post-link\"\n                        href=\"http:\/\/172.16.202.26\/?p=23517\"\n                        title=\"Energy Globe Award\">Energy Globe Award<\/a><\/h3><\/header><div class=\"eael-entry-content\">\n                        <div class=\"eael-grid-post-excerpt\"><p>Auszeichnung f\u00fcr eine Diplomarbeit der HKT.<\/p><a href=\"http:\/\/172.16.202.26\/?p=23517\" class=\"eael-post-elements-readmore-btn\">Weiterlesen ...<\/a><\/div>\n                    <\/div><\/div><\/div>\n        <\/div>\n    <\/article><article class=\"eael-grid-post eael-post-grid-column\" data-id=\"23123\">\n        <div class=\"eael-grid-post-holder\">\n            <div class=\"eael-grid-post-holder-inner\"><div class=\"eael-entry-media\"><div class=\"eael-entry-overlay fade-in\"><i class=\"fas fa-long-arrow-alt-right\" aria-hidden=\"true\"><\/i><a href=\"http:\/\/172.16.202.26\/?p=23123\"><\/a><\/div><div class=\"eael-entry-thumbnail \">\n                <img loading=\"lazy\" decoding=\"async\" width=\"368\" height=\"240\" src=\"http:\/\/172.16.202.26\/wp-content\/uploads\/2024\/07\/Drachenbootfahren2324-368x240.jpg\" class=\"attachment-bizberg_blog_list size-bizberg_blog_list wp-image-23125\" alt=\"\" \/>\n            <\/div>\n        <\/div><div class=\"eael-entry-wrapper\"><header class=\"eael-entry-header\"><h3 class=\"eael-entry-title\"><a\n                        class=\"eael-grid-post-link\"\n                        href=\"http:\/\/172.16.202.26\/?p=23123\"\n                        title=\"Drachenbootcup zum Schulschluss\">Drachenbootcup zum Schulschluss<\/a><\/h3><\/header><div class=\"eael-entry-content\">\n                        <div class=\"eael-grid-post-excerpt\"><p>Das j\u00e4hrlich stattfindende Drachenbootrennen ein Highlight zum Schulschluss.<\/p><a href=\"http:\/\/172.16.202.26\/?p=23123\" class=\"eael-post-elements-readmore-btn\">Weiterlesen ...<\/a><\/div>\n                    <\/div><\/div><\/div>\n        <\/div>\n    <\/article><article class=\"eael-grid-post eael-post-grid-column\" data-id=\"23115\">\n        <div class=\"eael-grid-post-holder\">\n            <div class=\"eael-grid-post-holder-inner\"><div class=\"eael-entry-media\"><div class=\"eael-entry-overlay fade-in\"><i class=\"fas fa-long-arrow-alt-right\" aria-hidden=\"true\"><\/i><a href=\"http:\/\/172.16.202.26\/?p=23115\"><\/a><\/div><div class=\"eael-entry-thumbnail \">\n                <img loading=\"lazy\" decoding=\"async\" width=\"368\" height=\"240\" src=\"http:\/\/172.16.202.26\/wp-content\/uploads\/2024\/07\/IMG_4866-368x240.jpg\" class=\"attachment-bizberg_blog_list size-bizberg_blog_list wp-image-23118\" alt=\"\" \/>\n            <\/div>\n        <\/div><div class=\"eael-entry-wrapper\"><header class=\"eael-entry-header\"><h3 class=\"eael-entry-title\"><a\n                        class=\"eael-grid-post-link\"\n                        href=\"http:\/\/172.16.202.26\/?p=23115\"\n                        title=\"Nachhaltigkeitsbrunch\">Nachhaltigkeitsbrunch<\/a><\/h3><\/header><div class=\"eael-entry-content\">\n                        <div class=\"eael-grid-post-excerpt\"><p>Im Rahmen des Ethikunterrichts wollten wir ein Zeichen gegen Lebensmittelverschwendung setzen.<\/p><a href=\"http:\/\/172.16.202.26\/?p=23115\" class=\"eael-post-elements-readmore-btn\">Weiterlesen ...<\/a><\/div>\n                    <\/div><\/div><\/div>\n        <\/div>\n    <\/article><article class=\"eael-grid-post eael-post-grid-column\" data-id=\"23106\">\n        <div class=\"eael-grid-post-holder\">\n            <div class=\"eael-grid-post-holder-inner\"><div class=\"eael-entry-media\"><div class=\"eael-entry-overlay fade-in\"><i class=\"fas fa-long-arrow-alt-right\" aria-hidden=\"true\"><\/i><a href=\"http:\/\/172.16.202.26\/?p=23106\"><\/a><\/div><div class=\"eael-entry-thumbnail \">\n                <img loading=\"lazy\" decoding=\"async\" width=\"368\" height=\"240\" src=\"http:\/\/172.16.202.26\/wp-content\/uploads\/2024\/07\/IMG_0483-368x240.jpeg\" class=\"attachment-bizberg_blog_list size-bizberg_blog_list wp-image-23109\" alt=\"\" \/>\n            <\/div>\n        <\/div><div class=\"eael-entry-wrapper\"><header class=\"eael-entry-header\"><h3 class=\"eael-entry-title\"><a\n                        class=\"eael-grid-post-link\"\n                        href=\"http:\/\/172.16.202.26\/?p=23106\"\n                        title=\"Exkursionen der letzten Schulwoche\">Exkursionen der letzten Schulwoche<\/a><\/h3><\/header><div class=\"eael-entry-content\">\n                        <div class=\"eael-grid-post-excerpt\"><p>Die Klassen der Kunststofftechnik fahren traditionell in der letzten Schulwoche auf mehrt\u00e4gige technische Exkursionen.<\/p><a href=\"http:\/\/172.16.202.26\/?p=23106\" class=\"eael-post-elements-readmore-btn\">Weiterlesen ...<\/a><\/div>\n                    <\/div><\/div><\/div>\n        <\/div>\n    <\/article><article class=\"eael-grid-post eael-post-grid-column\" data-id=\"22924\">\n        <div class=\"eael-grid-post-holder\">\n            <div class=\"eael-grid-post-holder-inner\"><div class=\"eael-entry-media\"><div class=\"eael-entry-overlay fade-in\"><i class=\"fas fa-long-arrow-alt-right\" aria-hidden=\"true\"><\/i><a href=\"http:\/\/172.16.202.26\/?p=22924\"><\/a><\/div><div class=\"eael-entry-thumbnail \">\n                <img loading=\"lazy\" decoding=\"async\" width=\"368\" height=\"240\" src=\"http:\/\/172.16.202.26\/wp-content\/uploads\/2024\/06\/Sicherheit-WS-368x240.jpg\" class=\"attachment-bizberg_blog_list size-bizberg_blog_list wp-image-22926\" alt=\"\" \/>\n            <\/div>\n        <\/div><div class=\"eael-entry-wrapper\"><header class=\"eael-entry-header\"><h3 class=\"eael-entry-title\"><a\n                        class=\"eael-grid-post-link\"\n                        href=\"http:\/\/172.16.202.26\/?p=22924\"\n                        title=\"Wenn man sich \u00fcber den Besuch des Arbeitsinspektorats freut &#8230;\">Wenn man sich \u00fcber den Besuch des Arbeitsinspektorats freut &#8230;<\/a><\/h3><\/header><div class=\"eael-entry-content\">\n                        <div class=\"eael-grid-post-excerpt\"><p>Am Montag dem 10.6.2024 fand die Abschlussveranstaltung des Freigegenstandes \u201eBetriebstechnik- Sicherheitstechnik\u201c statt.<\/p><a href=\"http:\/\/172.16.202.26\/?p=22924\" class=\"eael-post-elements-readmore-btn\">Weiterlesen ...<\/a><\/div>\n                    <\/div><\/div><\/div>\n        <\/div>\n    <\/article><article class=\"eael-grid-post eael-post-grid-column\" data-id=\"22861\">\n        <div class=\"eael-grid-post-holder\">\n            <div class=\"eael-grid-post-holder-inner\"><div class=\"eael-entry-media\"><div class=\"eael-entry-overlay fade-in\"><i class=\"fas fa-long-arrow-alt-right\" aria-hidden=\"true\"><\/i><a href=\"http:\/\/172.16.202.26\/?p=22861\"><\/a><\/div><div class=\"eael-entry-thumbnail \">\n                <img loading=\"lazy\" decoding=\"async\" width=\"368\" height=\"240\" src=\"http:\/\/172.16.202.26\/wp-content\/uploads\/2024\/06\/Pokale-368x240.jpg\" class=\"attachment-bizberg_blog_list size-bizberg_blog_list wp-image-22868\" alt=\"\" \/>\n            <\/div>\n        <\/div><div class=\"eael-entry-wrapper\"><header class=\"eael-entry-header\"><h3 class=\"eael-entry-title\"><a\n                        class=\"eael-grid-post-link\"\n                        href=\"http:\/\/172.16.202.26\/?p=22861\"\n                        title=\"Borealis Innovation Award 2024\">Borealis Innovation Award 2024<\/a><\/h3><\/header><div class=\"eael-entry-content\">\n                        <div class=\"eael-grid-post-excerpt\"><p>Am 29. Mai 2024 wurden die Borealis Innovation Awards an die besten Diplomarbeiten der TGM Kunststoff- und Umwelttechnik verliehen.<\/p><a href=\"http:\/\/172.16.202.26\/?p=22861\" class=\"eael-post-elements-readmore-btn\">Weiterlesen ...<\/a><\/div>\n                    <\/div><\/div><\/div>\n        <\/div>\n    <\/article><article class=\"eael-grid-post eael-post-grid-column\" data-id=\"21090\">\n        <div class=\"eael-grid-post-holder\">\n            <div class=\"eael-grid-post-holder-inner\"><div class=\"eael-entry-media\"><div class=\"eael-entry-overlay fade-in\"><i class=\"fas fa-long-arrow-alt-right\" aria-hidden=\"true\"><\/i><a href=\"http:\/\/172.16.202.26\/?p=21090\"><\/a><\/div><div class=\"eael-entry-thumbnail \">\n                <img loading=\"lazy\" decoding=\"async\" width=\"368\" height=\"240\" src=\"http:\/\/172.16.202.26\/wp-content\/uploads\/2023\/11\/ipod2-368x240.png\" class=\"attachment-bizberg_blog_list size-bizberg_blog_list wp-image-21095\" alt=\"\" \/>\n            <\/div>\n        <\/div><div class=\"eael-entry-wrapper\"><header class=\"eael-entry-header\"><h3 class=\"eael-entry-title\"><a\n                        class=\"eael-grid-post-link\"\n                        href=\"http:\/\/172.16.202.26\/?p=21090\"\n                        title=\"Gewinnspiel beim Tag der offenen T\u00fcr \u2013 H\u00f6re auf die Umwelt\">Gewinnspiel beim Tag der offenen T\u00fcr \u2013 H\u00f6re auf die Umwelt<\/a><\/h3><\/header><div class=\"eael-entry-content\">\n                        <div class=\"eael-grid-post-excerpt\"><p>Beim Tag der offenen T\u00fcr der Abteilung Kunststoff- und Umwelttechnik alias meet&amp;greet wurden unter den zahlreichen Teilnehmern nach dem Motto \u201eh\u00f6re auf die Umwelt\u201c als Hauptpreis AirPods verlost.<\/p><a href=\"http:\/\/172.16.202.26\/?p=21090\" class=\"eael-post-elements-readmore-btn\">Weiterlesen ...<\/a><\/div>\n                    <\/div><\/div><\/div>\n        <\/div>\n    <\/article><article class=\"eael-grid-post eael-post-grid-column\" data-id=\"18157\">\n        <div class=\"eael-grid-post-holder\">\n            <div class=\"eael-grid-post-holder-inner\"><div class=\"eael-entry-media\"><div class=\"eael-entry-overlay fade-in\"><i class=\"fas fa-long-arrow-alt-right\" aria-hidden=\"true\"><\/i><a href=\"http:\/\/172.16.202.26\/?p=18157\"><\/a><\/div><div class=\"eael-entry-thumbnail \">\n                <img loading=\"lazy\" decoding=\"async\" width=\"368\" height=\"240\" src=\"http:\/\/172.16.202.26\/wp-content\/uploads\/2023\/05\/Exkursion_MARETO_25052023-368x240.jpg\" class=\"attachment-bizberg_blog_list size-bizberg_blog_list wp-image-18159\" alt=\"\" \/>\n            <\/div>\n        <\/div><div class=\"eael-entry-wrapper\"><header class=\"eael-entry-header\"><h3 class=\"eael-entry-title\"><a\n                        class=\"eael-grid-post-link\"\n                        href=\"http:\/\/172.16.202.26\/?p=18157\"\n                        title=\"Exkursion zu MARETO\">Exkursion zu MARETO<\/a><\/h3><\/header><div class=\"eael-entry-content\">\n                        <div class=\"eael-grid-post-excerpt\"><p>In einer zweist\u00fcndigen Werksf\u00fchrung erhielten die Sch\u00fclerinnen und Sch\u00fcler spannende Einblicke in die Produktion des Weltmarktf\u00fchrers.<\/p><a href=\"http:\/\/172.16.202.26\/?p=18157\" class=\"eael-post-elements-readmore-btn\">Weiterlesen ...<\/a><\/div>\n                    <\/div><\/div><\/div>\n        <\/div>\n    <\/article><article class=\"eael-grid-post eael-post-grid-column\" data-id=\"18102\">\n        <div class=\"eael-grid-post-holder\">\n            <div class=\"eael-grid-post-holder-inner\"><div class=\"eael-entry-media\"><div class=\"eael-entry-overlay fade-in\"><i class=\"fas fa-long-arrow-alt-right\" aria-hidden=\"true\"><\/i><a href=\"http:\/\/172.16.202.26\/?p=18102\"><\/a><\/div><div class=\"eael-entry-thumbnail \">\n                <img loading=\"lazy\" decoding=\"async\" width=\"368\" height=\"240\" src=\"http:\/\/172.16.202.26\/wp-content\/uploads\/2023\/05\/2023-05-16_15-52-01-368x240.png\" class=\"attachment-bizberg_blog_list size-bizberg_blog_list wp-image-18104\" alt=\"\" \/>\n            <\/div>\n        <\/div><div class=\"eael-entry-wrapper\"><header class=\"eael-entry-header\"><h3 class=\"eael-entry-title\"><a\n                        class=\"eael-grid-post-link\"\n                        href=\"http:\/\/172.16.202.26\/?p=18102\"\n                        title=\"Jugend-Redewettbewerb\">Jugend-Redewettbewerb<\/a><\/h3><\/header><div class=\"eael-entry-content\">\n                        <div class=\"eael-grid-post-excerpt\"><p>Erfolgreiche Teilnahme beim \u201eJugend-Redewettbewerb\u201c von Elissa Wieland<\/p><a href=\"http:\/\/172.16.202.26\/?p=18102\" class=\"eael-post-elements-readmore-btn\">Weiterlesen ...<\/a><\/div>\n                    <\/div><\/div><\/div>\n        <\/div>\n    <\/article><article class=\"eael-grid-post eael-post-grid-column\" data-id=\"17767\">\n        <div class=\"eael-grid-post-holder\">\n            <div class=\"eael-grid-post-holder-inner\"><div class=\"eael-entry-media\"><div class=\"eael-entry-overlay fade-in\"><i class=\"fas fa-long-arrow-alt-right\" aria-hidden=\"true\"><\/i><a href=\"http:\/\/172.16.202.26\/?p=17767\"><\/a><\/div><div class=\"eael-entry-thumbnail \">\n                <img loading=\"lazy\" decoding=\"async\" width=\"368\" height=\"240\" src=\"http:\/\/172.16.202.26\/wp-content\/uploads\/2023\/05\/Mint-Girls3-368x240.jpeg\" class=\"attachment-bizberg_blog_list size-bizberg_blog_list wp-image-17769\" alt=\"\" \/>\n            <\/div>\n        <\/div><div class=\"eael-entry-wrapper\"><header class=\"eael-entry-header\"><h3 class=\"eael-entry-title\"><a\n                        class=\"eael-grid-post-link\"\n                        href=\"http:\/\/172.16.202.26\/?p=17767\"\n                        title=\"MINT-Girls Challenge Gewinnerinnen 2022\/23\">MINT-Girls Challenge Gewinnerinnen 2022\/23<\/a><\/h3><\/header><div class=\"eael-entry-content\">\n                        <div class=\"eael-grid-post-excerpt\"><p>Zwei Sch\u00fclerinnen der 5AHKT sind die Gewinnerinnen der diesj\u00e4hrigen MINT-Girls Challenge, bei der es um die F\u00f6rderung von M\u00e4dchen in der Technik geht.<\/p><a href=\"http:\/\/172.16.202.26\/?p=17767\" class=\"eael-post-elements-readmore-btn\">Weiterlesen ...<\/a><\/div>\n                    <\/div><\/div><\/div>\n        <\/div>\n    <\/article><article class=\"eael-grid-post eael-post-grid-column\" data-id=\"16902\">\n        <div class=\"eael-grid-post-holder\">\n            <div class=\"eael-grid-post-holder-inner\"><div class=\"eael-entry-media\"><div class=\"eael-entry-overlay fade-in\"><i class=\"fas fa-long-arrow-alt-right\" aria-hidden=\"true\"><\/i><a href=\"http:\/\/172.16.202.26\/?p=16902\"><\/a><\/div><div class=\"eael-entry-thumbnail \">\n                <img loading=\"lazy\" decoding=\"async\" width=\"368\" height=\"240\" src=\"http:\/\/172.16.202.26\/wp-content\/uploads\/2023\/02\/Fasching-HKT-2023-368x240.jpg\" class=\"attachment-bizberg_blog_list size-bizberg_blog_list wp-image-16904\" alt=\"\" \/>\n            <\/div>\n        <\/div><div class=\"eael-entry-wrapper\"><header class=\"eael-entry-header\"><h3 class=\"eael-entry-title\"><a\n                        class=\"eael-grid-post-link\"\n                        href=\"http:\/\/172.16.202.26\/?p=16902\"\n                        title=\"Faschingsfeier in der Abteilung Kunststoff- und Umwelttechnik\">Faschingsfeier in der Abteilung Kunststoff- und Umwelttechnik<\/a><\/h3><\/header><div class=\"eael-entry-content\">\n                        <div class=\"eael-grid-post-excerpt\"><p>Am Faschingsdienstag gab auch heuer wieder das beliebte Faschingskrapfenessen f\u00fcr Sch\u00fcler:innen und Lehrkr\u00e4fte.<\/p><a href=\"http:\/\/172.16.202.26\/?p=16902\" class=\"eael-post-elements-readmore-btn\">Weiterlesen ...<\/a><\/div>\n                    <\/div><\/div><\/div>\n        <\/div>\n    <\/article><article class=\"eael-grid-post eael-post-grid-column\" data-id=\"16375\">\n        <div class=\"eael-grid-post-holder\">\n            <div class=\"eael-grid-post-holder-inner\"><div class=\"eael-entry-media\"><div class=\"eael-entry-overlay fade-in\"><i class=\"fas fa-long-arrow-alt-right\" aria-hidden=\"true\"><\/i><a href=\"http:\/\/172.16.202.26\/?p=16375\"><\/a><\/div><div class=\"eael-entry-thumbnail \">\n                <img loading=\"lazy\" decoding=\"async\" width=\"368\" height=\"231\" src=\"http:\/\/172.16.202.26\/wp-content\/uploads\/2022\/12\/VOeK_Stipendien-Verleihung-scaled.jpg\" class=\"attachment-bizberg_blog_list size-bizberg_blog_list wp-image-16377\" alt=\"\" srcset=\"http:\/\/172.16.202.26\/wp-content\/uploads\/2022\/12\/VOeK_Stipendien-Verleihung-scaled.jpg 2560w, http:\/\/172.16.202.26\/wp-content\/uploads\/2022\/12\/VOeK_Stipendien-Verleihung-300x188.jpg 300w\" sizes=\"(max-width: 368px) 100vw, 368px\" \/>\n            <\/div>\n        <\/div><div class=\"eael-entry-wrapper\"><header class=\"eael-entry-header\"><h3 class=\"eael-entry-title\"><a\n                        class=\"eael-grid-post-link\"\n                        href=\"http:\/\/172.16.202.26\/?p=16375\"\n                        title=\"Verleihung der V\u00d6K-Stipendien\">Verleihung der V\u00d6K-Stipendien<\/a><\/h3><\/header><div class=\"eael-entry-content\">\n                        <div class=\"eael-grid-post-excerpt\"><p>Die Vereinigung der \u00f6sterreichischen Kunststoffverarbeiter hat erneut Studienbeihilfen an Sch\u00fcler*innen der Abteilung Kunststoff- und Umwelttechnik verliehen.<\/p><a href=\"http:\/\/172.16.202.26\/?p=16375\" class=\"eael-post-elements-readmore-btn\">Weiterlesen ...<\/a><\/div>\n                    <\/div><\/div><\/div>\n        <\/div>\n    <\/article><article class=\"eael-grid-post eael-post-grid-column\" data-id=\"16028\">\n        <div class=\"eael-grid-post-holder\">\n            <div class=\"eael-grid-post-holder-inner\"><div class=\"eael-entry-media\"><div class=\"eael-entry-overlay fade-in\"><i class=\"fas fa-long-arrow-alt-right\" aria-hidden=\"true\"><\/i><a href=\"http:\/\/172.16.202.26\/?p=16028\"><\/a><\/div><div class=\"eael-entry-thumbnail \">\n                <img loading=\"lazy\" decoding=\"async\" width=\"368\" height=\"240\" src=\"http:\/\/172.16.202.26\/wp-content\/uploads\/2022\/11\/DSC08758-368x240.jpg\" class=\"attachment-bizberg_blog_list size-bizberg_blog_list wp-image-16030\" alt=\"\" \/>\n            <\/div>\n        <\/div><div class=\"eael-entry-wrapper\"><header class=\"eael-entry-header\"><h3 class=\"eael-entry-title\"><a\n                        class=\"eael-grid-post-link\"\n                        href=\"http:\/\/172.16.202.26\/?p=16028\"\n                        title=\"Besuch an der tgm Kunststoff- und Umwelttechnik\">Besuch an der tgm Kunststoff- und Umwelttechnik<\/a><\/h3><\/header><div class=\"eael-entry-content\">\n                        <div class=\"eael-grid-post-excerpt\"><p>Wir danken all unseren G\u00e4sten, dass Sie uns beim Meet &amp; Greet der Abteilung Kunststoff- und Umwelttechnik am 09. November besucht haben!<\/p><a href=\"http:\/\/172.16.202.26\/?p=16028\" class=\"eael-post-elements-readmore-btn\">Weiterlesen ...<\/a><\/div>\n                    <\/div><\/div><\/div>\n        <\/div>\n    <\/article><article class=\"eael-grid-post eael-post-grid-column\" data-id=\"16002\">\n        <div class=\"eael-grid-post-holder\">\n            <div class=\"eael-grid-post-holder-inner\"><div class=\"eael-entry-media\"><div class=\"eael-entry-overlay fade-in\"><i class=\"fas fa-long-arrow-alt-right\" aria-hidden=\"true\"><\/i><a href=\"http:\/\/172.16.202.26\/?p=16002\"><\/a><\/div><div class=\"eael-entry-thumbnail \">\n                <img loading=\"lazy\" decoding=\"async\" width=\"320\" height=\"240\" src=\"http:\/\/172.16.202.26\/wp-content\/uploads\/2022\/11\/F2-scaled.jpeg\" class=\"attachment-bizberg_blog_list size-bizberg_blog_list wp-image-16005\" alt=\"\" srcset=\"http:\/\/172.16.202.26\/wp-content\/uploads\/2022\/11\/F2-scaled.jpeg 2560w, http:\/\/172.16.202.26\/wp-content\/uploads\/2022\/11\/F2-300x225.jpeg 300w\" sizes=\"(max-width: 320px) 100vw, 320px\" \/>\n            <\/div>\n        <\/div><div class=\"eael-entry-wrapper\"><header class=\"eael-entry-header\"><h3 class=\"eael-entry-title\"><a\n                        class=\"eael-grid-post-link\"\n                        href=\"http:\/\/172.16.202.26\/?p=16002\"\n                        title=\"Feuerl\u00f6sch\u00fcbung in der Kunststofftechnik\">Feuerl\u00f6sch\u00fcbung in der Kunststofftechnik<\/a><\/h3><\/header><div class=\"eael-entry-content\">\n                        <div class=\"eael-grid-post-excerpt\"><p>Am 21.11. wurde f\u00fcr die chemischen &quot;Laborneulinge&quot; die obligatorische Brandschutz\u00fcbung, bei der auch das Feuerl\u00f6schen ge\u00fcbt wurde, durchgef\u00fchrt.<\/p><a href=\"http:\/\/172.16.202.26\/?p=16002\" class=\"eael-post-elements-readmore-btn\">Weiterlesen ...<\/a><\/div>\n                    <\/div><\/div><\/div>\n        <\/div>\n    <\/article><article class=\"eael-grid-post eael-post-grid-column\" data-id=\"9466\">\n        <div class=\"eael-grid-post-holder\">\n            <div class=\"eael-grid-post-holder-inner\"><div class=\"eael-entry-media\"><div class=\"eael-entry-overlay fade-in\"><i class=\"fas fa-long-arrow-alt-right\" aria-hidden=\"true\"><\/i><a href=\"http:\/\/172.16.202.26\/?p=9466\"><\/a><\/div><div class=\"eael-entry-thumbnail \">\n                <img loading=\"lazy\" decoding=\"async\" width=\"368\" height=\"240\" src=\"http:\/\/172.16.202.26\/wp-content\/uploads\/2022\/06\/kt1-1-368x240.jpg\" class=\"attachment-bizberg_blog_list size-bizberg_blog_list wp-image-9468\" alt=\"\" srcset=\"http:\/\/172.16.202.26\/wp-content\/uploads\/2022\/06\/kt1-1-368x240.jpg 368w, http:\/\/172.16.202.26\/wp-content\/uploads\/2022\/06\/kt1-1-300x195.jpg 300w, http:\/\/172.16.202.26\/wp-content\/uploads\/2022\/06\/kt1-1-1024x664.jpg 1024w, http:\/\/172.16.202.26\/wp-content\/uploads\/2022\/06\/kt1-1-768x498.jpg 768w, http:\/\/172.16.202.26\/wp-content\/uploads\/2022\/06\/kt1-1-1536x996.jpg 1536w, http:\/\/172.16.202.26\/wp-content\/uploads\/2022\/06\/kt1-1.jpg 2000w\" sizes=\"(max-width: 368px) 100vw, 368px\" \/>\n            <\/div>\n        <\/div><div class=\"eael-entry-wrapper\"><header class=\"eael-entry-header\"><h3 class=\"eael-entry-title\"><a\n                        class=\"eael-grid-post-link\"\n                        href=\"http:\/\/172.16.202.26\/?p=9466\"\n                        title=\"Preisverleihung f\u00fcr Vorzugssch\u00fcler*innen\">Preisverleihung f\u00fcr Vorzugssch\u00fcler*innen<\/a><\/h3><\/header><div class=\"eael-entry-content\">\n                        <div class=\"eael-grid-post-excerpt\"><p>Ein Zeugnis mit einem Notenschnitt von 1,5 oder besser beschert den sogenannten Vorzugssch\u00fcler*innen einen &quot;ausgezeichneten Erfolg&quot;<\/p><a href=\"http:\/\/172.16.202.26\/?p=9466\" class=\"eael-post-elements-readmore-btn\">Weiterlesen ...<\/a><\/div>\n                    <\/div><\/div><\/div>\n        <\/div>\n    <\/article><article class=\"eael-grid-post eael-post-grid-column\" data-id=\"9437\">\n        <div class=\"eael-grid-post-holder\">\n            <div class=\"eael-grid-post-holder-inner\"><div class=\"eael-entry-media\"><div class=\"eael-entry-overlay fade-in\"><i class=\"fas fa-long-arrow-alt-right\" aria-hidden=\"true\"><\/i><a href=\"http:\/\/172.16.202.26\/?p=9437\"><\/a><\/div><div class=\"eael-entry-thumbnail \">\n                <img loading=\"lazy\" decoding=\"async\" width=\"368\" height=\"240\" src=\"http:\/\/172.16.202.26\/wp-content\/uploads\/2022\/06\/kt1-368x240.jpg\" class=\"attachment-bizberg_blog_list size-bizberg_blog_list wp-image-9439\" alt=\"\" \/>\n            <\/div>\n        <\/div><div class=\"eael-entry-wrapper\"><header class=\"eael-entry-header\"><h3 class=\"eael-entry-title\"><a\n                        class=\"eael-grid-post-link\"\n                        href=\"http:\/\/172.16.202.26\/?p=9437\"\n                        title=\"Drachenbootrennen zum Abschluss des Schuljahres\">Drachenbootrennen zum Abschluss des Schuljahres<\/a><\/h3><\/header><div class=\"eael-entry-content\">\n                        <div class=\"eael-grid-post-excerpt\"><p>Die Tradition des abteilungsweiten Drachenbootrennens entlang der Donau wieder wieder aufgenommen.<\/p><a href=\"http:\/\/172.16.202.26\/?p=9437\" class=\"eael-post-elements-readmore-btn\">Weiterlesen ...<\/a><\/div>\n                    <\/div><\/div><\/div>\n        <\/div>\n    <\/article><article class=\"eael-grid-post eael-post-grid-column\" data-id=\"8711\">\n        <div class=\"eael-grid-post-holder\">\n            <div class=\"eael-grid-post-holder-inner\"><div class=\"eael-entry-media\"><div class=\"eael-entry-overlay fade-in\"><i class=\"fas fa-long-arrow-alt-right\" aria-hidden=\"true\"><\/i><a href=\"http:\/\/172.16.202.26\/?p=8711\"><\/a><\/div><div class=\"eael-entry-thumbnail \">\n                <img loading=\"lazy\" decoding=\"async\" width=\"368\" height=\"240\" src=\"http:\/\/172.16.202.26\/wp-content\/uploads\/2022\/06\/k1-1-368x240.jpg\" class=\"attachment-bizberg_blog_list size-bizberg_blog_list wp-image-8713\" alt=\"\" \/>\n            <\/div>\n        <\/div><div class=\"eael-entry-wrapper\"><header class=\"eael-entry-header\"><h3 class=\"eael-entry-title\"><a\n                        class=\"eael-grid-post-link\"\n                        href=\"http:\/\/172.16.202.26\/?p=8711\"\n                        title=\"Hochbeet Projekt &#8211; das erste Jahr\">Hochbeet Projekt &#8211; das erste Jahr<\/a><\/h3><\/header><div class=\"eael-entry-content\">\n                        <div class=\"eael-grid-post-excerpt\"><p>Der Umweltaspekt unserer Abteilung ist ein essenzieller Bestandteil der Ausbildung zur Kunststoff- und Umwelttechniker*in.<\/p><a href=\"http:\/\/172.16.202.26\/?p=8711\" class=\"eael-post-elements-readmore-btn\">Weiterlesen ...<\/a><\/div>\n                    <\/div><\/div><\/div>\n        <\/div>\n    <\/article><article class=\"eael-grid-post eael-post-grid-column\" data-id=\"8605\">\n        <div class=\"eael-grid-post-holder\">\n            <div class=\"eael-grid-post-holder-inner\"><div class=\"eael-entry-media\"><div class=\"eael-entry-overlay fade-in\"><i class=\"fas fa-long-arrow-alt-right\" aria-hidden=\"true\"><\/i><a href=\"http:\/\/172.16.202.26\/?p=8605\"><\/a><\/div><div class=\"eael-entry-thumbnail \">\n                <img loading=\"lazy\" decoding=\"async\" width=\"368\" height=\"240\" src=\"http:\/\/172.16.202.26\/wp-content\/uploads\/2022\/06\/BIA-2022-74-368x240.jpg\" class=\"attachment-bizberg_blog_list size-bizberg_blog_list wp-image-8843\" alt=\"\" \/>\n            <\/div>\n        <\/div><div class=\"eael-entry-wrapper\"><header class=\"eael-entry-header\"><h3 class=\"eael-entry-title\"><a\n                        class=\"eael-grid-post-link\"\n                        href=\"http:\/\/172.16.202.26\/?p=8605\"\n                        title=\"Borealis Innovations Award 2022\">Borealis Innovations Award 2022<\/a><\/h3><\/header><div class=\"eael-entry-content\">\n                        <div class=\"eael-grid-post-excerpt\"><p>Pr\u00e4mierung der besten Kunststofftechnik Diplomarbeiten mit dem Borealis Innovations Award 2022<\/p><a href=\"http:\/\/172.16.202.26\/?p=8605\" class=\"eael-post-elements-readmore-btn\">Weiterlesen ...<\/a><\/div>\n                    <\/div><\/div><\/div>\n        <\/div>\n    <\/article><article class=\"eael-grid-post eael-post-grid-column\" data-id=\"8079\">\n        <div class=\"eael-grid-post-holder\">\n            <div class=\"eael-grid-post-holder-inner\"><div class=\"eael-entry-media\"><div class=\"eael-entry-overlay fade-in\"><i class=\"fas fa-long-arrow-alt-right\" aria-hidden=\"true\"><\/i><a href=\"http:\/\/172.16.202.26\/?p=8079\"><\/a><\/div><div class=\"eael-entry-thumbnail \">\n                <img loading=\"lazy\" decoding=\"async\" width=\"368\" height=\"240\" src=\"http:\/\/172.16.202.26\/wp-content\/uploads\/2022\/03\/kt1-368x240.png\" class=\"attachment-bizberg_blog_list size-bizberg_blog_list wp-image-8088\" alt=\"\" \/>\n            <\/div>\n        <\/div><div class=\"eael-entry-wrapper\"><header class=\"eael-entry-header\"><h3 class=\"eael-entry-title\"><a\n                        class=\"eael-grid-post-link\"\n                        href=\"http:\/\/172.16.202.26\/?p=8079\"\n                        title=\"F\u00fcnf Jahre Spa\u00df am Experimentieren\">F\u00fcnf Jahre Spa\u00df am Experimentieren<\/a><\/h3><\/header><div class=\"eael-entry-content\">\n                        <div class=\"eael-grid-post-excerpt\"><p>Das STaR-Mitmachlabor f\u00fcr Kinder feiert sein f\u00fcnfj\u00e4hriges Bestehen.<\/p><a href=\"http:\/\/172.16.202.26\/?p=8079\" class=\"eael-post-elements-readmore-btn\">Weiterlesen ...<\/a><\/div>\n                    <\/div><\/div><\/div>\n        <\/div>\n    <\/article><article class=\"eael-grid-post eael-post-grid-column\" data-id=\"8109\">\n        <div class=\"eael-grid-post-holder\">\n            <div class=\"eael-grid-post-holder-inner\"><div class=\"eael-entry-media\"><div class=\"eael-entry-overlay fade-in\"><i class=\"fas fa-long-arrow-alt-right\" aria-hidden=\"true\"><\/i><a href=\"http:\/\/172.16.202.26\/?p=8109\"><\/a><\/div><div class=\"eael-entry-thumbnail \">\n                <img loading=\"lazy\" decoding=\"async\" width=\"368\" height=\"240\" src=\"http:\/\/172.16.202.26\/wp-content\/uploads\/2022\/05\/kt4-368x240.png\" class=\"attachment-bizberg_blog_list size-bizberg_blog_list wp-image-8112\" alt=\"\" \/>\n            <\/div>\n        <\/div><div class=\"eael-entry-wrapper\"><header class=\"eael-entry-header\"><h3 class=\"eael-entry-title\"><a\n                        class=\"eael-grid-post-link\"\n                        href=\"http:\/\/172.16.202.26\/?p=8109\"\n                        title=\"Absolvent*innen im Berufsbild\">Absolvent*innen im Berufsbild<\/a><\/h3><\/header><div class=\"eael-entry-content\">\n                        <div class=\"eael-grid-post-excerpt\"><p>Wir haben ein paar ehemalige Sch\u00fcler*innen der Abteilung Kunststoff- und Umwelttechnik interviewt und sie gefragt, wo und was sie jetzt arbeiten.<\/p><a href=\"http:\/\/172.16.202.26\/?p=8109\" class=\"eael-post-elements-readmore-btn\">Weiterlesen ...<\/a><\/div>\n                    <\/div><\/div><\/div>\n        <\/div>\n    <\/article><\/div>\n            <div class=\"clearfix\"><\/div>\n        <\/div>\t\t<\/div>\n\t\t\t\t<\/div>\n\t\t\t\t\t<\/div>\n\t\t<\/div>\n\t\t\t\t\t<\/div>\n\t\t<\/section>\n\t\t\t\t<\/div>\n\t\t","protected":false},"excerpt":{"rendered":"<p>\u00e4ltere Berichte der HKT Verleihung der V\u00d6K-Stipendien Die Vereinigung der \u00f6sterreichischen Kunststoffverarbeiter hat erneut Studienbeihilfen an Sch\u00fcler*innen der Abteilung Kunststoff- und Umwelttechnik verliehen. Weiterlesen &#8230; Besuch an der tgm Kunststoff- und Umwelttechnik Wir danken all unseren G\u00e4sten, dass Sie uns beim Meet &#038; Greet der Abteilung Kunststoff- und Umwelttechnik am 09. November besucht haben! Weiterlesen &#8230; Feuerl\u00f6sch\u00fcbung in der Kunststofftechnik [&hellip;]<\/p>\n","protected":false},"author":3,"featured_media":0,"parent":12667,"menu_order":0,"comment_status":"closed","ping_status":"closed","template":"elementor_header_footer","meta":[],"_links":{"self":[{"href":"http:\/\/172.16.202.26\/index.php?rest_route=\/wp\/v2\/pages\/19300"}],"collection":[{"href":"http:\/\/172.16.202.26\/index.php?rest_route=\/wp\/v2\/pages"}],"about":[{"href":"http:\/\/172.16.202.26\/index.php?rest_route=\/wp\/v2\/types\/page"}],"author":[{"embeddable":true,"href":"http:\/\/172.16.202.26\/index.php?rest_route=\/wp\/v2\/users\/3"}],"replies":[{"embeddable":true,"href":"http:\/\/172.16.202.26\/index.php?rest_route=%2Fwp%2Fv2%2Fcomments&post=19300"}],"version-history":[{"count":7,"href":"http:\/\/172.16.202.26\/index.php?rest_route=\/wp\/v2\/pages\/19300\/revisions"}],"predecessor-version":[{"id":19347,"href":"http:\/\/172.16.202.26\/index.php?rest_route=\/wp\/v2\/pages\/19300\/revisions\/19347"}],"up":[{"embeddable":true,"href":"http:\/\/172.16.202.26\/index.php?rest_route=\/wp\/v2\/pages\/12667"}],"wp:attachment":[{"href":"http:\/\/172.16.202.26\/index.php?rest_route=%2Fwp%2Fv2%2Fmedia&parent=19300"}],"curies":[{"name":"wp","href":"https:\/\/api.w.org\/{rel}","templated":true}]}}