{"id":19309,"date":"2023-07-25T10:12:17","date_gmt":"2023-07-25T08:12:17","guid":{"rendered":"http:\/\/172.16.202.26\/?page_id=19309"},"modified":"2023-07-25T10:36:04","modified_gmt":"2023-07-25T08:36:04","slug":"aeltere-berichte","status":"publish","type":"page","link":"http:\/\/172.16.202.26\/?page_id=19309","title":{"rendered":"\u00e4ltere Berichte"},"content":{"rendered":"\t\t<div data-elementor-type=\"wp-page\" data-elementor-id=\"19309\" class=\"elementor elementor-19309\">\n\t\t\t\t\t\t<section class=\"elementor-section elementor-top-section elementor-element elementor-element-d94d3ce elementor-section-boxed elementor-section-height-default elementor-section-height-default\" data-id=\"d94d3ce\" data-element_type=\"section\">\n\t\t\t\t\t\t<div class=\"elementor-container elementor-column-gap-default\">\n\t\t\t\t\t<div class=\"elementor-column elementor-col-100 elementor-top-column elementor-element elementor-element-21ff2e8\" data-id=\"21ff2e8\" data-element_type=\"column\">\n\t\t\t<div class=\"elementor-widget-wrap elementor-element-populated\">\n\t\t\t\t\t\t<div class=\"elementor-element elementor-element-2417a3b elementor-widget elementor-widget-heading\" data-id=\"2417a3b\" data-element_type=\"widget\" data-widget_type=\"heading.default\">\n\t\t\t\t<div class=\"elementor-widget-container\">\n\t\t\t<style>\/*! elementor - v3.20.0 - 13-03-2024 *\/\n.elementor-heading-title{padding:0;margin:0;line-height:1}.elementor-widget-heading .elementor-heading-title[class*=elementor-size-]>a{color:inherit;font-size:inherit;line-height:inherit}.elementor-widget-heading .elementor-heading-title.elementor-size-small{font-size:15px}.elementor-widget-heading .elementor-heading-title.elementor-size-medium{font-size:19px}.elementor-widget-heading .elementor-heading-title.elementor-size-large{font-size:29px}.elementor-widget-heading .elementor-heading-title.elementor-size-xl{font-size:39px}.elementor-widget-heading .elementor-heading-title.elementor-size-xxl{font-size:59px}<\/style><h2 class=\"elementor-heading-title elementor-size-default\">\u00e4ltere Berichte der HMB<\/h2>\t\t<\/div>\n\t\t\t\t<\/div>\n\t\t\t\t\t<\/div>\n\t\t<\/div>\n\t\t\t\t\t<\/div>\n\t\t<\/section>\n\t\t\t\t<section class=\"elementor-section elementor-top-section elementor-element elementor-element-c9a5c66 elementor-section-full_width elementor-section-height-default elementor-section-height-default\" data-id=\"c9a5c66\" data-element_type=\"section\">\n\t\t\t\t\t\t<div class=\"elementor-container elementor-column-gap-default\">\n\t\t\t\t\t<div class=\"elementor-column elementor-col-100 elementor-top-column elementor-element elementor-element-9fd253e\" data-id=\"9fd253e\" data-element_type=\"column\" data-settings=\"{&quot;background_background&quot;:&quot;classic&quot;}\">\n\t\t\t<div class=\"elementor-widget-wrap elementor-element-populated\">\n\t\t\t\t\t\t<div class=\"elementor-element elementor-element-8f05465 elementor-grid-eael-col-5 elementor-grid-tablet-eael-col-2 elementor-grid-mobile-eael-col-1 elementor-widget elementor-widget-eael-post-grid\" data-id=\"8f05465\" data-element_type=\"widget\" data-settings=\"{&quot;eael_post_grid_columns&quot;:&quot;eael-col-5&quot;,&quot;eael_post_grid_columns_tablet&quot;:&quot;eael-col-2&quot;,&quot;eael_post_grid_columns_mobile&quot;:&quot;eael-col-1&quot;}\" data-widget_type=\"eael-post-grid.default\">\n\t\t\t\t<div class=\"elementor-widget-container\">\n\t\t\t<div id=\"eael-post-grid-8f05465\" class=\"eael-post-grid-container\">\n            <div class=\"eael-post-grid eael-post-appender eael-post-appender-8f05465 eael-post-grid-style-one\" data-layout-mode=\"grid\"><article class=\"eael-grid-post eael-post-grid-column\" data-id=\"25666\">\n        <div class=\"eael-grid-post-holder\">\n            <div class=\"eael-grid-post-holder-inner\"><div class=\"eael-entry-media\"><div class=\"eael-entry-overlay fade-in\"><i class=\"fas fa-long-arrow-alt-right\" aria-hidden=\"true\"><\/i><a href=\"http:\/\/172.16.202.26\/?p=25666\"><\/a><\/div><div class=\"eael-entry-thumbnail \">\n                <img fetchpriority=\"high\" decoding=\"async\" width=\"368\" height=\"240\" src=\"http:\/\/172.16.202.26\/wp-content\/uploads\/2025\/06\/10000839481-368x240.jpg\" class=\"attachment-bizberg_blog_list size-bizberg_blog_list wp-image-25669\" alt=\"\" \/>\n            <\/div>\n        <\/div><div class=\"eael-entry-wrapper\"><header class=\"eael-entry-header\"><h3 class=\"eael-entry-title\"><a\n                        class=\"eael-grid-post-link\"\n                        href=\"http:\/\/172.16.202.26\/?p=25666\"\n                        title=\"Excursion Merbag\">Excursion Merbag<\/a><\/h3><\/header><div class=\"eael-entry-content\">\n                        <div class=\"eael-grid-post-excerpt\"><p>Der 3. Jahrgang der Abteilung Maschinenbau hatte am 6.6.2025 eine Exkursion zu der Firma Merbag, Mercedes u. Tesla in der Oberlaaerstrasse.<\/p><a href=\"http:\/\/172.16.202.26\/?p=25666\" class=\"eael-post-elements-readmore-btn\">Weiterlesen ...<\/a><\/div>\n                    <\/div><\/div><\/div>\n        <\/div>\n    <\/article><article class=\"eael-grid-post eael-post-grid-column\" data-id=\"25474\">\n        <div class=\"eael-grid-post-holder\">\n            <div class=\"eael-grid-post-holder-inner\"><div class=\"eael-entry-media\"><div class=\"eael-entry-overlay fade-in\"><i class=\"fas fa-long-arrow-alt-right\" aria-hidden=\"true\"><\/i><a href=\"http:\/\/172.16.202.26\/?p=25474\"><\/a><\/div><div class=\"eael-entry-thumbnail \">\n                <img decoding=\"async\" width=\"368\" height=\"240\" src=\"http:\/\/172.16.202.26\/wp-content\/uploads\/2025\/05\/VideoCapture_20250514-191436-e1748358116732-368x240.webp\" class=\"attachment-bizberg_blog_list size-bizberg_blog_list wp-image-25476\" alt=\"\" \/>\n            <\/div>\n        <\/div><div class=\"eael-entry-wrapper\"><header class=\"eael-entry-header\"><h3 class=\"eael-entry-title\"><a\n                        class=\"eael-grid-post-link\"\n                        href=\"http:\/\/172.16.202.26\/?p=25474\"\n                        title=\"Besuch einer Delegation der FH Technikum Wien\">Besuch einer Delegation der FH Technikum Wien<\/a><\/h3><\/header><div class=\"eael-entry-content\">\n                        <div class=\"eael-grid-post-excerpt\"><p>Am 14.5.2025 besuchte eine Delegation der FH Technikum Wien das TGM.<\/p><a href=\"http:\/\/172.16.202.26\/?p=25474\" class=\"eael-post-elements-readmore-btn\">Weiterlesen ...<\/a><\/div>\n                    <\/div><\/div><\/div>\n        <\/div>\n    <\/article><article class=\"eael-grid-post eael-post-grid-column\" data-id=\"25382\">\n        <div class=\"eael-grid-post-holder\">\n            <div class=\"eael-grid-post-holder-inner\"><div class=\"eael-entry-media\"><div class=\"eael-entry-overlay fade-in\"><i class=\"fas fa-long-arrow-alt-right\" aria-hidden=\"true\"><\/i><a href=\"http:\/\/172.16.202.26\/?p=25382\"><\/a><\/div><div class=\"eael-entry-thumbnail \">\n                <img decoding=\"async\" width=\"368\" height=\"240\" src=\"http:\/\/172.16.202.26\/wp-content\/uploads\/2025\/05\/1000074213-368x240.jpg\" class=\"attachment-bizberg_blog_list size-bizberg_blog_list wp-image-25385\" alt=\"\" \/>\n            <\/div>\n        <\/div><div class=\"eael-entry-wrapper\"><header class=\"eael-entry-header\"><h3 class=\"eael-entry-title\"><a\n                        class=\"eael-grid-post-link\"\n                        href=\"http:\/\/172.16.202.26\/?p=25382\"\n                        title=\"Besuch bei der Fa. Porsche Inter Auto\">Besuch bei der Fa. Porsche Inter Auto<\/a><\/h3><\/header><div class=\"eael-entry-content\">\n                        <div class=\"eael-grid-post-excerpt\"><p>Der 3. Jahrgang der Maschinenbauabteilung mit Schwerpunkt Kraftfahrzeugtechnik besuchte die Firma Porsche Inter Auto in der Muthgasse.<\/p><a href=\"http:\/\/172.16.202.26\/?p=25382\" class=\"eael-post-elements-readmore-btn\">Weiterlesen ...<\/a><\/div>\n                    <\/div><\/div><\/div>\n        <\/div>\n    <\/article><article class=\"eael-grid-post eael-post-grid-column\" data-id=\"25301\">\n        <div class=\"eael-grid-post-holder\">\n            <div class=\"eael-grid-post-holder-inner\"><div class=\"eael-entry-media\"><div class=\"eael-entry-overlay fade-in\"><i class=\"fas fa-long-arrow-alt-right\" aria-hidden=\"true\"><\/i><a href=\"http:\/\/172.16.202.26\/?p=25301\"><\/a><\/div><div class=\"eael-entry-thumbnail \">\n                <img loading=\"lazy\" decoding=\"async\" width=\"368\" height=\"240\" src=\"http:\/\/172.16.202.26\/wp-content\/uploads\/2025\/04\/1000075288-368x240.jpg\" class=\"attachment-bizberg_blog_list size-bizberg_blog_list wp-image-25303\" alt=\"\" \/>\n            <\/div>\n        <\/div><div class=\"eael-entry-wrapper\"><header class=\"eael-entry-header\"><h3 class=\"eael-entry-title\"><a\n                        class=\"eael-grid-post-link\"\n                        href=\"http:\/\/172.16.202.26\/?p=25301\"\n                        title=\"Besuch im Motorradmuseum &#8222;Motorrolldie&#8220;\">Besuch im Motorradmuseum &#8222;Motorrolldie&#8220;<\/a><\/h3><\/header><div class=\"eael-entry-content\">\n                        <div class=\"eael-grid-post-excerpt\"><p>Am 4.4.2025 besuchte die 3. Kraftfahrzeugklasse das Motorradmuseum &quot;Motorrolldie&quot; im 12. Wiener Gemeindebezirk.<\/p><a href=\"http:\/\/172.16.202.26\/?p=25301\" class=\"eael-post-elements-readmore-btn\">Weiterlesen ...<\/a><\/div>\n                    <\/div><\/div><\/div>\n        <\/div>\n    <\/article><article class=\"eael-grid-post eael-post-grid-column\" data-id=\"24974\">\n        <div class=\"eael-grid-post-holder\">\n            <div class=\"eael-grid-post-holder-inner\"><div class=\"eael-entry-media\"><div class=\"eael-entry-overlay fade-in\"><i class=\"fas fa-long-arrow-alt-right\" aria-hidden=\"true\"><\/i><a href=\"http:\/\/172.16.202.26\/?p=24974\"><\/a><\/div><div class=\"eael-entry-thumbnail \">\n                <img loading=\"lazy\" decoding=\"async\" width=\"368\" height=\"240\" src=\"http:\/\/172.16.202.26\/wp-content\/uploads\/2025\/03\/20250304_150104-368x240.jpg\" class=\"attachment-bizberg_blog_list size-bizberg_blog_list wp-image-24976\" alt=\"\" \/>\n            <\/div>\n        <\/div><div class=\"eael-entry-wrapper\"><header class=\"eael-entry-header\"><h3 class=\"eael-entry-title\"><a\n                        class=\"eael-grid-post-link\"\n                        href=\"http:\/\/172.16.202.26\/?p=24974\"\n                        title=\"Technische Exkursion &#8211; RWA Korneuburg\">Technische Exkursion &#8211; RWA Korneuburg<\/a><\/h3><\/header><div class=\"eael-entry-content\">\n                        <div class=\"eael-grid-post-excerpt\"><p>Eine Gruppe von 14 angehenden Ingenieuren der H\u00f6heren Abteilung f\u00fcr Maschinenbau-Kraftfahrzeugtechnik am TGM besuchte den Unternehmensstandort der RWA Raiffeisen Ware Austria in Korneuburg.<\/p><a href=\"http:\/\/172.16.202.26\/?p=24974\" class=\"eael-post-elements-readmore-btn\">Weiterlesen ...<\/a><\/div>\n                    <\/div><\/div><\/div>\n        <\/div>\n    <\/article><article class=\"eael-grid-post eael-post-grid-column\" data-id=\"24932\">\n        <div class=\"eael-grid-post-holder\">\n            <div class=\"eael-grid-post-holder-inner\"><div class=\"eael-entry-media\"><div class=\"eael-entry-overlay fade-in\"><i class=\"fas fa-long-arrow-alt-right\" aria-hidden=\"true\"><\/i><a href=\"http:\/\/172.16.202.26\/?p=24932\"><\/a><\/div><div class=\"eael-entry-thumbnail \">\n                <img loading=\"lazy\" decoding=\"async\" width=\"368\" height=\"240\" src=\"http:\/\/172.16.202.26\/wp-content\/uploads\/2025\/03\/IMG_4538-368x240.jpeg\" class=\"attachment-bizberg_blog_list size-bizberg_blog_list wp-image-24934\" alt=\"\" \/>\n            <\/div>\n        <\/div><div class=\"eael-entry-wrapper\"><header class=\"eael-entry-header\"><h3 class=\"eael-entry-title\"><a\n                        class=\"eael-grid-post-link\"\n                        href=\"http:\/\/172.16.202.26\/?p=24932\"\n                        title=\"Exkursion Fa. H\u00f6rbiger\">Exkursion Fa. H\u00f6rbiger<\/a><\/h3><\/header><div class=\"eael-entry-content\">\n                        <div class=\"eael-grid-post-excerpt\"><p>Am 12.02.2025 besuchte die 4BHMBZ die Firma H\u00f6rbiger.<\/p><a href=\"http:\/\/172.16.202.26\/?p=24932\" class=\"eael-post-elements-readmore-btn\">Weiterlesen ...<\/a><\/div>\n                    <\/div><\/div><\/div>\n        <\/div>\n    <\/article><article class=\"eael-grid-post eael-post-grid-column\" data-id=\"24803\">\n        <div class=\"eael-grid-post-holder\">\n            <div class=\"eael-grid-post-holder-inner\"><div class=\"eael-entry-media\"><div class=\"eael-entry-overlay fade-in\"><i class=\"fas fa-long-arrow-alt-right\" aria-hidden=\"true\"><\/i><a href=\"http:\/\/172.16.202.26\/?p=24803\"><\/a><\/div><div class=\"eael-entry-thumbnail \">\n                <img loading=\"lazy\" decoding=\"async\" width=\"368\" height=\"240\" src=\"http:\/\/172.16.202.26\/wp-content\/uploads\/2025\/02\/1-368x240.jpg\" class=\"attachment-bizberg_blog_list size-bizberg_blog_list wp-image-24805\" alt=\"\" \/>\n            <\/div>\n        <\/div><div class=\"eael-entry-wrapper\"><header class=\"eael-entry-header\"><h3 class=\"eael-entry-title\"><a\n                        class=\"eael-grid-post-link\"\n                        href=\"http:\/\/172.16.202.26\/?p=24803\"\n                        title=\"Berufsorientierung am TGM\">Berufsorientierung am TGM<\/a><\/h3><\/header><div class=\"eael-entry-content\">\n                        <div class=\"eael-grid-post-excerpt\"><p>Petra Stern-Kasmader gibt wertvolle Einblicke in die Arbeitswelt.<\/p><a href=\"http:\/\/172.16.202.26\/?p=24803\" class=\"eael-post-elements-readmore-btn\">Weiterlesen ...<\/a><\/div>\n                    <\/div><\/div><\/div>\n        <\/div>\n    <\/article><article class=\"eael-grid-post eael-post-grid-column\" data-id=\"24179\">\n        <div class=\"eael-grid-post-holder\">\n            <div class=\"eael-grid-post-holder-inner\"><div class=\"eael-entry-media\"><div class=\"eael-entry-overlay fade-in\"><i class=\"fas fa-long-arrow-alt-right\" aria-hidden=\"true\"><\/i><a href=\"http:\/\/172.16.202.26\/?p=24179\"><\/a><\/div><div class=\"eael-entry-thumbnail \">\n                <img loading=\"lazy\" decoding=\"async\" width=\"368\" height=\"240\" src=\"http:\/\/172.16.202.26\/wp-content\/uploads\/2024\/11\/2-368x240.jpg\" class=\"attachment-bizberg_blog_list size-bizberg_blog_list wp-image-24182\" alt=\"\" \/>\n            <\/div>\n        <\/div><div class=\"eael-entry-wrapper\"><header class=\"eael-entry-header\"><h3 class=\"eael-entry-title\"><a\n                        class=\"eael-grid-post-link\"\n                        href=\"http:\/\/172.16.202.26\/?p=24179\"\n                        title=\"Abteilungswandertag in der HMB\">Abteilungswandertag in der HMB<\/a><\/h3><\/header><div class=\"eael-entry-content\">\n                        <div class=\"eael-grid-post-excerpt\"><p>In der Abteilung MB gibt es die sch\u00f6ne, gemeinschaftsbildende Tradition der Abteilungswandertage.<\/p><a href=\"http:\/\/172.16.202.26\/?p=24179\" class=\"eael-post-elements-readmore-btn\">Weiterlesen ...<\/a><\/div>\n                    <\/div><\/div><\/div>\n        <\/div>\n    <\/article><article class=\"eael-grid-post eael-post-grid-column\" data-id=\"24066\">\n        <div class=\"eael-grid-post-holder\">\n            <div class=\"eael-grid-post-holder-inner\"><div class=\"eael-entry-media\"><div class=\"eael-entry-overlay fade-in\"><i class=\"fas fa-long-arrow-alt-right\" aria-hidden=\"true\"><\/i><a href=\"http:\/\/172.16.202.26\/?p=24066\"><\/a><\/div><div class=\"eael-entry-thumbnail \">\n                <img loading=\"lazy\" decoding=\"async\" width=\"368\" height=\"240\" src=\"http:\/\/172.16.202.26\/wp-content\/uploads\/2024\/11\/Foto6-368x240.jpg\" class=\"attachment-bizberg_blog_list size-bizberg_blog_list wp-image-24073\" alt=\"\" \/>\n            <\/div>\n        <\/div><div class=\"eael-entry-wrapper\"><header class=\"eael-entry-header\"><h3 class=\"eael-entry-title\"><a\n                        class=\"eael-grid-post-link\"\n                        href=\"http:\/\/172.16.202.26\/?p=24066\"\n                        title=\"HTL Zero Emission Challenge\">HTL Zero Emission Challenge<\/a><\/h3><\/header><div class=\"eael-entry-content\">\n                        <div class=\"eael-grid-post-excerpt\"><p>2.Platz f\u00fcr das TGM Racing Team bei der HTL Zero Emission Challenge 2024.<\/p><a href=\"http:\/\/172.16.202.26\/?p=24066\" class=\"eael-post-elements-readmore-btn\">Weiterlesen ...<\/a><\/div>\n                    <\/div><\/div><\/div>\n        <\/div>\n    <\/article><article class=\"eael-grid-post eael-post-grid-column\" data-id=\"23937\">\n        <div class=\"eael-grid-post-holder\">\n            <div class=\"eael-grid-post-holder-inner\"><div class=\"eael-entry-media\"><div class=\"eael-entry-overlay fade-in\"><i class=\"fas fa-long-arrow-alt-right\" aria-hidden=\"true\"><\/i><a href=\"http:\/\/172.16.202.26\/?p=23937\"><\/a><\/div><div class=\"eael-entry-thumbnail \">\n                <img loading=\"lazy\" decoding=\"async\" width=\"368\" height=\"240\" src=\"http:\/\/172.16.202.26\/wp-content\/uploads\/2024\/10\/8ECE4B04-368x240.jpeg\" class=\"attachment-bizberg_blog_list size-bizberg_blog_list wp-image-23941\" alt=\"\" \/>\n            <\/div>\n        <\/div><div class=\"eael-entry-wrapper\"><header class=\"eael-entry-header\"><h3 class=\"eael-entry-title\"><a\n                        class=\"eael-grid-post-link\"\n                        href=\"http:\/\/172.16.202.26\/?p=23937\"\n                        title=\"Exkursion der 4BHMBZ nach London\">Exkursion der 4BHMBZ nach London<\/a><\/h3><\/header><div class=\"eael-entry-content\">\n                        <div class=\"eael-grid-post-excerpt\"><p>Bericht der technisch-kulturellen Reise in die britische Hauptstadt.<\/p><a href=\"http:\/\/172.16.202.26\/?p=23937\" class=\"eael-post-elements-readmore-btn\">Weiterlesen ...<\/a><\/div>\n                    <\/div><\/div><\/div>\n        <\/div>\n    <\/article><article class=\"eael-grid-post eael-post-grid-column\" data-id=\"23867\">\n        <div class=\"eael-grid-post-holder\">\n            <div class=\"eael-grid-post-holder-inner\"><div class=\"eael-entry-media\"><div class=\"eael-entry-overlay fade-in\"><i class=\"fas fa-long-arrow-alt-right\" aria-hidden=\"true\"><\/i><a href=\"http:\/\/172.16.202.26\/?p=23867\"><\/a><\/div><div class=\"eael-entry-thumbnail \">\n                <img loading=\"lazy\" decoding=\"async\" width=\"368\" height=\"240\" src=\"http:\/\/172.16.202.26\/wp-content\/uploads\/2024\/10\/1-368x240.jpeg\" class=\"attachment-bizberg_blog_list size-bizberg_blog_list wp-image-23869\" alt=\"\" \/>\n            <\/div>\n        <\/div><div class=\"eael-entry-wrapper\"><header class=\"eael-entry-header\"><h3 class=\"eael-entry-title\"><a\n                        class=\"eael-grid-post-link\"\n                        href=\"http:\/\/172.16.202.26\/?p=23867\"\n                        title=\"Kulturreise nach Rom\">Kulturreise nach Rom<\/a><\/h3><\/header><div class=\"eael-entry-content\">\n                        <div class=\"eael-grid-post-excerpt\"><p>Veni, vidi, vici - eine wortw\u00f6rtlich perfekte Lehrexkursion.<\/p><a href=\"http:\/\/172.16.202.26\/?p=23867\" class=\"eael-post-elements-readmore-btn\">Weiterlesen ...<\/a><\/div>\n                    <\/div><\/div><\/div>\n        <\/div>\n    <\/article><article class=\"eael-grid-post eael-post-grid-column\" data-id=\"23317\">\n        <div class=\"eael-grid-post-holder\">\n            <div class=\"eael-grid-post-holder-inner\"><div class=\"eael-entry-media\"><div class=\"eael-entry-overlay fade-in\"><i class=\"fas fa-long-arrow-alt-right\" aria-hidden=\"true\"><\/i><a href=\"http:\/\/172.16.202.26\/?p=23317\"><\/a><\/div><div class=\"eael-entry-thumbnail \">\n                <img loading=\"lazy\" decoding=\"async\" width=\"368\" height=\"240\" src=\"http:\/\/172.16.202.26\/wp-content\/uploads\/2024\/09\/MEBC240704sg_51785-368x240.jpg\" class=\"attachment-bizberg_blog_list size-bizberg_blog_list wp-image-23322\" alt=\"\" \/>\n            <\/div>\n        <\/div><div class=\"eael-entry-wrapper\"><header class=\"eael-entry-header\"><h3 class=\"eael-entry-title\"><a\n                        class=\"eael-grid-post-link\"\n                        href=\"http:\/\/172.16.202.26\/?p=23317\"\n                        title=\"Energy Boat Challenge in Monaco\">Energy Boat Challenge in Monaco<\/a><\/h3><\/header><div class=\"eael-entry-content\">\n                        <div class=\"eael-grid-post-excerpt\"><p>Das Solar Boat Team der Abteilung f\u00fcr Maschinenbau nahm an einer in Monaco ausgetragenen Regatta f\u00fcr elektrisch angetriebene Boote teil.<\/p><a href=\"http:\/\/172.16.202.26\/?p=23317\" class=\"eael-post-elements-readmore-btn\">Weiterlesen ...<\/a><\/div>\n                    <\/div><\/div><\/div>\n        <\/div>\n    <\/article><article class=\"eael-grid-post eael-post-grid-column\" data-id=\"23067\">\n        <div class=\"eael-grid-post-holder\">\n            <div class=\"eael-grid-post-holder-inner\"><div class=\"eael-entry-media\"><div class=\"eael-entry-overlay fade-in\"><i class=\"fas fa-long-arrow-alt-right\" aria-hidden=\"true\"><\/i><a href=\"http:\/\/172.16.202.26\/?p=23067\"><\/a><\/div><div class=\"eael-entry-thumbnail \">\n                <img loading=\"lazy\" decoding=\"async\" width=\"368\" height=\"240\" src=\"http:\/\/172.16.202.26\/wp-content\/uploads\/2024\/07\/TGM_Gruppenfoto-368x240.jpg\" class=\"attachment-bizberg_blog_list size-bizberg_blog_list wp-image-23072\" alt=\"\" \/>\n            <\/div>\n        <\/div><div class=\"eael-entry-wrapper\"><header class=\"eael-entry-header\"><h3 class=\"eael-entry-title\"><a\n                        class=\"eael-grid-post-link\"\n                        href=\"http:\/\/172.16.202.26\/?p=23067\"\n                        title=\"Exkursion in ein Autohaus\">Exkursion in ein Autohaus<\/a><\/h3><\/header><div class=\"eael-entry-content\">\n                        <div class=\"eael-grid-post-excerpt\"><p>Exkursion zu BMW-Heiligenstadt um den Alltag dort kennenzulernen.<\/p><a href=\"http:\/\/172.16.202.26\/?p=23067\" class=\"eael-post-elements-readmore-btn\">Weiterlesen ...<\/a><\/div>\n                    <\/div><\/div><\/div>\n        <\/div>\n    <\/article><article class=\"eael-grid-post eael-post-grid-column\" data-id=\"23045\">\n        <div class=\"eael-grid-post-holder\">\n            <div class=\"eael-grid-post-holder-inner\"><div class=\"eael-entry-media\"><div class=\"eael-entry-overlay fade-in\"><i class=\"fas fa-long-arrow-alt-right\" aria-hidden=\"true\"><\/i><a href=\"http:\/\/172.16.202.26\/?p=23045\"><\/a><\/div><div class=\"eael-entry-thumbnail \">\n                <img loading=\"lazy\" decoding=\"async\" width=\"368\" height=\"240\" src=\"http:\/\/172.16.202.26\/wp-content\/uploads\/2024\/06\/image002-368x240.jpg\" class=\"attachment-bizberg_blog_list size-bizberg_blog_list wp-image-23049\" alt=\"\" \/>\n            <\/div>\n        <\/div><div class=\"eael-entry-wrapper\"><header class=\"eael-entry-header\"><h3 class=\"eael-entry-title\"><a\n                        class=\"eael-grid-post-link\"\n                        href=\"http:\/\/172.16.202.26\/?p=23045\"\n                        title=\"Exkursion nach Krakau und Auschwitz\">Exkursion nach Krakau und Auschwitz<\/a><\/h3><\/header><div class=\"eael-entry-content\">\n                        <div class=\"eael-grid-post-excerpt\"><p>..... zum Thema \u201eauf den Spuren von Schindlers Liste\u201c.<\/p><a href=\"http:\/\/172.16.202.26\/?p=23045\" class=\"eael-post-elements-readmore-btn\">Weiterlesen ...<\/a><\/div>\n                    <\/div><\/div><\/div>\n        <\/div>\n    <\/article><article class=\"eael-grid-post eael-post-grid-column\" data-id=\"22924\">\n        <div class=\"eael-grid-post-holder\">\n            <div class=\"eael-grid-post-holder-inner\"><div class=\"eael-entry-media\"><div class=\"eael-entry-overlay fade-in\"><i class=\"fas fa-long-arrow-alt-right\" aria-hidden=\"true\"><\/i><a href=\"http:\/\/172.16.202.26\/?p=22924\"><\/a><\/div><div class=\"eael-entry-thumbnail \">\n                <img loading=\"lazy\" decoding=\"async\" width=\"368\" height=\"240\" src=\"http:\/\/172.16.202.26\/wp-content\/uploads\/2024\/06\/Sicherheit-WS-368x240.jpg\" class=\"attachment-bizberg_blog_list size-bizberg_blog_list wp-image-22926\" alt=\"\" \/>\n            <\/div>\n        <\/div><div class=\"eael-entry-wrapper\"><header class=\"eael-entry-header\"><h3 class=\"eael-entry-title\"><a\n                        class=\"eael-grid-post-link\"\n                        href=\"http:\/\/172.16.202.26\/?p=22924\"\n                        title=\"Wenn man sich \u00fcber den Besuch des Arbeitsinspektorats freut &#8230;\">Wenn man sich \u00fcber den Besuch des Arbeitsinspektorats freut &#8230;<\/a><\/h3><\/header><div class=\"eael-entry-content\">\n                        <div class=\"eael-grid-post-excerpt\"><p>Am Montag dem 10.6.2024 fand die Abschlussveranstaltung des Freigegenstandes \u201eBetriebstechnik- Sicherheitstechnik\u201c statt.<\/p><a href=\"http:\/\/172.16.202.26\/?p=22924\" class=\"eael-post-elements-readmore-btn\">Weiterlesen ...<\/a><\/div>\n                    <\/div><\/div><\/div>\n        <\/div>\n    <\/article><article class=\"eael-grid-post eael-post-grid-column\" data-id=\"22647\">\n        <div class=\"eael-grid-post-holder\">\n            <div class=\"eael-grid-post-holder-inner\"><div class=\"eael-entry-media\"><div class=\"eael-entry-overlay fade-in\"><i class=\"fas fa-long-arrow-alt-right\" aria-hidden=\"true\"><\/i><a href=\"http:\/\/172.16.202.26\/?p=22647\"><\/a><\/div><div class=\"eael-entry-thumbnail \">\n                <img loading=\"lazy\" decoding=\"async\" width=\"368\" height=\"240\" src=\"http:\/\/172.16.202.26\/wp-content\/uploads\/2024\/05\/image001-368x240.jpg\" class=\"attachment-bizberg_blog_list size-bizberg_blog_list wp-image-22649\" alt=\"\" \/>\n            <\/div>\n        <\/div><div class=\"eael-entry-wrapper\"><header class=\"eael-entry-header\"><h3 class=\"eael-entry-title\"><a\n                        class=\"eael-grid-post-link\"\n                        href=\"http:\/\/172.16.202.26\/?p=22647\"\n                        title=\"International Waterbike Regatta\">International Waterbike Regatta<\/a><\/h3><\/header><div class=\"eael-entry-content\">\n                        <div class=\"eael-grid-post-excerpt\"><p>Das Tretbootteam der Abteilung HMB nahm heuer wieder an der International Waterbike Regatta teil.<\/p><a href=\"http:\/\/172.16.202.26\/?p=22647\" class=\"eael-post-elements-readmore-btn\">Weiterlesen ...<\/a><\/div>\n                    <\/div><\/div><\/div>\n        <\/div>\n    <\/article><article class=\"eael-grid-post eael-post-grid-column\" data-id=\"22478\">\n        <div class=\"eael-grid-post-holder\">\n            <div class=\"eael-grid-post-holder-inner\"><div class=\"eael-entry-media\"><div class=\"eael-entry-overlay fade-in\"><i class=\"fas fa-long-arrow-alt-right\" aria-hidden=\"true\"><\/i><a href=\"http:\/\/172.16.202.26\/?p=22478\"><\/a><\/div><div class=\"eael-entry-thumbnail \">\n                <img loading=\"lazy\" decoding=\"async\" width=\"368\" height=\"240\" src=\"http:\/\/172.16.202.26\/wp-content\/uploads\/2024\/04\/1-368x240.jpg\" class=\"attachment-bizberg_blog_list size-bizberg_blog_list wp-image-22480\" alt=\"\" \/>\n            <\/div>\n        <\/div><div class=\"eael-entry-wrapper\"><header class=\"eael-entry-header\"><h3 class=\"eael-entry-title\"><a\n                        class=\"eael-grid-post-link\"\n                        href=\"http:\/\/172.16.202.26\/?p=22478\"\n                        title=\"Exkursion ins Parlament\">Exkursion ins Parlament<\/a><\/h3><\/header><div class=\"eael-entry-content\">\n                        <div class=\"eael-grid-post-excerpt\"><p>Bei einer Exkursion ins Parlament wurde unseren Sch\u00fclerinnen uns Sch\u00fclern die Geschichte der Demokratie und des Geb\u00e4udes n\u00e4hergebracht.<\/p><a href=\"http:\/\/172.16.202.26\/?p=22478\" class=\"eael-post-elements-readmore-btn\">Weiterlesen ...<\/a><\/div>\n                    <\/div><\/div><\/div>\n        <\/div>\n    <\/article><article class=\"eael-grid-post eael-post-grid-column\" data-id=\"22439\">\n        <div class=\"eael-grid-post-holder\">\n            <div class=\"eael-grid-post-holder-inner\"><div class=\"eael-entry-media\"><div class=\"eael-entry-overlay fade-in\"><i class=\"fas fa-long-arrow-alt-right\" aria-hidden=\"true\"><\/i><a href=\"http:\/\/172.16.202.26\/?p=22439\"><\/a><\/div><div class=\"eael-entry-thumbnail \">\n                <img loading=\"lazy\" decoding=\"async\" width=\"368\" height=\"240\" src=\"http:\/\/172.16.202.26\/wp-content\/uploads\/2024\/04\/Image-2024-04-09-at-20.16.02-368x240.jpeg\" class=\"attachment-bizberg_blog_list size-bizberg_blog_list wp-image-22442\" alt=\"\" \/>\n            <\/div>\n        <\/div><div class=\"eael-entry-wrapper\"><header class=\"eael-entry-header\"><h3 class=\"eael-entry-title\"><a\n                        class=\"eael-grid-post-link\"\n                        href=\"http:\/\/172.16.202.26\/?p=22439\"\n                        title=\"Exkursion Albertina\">Exkursion Albertina<\/a><\/h3><\/header><div class=\"eael-entry-content\">\n                        <div class=\"eael-grid-post-excerpt\"><p>Sch\u00fcler*innen aus der Abteilung f\u00fcr Maschinenbau und Kunststofftechnik besuchten gemeinsam die Albertina Modern Ausstellung.<\/p><a href=\"http:\/\/172.16.202.26\/?p=22439\" class=\"eael-post-elements-readmore-btn\">Weiterlesen ...<\/a><\/div>\n                    <\/div><\/div><\/div>\n        <\/div>\n    <\/article><article class=\"eael-grid-post eael-post-grid-column\" data-id=\"22328\">\n        <div class=\"eael-grid-post-holder\">\n            <div class=\"eael-grid-post-holder-inner\"><div class=\"eael-entry-media\"><div class=\"eael-entry-overlay fade-in\"><i class=\"fas fa-long-arrow-alt-right\" aria-hidden=\"true\"><\/i><a href=\"http:\/\/172.16.202.26\/?p=22328\"><\/a><\/div><div class=\"eael-entry-thumbnail \">\n                <img loading=\"lazy\" decoding=\"async\" width=\"368\" height=\"240\" src=\"http:\/\/172.16.202.26\/wp-content\/uploads\/2024\/04\/20240405_163103-368x240.jpg\" class=\"attachment-bizberg_blog_list size-bizberg_blog_list wp-image-22335\" alt=\"\" \/>\n            <\/div>\n        <\/div><div class=\"eael-entry-wrapper\"><header class=\"eael-entry-header\"><h3 class=\"eael-entry-title\"><a\n                        class=\"eael-grid-post-link\"\n                        href=\"http:\/\/172.16.202.26\/?p=22328\"\n                        title=\"Nachbau Kaiser Franz Joseph B\u00fcste\">Nachbau Kaiser Franz Joseph B\u00fcste<\/a><\/h3><\/header><div class=\"eael-entry-content\">\n                        <div class=\"eael-grid-post-excerpt\"><p>Eine entwendete B\u00fcste von Kaiser Franz Joseph wurde von Sch\u00fclern der HMB mittels 3D-Druck nachgebaut und ersetzt.<\/p><a href=\"http:\/\/172.16.202.26\/?p=22328\" class=\"eael-post-elements-readmore-btn\">Weiterlesen ...<\/a><\/div>\n                    <\/div><\/div><\/div>\n        <\/div>\n    <\/article><article class=\"eael-grid-post eael-post-grid-column\" data-id=\"21630\">\n        <div class=\"eael-grid-post-holder\">\n            <div class=\"eael-grid-post-holder-inner\"><div class=\"eael-entry-media\"><div class=\"eael-entry-overlay fade-in\"><i class=\"fas fa-long-arrow-alt-right\" aria-hidden=\"true\"><\/i><a href=\"http:\/\/172.16.202.26\/?p=21630\"><\/a><\/div><div class=\"eael-entry-thumbnail \">\n                <img loading=\"lazy\" decoding=\"async\" width=\"368\" height=\"240\" src=\"http:\/\/172.16.202.26\/wp-content\/uploads\/2024\/02\/1_Titelbild-368x240.jpg\" class=\"attachment-bizberg_blog_list size-bizberg_blog_list wp-image-21632\" alt=\"\" \/>\n            <\/div>\n        <\/div><div class=\"eael-entry-wrapper\"><header class=\"eael-entry-header\"><h3 class=\"eael-entry-title\"><a\n                        class=\"eael-grid-post-link\"\n                        href=\"http:\/\/172.16.202.26\/?p=21630\"\n                        title=\"Formel1 Ausstellung\">Formel1 Ausstellung<\/a><\/h3><\/header><div class=\"eael-entry-content\">\n                        <div class=\"eael-grid-post-excerpt\"><p>Die 5BHMBZ, Ausbildungsschwerpunkt Fahrzeugtechnik, organisierte eine Exkursion zur Formel1 Ausstellung.<\/p><a href=\"http:\/\/172.16.202.26\/?p=21630\" class=\"eael-post-elements-readmore-btn\">Weiterlesen ...<\/a><\/div>\n                    <\/div><\/div><\/div>\n        <\/div>\n    <\/article><article class=\"eael-grid-post eael-post-grid-column\" data-id=\"21616\">\n        <div class=\"eael-grid-post-holder\">\n            <div class=\"eael-grid-post-holder-inner\"><div class=\"eael-entry-media\"><div class=\"eael-entry-overlay fade-in\"><i class=\"fas fa-long-arrow-alt-right\" aria-hidden=\"true\"><\/i><a href=\"http:\/\/172.16.202.26\/?p=21616\"><\/a><\/div><div class=\"eael-entry-thumbnail \">\n                <img loading=\"lazy\" decoding=\"async\" width=\"368\" height=\"240\" src=\"http:\/\/172.16.202.26\/wp-content\/uploads\/2024\/02\/8C3EFFCC-368x240.jpeg\" class=\"attachment-bizberg_blog_list size-bizberg_blog_list wp-image-21619\" alt=\"\" \/>\n            <\/div>\n        <\/div><div class=\"eael-entry-wrapper\"><header class=\"eael-entry-header\"><h3 class=\"eael-entry-title\"><a\n                        class=\"eael-grid-post-link\"\n                        href=\"http:\/\/172.16.202.26\/?p=21616\"\n                        title=\"Maschinenbau goes Opera\">Maschinenbau goes Opera<\/a><\/h3><\/header><div class=\"eael-entry-content\">\n                        <div class=\"eael-grid-post-excerpt\"><p>\u201eEs war die Nachtigall und nicht die Lerche\u2026.\u201c. Sch\u00fclerinnen und Sch\u00fcler waren bei der Generalprobe im Theater an der Wien.<\/p><a href=\"http:\/\/172.16.202.26\/?p=21616\" class=\"eael-post-elements-readmore-btn\">Weiterlesen ...<\/a><\/div>\n                    <\/div><\/div><\/div>\n        <\/div>\n    <\/article><article class=\"eael-grid-post eael-post-grid-column\" data-id=\"21585\">\n        <div class=\"eael-grid-post-holder\">\n            <div class=\"eael-grid-post-holder-inner\"><div class=\"eael-entry-media\"><div class=\"eael-entry-overlay fade-in\"><i class=\"fas fa-long-arrow-alt-right\" aria-hidden=\"true\"><\/i><a href=\"http:\/\/172.16.202.26\/?p=21585\"><\/a><\/div><div class=\"eael-entry-thumbnail \">\n                <img loading=\"lazy\" decoding=\"async\" width=\"368\" height=\"240\" src=\"http:\/\/172.16.202.26\/wp-content\/uploads\/2024\/02\/20240212_150850-368x240.jpg\" class=\"attachment-bizberg_blog_list size-bizberg_blog_list wp-image-21587\" alt=\"\" \/>\n            <\/div>\n        <\/div><div class=\"eael-entry-wrapper\"><header class=\"eael-entry-header\"><h3 class=\"eael-entry-title\"><a\n                        class=\"eael-grid-post-link\"\n                        href=\"http:\/\/172.16.202.26\/?p=21585\"\n                        title=\"Besuch der Firma Europapier Austria\">Besuch der Firma Europapier Austria<\/a><\/h3><\/header><div class=\"eael-entry-content\">\n                        <div class=\"eael-grid-post-excerpt\"><p>Lehrausgang der 4 Jahrg\u00e4nge der H\u00f6heren Abteilung f\u00fcr Maschinenbau zur Firma Europapier Austria GmbH.<\/p><a href=\"http:\/\/172.16.202.26\/?p=21585\" class=\"eael-post-elements-readmore-btn\">Weiterlesen ...<\/a><\/div>\n                    <\/div><\/div><\/div>\n        <\/div>\n    <\/article><article class=\"eael-grid-post eael-post-grid-column\" data-id=\"21575\">\n        <div class=\"eael-grid-post-holder\">\n            <div class=\"eael-grid-post-holder-inner\"><div class=\"eael-entry-media\"><div class=\"eael-entry-overlay fade-in\"><i class=\"fas fa-long-arrow-alt-right\" aria-hidden=\"true\"><\/i><a href=\"http:\/\/172.16.202.26\/?p=21575\"><\/a><\/div><div class=\"eael-entry-thumbnail \">\n                <img loading=\"lazy\" decoding=\"async\" width=\"368\" height=\"240\" src=\"http:\/\/172.16.202.26\/wp-content\/uploads\/2024\/02\/20240214_121305-368x240.jpg\" class=\"attachment-bizberg_blog_list size-bizberg_blog_list wp-image-21579\" alt=\"\" \/>\n            <\/div>\n        <\/div><div class=\"eael-entry-wrapper\"><header class=\"eael-entry-header\"><h3 class=\"eael-entry-title\"><a\n                        class=\"eael-grid-post-link\"\n                        href=\"http:\/\/172.16.202.26\/?p=21575\"\n                        title=\"Besuch der Firma Andritz Hydro Weiz\">Besuch der Firma Andritz Hydro Weiz<\/a><\/h3><\/header><div class=\"eael-entry-content\">\n                        <div class=\"eael-grid-post-excerpt\"><p>Am 14. Februar 2024 besuchten Sch\u00fcler:innen der 2A und der 2C der H\u00f6heren Abteilung f\u00fcr Maschinenbau die Firma Andritz Hydro GmbH in Weiz.<\/p><a href=\"http:\/\/172.16.202.26\/?p=21575\" class=\"eael-post-elements-readmore-btn\">Weiterlesen ...<\/a><\/div>\n                    <\/div><\/div><\/div>\n        <\/div>\n    <\/article><article class=\"eael-grid-post eael-post-grid-column\" data-id=\"21405\">\n        <div class=\"eael-grid-post-holder\">\n            <div class=\"eael-grid-post-holder-inner\"><div class=\"eael-entry-media\"><div class=\"eael-entry-overlay fade-in\"><i class=\"fas fa-long-arrow-alt-right\" aria-hidden=\"true\"><\/i><a href=\"http:\/\/172.16.202.26\/?p=21405\"><\/a><\/div><div class=\"eael-entry-thumbnail \">\n                <img loading=\"lazy\" decoding=\"async\" width=\"368\" height=\"240\" src=\"http:\/\/172.16.202.26\/wp-content\/uploads\/2024\/01\/IMG_9403-368x240.jpeg\" class=\"attachment-bizberg_blog_list size-bizberg_blog_list wp-image-21409\" alt=\"\" \/>\n            <\/div>\n        <\/div><div class=\"eael-entry-wrapper\"><header class=\"eael-entry-header\"><h3 class=\"eael-entry-title\"><a\n                        class=\"eael-grid-post-link\"\n                        href=\"http:\/\/172.16.202.26\/?p=21405\"\n                        title=\"Solarboot\">Solarboot<\/a><\/h3><\/header><div class=\"eael-entry-content\">\n                        <div class=\"eael-grid-post-excerpt\"><p>Ende J\u00e4nner fand die erste Probefahrt des Solarboot an der Unteren Alten Donau statt.<\/p><a href=\"http:\/\/172.16.202.26\/?p=21405\" class=\"eael-post-elements-readmore-btn\">Weiterlesen ...<\/a><\/div>\n                    <\/div><\/div><\/div>\n        <\/div>\n    <\/article><article class=\"eael-grid-post eael-post-grid-column\" data-id=\"21291\">\n        <div class=\"eael-grid-post-holder\">\n            <div class=\"eael-grid-post-holder-inner\"><div class=\"eael-entry-media\"><div class=\"eael-entry-overlay fade-in\"><i class=\"fas fa-long-arrow-alt-right\" aria-hidden=\"true\"><\/i><a href=\"http:\/\/172.16.202.26\/?p=21291\"><\/a><\/div><div class=\"eael-entry-thumbnail \">\n                <img loading=\"lazy\" decoding=\"async\" width=\"368\" height=\"240\" src=\"http:\/\/172.16.202.26\/wp-content\/uploads\/2023\/12\/image001-368x240.jpg\" class=\"attachment-bizberg_blog_list size-bizberg_blog_list wp-image-21295\" alt=\"\" \/>\n            <\/div>\n        <\/div><div class=\"eael-entry-wrapper\"><header class=\"eael-entry-header\"><h3 class=\"eael-entry-title\"><a\n                        class=\"eael-grid-post-link\"\n                        href=\"http:\/\/172.16.202.26\/?p=21291\"\n                        title=\"HTL Zero Emission Challenge\">HTL Zero Emission Challenge<\/a><\/h3><\/header><div class=\"eael-entry-content\">\n                        <div class=\"eael-grid-post-excerpt\"><p>Das Team der Abteilung Maschinenbau trat mit Willee 1.0 beim Bewerb an und belegte den dritten Platz.<\/p><a href=\"http:\/\/172.16.202.26\/?p=21291\" class=\"eael-post-elements-readmore-btn\">Weiterlesen ...<\/a><\/div>\n                    <\/div><\/div><\/div>\n        <\/div>\n    <\/article><article class=\"eael-grid-post eael-post-grid-column\" data-id=\"21076\">\n        <div class=\"eael-grid-post-holder\">\n            <div class=\"eael-grid-post-holder-inner\"><div class=\"eael-entry-media\"><div class=\"eael-entry-overlay fade-in\"><i class=\"fas fa-long-arrow-alt-right\" aria-hidden=\"true\"><\/i><a href=\"http:\/\/172.16.202.26\/?p=21076\"><\/a><\/div><div class=\"eael-entry-thumbnail \">\n                <img loading=\"lazy\" decoding=\"async\" width=\"368\" height=\"240\" src=\"http:\/\/172.16.202.26\/wp-content\/uploads\/2023\/11\/IMG_8533_1-368x240.jpeg\" class=\"attachment-bizberg_blog_list size-bizberg_blog_list wp-image-21082\" alt=\"\" \/>\n            <\/div>\n        <\/div><div class=\"eael-entry-wrapper\"><header class=\"eael-entry-header\"><h3 class=\"eael-entry-title\"><a\n                        class=\"eael-grid-post-link\"\n                        href=\"http:\/\/172.16.202.26\/?p=21076\"\n                        title=\"Maschinenbau goes Opera\">Maschinenbau goes Opera<\/a><\/h3><\/header><div class=\"eael-entry-content\">\n                        <div class=\"eael-grid-post-excerpt\"><p>Am 6. November besuchten 29 Sch\u00fclerinnen und Sch\u00fcler die Vorstellung von Mozarts \u201eLe Nozze di Figaro\u201c.<\/p><a href=\"http:\/\/172.16.202.26\/?p=21076\" class=\"eael-post-elements-readmore-btn\">Weiterlesen ...<\/a><\/div>\n                    <\/div><\/div><\/div>\n        <\/div>\n    <\/article><article class=\"eael-grid-post eael-post-grid-column\" data-id=\"20470\">\n        <div class=\"eael-grid-post-holder\">\n            <div class=\"eael-grid-post-holder-inner\"><div class=\"eael-entry-media\"><div class=\"eael-entry-overlay fade-in\"><i class=\"fas fa-long-arrow-alt-right\" aria-hidden=\"true\"><\/i><a href=\"http:\/\/172.16.202.26\/?p=20470\"><\/a><\/div><div class=\"eael-entry-thumbnail \">\n                <img loading=\"lazy\" decoding=\"async\" width=\"368\" height=\"240\" src=\"http:\/\/172.16.202.26\/wp-content\/uploads\/2023\/10\/1-368x240.jpg\" class=\"attachment-bizberg_blog_list size-bizberg_blog_list wp-image-20472\" alt=\"\" \/>\n            <\/div>\n        <\/div><div class=\"eael-entry-wrapper\"><header class=\"eael-entry-header\"><h3 class=\"eael-entry-title\"><a\n                        class=\"eael-grid-post-link\"\n                        href=\"http:\/\/172.16.202.26\/?p=20470\"\n                        title=\"Er\u00f6ffnungswandertag der Abteilung Maschinenbau\">Er\u00f6ffnungswandertag der Abteilung Maschinenbau<\/a><\/h3><\/header><div class=\"eael-entry-content\">\n                        <div class=\"eael-grid-post-excerpt\"><p>Am 4.10.2023 fand der Er\u00f6ffnungswandertag der Abteilung Maschinenbau statt.<\/p><a href=\"http:\/\/172.16.202.26\/?p=20470\" class=\"eael-post-elements-readmore-btn\">Weiterlesen ...<\/a><\/div>\n                    <\/div><\/div><\/div>\n        <\/div>\n    <\/article><article class=\"eael-grid-post eael-post-grid-column\" data-id=\"18499\">\n        <div class=\"eael-grid-post-holder\">\n            <div class=\"eael-grid-post-holder-inner\"><div class=\"eael-entry-media\"><div class=\"eael-entry-overlay fade-in\"><i class=\"fas fa-long-arrow-alt-right\" aria-hidden=\"true\"><\/i><a href=\"http:\/\/172.16.202.26\/?p=18499\"><\/a><\/div><div class=\"eael-entry-thumbnail \">\n                <img loading=\"lazy\" decoding=\"async\" width=\"368\" height=\"240\" src=\"http:\/\/172.16.202.26\/wp-content\/uploads\/2023\/06\/IMG_20230217_090753_HDR-368x240.jpg\" class=\"attachment-bizberg_blog_list size-bizberg_blog_list wp-image-18491\" alt=\"\" \/>\n            <\/div>\n        <\/div><div class=\"eael-entry-wrapper\"><header class=\"eael-entry-header\"><h3 class=\"eael-entry-title\"><a\n                        class=\"eael-grid-post-link\"\n                        href=\"http:\/\/172.16.202.26\/?p=18499\"\n                        title=\"Exkursion zur U5\/U2 Baustelle\">Exkursion zur U5\/U2 Baustelle<\/a><\/h3><\/header><div class=\"eael-entry-content\">\n                        <div class=\"eael-grid-post-excerpt\"><p>Sch\u00fcler:innen der HMB erhielten einen \u00dcberblick \u00fcber die bisher durchgef\u00fchrten Grabungsarbeiten und das weitere Bauvorhaben.<\/p><a href=\"http:\/\/172.16.202.26\/?p=18499\" class=\"eael-post-elements-readmore-btn\">Weiterlesen ...<\/a><\/div>\n                    <\/div><\/div><\/div>\n        <\/div>\n    <\/article><article class=\"eael-grid-post eael-post-grid-column\" data-id=\"18281\">\n        <div class=\"eael-grid-post-holder\">\n            <div class=\"eael-grid-post-holder-inner\"><div class=\"eael-entry-media\"><div class=\"eael-entry-overlay fade-in\"><i class=\"fas fa-long-arrow-alt-right\" aria-hidden=\"true\"><\/i><a href=\"http:\/\/172.16.202.26\/?p=18281\"><\/a><\/div><div class=\"eael-entry-thumbnail \">\n                <img loading=\"lazy\" decoding=\"async\" width=\"368\" height=\"240\" src=\"http:\/\/172.16.202.26\/wp-content\/uploads\/2023\/06\/IMG_5980-1-368x240.jpg\" class=\"attachment-bizberg_blog_list size-bizberg_blog_list wp-image-18298\" alt=\"\" \/>\n            <\/div>\n        <\/div><div class=\"eael-entry-wrapper\"><header class=\"eael-entry-header\"><h3 class=\"eael-entry-title\"><a\n                        class=\"eael-grid-post-link\"\n                        href=\"http:\/\/172.16.202.26\/?p=18281\"\n                        title=\"Gewinner des Qualify.ing Contest 2023\">Gewinner des Qualify.ing Contest 2023<\/a><\/h3><\/header><div class=\"eael-entry-content\">\n                        <div class=\"eael-grid-post-excerpt\"><p>Die besten Maturaprojekte der einzelnen Abteilungen werden im Rahmen des j\u00e4hrlichen Qualify.ing Contest pr\u00e4miert.<\/p><a href=\"http:\/\/172.16.202.26\/?p=18281\" class=\"eael-post-elements-readmore-btn\">Weiterlesen ...<\/a><\/div>\n                    <\/div><\/div><\/div>\n        <\/div>\n    <\/article><article class=\"eael-grid-post eael-post-grid-column\" data-id=\"18239\">\n        <div class=\"eael-grid-post-holder\">\n            <div class=\"eael-grid-post-holder-inner\"><div class=\"eael-entry-media\"><div class=\"eael-entry-overlay fade-in\"><i class=\"fas fa-long-arrow-alt-right\" aria-hidden=\"true\"><\/i><a href=\"http:\/\/172.16.202.26\/?p=18239\"><\/a><\/div><div class=\"eael-entry-thumbnail \">\n                <img loading=\"lazy\" decoding=\"async\" width=\"368\" height=\"240\" src=\"http:\/\/172.16.202.26\/wp-content\/uploads\/2023\/06\/image001-368x240.jpg\" class=\"attachment-bizberg_blog_list size-bizberg_blog_list wp-image-18241\" alt=\"\" \/>\n            <\/div>\n        <\/div><div class=\"eael-entry-wrapper\"><header class=\"eael-entry-header\"><h3 class=\"eael-entry-title\"><a\n                        class=\"eael-grid-post-link\"\n                        href=\"http:\/\/172.16.202.26\/?p=18239\"\n                        title=\"Regattatretboot IV\">Regattatretboot IV<\/a><\/h3><\/header><div class=\"eael-entry-content\">\n                        <div class=\"eael-grid-post-excerpt\"><p>Es war soweit! Die Abteilung nahm mit drei Tretbooten an der International Waterbike Regatta in Kiel teil.<\/p><a href=\"http:\/\/172.16.202.26\/?p=18239\" class=\"eael-post-elements-readmore-btn\">Weiterlesen ...<\/a><\/div>\n                    <\/div><\/div><\/div>\n        <\/div>\n    <\/article><article class=\"eael-grid-post eael-post-grid-column\" data-id=\"18227\">\n        <div class=\"eael-grid-post-holder\">\n            <div class=\"eael-grid-post-holder-inner\"><div class=\"eael-entry-media\"><div class=\"eael-entry-overlay fade-in\"><i class=\"fas fa-long-arrow-alt-right\" aria-hidden=\"true\"><\/i><a href=\"http:\/\/172.16.202.26\/?p=18227\"><\/a><\/div><div class=\"eael-entry-thumbnail \">\n                <img loading=\"lazy\" decoding=\"async\" width=\"368\" height=\"240\" src=\"http:\/\/172.16.202.26\/wp-content\/uploads\/2023\/06\/YoungAustrianEngineerContest-1427-368x240.jpg\" class=\"attachment-bizberg_blog_list size-bizberg_blog_list wp-image-18231\" alt=\"\" \/>\n            <\/div>\n        <\/div><div class=\"eael-entry-wrapper\"><header class=\"eael-entry-header\"><h3 class=\"eael-entry-title\"><a\n                        class=\"eael-grid-post-link\"\n                        href=\"http:\/\/172.16.202.26\/?p=18227\"\n                        title=\"Zero Emission Challenge\">Zero Emission Challenge<\/a><\/h3><\/header><div class=\"eael-entry-content\">\n                        <div class=\"eael-grid-post-excerpt\"><p>Das Team der TGM hat bei der HTL Zero Emission Challenge den ersten Platz erreicht.<\/p><a href=\"http:\/\/172.16.202.26\/?p=18227\" class=\"eael-post-elements-readmore-btn\">Weiterlesen ...<\/a><\/div>\n                    <\/div><\/div><\/div>\n        <\/div>\n    <\/article><article class=\"eael-grid-post eael-post-grid-column\" data-id=\"18081\">\n        <div class=\"eael-grid-post-holder\">\n            <div class=\"eael-grid-post-holder-inner\"><div class=\"eael-entry-media\"><div class=\"eael-entry-overlay fade-in\"><i class=\"fas fa-long-arrow-alt-right\" aria-hidden=\"true\"><\/i><a href=\"http:\/\/172.16.202.26\/?p=18081\"><\/a><\/div><div class=\"eael-entry-thumbnail \">\n                <img loading=\"lazy\" decoding=\"async\" width=\"368\" height=\"240\" src=\"http:\/\/172.16.202.26\/wp-content\/uploads\/2023\/05\/image004-1-368x240.jpg\" class=\"attachment-bizberg_blog_list size-bizberg_blog_list wp-image-18086\" alt=\"\" \/>\n            <\/div>\n        <\/div><div class=\"eael-entry-wrapper\"><header class=\"eael-entry-header\"><h3 class=\"eael-entry-title\"><a\n                        class=\"eael-grid-post-link\"\n                        href=\"http:\/\/172.16.202.26\/?p=18081\"\n                        title=\"Regattatretboot III\">Regattatretboot III<\/a><\/h3><\/header><div class=\"eael-entry-content\">\n                        <div class=\"eael-grid-post-excerpt\"><p>Mit gro\u00dfem Engagement der Sch\u00fcler konnten zwei der Tretboote fertig gestellt werden.<\/p><a href=\"http:\/\/172.16.202.26\/?p=18081\" class=\"eael-post-elements-readmore-btn\">Weiterlesen ...<\/a><\/div>\n                    <\/div><\/div><\/div>\n        <\/div>\n    <\/article><article class=\"eael-grid-post eael-post-grid-column\" data-id=\"17319\">\n        <div class=\"eael-grid-post-holder\">\n            <div class=\"eael-grid-post-holder-inner\"><div class=\"eael-entry-media\"><div class=\"eael-entry-overlay fade-in\"><i class=\"fas fa-long-arrow-alt-right\" aria-hidden=\"true\"><\/i><a href=\"http:\/\/172.16.202.26\/?p=17319\"><\/a><\/div><div class=\"eael-entry-thumbnail \">\n                <img loading=\"lazy\" decoding=\"async\" width=\"368\" height=\"240\" src=\"http:\/\/172.16.202.26\/wp-content\/uploads\/2023\/04\/image001-2-368x240.jpg\" class=\"attachment-bizberg_blog_list size-bizberg_blog_list wp-image-17326\" alt=\"\" \/>\n            <\/div>\n        <\/div><div class=\"eael-entry-wrapper\"><header class=\"eael-entry-header\"><h3 class=\"eael-entry-title\"><a\n                        class=\"eael-grid-post-link\"\n                        href=\"http:\/\/172.16.202.26\/?p=17319\"\n                        title=\"Regattatretboot II\">Regattatretboot II<\/a><\/h3><\/header><div class=\"eael-entry-content\">\n                        <div class=\"eael-grid-post-excerpt\"><p>Die Fertigung des Rahmens ist nahezu abgeschlossen.<\/p><a href=\"http:\/\/172.16.202.26\/?p=17319\" class=\"eael-post-elements-readmore-btn\">Weiterlesen ...<\/a><\/div>\n                    <\/div><\/div><\/div>\n        <\/div>\n    <\/article><article class=\"eael-grid-post eael-post-grid-column\" data-id=\"17303\">\n        <div class=\"eael-grid-post-holder\">\n            <div class=\"eael-grid-post-holder-inner\"><div class=\"eael-entry-media\"><div class=\"eael-entry-overlay fade-in\"><i class=\"fas fa-long-arrow-alt-right\" aria-hidden=\"true\"><\/i><a href=\"http:\/\/172.16.202.26\/?p=17303\"><\/a><\/div><div class=\"eael-entry-thumbnail \">\n                <img loading=\"lazy\" decoding=\"async\" width=\"368\" height=\"240\" src=\"http:\/\/172.16.202.26\/wp-content\/uploads\/2023\/04\/image001-1-368x240.jpg\" class=\"attachment-bizberg_blog_list size-bizberg_blog_list wp-image-17305\" alt=\"\" \/>\n            <\/div>\n        <\/div><div class=\"eael-entry-wrapper\"><header class=\"eael-entry-header\"><h3 class=\"eael-entry-title\"><a\n                        class=\"eael-grid-post-link\"\n                        href=\"http:\/\/172.16.202.26\/?p=17303\"\n                        title=\"Regattatretboot I\">Regattatretboot I<\/a><\/h3><\/header><div class=\"eael-entry-content\">\n                        <div class=\"eael-grid-post-excerpt\"><p>Sch\u00fcler der 2BHMBZ arbeiten an einem Regattatretboot f\u00fcr die &quot;International Waterbike Regatta&quot; in Kiel.<\/p><a href=\"http:\/\/172.16.202.26\/?p=17303\" class=\"eael-post-elements-readmore-btn\">Weiterlesen ...<\/a><\/div>\n                    <\/div><\/div><\/div>\n        <\/div>\n    <\/article><article class=\"eael-grid-post eael-post-grid-column\" data-id=\"17356\">\n        <div class=\"eael-grid-post-holder\">\n            <div class=\"eael-grid-post-holder-inner\"><div class=\"eael-entry-media\"><div class=\"eael-entry-overlay fade-in\"><i class=\"fas fa-long-arrow-alt-right\" aria-hidden=\"true\"><\/i><a href=\"http:\/\/172.16.202.26\/?p=17356\"><\/a><\/div><div class=\"eael-entry-thumbnail \">\n                <img loading=\"lazy\" decoding=\"async\" width=\"368\" height=\"240\" src=\"http:\/\/172.16.202.26\/wp-content\/uploads\/2023\/03\/image003-368x240.jpg\" class=\"attachment-bizberg_blog_list size-bizberg_blog_list wp-image-17360\" alt=\"\" \/>\n            <\/div>\n        <\/div><div class=\"eael-entry-wrapper\"><header class=\"eael-entry-header\"><h3 class=\"eael-entry-title\"><a\n                        class=\"eael-grid-post-link\"\n                        href=\"http:\/\/172.16.202.26\/?p=17356\"\n                        title=\"Zero Emission Kart\">Zero Emission Kart<\/a><\/h3><\/header><div class=\"eael-entry-content\">\n                        <div class=\"eael-grid-post-excerpt\"><p>Sch\u00fcler der 3BHMBZ und 4BHMBZ arbeiten an einem Fahrzeug zur Teilnahme an der &quot;HTL \u2013 Zero Emission Challenge&quot;.<\/p><a href=\"http:\/\/172.16.202.26\/?p=17356\" class=\"eael-post-elements-readmore-btn\">Weiterlesen ...<\/a><\/div>\n                    <\/div><\/div><\/div>\n        <\/div>\n    <\/article><article class=\"eael-grid-post eael-post-grid-column\" data-id=\"17292\">\n        <div class=\"eael-grid-post-holder\">\n            <div class=\"eael-grid-post-holder-inner\"><div class=\"eael-entry-media\"><div class=\"eael-entry-overlay fade-in\"><i class=\"fas fa-long-arrow-alt-right\" aria-hidden=\"true\"><\/i><a href=\"http:\/\/172.16.202.26\/?p=17292\"><\/a><\/div><div class=\"eael-entry-thumbnail \">\n                <img loading=\"lazy\" decoding=\"async\" width=\"368\" height=\"240\" src=\"http:\/\/172.16.202.26\/wp-content\/uploads\/2023\/04\/image004-368x240.jpg\" class=\"attachment-bizberg_blog_list size-bizberg_blog_list wp-image-17297\" alt=\"\" \/>\n            <\/div>\n        <\/div><div class=\"eael-entry-wrapper\"><header class=\"eael-entry-header\"><h3 class=\"eael-entry-title\"><a\n                        class=\"eael-grid-post-link\"\n                        href=\"http:\/\/172.16.202.26\/?p=17292\"\n                        title=\"TGM goes Opera again\">TGM goes Opera again<\/a><\/h3><\/header><div class=\"eael-entry-content\">\n                        <div class=\"eael-grid-post-excerpt\"><p>Sch\u00fclerinnen und Sch\u00fcler der II. Jahrg\u00e4nge Maschinenbau bei \u201eLa Cenerentola\u201c in der Wiener Staatsoper.<\/p><a href=\"http:\/\/172.16.202.26\/?p=17292\" class=\"eael-post-elements-readmore-btn\">Weiterlesen ...<\/a><\/div>\n                    <\/div><\/div><\/div>\n        <\/div>\n    <\/article><article class=\"eael-grid-post eael-post-grid-column\" data-id=\"16993\">\n        <div class=\"eael-grid-post-holder\">\n            <div class=\"eael-grid-post-holder-inner\"><div class=\"eael-entry-media\"><div class=\"eael-entry-overlay fade-in\"><i class=\"fas fa-long-arrow-alt-right\" aria-hidden=\"true\"><\/i><a href=\"http:\/\/172.16.202.26\/?p=16993\"><\/a><\/div><div class=\"eael-entry-thumbnail \">\n                <img loading=\"lazy\" decoding=\"async\" width=\"368\" height=\"240\" src=\"http:\/\/172.16.202.26\/wp-content\/uploads\/2023\/02\/openhouse21-368x240.jpg\" class=\"attachment-bizberg_blog_list size-bizberg_blog_list wp-image-16997\" alt=\"\" \/>\n            <\/div>\n        <\/div><div class=\"eael-entry-wrapper\"><header class=\"eael-entry-header\"><h3 class=\"eael-entry-title\"><a\n                        class=\"eael-grid-post-link\"\n                        href=\"http:\/\/172.16.202.26\/?p=16993\"\n                        title=\"@BoschWien\">@BoschWien<\/a><\/h3><\/header><div class=\"eael-entry-content\">\n                        <div class=\"eael-grid-post-excerpt\"><p>Die f\u00fcnften Jahrg\u00e4nge konnten einen Einblick hinter die Kulissen von BOSCH bekommen.<\/p><a href=\"http:\/\/172.16.202.26\/?p=16993\" class=\"eael-post-elements-readmore-btn\">Weiterlesen ...<\/a><\/div>\n                    <\/div><\/div><\/div>\n        <\/div>\n    <\/article><article class=\"eael-grid-post eael-post-grid-column\" data-id=\"16739\">\n        <div class=\"eael-grid-post-holder\">\n            <div class=\"eael-grid-post-holder-inner\"><div class=\"eael-entry-media\"><div class=\"eael-entry-overlay fade-in\"><i class=\"fas fa-long-arrow-alt-right\" aria-hidden=\"true\"><\/i><a href=\"http:\/\/172.16.202.26\/?p=16739\"><\/a><\/div><div class=\"eael-entry-thumbnail \">\n                <img loading=\"lazy\" decoding=\"async\" width=\"368\" height=\"240\" src=\"http:\/\/172.16.202.26\/wp-content\/uploads\/2023\/02\/DSC_7508_2-368x240.jpg\" class=\"attachment-bizberg_blog_list size-bizberg_blog_list wp-image-16744\" alt=\"\" \/>\n            <\/div>\n        <\/div><div class=\"eael-entry-wrapper\"><header class=\"eael-entry-header\"><h3 class=\"eael-entry-title\"><a\n                        class=\"eael-grid-post-link\"\n                        href=\"http:\/\/172.16.202.26\/?p=16739\"\n                        title=\"Exkursion zum AKW Zwentendorf\">Exkursion zum AKW Zwentendorf<\/a><\/h3><\/header><div class=\"eael-entry-content\">\n                        <div class=\"eael-grid-post-excerpt\"><p>Die 5AHMBR machte eine F\u00fchrung im Atomkraftwerk Zwentendorf welches bekanntlich nie in Betrieb gegangen ist.<\/p><a href=\"http:\/\/172.16.202.26\/?p=16739\" class=\"eael-post-elements-readmore-btn\">Weiterlesen ...<\/a><\/div>\n                    <\/div><\/div><\/div>\n        <\/div>\n    <\/article><article class=\"eael-grid-post eael-post-grid-column\" data-id=\"16671\">\n        <div class=\"eael-grid-post-holder\">\n            <div class=\"eael-grid-post-holder-inner\"><div class=\"eael-entry-media\"><div class=\"eael-entry-overlay fade-in\"><i class=\"fas fa-long-arrow-alt-right\" aria-hidden=\"true\"><\/i><a href=\"http:\/\/172.16.202.26\/?p=16671\"><\/a><\/div><div class=\"eael-entry-thumbnail \">\n                <img loading=\"lazy\" decoding=\"async\" width=\"368\" height=\"240\" src=\"http:\/\/172.16.202.26\/wp-content\/uploads\/2023\/02\/image001-368x240.jpg\" class=\"attachment-bizberg_blog_list size-bizberg_blog_list wp-image-16673\" alt=\"\" \/>\n            <\/div>\n        <\/div><div class=\"eael-entry-wrapper\"><header class=\"eael-entry-header\"><h3 class=\"eael-entry-title\"><a\n                        class=\"eael-grid-post-link\"\n                        href=\"http:\/\/172.16.202.26\/?p=16671\"\n                        title=\"TGM goes Opera\">TGM goes Opera<\/a><\/h3><\/header><div class=\"eael-entry-content\">\n                        <div class=\"eael-grid-post-excerpt\"><p>Sch\u00fclerinnen und Sch\u00fcler der Abteilung Maschinenbau bei \u201eDon Giovanni\u201c in der Wiener Staatsoper.<\/p><a href=\"http:\/\/172.16.202.26\/?p=16671\" class=\"eael-post-elements-readmore-btn\">Weiterlesen ...<\/a><\/div>\n                    <\/div><\/div><\/div>\n        <\/div>\n    <\/article><article class=\"eael-grid-post eael-post-grid-column\" data-id=\"8504\">\n        <div class=\"eael-grid-post-holder\">\n            <div class=\"eael-grid-post-holder-inner\"><div class=\"eael-entry-media\"><div class=\"eael-entry-overlay fade-in\"><i class=\"fas fa-long-arrow-alt-right\" aria-hidden=\"true\"><\/i><a href=\"http:\/\/172.16.202.26\/?p=8504\"><\/a><\/div><div class=\"eael-entry-thumbnail \">\n                <img loading=\"lazy\" decoding=\"async\" width=\"368\" height=\"240\" src=\"http:\/\/172.16.202.26\/wp-content\/uploads\/2022\/06\/pexels-christina-morillo-1181555-368x240.jpg\" class=\"attachment-bizberg_blog_list size-bizberg_blog_list wp-image-8506\" alt=\"\" \/>\n            <\/div>\n        <\/div><div class=\"eael-entry-wrapper\"><header class=\"eael-entry-header\"><h3 class=\"eael-entry-title\"><a\n                        class=\"eael-grid-post-link\"\n                        href=\"http:\/\/172.16.202.26\/?p=8504\"\n                        title=\"Bring your own device\">Bring your own device<\/a><\/h3><\/header><div class=\"eael-entry-content\">\n                        <div class=\"eael-grid-post-excerpt\"><p>Sch\u00fclerinnen und Sch\u00fcler sollten einen eigenen Laptop als Arbeitsger\u00e4t zur Verf\u00fcgung haben.<\/p><a href=\"http:\/\/172.16.202.26\/?p=8504\" class=\"eael-post-elements-readmore-btn\">Weiterlesen ...<\/a><\/div>\n                    <\/div><\/div><\/div>\n        <\/div>\n    <\/article><\/div>\n            <div class=\"clearfix\"><\/div>\n        <\/div>\t\t<\/div>\n\t\t\t\t<\/div>\n\t\t\t\t\t<\/div>\n\t\t<\/div>\n\t\t\t\t\t<\/div>\n\t\t<\/section>\n\t\t\t\t<\/div>\n\t\t","protected":false},"excerpt":{"rendered":"<p>\u00e4ltere Berichte der HMB Regattatretboot III Mit gro\u00dfem Engagement der Sch\u00fcler konnten zwei der Tretboote fertig gestellt werden. Weiterlesen &#8230; Regattatretboot II Die Fertigung des Rahmens ist nahezu abgeschlossen. Weiterlesen &#8230; Regattatretboot I Sch\u00fcler der 2BHMBZ arbeiten an einem Regattatretboot f\u00fcr die &#8222;International Waterbike Regatta&#8220; in Kiel. Weiterlesen &#8230; Zero Emission Kart Sch\u00fcler der 3BHMBZ und 4BHMBZ arbeiten an einem [&hellip;]<\/p>\n","protected":false},"author":3,"featured_media":0,"parent":12681,"menu_order":0,"comment_status":"closed","ping_status":"closed","template":"elementor_header_footer","meta":[],"_links":{"self":[{"href":"http:\/\/172.16.202.26\/index.php?rest_route=\/wp\/v2\/pages\/19309"}],"collection":[{"href":"http:\/\/172.16.202.26\/index.php?rest_route=\/wp\/v2\/pages"}],"about":[{"href":"http:\/\/172.16.202.26\/index.php?rest_route=\/wp\/v2\/types\/page"}],"author":[{"embeddable":true,"href":"http:\/\/172.16.202.26\/index.php?rest_route=\/wp\/v2\/users\/3"}],"replies":[{"embeddable":true,"href":"http:\/\/172.16.202.26\/index.php?rest_route=%2Fwp%2Fv2%2Fcomments&post=19309"}],"version-history":[{"count":7,"href":"http:\/\/172.16.202.26\/index.php?rest_route=\/wp\/v2\/pages\/19309\/revisions"}],"predecessor-version":[{"id":19350,"href":"http:\/\/172.16.202.26\/index.php?rest_route=\/wp\/v2\/pages\/19309\/revisions\/19350"}],"up":[{"embeddable":true,"href":"http:\/\/172.16.202.26\/index.php?rest_route=\/wp\/v2\/pages\/12681"}],"wp:attachment":[{"href":"http:\/\/172.16.202.26\/index.php?rest_route=%2Fwp%2Fv2%2Fmedia&parent=19309"}],"curies":[{"name":"wp","href":"https:\/\/api.w.org\/{rel}","templated":true}]}}