{"id":5311,"date":"2022-05-04T13:52:02","date_gmt":"2022-05-04T11:52:02","guid":{"rendered":"http:\/\/192.189.51.53\/?page_id=5311"},"modified":"2025-10-31T10:29:53","modified_gmt":"2025-10-31T09:29:53","slug":"tagesform-kolleg-erneuerbare-energien","status":"publish","type":"page","link":"http:\/\/172.16.202.26\/?page_id=5311","title":{"rendered":"Tagesform-Kolleg-Erneuerbare-Energien"},"content":{"rendered":"\t\t<div data-elementor-type=\"wp-page\" data-elementor-id=\"5311\" class=\"elementor elementor-5311\">\n\t\t\t\t\t\t<section class=\"elementor-section elementor-top-section elementor-element elementor-element-53a1e9d elementor-section-full_width elementor-section-height-min-height elementor-section-height-default elementor-section-items-middle\" data-id=\"53a1e9d\" data-element_type=\"section\">\n\t\t\t\t\t\t\t<div class=\"elementor-background-overlay\"><\/div>\n\t\t\t\t\t\t\t<div class=\"elementor-container elementor-column-gap-default\">\n\t\t\t\t\t<div class=\"elementor-column elementor-col-100 elementor-top-column elementor-element elementor-element-8097857\" data-id=\"8097857\" data-element_type=\"column\" data-settings=\"{&quot;background_background&quot;:&quot;slideshow&quot;,&quot;background_slideshow_gallery&quot;:[],&quot;background_slideshow_loop&quot;:&quot;yes&quot;,&quot;background_slideshow_slide_duration&quot;:5000,&quot;background_slideshow_slide_transition&quot;:&quot;fade&quot;,&quot;background_slideshow_transition_duration&quot;:500}\">\n\t\t\t<div class=\"elementor-widget-wrap elementor-element-populated\">\n\t\t\t\t\t\t<div class=\"elementor-element elementor-element-77b7ffd elementor-widget__width-auto elementor-invisible elementor-widget elementor-widget-heading\" data-id=\"77b7ffd\" data-element_type=\"widget\" data-settings=\"{&quot;_animation&quot;:&quot;fadeInLeft&quot;}\" data-widget_type=\"heading.default\">\n\t\t\t\t<div class=\"elementor-widget-container\">\n\t\t\t<style>\/*! elementor - v3.20.0 - 13-03-2024 *\/\n.elementor-heading-title{padding:0;margin:0;line-height:1}.elementor-widget-heading .elementor-heading-title[class*=elementor-size-]>a{color:inherit;font-size:inherit;line-height:inherit}.elementor-widget-heading .elementor-heading-title.elementor-size-small{font-size:15px}.elementor-widget-heading .elementor-heading-title.elementor-size-medium{font-size:19px}.elementor-widget-heading .elementor-heading-title.elementor-size-large{font-size:29px}.elementor-widget-heading .elementor-heading-title.elementor-size-xl{font-size:39px}.elementor-widget-heading .elementor-heading-title.elementor-size-xxl{font-size:59px}<\/style><h1 class=\"elementor-heading-title elementor-size-default\">Erneuerbare Energie, Umwelt und Nachhaltigkeit<\/h1>\t\t<\/div>\n\t\t\t\t<\/div>\n\t\t\t\t<div class=\"elementor-element elementor-element-e821721 elementor-widget__width-auto elementor-absolute elementor-invisible elementor-widget elementor-widget-heading\" data-id=\"e821721\" data-element_type=\"widget\" data-settings=\"{&quot;_animation&quot;:&quot;fadeInDown&quot;,&quot;_position&quot;:&quot;absolute&quot;}\" data-widget_type=\"heading.default\">\n\t\t\t\t<div class=\"elementor-widget-container\">\n\t\t\t<h3 class=\"elementor-heading-title elementor-size-default\">Kolleg<\/h3>\t\t<\/div>\n\t\t\t\t<\/div>\n\t\t\t\t<div class=\"elementor-element elementor-element-4257c62 elementor-widget__width-auto elementor-absolute elementor-invisible elementor-widget elementor-widget-heading\" data-id=\"4257c62\" data-element_type=\"widget\" data-settings=\"{&quot;_animation&quot;:&quot;fadeInDown&quot;,&quot;_position&quot;:&quot;absolute&quot;}\" data-widget_type=\"heading.default\">\n\t\t\t\t<div class=\"elementor-widget-container\">\n\t\t\t<h4 class=\"elementor-heading-title elementor-size-default\">Tagesschule<\/h4>\t\t<\/div>\n\t\t\t\t<\/div>\n\t\t\t\t\t<\/div>\n\t\t<\/div>\n\t\t\t\t\t<\/div>\n\t\t<\/section>\n\t\t\t\t<section class=\"elementor-section elementor-top-section elementor-element elementor-element-18b5765 elementor-section-full_width elementor-section-height-default elementor-section-height-default\" data-id=\"18b5765\" data-element_type=\"section\">\n\t\t\t\t\t\t<div class=\"elementor-container elementor-column-gap-default\">\n\t\t\t\t\t<div class=\"elementor-column elementor-col-50 elementor-top-column elementor-element elementor-element-7414615\" data-id=\"7414615\" data-element_type=\"column\" data-settings=\"{&quot;background_background&quot;:&quot;classic&quot;}\">\n\t\t\t<div class=\"elementor-widget-wrap elementor-element-populated\">\n\t\t\t\t\t\t<div class=\"elementor-element elementor-element-418fd17 elementor-widget elementor-widget-heading\" data-id=\"418fd17\" data-element_type=\"widget\" data-widget_type=\"heading.default\">\n\t\t\t\t<div class=\"elementor-widget-container\">\n\t\t\t<h3 class=\"elementor-heading-title elementor-size-default\">Technische Ausbildung<\/h3>\t\t<\/div>\n\t\t\t\t<\/div>\n\t\t\t\t<div class=\"elementor-element elementor-element-2441377 elementor-widget elementor-widget-heading\" data-id=\"2441377\" data-element_type=\"widget\" data-widget_type=\"heading.default\">\n\t\t\t\t<div class=\"elementor-widget-container\">\n\t\t\t<h3 class=\"elementor-heading-title elementor-size-default\">am Puls der Zeit<\/h3>\t\t<\/div>\n\t\t\t\t<\/div>\n\t\t\t\t<div class=\"elementor-element elementor-element-39e1157 elementor-widget elementor-widget-text-editor\" data-id=\"39e1157\" data-element_type=\"widget\" data-widget_type=\"text-editor.default\">\n\t\t\t\t<div class=\"elementor-widget-container\">\n\t\t\t<style>\/*! elementor - v3.20.0 - 13-03-2024 *\/\n.elementor-widget-text-editor.elementor-drop-cap-view-stacked .elementor-drop-cap{background-color:#69727d;color:#fff}.elementor-widget-text-editor.elementor-drop-cap-view-framed .elementor-drop-cap{color:#69727d;border:3px solid;background-color:transparent}.elementor-widget-text-editor:not(.elementor-drop-cap-view-default) .elementor-drop-cap{margin-top:8px}.elementor-widget-text-editor:not(.elementor-drop-cap-view-default) .elementor-drop-cap-letter{width:1em;height:1em}.elementor-widget-text-editor .elementor-drop-cap{float:left;text-align:center;line-height:1;font-size:50px}.elementor-widget-text-editor .elementor-drop-cap-letter{display:inline-block}<\/style>\t\t\t\t<p>Im Rahmen dieser Ausbildung werden alle notwendigen technischen, \u00f6kologischen, wirtschaftlichen und politischen Kenntnisse vermittelt, um die dringend ben\u00f6tigten Arbeitskr\u00e4fte dem rasant wachsenden Markt der Erneuerbaren Energien zur Verf\u00fcgung zu stellen.<br>Die Sensibilit\u00e4t f\u00fcr Fragen der Umwelt steigt, man muss heute kaum mehr auf die vielf\u00e4ltigen Gefahren hinweisen, die der Menschheit durch die ungehemmte Ausbeutung der fossilen Energiequellen drohen. Der Umstieg auf Erneuerbare Energien wird zunehmend von allen Staaten der EU auch auf gesetzlicher Basis forciert. Nicht nur die \u00f6sterreichische Klein- und Mittelindustrie boomt, auch Global Player haben gewaltige Fertigungskapazit\u00e4ten f\u00fcr Windkraftanlagen und Photovoltaikmodule aufgebaut.<br><br><\/p><p>Der Lehrplan f\u00fcr das Kolleg wurde in enger Zusammenarbeit mit Fachleuten aus den einschl\u00e4gigen Industriebereichen erarbeitet. Moderne Unterrichtsformen, wie Seminare, Studien bei facheinschl\u00e4gigen Firmen, Blockunterricht und \u00dcbungen in Kleingruppen steigern die Effektivit\u00e4t des Unterrichtes und vermitteln und trainieren die F\u00e4higkeit Wissen selbst zu erarbeiten.<br><br><\/p><p>Lehrinhalte Erneuerbare Energien:<br>Photovoltaikanlagen, Sonnenkollektoren, Windkraftanlagen, Wasserkraftanlagen, Biomasseanlagen, Blockheizkraftwerke, Geothermie und W\u00e4rmepumpen, Energieeffizientes Bauen<\/p>\t\t\t\t\t\t<\/div>\n\t\t\t\t<\/div>\n\t\t\t\t\t<\/div>\n\t\t<\/div>\n\t\t\t\t<div class=\"elementor-column elementor-col-50 elementor-top-column elementor-element elementor-element-3a88c4a\" data-id=\"3a88c4a\" data-element_type=\"column\" data-settings=\"{&quot;background_background&quot;:&quot;classic&quot;}\">\n\t\t\t<div class=\"elementor-widget-wrap elementor-element-populated\">\n\t\t\t\t\t\t<div class=\"elementor-element elementor-element-d88602a elementor-widget elementor-widget-heading\" data-id=\"d88602a\" data-element_type=\"widget\" data-widget_type=\"heading.default\">\n\t\t\t\t<div class=\"elementor-widget-container\">\n\t\t\t<h3 class=\"elementor-heading-title elementor-size-default\">Fachtheoretische Unterrichtsgegenst\u00e4nde<\/h3>\t\t<\/div>\n\t\t\t\t<\/div>\n\t\t\t\t<div class=\"elementor-element elementor-element-f99f4c8 elementor-widget elementor-widget-heading\" data-id=\"f99f4c8\" data-element_type=\"widget\" data-widget_type=\"heading.default\">\n\t\t\t\t<div class=\"elementor-widget-container\">\n\t\t\t<h4 class=\"elementor-heading-title elementor-size-default\"><a href=\"http:\/\/172.16.202.26\/?page_id=19356\">> Technik<\/a><\/h4>\t\t<\/div>\n\t\t\t\t<\/div>\n\t\t\t\t<div class=\"elementor-element elementor-element-d2c3580 elementor-widget elementor-widget-heading\" data-id=\"d2c3580\" data-element_type=\"widget\" data-widget_type=\"heading.default\">\n\t\t\t\t<div class=\"elementor-widget-container\">\n\t\t\t<h4 class=\"elementor-heading-title elementor-size-default\"><a href=\"http:\/\/172.16.202.26\/?page_id=19356\">> Wirtschaft und Recht<\/a><\/h4>\t\t<\/div>\n\t\t\t\t<\/div>\n\t\t\t\t<div class=\"elementor-element elementor-element-49edd37 elementor-widget elementor-widget-heading\" data-id=\"49edd37\" data-element_type=\"widget\" data-widget_type=\"heading.default\">\n\t\t\t\t<div class=\"elementor-widget-container\">\n\t\t\t<h4 class=\"elementor-heading-title elementor-size-default\"><a href=\"http:\/\/172.16.202.26\/?page_id=19356\">> Management<\/a><\/h4>\t\t<\/div>\n\t\t\t\t<\/div>\n\t\t\t\t<div class=\"elementor-element elementor-element-968a398 elementor-widget elementor-widget-heading\" data-id=\"968a398\" data-element_type=\"widget\" data-widget_type=\"heading.default\">\n\t\t\t\t<div class=\"elementor-widget-container\">\n\t\t\t<h4 class=\"elementor-heading-title elementor-size-default\"><a href=\"http:\/\/172.16.202.26\/?page_id=19356\">> \u00d6kologie<\/a><\/h4>\t\t<\/div>\n\t\t\t\t<\/div>\n\t\t\t\t<div class=\"elementor-element elementor-element-78cb127 elementor-widget elementor-widget-heading\" data-id=\"78cb127\" data-element_type=\"widget\" data-widget_type=\"heading.default\">\n\t\t\t\t<div class=\"elementor-widget-container\">\n\t\t\t<h4 class=\"elementor-heading-title elementor-size-default\"><a href=\"http:\/\/172.16.202.26\/?page_id=19356\">> Labors und Werkst\u00e4tten<\/a><\/h4>\t\t<\/div>\n\t\t\t\t<\/div>\n\t\t\t\t<div class=\"elementor-element elementor-element-7d8d4fa elementor-widget elementor-widget-button\" data-id=\"7d8d4fa\" data-element_type=\"widget\" data-widget_type=\"button.default\">\n\t\t\t\t<div class=\"elementor-widget-container\">\n\t\t\t\t\t<div class=\"elementor-button-wrapper\">\n\t\t\t<a class=\"elementor-button elementor-button-link elementor-size-sm\" href=\"http:\/\/172.16.202.26\/?page_id=5349\">\n\t\t\t\t\t\t<span class=\"elementor-button-content-wrapper\">\n\t\t\t\t\t\t<span class=\"elementor-button-text\">zur Stundentafel<\/span>\n\t\t<\/span>\n\t\t\t\t\t<\/a>\n\t\t<\/div>\n\t\t\t\t<\/div>\n\t\t\t\t<\/div>\n\t\t\t\t<div class=\"elementor-element elementor-element-60009c6 elementor-widget elementor-widget-button\" data-id=\"60009c6\" data-element_type=\"widget\" data-widget_type=\"button.default\">\n\t\t\t\t<div class=\"elementor-widget-container\">\n\t\t\t\t\t<div class=\"elementor-button-wrapper\">\n\t\t\t<a class=\"elementor-button elementor-button-link elementor-size-sm\" href=\"http:\/\/172.16.202.26\/wp-content\/uploads\/2024\/11\/Lehrplan-EEUN_4Sem_230504.pdf\">\n\t\t\t\t\t\t<span class=\"elementor-button-content-wrapper\">\n\t\t\t\t\t\t<span class=\"elementor-button-text\">zum Lehrplan<\/span>\n\t\t<\/span>\n\t\t\t\t\t<\/a>\n\t\t<\/div>\n\t\t\t\t<\/div>\n\t\t\t\t<\/div>\n\t\t\t\t\t<\/div>\n\t\t<\/div>\n\t\t\t\t\t<\/div>\n\t\t<\/section>\n\t\t\t\t<section class=\"elementor-section elementor-top-section elementor-element elementor-element-2d7cdc0 elementor-section-full_width elementor-section-height-default elementor-section-height-default\" data-id=\"2d7cdc0\" data-element_type=\"section\" data-settings=\"{&quot;background_background&quot;:&quot;classic&quot;}\">\n\t\t\t\t\t\t<div class=\"elementor-container elementor-column-gap-default\">\n\t\t\t\t\t<div class=\"elementor-column elementor-col-50 elementor-top-column elementor-element elementor-element-856dfe8\" data-id=\"856dfe8\" data-element_type=\"column\" data-settings=\"{&quot;background_background&quot;:&quot;classic&quot;}\">\n\t\t\t<div class=\"elementor-widget-wrap elementor-element-populated\">\n\t\t\t\t\t\t<div class=\"elementor-element elementor-element-acad936 elementor-widget elementor-widget-heading\" data-id=\"acad936\" data-element_type=\"widget\" data-widget_type=\"heading.default\">\n\t\t\t\t<div class=\"elementor-widget-container\">\n\t\t\t<h3 class=\"elementor-heading-title elementor-size-default\">Das Kolleg<\/h3>\t\t<\/div>\n\t\t\t\t<\/div>\n\t\t\t\t<div class=\"elementor-element elementor-element-3ce81fb elementor-widget elementor-widget-text-editor\" data-id=\"3ce81fb\" data-element_type=\"widget\" data-widget_type=\"text-editor.default\">\n\t\t\t\t<div class=\"elementor-widget-container\">\n\t\t\t\t\t\t\t<p>Die 4-semestrigen Kollegs bieten eine gehobene Berufsausbildung entsprechend den berufsbildenden h\u00f6heren Schulen und schlie\u00dfen mit einer Diplompr\u00fcfung ab. Diese findet im Herbst des Abschlussjahres statt.<br \/><br \/><\/p><p>Die Absolvent\/innen erwerben die beruflichen Berechtigungen der entsprechenden BHS.<br \/>Mit der Reife- und Diplompr\u00fcfung wird der berufliche Aufstieg erleichtert. Der Erwerb zus\u00e4tzlicher Fachkompetenzen liefert die Grundlage f\u00fcr eine berufliche Neuorientierung.<br \/><br \/><\/p><p>Die Kollegs finden jedes Jahr statt und starten im <strong>September<\/strong>.<br \/>Die Ausbildung wird als Tagesform mit einer 5-Tageswoche (von 8:00 bis maximal 17:00 Uhr) gef\u00fchrt.<br \/>In den Sommerferien ist ein insgesamt achtw\u00f6chiges Pflichtpraktikum zu absolvieren.<\/p>\t\t\t\t\t\t<\/div>\n\t\t\t\t<\/div>\n\t\t\t\t\t<\/div>\n\t\t<\/div>\n\t\t\t\t<div class=\"elementor-column elementor-col-50 elementor-top-column elementor-element elementor-element-e2610e4\" data-id=\"e2610e4\" data-element_type=\"column\" data-settings=\"{&quot;background_background&quot;:&quot;classic&quot;}\">\n\t\t\t<div class=\"elementor-widget-wrap elementor-element-populated\">\n\t\t\t\t\t\t<div class=\"elementor-element elementor-element-a431d4d elementor-widget elementor-widget-heading\" data-id=\"a431d4d\" data-element_type=\"widget\" data-widget_type=\"heading.default\">\n\t\t\t\t<div class=\"elementor-widget-container\">\n\t\t\t<h3 class=\"elementor-heading-title elementor-size-default\">Die Anmeldung<\/h3>\t\t<\/div>\n\t\t\t\t<\/div>\n\t\t\t\t<div class=\"elementor-element elementor-element-9eaaae8 elementor-widget elementor-widget-text-editor\" data-id=\"9eaaae8\" data-element_type=\"widget\" data-widget_type=\"text-editor.default\">\n\t\t\t\t<div class=\"elementor-widget-container\">\n\t\t\t\t\t\t\t<p>Eine Anmeldung zu den Kollegs kann bis jeweils eine Woche vor Schulbeginn im September erfolgen.<br \/>Die Aufnahmen k\u00f6nnen nur nach Ma\u00dfgabe freier Pl\u00e4tze erfolgen, melden Sie sich daher nicht zu sp\u00e4t an.<\/p>\t\t\t\t\t\t<\/div>\n\t\t\t\t<\/div>\n\t\t\t\t<div class=\"elementor-element elementor-element-921697e elementor-align-left elementor-widget elementor-widget-button\" data-id=\"921697e\" data-element_type=\"widget\" data-widget_type=\"button.default\">\n\t\t\t\t<div class=\"elementor-widget-container\">\n\t\t\t\t\t<div class=\"elementor-button-wrapper\">\n\t\t\t<a class=\"elementor-button elementor-button-link elementor-size-sm\" href=\"http:\/\/172.16.202.26\/?page_id=4653\">\n\t\t\t\t\t\t<span class=\"elementor-button-content-wrapper\">\n\t\t\t\t\t\t<span class=\"elementor-button-text\">wichtige Informationen zur Anmeldung<\/span>\n\t\t<\/span>\n\t\t\t\t\t<\/a>\n\t\t<\/div>\n\t\t\t\t<\/div>\n\t\t\t\t<\/div>\n\t\t\t\t\t<\/div>\n\t\t<\/div>\n\t\t\t\t\t<\/div>\n\t\t<\/section>\n\t\t\t\t<section class=\"elementor-section elementor-top-section elementor-element elementor-element-48cbe65 elementor-section-full_width elementor-section-height-default elementor-section-height-default\" data-id=\"48cbe65\" data-element_type=\"section\" data-settings=\"{&quot;background_background&quot;:&quot;gradient&quot;}\">\n\t\t\t\t\t\t\t<div class=\"elementor-background-overlay\"><\/div>\n\t\t\t\t\t\t\t<div class=\"elementor-container elementor-column-gap-default\">\n\t\t\t\t\t<div class=\"elementor-column elementor-col-33 elementor-top-column elementor-element elementor-element-dd78bce\" data-id=\"dd78bce\" data-element_type=\"column\" data-settings=\"{&quot;background_background&quot;:&quot;classic&quot;}\">\n\t\t\t<div class=\"elementor-widget-wrap elementor-element-populated\">\n\t\t\t\t\t\t<div class=\"elementor-element elementor-element-be11d45 elementor-widget elementor-widget-heading\" data-id=\"be11d45\" data-element_type=\"widget\" data-widget_type=\"heading.default\">\n\t\t\t\t<div class=\"elementor-widget-container\">\n\t\t\t<h2 class=\"elementor-heading-title elementor-size-default\">Berichte<\/h2>\t\t<\/div>\n\t\t\t\t<\/div>\n\t\t\t\t<div class=\"elementor-element elementor-element-f547dd2 elementor-widget elementor-widget-heading\" data-id=\"f547dd2\" data-element_type=\"widget\" data-widget_type=\"heading.default\">\n\t\t\t\t<div class=\"elementor-widget-container\">\n\t\t\t<h2 class=\"elementor-heading-title elementor-size-default\">In unseren Blogartikeln berichten wir \u00fcber Events, Wettbewerbe und au\u00dfergew\u00f6hnliche Leistungen.<\/h2>\t\t<\/div>\n\t\t\t\t<\/div>\n\t\t\t\t\t<\/div>\n\t\t<\/div>\n\t\t\t\t<div class=\"elementor-column elementor-col-66 elementor-top-column elementor-element elementor-element-40e96c1\" data-id=\"40e96c1\" data-element_type=\"column\">\n\t\t\t<div class=\"elementor-widget-wrap elementor-element-populated\">\n\t\t\t\t\t\t<div class=\"elementor-element elementor-element-7856bd9 elementor-grid-eael-col-4 elementor-grid-tablet-eael-col-2 elementor-grid-mobile-eael-col-1 elementor-widget elementor-widget-eael-post-grid\" data-id=\"7856bd9\" data-element_type=\"widget\" data-settings=\"{&quot;eael_post_grid_columns&quot;:&quot;eael-col-4&quot;,&quot;eael_post_grid_columns_tablet&quot;:&quot;eael-col-2&quot;,&quot;eael_post_grid_columns_mobile&quot;:&quot;eael-col-1&quot;}\" data-widget_type=\"eael-post-grid.default\">\n\t\t\t\t<div class=\"elementor-widget-container\">\n\t\t\t<div id=\"eael-post-grid-7856bd9\" class=\"eael-post-grid-container\">\n            <div class=\"eael-post-grid eael-post-appender eael-post-appender-7856bd9 eael-post-grid-style-one\" data-layout-mode=\"grid\"><article class=\"eael-grid-post eael-post-grid-column\" data-id=\"26570\">\n        <div class=\"eael-grid-post-holder\">\n            <div class=\"eael-grid-post-holder-inner\"><div class=\"eael-entry-media\"><div class=\"eael-entry-overlay fade-in\"><i class=\"fas fa-long-arrow-alt-right\" aria-hidden=\"true\"><\/i><a href=\"http:\/\/172.16.202.26\/?p=26570\"><\/a><\/div><div class=\"eael-entry-thumbnail \">\n                <img fetchpriority=\"high\" decoding=\"async\" width=\"368\" height=\"240\" src=\"http:\/\/172.16.202.26\/wp-content\/uploads\/2026\/02\/250507_Marina1-368x240.jpg\" class=\"attachment-bizberg_blog_list size-bizberg_blog_list wp-image-26573\" alt=\"\" \/>\n            <\/div>\n        <\/div><div class=\"eael-entry-wrapper\"><header class=\"eael-entry-header\"><h3 class=\"eael-entry-title\"><a\n                        class=\"eael-grid-post-link\"\n                        href=\"http:\/\/172.16.202.26\/?p=26570\"\n                        title=\"Interview mit Absolventin des Kollegs f\u00fcr Erneuerbare Energien, Umwelt und Nachhaltigkeit\">Interview mit Absolventin des Kollegs f\u00fcr Erneuerbare Energien, Umwelt und Nachhaltigkeit<\/a><\/h3><\/header><div class=\"eael-entry-content\">\n                        <div class=\"eael-grid-post-excerpt\"><p>\u201eAm Ende steht man dann vor einer funktionierenden Anlage und freut sich.\u201c<\/p><a href=\"http:\/\/172.16.202.26\/?p=26570\" class=\"eael-post-elements-readmore-btn\">Weiterlesen<\/a><\/div>\n                    <\/div><\/div><\/div>\n        <\/div>\n    <\/article><article class=\"eael-grid-post eael-post-grid-column\" data-id=\"23012\">\n        <div class=\"eael-grid-post-holder\">\n            <div class=\"eael-grid-post-holder-inner\"><div class=\"eael-entry-media\"><div class=\"eael-entry-overlay fade-in\"><i class=\"fas fa-long-arrow-alt-right\" aria-hidden=\"true\"><\/i><a href=\"http:\/\/172.16.202.26\/?p=23012\"><\/a><\/div><div class=\"eael-entry-thumbnail \">\n                <img decoding=\"async\" width=\"368\" height=\"240\" src=\"http:\/\/172.16.202.26\/wp-content\/uploads\/2024\/06\/Stand-368x240.jpg\" class=\"attachment-bizberg_blog_list size-bizberg_blog_list wp-image-23021\" alt=\"\" \/>\n            <\/div>\n        <\/div><div class=\"eael-entry-wrapper\"><header class=\"eael-entry-header\"><h3 class=\"eael-entry-title\"><a\n                        class=\"eael-grid-post-link\"\n                        href=\"http:\/\/172.16.202.26\/?p=23012\"\n                        title=\"Austrian World Summit 2024\">Austrian World Summit 2024<\/a><\/h3><\/header><div class=\"eael-entry-content\">\n                        <div class=\"eael-grid-post-excerpt\"><p>Planung einer PV-Versorgung f\u00fcr ein Dorf in Nordsyrien.<\/p><a href=\"http:\/\/172.16.202.26\/?p=23012\" class=\"eael-post-elements-readmore-btn\">Weiterlesen<\/a><\/div>\n                    <\/div><\/div><\/div>\n        <\/div>\n    <\/article><\/div>\n            <div class=\"clearfix\"><\/div>\n        <\/div>\t\t<\/div>\n\t\t\t\t<\/div>\n\t\t\t\t\t<\/div>\n\t\t<\/div>\n\t\t\t\t\t<\/div>\n\t\t<\/section>\n\t\t\t\t<section class=\"elementor-section elementor-top-section elementor-element elementor-element-34e9d5f elementor-section-boxed elementor-section-height-default elementor-section-height-default\" data-id=\"34e9d5f\" data-element_type=\"section\">\n\t\t\t\t\t\t<div class=\"elementor-container elementor-column-gap-default\">\n\t\t\t\t\t<div class=\"elementor-column elementor-col-100 elementor-top-column elementor-element elementor-element-110fa0f\" data-id=\"110fa0f\" data-element_type=\"column\">\n\t\t\t<div class=\"elementor-widget-wrap elementor-element-populated\">\n\t\t\t\t\t\t<div class=\"elementor-element elementor-element-b5c1712 elementor-widget elementor-widget-heading\" data-id=\"b5c1712\" data-element_type=\"widget\" data-widget_type=\"heading.default\">\n\t\t\t\t<div class=\"elementor-widget-container\">\n\t\t\t<h3 class=\"elementor-heading-title elementor-size-default\">Kontakt zur Abteilung<\/h3>\t\t<\/div>\n\t\t\t\t<\/div>\n\t\t\t\t<section class=\"elementor-section elementor-inner-section elementor-element elementor-element-b55f322 elementor-section-boxed elementor-section-height-default elementor-section-height-default\" data-id=\"b55f322\" data-element_type=\"section\">\n\t\t\t\t\t\t<div class=\"elementor-container elementor-column-gap-default\">\n\t\t\t\t\t<div class=\"elementor-column elementor-col-50 elementor-inner-column elementor-element elementor-element-02195a0\" data-id=\"02195a0\" data-element_type=\"column\">\n\t\t\t<div class=\"elementor-widget-wrap elementor-element-populated\">\n\t\t\t\t\t\t<div class=\"elementor-element elementor-element-0f07117 elementor-widget elementor-widget-image\" data-id=\"0f07117\" data-element_type=\"widget\" data-widget_type=\"image.default\">\n\t\t\t\t<div class=\"elementor-widget-container\">\n\t\t\t<style>\/*! elementor - v3.20.0 - 13-03-2024 *\/\n.elementor-widget-image{text-align:center}.elementor-widget-image a{display:inline-block}.elementor-widget-image a img[src$=\".svg\"]{width:48px}.elementor-widget-image img{vertical-align:middle;display:inline-block}<\/style>\t\t\t\t\t\t\t\t\t\t<img decoding=\"async\" width=\"200\" height=\"300\" src=\"http:\/\/172.16.202.26\/wp-content\/uploads\/2025\/09\/Foto-Karin-Eichinger_V2_08_25-200x300.jpg\" class=\"attachment-medium size-medium wp-image-25820\" alt=\"\" srcset=\"http:\/\/172.16.202.26\/wp-content\/uploads\/2025\/09\/Foto-Karin-Eichinger_V2_08_25-200x300.jpg 200w, http:\/\/172.16.202.26\/wp-content\/uploads\/2025\/09\/Foto-Karin-Eichinger_V2_08_25-683x1024.jpg 683w, http:\/\/172.16.202.26\/wp-content\/uploads\/2025\/09\/Foto-Karin-Eichinger_V2_08_25-768x1152.jpg 768w, http:\/\/172.16.202.26\/wp-content\/uploads\/2025\/09\/Foto-Karin-Eichinger_V2_08_25-1024x1536.jpg 1024w, http:\/\/172.16.202.26\/wp-content\/uploads\/2025\/09\/Foto-Karin-Eichinger_V2_08_25-1365x2048.jpg 1365w, http:\/\/172.16.202.26\/wp-content\/uploads\/2025\/09\/Foto-Karin-Eichinger_V2_08_25-scaled.jpg 1706w\" sizes=\"(max-width: 200px) 100vw, 200px\" \/>\t\t\t\t\t\t\t\t\t\t\t\t\t<\/div>\n\t\t\t\t<\/div>\n\t\t\t\t\t<\/div>\n\t\t<\/div>\n\t\t\t\t<div class=\"elementor-column elementor-col-50 elementor-inner-column elementor-element elementor-element-9df5479\" data-id=\"9df5479\" data-element_type=\"column\">\n\t\t\t<div class=\"elementor-widget-wrap elementor-element-populated\">\n\t\t\t\t\t\t<div class=\"elementor-element elementor-element-2a9d65a elementor-widget elementor-widget-heading\" data-id=\"2a9d65a\" data-element_type=\"widget\" data-widget_type=\"heading.default\">\n\t\t\t\t<div class=\"elementor-widget-container\">\n\t\t\t<h3 class=\"elementor-heading-title elementor-size-default\">prov. Abteilungsvorst\u00e4ndin<\/h3>\t\t<\/div>\n\t\t\t\t<\/div>\n\t\t\t\t<div class=\"elementor-element elementor-element-8954667 elementor-widget elementor-widget-text-editor\" data-id=\"8954667\" data-element_type=\"widget\" data-widget_type=\"text-editor.default\">\n\t\t\t\t<div class=\"elementor-widget-container\">\n\t\t\t\t\t\t\t<p>Dipl.-Ing.<\/p>\t\t\t\t\t\t<\/div>\n\t\t\t\t<\/div>\n\t\t\t\t<div class=\"elementor-element elementor-element-83f0004 elementor-widget elementor-widget-heading\" data-id=\"83f0004\" data-element_type=\"widget\" data-widget_type=\"heading.default\">\n\t\t\t\t<div class=\"elementor-widget-container\">\n\t\t\t<h3 class=\"elementor-heading-title elementor-size-default\">Karin Eichinger<\/h3>\t\t<\/div>\n\t\t\t\t<\/div>\n\t\t\t\t<div class=\"elementor-element elementor-element-a292fd5 elementor-widget elementor-widget-text-editor\" data-id=\"a292fd5\" data-element_type=\"widget\" data-widget_type=\"text-editor.default\">\n\t\t\t\t<div class=\"elementor-widget-container\">\n\t\t\t\t\t\t\t<p>Email: avhet@tgm.ac.at<br>Tel: +43 1 33 126 230<\/p><p><br><\/p>\n<p>Stellvertreter:<\/p>\n<p>DI Martin Justh<br>Email: mjusth@tgm.ac.at<\/p>\t\t\t\t\t\t<\/div>\n\t\t\t\t<\/div>\n\t\t\t\t\t<\/div>\n\t\t<\/div>\n\t\t\t\t\t<\/div>\n\t\t<\/section>\n\t\t\t\t\t<\/div>\n\t\t<\/div>\n\t\t\t\t\t<\/div>\n\t\t<\/section>\n\t\t\t\t<\/div>\n\t\t","protected":false},"excerpt":{"rendered":"<p>Erneuerbare Energie, Umwelt und Nachhaltigkeit Kolleg Tagesschule Technische Ausbildung am Puls der Zeit Im Rahmen dieser Ausbildung werden alle notwendigen technischen, \u00f6kologischen, wirtschaftlichen und politischen Kenntnisse vermittelt, um die dringend ben\u00f6tigten Arbeitskr\u00e4fte dem rasant wachsenden Markt der Erneuerbaren Energien zur Verf\u00fcgung zu stellen.Die Sensibilit\u00e4t f\u00fcr Fragen der Umwelt steigt, man muss heute kaum mehr auf die vielf\u00e4ltigen Gefahren hinweisen, die [&hellip;]<\/p>\n","protected":false},"author":3,"featured_media":0,"parent":8527,"menu_order":0,"comment_status":"closed","ping_status":"closed","template":"elementor_header_footer","meta":[],"_links":{"self":[{"href":"http:\/\/172.16.202.26\/index.php?rest_route=\/wp\/v2\/pages\/5311"}],"collection":[{"href":"http:\/\/172.16.202.26\/index.php?rest_route=\/wp\/v2\/pages"}],"about":[{"href":"http:\/\/172.16.202.26\/index.php?rest_route=\/wp\/v2\/types\/page"}],"author":[{"embeddable":true,"href":"http:\/\/172.16.202.26\/index.php?rest_route=\/wp\/v2\/users\/3"}],"replies":[{"embeddable":true,"href":"http:\/\/172.16.202.26\/index.php?rest_route=%2Fwp%2Fv2%2Fcomments&post=5311"}],"version-history":[{"count":166,"href":"http:\/\/172.16.202.26\/index.php?rest_route=\/wp\/v2\/pages\/5311\/revisions"}],"predecessor-version":[{"id":26075,"href":"http:\/\/172.16.202.26\/index.php?rest_route=\/wp\/v2\/pages\/5311\/revisions\/26075"}],"up":[{"embeddable":true,"href":"http:\/\/172.16.202.26\/index.php?rest_route=\/wp\/v2\/pages\/8527"}],"wp:attachment":[{"href":"http:\/\/172.16.202.26\/index.php?rest_route=%2Fwp%2Fv2%2Fmedia&parent=5311"}],"curies":[{"name":"wp","href":"https:\/\/api.w.org\/{rel}","templated":true}]}}